{"id":265,"date":"2024-10-25T10:37:06","date_gmt":"2024-10-25T13:37:06","guid":{"rendered":"https:\/\/projetos.ufpr.br\/aquacao\/?page_id=265"},"modified":"2025-02-14T09:56:25","modified_gmt":"2025-02-14T12:56:25","slug":"equipe-2","status":"publish","type":"page","link":"https:\/\/projetos.ufpr.br\/aquacao\/equipe-2\/","title":{"rendered":"Equipe"},"content":{"rendered":"\n<figure class=\"wp-block-image size-full\"><img decoding=\"async\" src=\"https:\/\/projetos.ufpr.br\/aquacao\/wp-content\/uploads\/sites\/9\/2024\/11\/equipe.png\" alt=\"\" class=\"wp-image-443\" \/><\/figure>\n\n\n\n<p class=\"wp-block-paragraph\">Dr. <strong>\u00c1lvaro Jose de Almeida Bicudo<\/strong>&nbsp;<\/p>\n\n\n\n<p class=\"wp-block-paragraph\">Zootecnista formado pela Universidade Federal Rural do Rio de Janeiro, com mestrado em Ci\u00eancias Veterin\u00e1rias e doutorado em Ci\u00eancia Animal e Pastagens pela Universidade de S\u00e3o Paulo. Atualmente, \u00e9 professor na Universidade Federal do Paran\u00e1 em Palotina, PR onde leciona disciplinas relacionadas a nutri\u00e7\u00e3o, manejo sanit\u00e1rio e produ\u00e7\u00e3o para os cursos de gradua\u00e7\u00e3o e P\u00f3s-gradua\u00e7\u00e3o. Na sua trajet\u00f3ria de mais de 20 anos como pesquisador e docente, tem incentivado o desenvolvimento sustent\u00e1vel da aquicultura atrav\u00e9s de estrat\u00e9gias alimentares e nutricionais associadas a promo\u00e7\u00e3o da sa\u00fade dos peixes, melhoria da qualidade da \u00e1gua e aumento da produtividade. Possui mais de 40 artigos publicados em revistas cient\u00edficas de prest\u00edgio.&nbsp;<\/p>\n\n\n\n<p class=\"wp-block-paragraph\">Dra. <strong>Lilian Carolina Rosa da Silva<\/strong>&nbsp;<\/p>\n\n\n\n<p class=\"wp-block-paragraph\">Graduada, mestre e doutora em Zootecnia pela Universidade Estadual de Maring\u00e1. Atualmente \u00e9 professora associada na Universidade Federal do Paran\u00e1, no Setor Palotina, onde leciona nos cursos de Agronomia e Engenharia de Aquicultura. Com ampla experi\u00eancia em nutri\u00e7\u00e3o de peixes, al\u00e9m de histologia, Lilian tamb\u00e9m atua em dois programas de p\u00f3s-gradua\u00e7\u00e3o: Aquicultura e Desenvolvimento Sustent\u00e1vel, pela UFPR, e Zootecnia, pela UNIOESTE. Sua pesquisa tem grande relev\u00e2ncia para o avan\u00e7o da aquicultura, promovendo pr\u00e1ticas sustent\u00e1veis e eficientes.&nbsp;<\/p>\n\n\n\n<p class=\"wp-block-paragraph\">Dra. <strong>Luc\u00edola Thais Baldan<\/strong>&nbsp;<\/p>\n\n\n\n<p class=\"wp-block-paragraph\">Graduada em Ci\u00eancias Biol\u00f3gicas pelo Centro de Ensino Superior Positivo, com mestrado em Ecologia e Conserva\u00e7\u00e3o e doutorado em Zoologia pela Universidade Federal do Paran\u00e1 (UFPR). Atualmente, Luc\u00edola \u00e9 professora adjunta da UFPR, onde se dedica \u00e0 pesquisa na \u00e1rea de Ecologia de Comunidades. Seus estudos se concentram em macroinvertebrados dulciaqu\u00edcolas e na qualidade da \u00e1gua, temas que t\u00eam um impacto direto na preserva\u00e7\u00e3o dos ecossistemas aqu\u00e1ticos e no monitoramento ambiental.&nbsp;<\/p>\n\n\n\n<p class=\"wp-block-paragraph\">Dr. <strong>Willian Gon\u00e7alves do Nascimento<\/strong>\u00a0<\/p>\n\n\n\n<p class=\"wp-block-paragraph\">Doutor em Zootecnia, com \u00eanfase em Nutri\u00e7\u00e3o e Alimenta\u00e7\u00e3o de Ruminantes, pela Universidade Estadual de Maring\u00e1 (UEM), tendo sido contemplado com bolsa Sandwich pela CAPES\/COFECUB no Institut National de la Recherche Agronomique (INRA), na Fran\u00e7a. Possui Mestrado em Zootecnia pela UEM, gradua\u00e7\u00e3o em Zootecnia pela mesma institui\u00e7\u00e3o e forma\u00e7\u00e3o t\u00e9cnica em Agropecu\u00e1ria pelo Col\u00e9gio Instituto Crist\u00e3o. Atualmente, \u00e9 professor na Universidade Federal do Paran\u00e1 (UFPR), Setor Palotina. Tem experi\u00eancia na \u00e1rea de Zootecnia, com foco em Produ\u00e7\u00e3o, Nutri\u00e7\u00e3o e Alimenta\u00e7\u00e3o de Ruminantes, atuando principalmente nos seguintes temas: bovinocultura, bubalinocultura, forragicultura, nutri\u00e7\u00e3o e produ\u00e7\u00e3o animal.&nbsp;<\/p>\n\n\n\n<p class=\"wp-block-paragraph\">Me. <strong>Ademir Heldt<\/strong>\u00a0<\/p>\n\n\n\n<p class=\"wp-block-paragraph\">Graduado em Ci\u00eancias Biol\u00f3gicas pela Pontif\u00edcia Universidade Cat\u00f3lica do Paran\u00e1 (PUC-PR), Campus Toledo, possui Mestrado em Aquicultura e Desenvolvimento Sustent\u00e1vel pela Universidade Federal do Paran\u00e1 (UFPR). Atualmente, atua como t\u00e9cnico de laborat\u00f3rio em Biologia na UFPR, com foco em aquicultura, preven\u00e7\u00e3o, nutri\u00e7\u00e3o e peixes nativos.\u00a0<\/p>\n\n\n\n<p class=\"wp-block-paragraph\">Graduanda e bolsista <strong>Mayara Sonntag Carvalho<\/strong>&nbsp;<\/p>\n\n\n\n<p class=\"wp-block-paragraph\">Atual bolsista do projeto \u201cAquA\u00e7\u00e3o\u201d, sendo graduanda no curso de Ci\u00eancias Biol\u00f3gicas na Universidade Federal do Paran\u00e1 (UFPR) setor Palotina. Atualmente, Mayara vem se dedicando \u00e0 pesquisa na \u00e1rea de an\u00e1lise de qualidade da \u00e1gua, contribuindo para os estudos relacionados \u00e0 sa\u00fade dos ecossistemas aqu\u00e1ticos.&nbsp;<\/p>\n","protected":false},"excerpt":{"rendered":"<p>Dr. \u00c1lvaro Jose de Almeida Bicudo&nbsp; Zootecnista formado pela Universidade Federal Rural do Rio de Janeiro, com mestrado em Ci\u00eancias Veterin\u00e1rias e doutorado em Ci\u00eancia Animal e Pastagens pela Universidade de S\u00e3o Paulo. Atualmente, \u00e9 professor na Universidade Federal do Paran\u00e1 em Palotina, PR onde leciona disciplinas relacionadas a nutri\u00e7\u00e3o, manejo sanit\u00e1rio e produ\u00e7\u00e3o para [&hellip;]<\/p>\n","protected":false},"author":21,"featured_media":0,"parent":0,"menu_order":0,"comment_status":"closed","ping_status":"closed","template":"","meta":{"footnotes":""},"class_list":["post-265","page","type-page","status-publish","hentry"],"_links":{"self":[{"href":"https:\/\/projetos.ufpr.br\/aquacao\/wp-json\/wp\/v2\/pages\/265","targetHints":{"allow":["GET"]}}],"collection":[{"href":"https:\/\/projetos.ufpr.br\/aquacao\/wp-json\/wp\/v2\/pages"}],"about":[{"href":"https:\/\/projetos.ufpr.br\/aquacao\/wp-json\/wp\/v2\/types\/page"}],"author":[{"embeddable":true,"href":"https:\/\/projetos.ufpr.br\/aquacao\/wp-json\/wp\/v2\/users\/21"}],"replies":[{"embeddable":true,"href":"https:\/\/projetos.ufpr.br\/aquacao\/wp-json\/wp\/v2\/comments?post=265"}],"version-history":[{"count":5,"href":"https:\/\/projetos.ufpr.br\/aquacao\/wp-json\/wp\/v2\/pages\/265\/revisions"}],"predecessor-version":[{"id":490,"href":"https:\/\/projetos.ufpr.br\/aquacao\/wp-json\/wp\/v2\/pages\/265\/revisions\/490"}],"wp:attachment":[{"href":"https:\/\/projetos.ufpr.br\/aquacao\/wp-json\/wp\/v2\/media?parent=265"}],"curies":[{"name":"wp","href":"https:\/\/api.w.org\/{rel}","templated":true}]}}