{"id":30,"date":"2026-03-09T12:01:15","date_gmt":"2026-03-09T15:01:15","guid":{"rendered":"https:\/\/projetos.ufpr.br\/artilheiras\/equipe\/"},"modified":"2026-03-24T12:48:43","modified_gmt":"2026-03-24T15:48:43","slug":"equipe","status":"publish","type":"page","link":"https:\/\/projetos.ufpr.br\/artilheiras\/equipe\/","title":{"rendered":"Equipe"},"content":{"rendered":"\n<p class=\"wp-block-paragraph\"><strong>Coordena\u00e7\u00e3o<\/strong><br>Prof. Dr. Gleber Pereira&nbsp;&#8211; Bacharel, Mestre e Doutor em Ci\u00eancias da Motricidade pela Universidade Estadual Paulista J\u00falio de Mesquita Filho, com est\u00e1gio na The Manchester Metropolitan University. Professor Associado II na Universidade Federal do Paran\u00e1. Orientador no Programa de P\u00f3s-Gradua\u00e7\u00e3o em Educa\u00e7\u00e3o F\u00edsica da Universidade Federal do Paran\u00e1 nas linhas de pesquisa Desempenho F\u00edsico e Esportivo e Atividade F\u00edsica e Sa\u00fade <br><a href=\"http:\/\/lattes.cnpq.br\/0790397989788798\"><strong>Lattes:<\/strong> <mark class=\"has-inline-color has-vivid-cyan-blue-color\">http:\/\/lattes.cnpq.br\/0790397989788798<\/mark><\/a><\/p>\n\n\n\n<p class=\"wp-block-paragraph\"><strong>Vice-Coordena\u00e7\u00e3o<\/strong><br>Prof. Dr. Paulo Cesar Barauce Bento&nbsp;&#8211; Doutor em Educa\u00e7\u00e3o F\u00edsica pela Universidade Federal do Paran\u00e1, Professor associado da Universidade Federal do Paran\u00e1, atua no curso de gradua\u00e7\u00e3o e no programa de p\u00f3s gradua\u00e7\u00e3o em Educa\u00e7\u00e3o F\u00edsica da UFPR. Possui experi\u00eancia na \u00e1rea de Educa\u00e7\u00e3o F\u00edsica, com \u00eanfase em atividades e esportes aqu\u00e1ticos, atua nas \u00e1reas do esporte, atividade f\u00edsica e sa\u00fade e desempenho f\u00edsico e esportivo.<br><a href=\"http:\/\/lattes.cnpq.br\/1716453269631934\"><strong>Lattes:<\/strong><\/a><a href=\"http:\/\/lattes.cnpq.br\/1716453269631934\"><mark class=\"has-inline-color has-vivid-cyan-blue-color\"> http:\/\/lattes.cnpq.br\/1716453269631934<\/mark><\/a><\/p>\n\n\n\n<p class=\"wp-block-paragraph\"><strong>Apoio T\u00e9cnico<\/strong><br>Prof. Dr. Eduardo Bodnariuc Fontes&nbsp;&#8211; Doutor em Educa\u00e7\u00e3o F\u00edsica pela Faculdade de Educa\u00e7\u00e3o F\u00edsica da UNICAMP com sandu\u00edche em 2009 na University of Cape Town &#8211; \u00c1frica do Sul (CAPES). Primeiro p\u00f3s-doutorado UNICAMP (2011-2014) e segundo na Tufts University em Boston, EUA (financiamento da institui\u00e7\u00e3o estrangeira). Atualmente, \u00e9 docente do Departamento de Educa\u00e7\u00e3o F\u00edsica da UFPR, Coordena o Grupo de Estudos e Pesquisa em Atividade F\u00edsica, Cogni\u00e7\u00e3o e Comportamento (NEUROex). Seus estudos buscam o entendimento da regula\u00e7\u00e3o cerebral associada aos aspectos cognitivos e fisiol\u00f3gicos do comportamento motor, seja no contexto da promo\u00e7\u00e3o da sa\u00fade, aprendizagem e desempenho esportivo.<br><strong>Lattes:<\/strong> <a href=\"http:\/\/lattes.cnpq.br\/5147519104600801\"><mark class=\"has-inline-color has-vivid-cyan-blue-color\">http:\/\/lattes.cnpq.br\/5147519104600801<\/mark><\/a><\/p>\n\n\n\n<p class=\"wp-block-paragraph\"><strong>Apoio Administrativo<\/strong><br>Rodrigo Waki&nbsp;&#8211; Servidor T\u00e9cnico Administrativo da UFPR. Atuando na secretaria do programa de p\u00f3s-gradua\u00e7\u00e3o em Educa\u00e7\u00e3o F\u00edsica e no Instituto de Pesquisa Intelig\u00eancia Esportiva da UFPR com experi\u00eancia na gest\u00e3o de coopera\u00e7\u00f5es t\u00e9cnicas, conv\u00eanios e contratos para desenvolvimento de projetos de pesquisa<\/p>\n\n\n\n<p class=\"wp-block-paragraph\"><strong>Alunos Bolsistas &#8211; Educa\u00e7\u00e3o F\u00edsica<\/strong><br>Emilly Leila Botoski<br>Gustavo Henrique Scholz<\/p>\n\n\n\n<p class=\"wp-block-paragraph\"><strong>P\u00f3s-Doutorado<\/strong><br>Maria Thereza Oliveira Souza&nbsp;&#8211; Mestre e Doutora em Educa\u00e7\u00e3o F\u00edsica pela Universidade Federal do Paran\u00e1. Atua como pesquisadora e possui cargo de instrutora t\u00e9cnica do projeto Futdelas. P\u00f3s-Doutorado em andamento na Universidade Federal do Paran\u00e1 na \u00e1rea de Aspectos Socioculturais do Lazer e do Esporte, com foco em empoderamento feminino, enquadramentos de g\u00eanero e forma\u00e7\u00e3o em futebol.<br><strong>Lattes:<\/strong> <a href=\"http:\/\/lattes.cnpq.br\/0874686965894983\"><mark class=\"has-inline-color has-vivid-cyan-blue-color\">http:\/\/lattes.cnpq.br\/0874686965894983<\/mark><\/a><\/p>\n\n\n\n<p class=\"wp-block-paragraph\">Luana Loss Cabral&nbsp;&#8211; Mestre e Doutora em Desempenho Esportivo pela Universidade Federal do Paran\u00e1. Atua como pesquisadora e possui cargo de instrutora t\u00e9cnica do projeto Futdelas. P\u00f3s-Doutorado em andamento na Universidade Federal do Paran\u00e1 na \u00e1rea de psicofisiologia, com foco em treinamento mental, avalia\u00e7\u00e3o cognitiva e melhora da performance f\u00edsica.<br><strong>Lattes:<\/strong> <a href=\"http:\/\/lattes.cnpq.br\/6748763746134242\"><mark class=\"has-inline-color has-vivid-cyan-blue-color\">http:\/\/lattes.cnpq.br\/6748763746134242<\/mark><\/a><\/p>\n","protected":false},"excerpt":{"rendered":"<p>Coordena\u00e7\u00e3oProf. Dr. Gleber Pereira&nbsp;&#8211; Bacharel, Mestre e Doutor em Ci\u00eancias da Motricidade pela Universidade Estadual Paulista J\u00falio de Mesquita Filho, com est\u00e1gio na The Manchester Metropolitan University. Professor Associado II na Universidade Federal do Paran\u00e1. Orientador no Programa de P\u00f3s-Gradua\u00e7\u00e3o em Educa\u00e7\u00e3o F\u00edsica da Universidade Federal do Paran\u00e1 nas linhas de pesquisa Desempenho F\u00edsico e [&hellip;]<\/p>\n","protected":false},"author":136,"featured_media":0,"parent":0,"menu_order":0,"comment_status":"closed","ping_status":"closed","template":"page.php","meta":{"footnotes":""},"class_list":["post-30","page","type-page","status-publish","hentry"],"_links":{"self":[{"href":"https:\/\/projetos.ufpr.br\/artilheiras\/wp-json\/wp\/v2\/pages\/30","targetHints":{"allow":["GET"]}}],"collection":[{"href":"https:\/\/projetos.ufpr.br\/artilheiras\/wp-json\/wp\/v2\/pages"}],"about":[{"href":"https:\/\/projetos.ufpr.br\/artilheiras\/wp-json\/wp\/v2\/types\/page"}],"author":[{"embeddable":true,"href":"https:\/\/projetos.ufpr.br\/artilheiras\/wp-json\/wp\/v2\/users\/136"}],"replies":[{"embeddable":true,"href":"https:\/\/projetos.ufpr.br\/artilheiras\/wp-json\/wp\/v2\/comments?post=30"}],"version-history":[{"count":1,"href":"https:\/\/projetos.ufpr.br\/artilheiras\/wp-json\/wp\/v2\/pages\/30\/revisions"}],"predecessor-version":[{"id":299,"href":"https:\/\/projetos.ufpr.br\/artilheiras\/wp-json\/wp\/v2\/pages\/30\/revisions\/299"}],"wp:attachment":[{"href":"https:\/\/projetos.ufpr.br\/artilheiras\/wp-json\/wp\/v2\/media?parent=30"}],"curies":[{"name":"wp","href":"https:\/\/api.w.org\/{rel}","templated":true}]}}