{"id":1061,"date":"2025-08-21T15:39:19","date_gmt":"2025-08-21T18:39:19","guid":{"rendered":"https:\/\/projetos.ufpr.br\/atlaspetroignea\/?page_id=1061"},"modified":"2025-08-21T16:03:33","modified_gmt":"2025-08-21T19:03:33","slug":"arranjo-grafico","status":"publish","type":"page","link":"https:\/\/projetos.ufpr.br\/atlaspetroignea\/arranjo-grafico\/","title":{"rendered":"Arranjo Gr\u00e1fico"},"content":{"rendered":"\n<p class=\"wp-block-paragraph\">Arranjo <strong><em>Gr\u00e1fico <\/em><\/strong><\/p>\n\n\n\n<p class=\"wp-block-paragraph\">O que chamamos de <em><strong>trama<\/strong><\/em> ou <em><strong>arranjo<\/strong><\/em> cristalino das rochas \u00edgneas, refere-se \u00e0 disposi\u00e7\u00e3o espacial dos minerais que est\u00e3o constituindo aquela rocha magm\u00e1tica. O arranjo pode ser gen\u00e9rico, quando refente a uma arquitetura geral da rocha. Podendo ser particular, quando est\u00e1 envolvendo rela\u00e7\u00f5es espaciais caracter\u00edsticas entre alguns minerais espec\u00edficos.<\/p>\n\n\n\n<p class=\"wp-block-paragraph\">O <em><strong>arranjo gr\u00e1fico<\/strong><\/em> \u00e9 composto por intercrescimentos orientados entre quartzo e feldspatos. <\/p>\n\n\n\n<p class=\"wp-block-paragraph\">Apresenta-se na sua maioria das vezes em rochas como runitos e granitos gr\u00e1ficos. <\/p>\n\n\n\n<p class=\"wp-block-paragraph\">No livro <strong>Petrologia \u00edgnea de Sial (1984)<\/strong>, apresenta este arranjo como intercrescimentos de quartzo e feldspato, em granulometria grossa. Sendo ocasionado por cristaliza\u00e7\u00e3o simult\u00e2nea.  <\/p>\n\n\n\n<p class=\"wp-block-paragraph\">No livro<strong> introdu\u00e7\u00e3o a petrologia \u00edgnea e metam\u00f3rfica de Winter<\/strong> (segunda edi\u00e7\u00e3o), ele diz que o arranjo gr\u00e1fico \u00e9 uma varia\u00e7\u00e3o da textura granof\u00edrica, onde o feldspato \u00e9 o mineral predominante e as hastes coniformes do quartzo est\u00e3o dispostas a aparecer de maneira espec\u00edfica. <\/p>\n\n\n\n<h4 class=\"wp-block-heading\"><strong>Philpotts &amp; Ague (2009)<\/strong><\/h4>\n\n\n\n<p class=\"wp-block-paragraph\">No livro<strong> Principles of Igneous and Metamorphic Petrology &#8211;<\/strong> \u201cTexturas gr\u00e1ficas s\u00e3o intercrescimentos de quartzo e feldspato alcalino, com o quartzo ocupando cavidades dentro do feldspato, formando padr\u00f5es semelhantes a escrita cuneiforme.\u201d<\/p>\n\n\n\n<p class=\"wp-block-paragraph\"><strong>Winter (2010)<\/strong><\/p>\n\n\n\n<p class=\"wp-block-paragraph\">No livro<strong><em> <\/em>Principles of Igneous and Metamorphic Petrology<\/strong> &#8211; \u201cGr\u00e1fica \u00e9 uma textura de intercrescimento epit\u00e1xico, onde cristais de quartzo crescem em orienta\u00e7\u00e3o definida dentro de uma matriz de feldspato, formando padr\u00f5es r\u00edtmicos e regulares.\u201d<\/p>\n\n\n\n<p class=\"wp-block-paragraph\"><strong>MacKenzie et al. (1982)<\/strong><\/p>\n\n\n\n<p class=\"wp-block-paragraph\">No livro <strong>Atlas of Igneous Rocks and Their Textures<\/strong> &#8211; \u201cA textura gr\u00e1fica \u00e9 um intercrescimento orientado de quartzo e feldspato alcalino, geralmente resultante de cristaliza\u00e7\u00e3o simult\u00e2nea em condi\u00e7\u00f5es de supersatura\u00e7\u00e3o de s\u00edlica.\u201d<\/p>\n\n\n\n<p class=\"wp-block-paragraph\"><\/p>\n\n\n\n<p class=\"wp-block-paragraph\"><\/p>\n","protected":false},"excerpt":{"rendered":"<p>Arranjo Gr\u00e1fico O que chamamos de trama ou arranjo cristalino das rochas \u00edgneas, refere-se \u00e0 disposi\u00e7\u00e3o espacial dos minerais que est\u00e3o constituindo aquela rocha magm\u00e1tica. O arranjo pode ser gen\u00e9rico, quando refente a uma arquitetura geral da rocha. Podendo ser particular, quando est\u00e1 envolvendo rela\u00e7\u00f5es espaciais caracter\u00edsticas entre alguns minerais espec\u00edficos. O arranjo gr\u00e1fico \u00e9 [&hellip;]<\/p>\n","protected":false},"author":45,"featured_media":0,"parent":0,"menu_order":0,"comment_status":"closed","ping_status":"closed","template":"","meta":{"footnotes":""},"class_list":["post-1061","page","type-page","status-publish","hentry"],"_links":{"self":[{"href":"https:\/\/projetos.ufpr.br\/atlaspetroignea\/wp-json\/wp\/v2\/pages\/1061","targetHints":{"allow":["GET"]}}],"collection":[{"href":"https:\/\/projetos.ufpr.br\/atlaspetroignea\/wp-json\/wp\/v2\/pages"}],"about":[{"href":"https:\/\/projetos.ufpr.br\/atlaspetroignea\/wp-json\/wp\/v2\/types\/page"}],"author":[{"embeddable":true,"href":"https:\/\/projetos.ufpr.br\/atlaspetroignea\/wp-json\/wp\/v2\/users\/45"}],"replies":[{"embeddable":true,"href":"https:\/\/projetos.ufpr.br\/atlaspetroignea\/wp-json\/wp\/v2\/comments?post=1061"}],"version-history":[{"count":3,"href":"https:\/\/projetos.ufpr.br\/atlaspetroignea\/wp-json\/wp\/v2\/pages\/1061\/revisions"}],"predecessor-version":[{"id":1087,"href":"https:\/\/projetos.ufpr.br\/atlaspetroignea\/wp-json\/wp\/v2\/pages\/1061\/revisions\/1087"}],"wp:attachment":[{"href":"https:\/\/projetos.ufpr.br\/atlaspetroignea\/wp-json\/wp\/v2\/media?parent=1061"}],"curies":[{"name":"wp","href":"https:\/\/api.w.org\/{rel}","templated":true}]}}