{"id":232,"date":"2024-10-15T15:23:55","date_gmt":"2024-10-15T18:23:55","guid":{"rendered":"https:\/\/projetos.ufpr.br\/atlaspetroignea\/?page_id=232"},"modified":"2025-08-14T12:31:57","modified_gmt":"2025-08-14T15:31:57","slug":"arranjo-pilotaxitico","status":"publish","type":"page","link":"https:\/\/projetos.ufpr.br\/atlaspetroignea\/arranjo-pilotaxitico\/","title":{"rendered":"Arranjo Pilotax\u00edtico"},"content":{"rendered":"\n<p class=\"wp-block-paragraph\">Arranjo&nbsp;<em><strong>Pilot\u00e1xitico<\/strong><\/em><\/p>\n\n\n\n<p class=\"wp-block-paragraph\">O que chamamos de<em>\u00a0trama<\/em>\u00a0ou<em>\u00a0arranjo cristalino\u00a0<\/em>das rochas \u00edgneas<em>,<\/em>\u00a0refere-se a disposi\u00e7\u00e3o espacial dos minerais que est\u00e3o constituindo aquela rocha magm\u00e1tica.\u00a0O arranjo pode ser gen\u00e9rico, quando referente a uma arquitetura geral da rocha. Podendo ser particular, quando est\u00e1 envolvendo rela\u00e7\u00f5es espaciais caracter\u00edsticas entre alguns minerais espec\u00edficos.<\/p>\n\n\n\n<p class=\"wp-block-paragraph\">Arranjo&nbsp;&nbsp;<em>pilot\u00e1xitico<\/em>&nbsp;\u00e9 uma variedade&nbsp;da textura hialof\u00edtica, onde est\u00e1 apresentando cristais ripformes e micr\u00f3litos de plagiocl\u00e1sio, mostrando orienta\u00e7\u00e3o desses cristais em uma matriz holocristalina ou hipov\u00edtrea.&nbsp;<\/p>\n\n\n\n<p class=\"wp-block-paragraph\">No livro&nbsp;<em>Atlas of igneous rocks and their textures<\/em>&nbsp;de W.S.Mackenzie, C.H.Donaldson and C.Guilford (1992) tr\u00e1s que o arranjo&nbsp;<em>pilot\u00e1xitico&nbsp;<\/em>\u00e9 uma subdivis\u00e3o do arranjo&nbsp;<em>&nbsp;traqu\u00edtico.&nbsp;<\/em>Sendo que a&nbsp;<em>traqu\u00edtica&nbsp;<\/em>\u00e9 um arranjo subparalelo de feldspatos microcristalinos na forma de ripa, dentro de uma massa fundamental de uma rocha holocristalina ou hipocristalina. No arranjo&nbsp;<em>&nbsp;pilot\u00e1xitico<\/em>&nbsp;s\u00e3o micr\u00f3litos de feldspatos com uma orienta\u00e7\u00e3o.<\/p>\n\n\n\n<p class=\"wp-block-paragraph\">Wernick (2004) classifica o arranjo&nbsp;<em>pilot\u00e1xitico<\/em>&nbsp;dentro da textura de<em>&nbsp;fluxo<\/em>. Essa textura apresenta dispos\u00e7\u00e3o paralela de minerais tabulares, com prioridade os feldspatos, clunares (anfib\u00f3lios) e, plac\u00f3ides (as micas), por fluxo de lavas e magmas. A trama&nbsp;<em>pilot\u00e1xitica<\/em>&nbsp;seria caracterizada por rochas efusivas muito ricas em feldspato. Os cristais tabulares e dominutos t\u00eam disposi\u00e7\u00e3o paralela e se tocam.&nbsp;<\/p>\n","protected":false},"excerpt":{"rendered":"<p>Arranjo&nbsp;Pilot\u00e1xitico O que chamamos de\u00a0trama\u00a0ou\u00a0arranjo cristalino\u00a0das rochas \u00edgneas,\u00a0refere-se a disposi\u00e7\u00e3o espacial dos minerais que est\u00e3o constituindo aquela rocha magm\u00e1tica.\u00a0O arranjo pode ser gen\u00e9rico, quando referente a uma arquitetura geral da rocha. Podendo ser particular, quando est\u00e1 envolvendo rela\u00e7\u00f5es espaciais caracter\u00edsticas entre alguns minerais espec\u00edficos. Arranjo&nbsp;&nbsp;pilot\u00e1xitico&nbsp;\u00e9 uma variedade&nbsp;da textura hialof\u00edtica, onde est\u00e1 apresentando cristais ripformes e [&hellip;]<\/p>\n","protected":false},"author":45,"featured_media":0,"parent":0,"menu_order":0,"comment_status":"closed","ping_status":"closed","template":"","meta":{"footnotes":""},"class_list":["post-232","page","type-page","status-publish","hentry"],"_links":{"self":[{"href":"https:\/\/projetos.ufpr.br\/atlaspetroignea\/wp-json\/wp\/v2\/pages\/232","targetHints":{"allow":["GET"]}}],"collection":[{"href":"https:\/\/projetos.ufpr.br\/atlaspetroignea\/wp-json\/wp\/v2\/pages"}],"about":[{"href":"https:\/\/projetos.ufpr.br\/atlaspetroignea\/wp-json\/wp\/v2\/types\/page"}],"author":[{"embeddable":true,"href":"https:\/\/projetos.ufpr.br\/atlaspetroignea\/wp-json\/wp\/v2\/users\/45"}],"replies":[{"embeddable":true,"href":"https:\/\/projetos.ufpr.br\/atlaspetroignea\/wp-json\/wp\/v2\/comments?post=232"}],"version-history":[{"count":5,"href":"https:\/\/projetos.ufpr.br\/atlaspetroignea\/wp-json\/wp\/v2\/pages\/232\/revisions"}],"predecessor-version":[{"id":998,"href":"https:\/\/projetos.ufpr.br\/atlaspetroignea\/wp-json\/wp\/v2\/pages\/232\/revisions\/998"}],"wp:attachment":[{"href":"https:\/\/projetos.ufpr.br\/atlaspetroignea\/wp-json\/wp\/v2\/media?parent=232"}],"curies":[{"name":"wp","href":"https:\/\/api.w.org\/{rel}","templated":true}]}}