{"id":25,"date":"2024-10-03T15:50:57","date_gmt":"2024-10-03T18:50:57","guid":{"rendered":"https:\/\/projetos.ufpr.br\/atlaspetroignea\/sobre-o-projeto\/"},"modified":"2025-08-21T17:13:55","modified_gmt":"2025-08-21T20:13:55","slug":"sobre-o-projeto","status":"publish","type":"page","link":"https:\/\/projetos.ufpr.br\/atlaspetroignea\/sobre-o-projeto\/","title":{"rendered":"Arranjos"},"content":{"rendered":"\n<p class=\"wp-block-paragraph\"><em><strong>Arranjo<\/strong><\/em> ou <em><strong>trama<\/strong><\/em>, tamb\u00e9m chamado de textura,  das rochas \u00edgneas s\u00e3o as disposi\u00e7\u00f5es espaciais relativas entre as diferentes esp\u00e9cies minerais constituintes de uma determinada rocha. Tendo como resultado, forma, tamanho dos cristais, suas rela\u00e7\u00f5es de contato e sua ordem de cristaliza\u00e7\u00e3o. Ou seja, \u00e9 a disposi\u00e7\u00e3o espacial relativa das diferentes esp\u00e9cies minerais constituintes de uma rocha. E sendo de grande import\u00e2ncia para ajudar a entender como a rocha se formou, pois diferentes processos de resfriamento e diferentes composi\u00e7\u00f5es das rochas, resultam em diferentes arranjos.  <\/p>\n\n\n\n<p class=\"wp-block-paragraph\"><strong>Componentes<\/strong> do arranjo: <\/p>\n\n\n\n<ul class=\"wp-block-list\">\n<li><strong>Tamanho dos Cristais:<\/strong>\u00a0Determina se os cristais s\u00e3o grandes, pequenos ou se a rocha \u00e9 v\u00edtrea.<\/li>\n\n\n\n<li><strong>Forma dos Cristais:<\/strong>\u00a0Refere-se ao h\u00e1bito de cristaliza\u00e7\u00e3o dos minerais, que pode ser completo (eu\u00e9drico) ou incompleto (subeu\u00e9drico ou an\u00e9drico).<\/li>\n\n\n\n<li><strong>Rela\u00e7\u00f5es de Contato:<\/strong>\u00a0A forma como os cristais se encaixam e interagem uns com os outros.<\/li>\n\n\n\n<li><strong>Ordem de Cristaliza\u00e7\u00e3o:<\/strong>\u00a0A sequ\u00eancia em que os minerais se formaram a partir do magma, o que afeta seu tamanho e distribui\u00e7\u00e3o.<\/li>\n<\/ul>\n\n\n\n<p class=\"wp-block-paragraph\"><strong>Fatores <\/strong>que Influenciam o Arranjo: <\/p>\n\n\n\n<ul class=\"wp-block-list\">\n<li><strong>Velocidade de Resfriamento:<\/strong> O resfriamento lento do magma em profundidade\u00a0(rochas intrusivas)\u00a0favorece a forma\u00e7\u00e3o de cristais maiores, enquanto o resfriamento r\u00e1pido na superf\u00edcie\u00a0(rochas extrusivas)\u00a0resulta em cristais menores ou vidro.\u00a0<\/li>\n\n\n\n<li><strong>Presen\u00e7a de Gases:<\/strong> A \u00e1gua e outros gases no magma\u00a0(vol\u00e1teis)\u00a0podem acelerar a dispers\u00e3o i\u00f4nica, facilitando a forma\u00e7\u00e3o de cristais maiores.\u00a0<\/li>\n<\/ul>\n\n\n\n<p class=\"wp-block-paragraph\">Tipos de <em><strong>Arranjos<\/strong><\/em>:<\/p>\n\n\n\n<ul class=\"wp-block-list\">\n<li><a href=\"https:\/\/projetos.ufpr.br\/atlaspetroignea\/arranjo-cataclatico\/\" data-type=\"page\" data-id=\"964\">Arranjo Catacl\u00e1tico<\/a><\/li>\n\n\n\n<li><a href=\"https:\/\/projetos.ufpr.br\/atlaspetroignea\/arranjo-subofitico\/\" data-type=\"page\" data-id=\"307\">Arranjo Subof\u00edtico<\/a><\/li>\n\n\n\n<li><a href=\"https:\/\/projetos.ufpr.br\/atlaspetroignea\/arranjo-spinifex\/\" data-type=\"page\" data-id=\"303\">Arranjo Spinifex<\/a><\/li>\n\n\n\n<li><a href=\"https:\/\/projetos.ufpr.br\/atlaspetroignea\/arranjo-seriado\/\" data-type=\"page\" data-id=\"301\">Arranjo Seriado<\/a><\/li>\n\n\n\n<li><a href=\"https:\/\/projetos.ufpr.br\/atlaspetroignea\/arranjo-ofitico\/\" data-type=\"page\" data-id=\"296\">Arranjo Of\u00edtico<\/a><\/li>\n\n\n\n<li><a href=\"https:\/\/projetos.ufpr.br\/atlaspetroignea\/arranjo-mimerquitico\/\" data-type=\"page\" data-id=\"293\">Arranjo Mimerqu\u00edtico<\/a><\/li>\n\n\n\n<li><a href=\"https:\/\/projetos.ufpr.br\/atlaspetroignea\/arranjo-intergranular\/\" data-type=\"page\" data-id=\"291\">Arranjo Intergranular<\/a><\/li>\n\n\n\n<li><a href=\"https:\/\/projetos.ufpr.br\/atlaspetroignea\/arranjo-hialofitico\/\" data-type=\"page\" data-id=\"287\">Arranjo Hialof\u00edtico<\/a><\/li>\n\n\n\n<li><a href=\"https:\/\/projetos.ufpr.br\/atlaspetroignea\/arranjo-hialofilitico\/\" data-type=\"page\" data-id=\"283\">Arranjo Hialofil\u00edtico<\/a><\/li>\n\n\n\n<li><a href=\"https:\/\/projetos.ufpr.br\/atlaspetroignea\/arranjo-feltro\/\" data-type=\"page\" data-id=\"279\">Arranjo Feltro<\/a><\/li>\n\n\n\n<li><a href=\"https:\/\/projetos.ufpr.br\/atlaspetroignea\/arranjo-pilotaxitico\/\" data-type=\"page\" data-id=\"232\">Arranjo Pilotax\u00edtico<\/a><\/li>\n\n\n\n<li><a href=\"https:\/\/projetos.ufpr.br\/atlaspetroignea\/arranjo-aplitico\/\" data-type=\"page\" data-id=\"910\">Arranjo Apl\u00edtico<\/a><\/li>\n\n\n\n<li><a href=\"https:\/\/projetos.ufpr.br\/atlaspetroignea\/arranjo-calcamento\/\" data-type=\"page\" data-id=\"923\">Arranjo Cal\u00e7amento<\/a><\/li>\n\n\n\n<li><a href=\"https:\/\/projetos.ufpr.br\/atlaspetroignea\/arranjo-granular\/\" data-type=\"page\" data-id=\"956\">Arranjo Granular<\/a><\/li>\n\n\n\n<li><a href=\"https:\/\/projetos.ufpr.br\/atlaspetroignea\/arranjo-coronado\/\" data-type=\"page\" data-id=\"1032\">Arranjo Coronado<\/a><\/li>\n\n\n\n<li><a href=\"https:\/\/projetos.ufpr.br\/atlaspetroignea\/arranjo-grafico\/\" data-type=\"page\" data-id=\"1061\">Arranjo Gr\u00e1fico<\/a><\/li>\n\n\n\n<li><a href=\"https:\/\/projetos.ufpr.br\/atlaspetroignea\/arranjo-traquitico\/\" data-type=\"page\" data-id=\"1073\">Arranjo Traqu\u00edtico<\/a><\/li>\n\n\n\n<li><a href=\"https:\/\/projetos.ufpr.br\/atlaspetroignea\/arranjo-granofirico\/\" data-type=\"page\" data-id=\"1088\">Arranjo Granof\u00edrico<\/a><\/li>\n<\/ul>\n\n\n\n<p class=\"wp-block-paragraph\"><\/p>\n","protected":false},"excerpt":{"rendered":"<p>Arranjo ou trama, tamb\u00e9m chamado de textura, das rochas \u00edgneas s\u00e3o as disposi\u00e7\u00f5es espaciais relativas entre as diferentes esp\u00e9cies minerais constituintes de uma determinada rocha. Tendo como resultado, forma, tamanho dos cristais, suas rela\u00e7\u00f5es de contato e sua ordem de cristaliza\u00e7\u00e3o. Ou seja, \u00e9 a disposi\u00e7\u00e3o espacial relativa das diferentes esp\u00e9cies minerais constituintes de uma [&hellip;]<\/p>\n","protected":false},"author":45,"featured_media":0,"parent":0,"menu_order":0,"comment_status":"closed","ping_status":"closed","template":"page.php","meta":{"footnotes":""},"class_list":["post-25","page","type-page","status-publish","hentry"],"_links":{"self":[{"href":"https:\/\/projetos.ufpr.br\/atlaspetroignea\/wp-json\/wp\/v2\/pages\/25","targetHints":{"allow":["GET"]}}],"collection":[{"href":"https:\/\/projetos.ufpr.br\/atlaspetroignea\/wp-json\/wp\/v2\/pages"}],"about":[{"href":"https:\/\/projetos.ufpr.br\/atlaspetroignea\/wp-json\/wp\/v2\/types\/page"}],"author":[{"embeddable":true,"href":"https:\/\/projetos.ufpr.br\/atlaspetroignea\/wp-json\/wp\/v2\/users\/45"}],"replies":[{"embeddable":true,"href":"https:\/\/projetos.ufpr.br\/atlaspetroignea\/wp-json\/wp\/v2\/comments?post=25"}],"version-history":[{"count":20,"href":"https:\/\/projetos.ufpr.br\/atlaspetroignea\/wp-json\/wp\/v2\/pages\/25\/revisions"}],"predecessor-version":[{"id":1100,"href":"https:\/\/projetos.ufpr.br\/atlaspetroignea\/wp-json\/wp\/v2\/pages\/25\/revisions\/1100"}],"wp:attachment":[{"href":"https:\/\/projetos.ufpr.br\/atlaspetroignea\/wp-json\/wp\/v2\/media?parent=25"}],"curies":[{"name":"wp","href":"https:\/\/api.w.org\/{rel}","templated":true}]}}