{"id":256,"date":"2024-11-28T15:12:15","date_gmt":"2024-11-28T18:12:15","guid":{"rendered":"https:\/\/projetos.ufpr.br\/atlaspetroignea\/?page_id=256"},"modified":"2025-08-21T17:34:44","modified_gmt":"2025-08-21T20:34:44","slug":"basalto-geral","status":"publish","type":"page","link":"https:\/\/projetos.ufpr.br\/atlaspetroignea\/basalto-geral\/","title":{"rendered":"Os Basalto"},"content":{"rendered":"\n<p class=\"wp-block-paragraph\"><strong><em>Basaltos<\/em><\/strong><\/p>\n\n\n\n<p class=\"wp-block-paragraph\">O<em><strong>&nbsp;basalto<\/strong><\/em>&nbsp;\u00e9 uma rocha b\u00e1sica derivada de erup\u00e7\u00f5es vulc\u00e2nicas, classificada como rocha magm\u00e1tica extrusiva. De composi\u00e7\u00e3o m\u00e1fica, geralmente com granula\u00e7\u00e3o fina (menor que 1cm), e sua mineralogia \u00e9 composta essencialmente por augita + plagiocl\u00e1sio c\u00e1lcico An&gt;50. Sendo a rocha que apresenta maior composi\u00e7\u00e3o em volume, no nosso planeta. Est\u00e1 presente em outros planetas de fei\u00e7\u00f5es  terrestre, e tamb\u00e9m encontrado na lua. Constituindo uma importante classe de meteoritos, os acondritos bas\u00e1lticos. S\u00e3o encontrados em dorsais meso-oc\u00eaanica, arco de ilhas, (LIPs) grandes prov\u00edncias \u00cdgneas e riftes intracontinentais. Os magmas bas\u00e1lticos s\u00e3o produtos da fus\u00e3o que ocorrem no manto terrestre, quando analisado nos tr\u00e1s muitas informa\u00e7\u00f5es, de composi\u00e7\u00e3o e geoqu\u00edmica do manto superior.<\/p>\n\n\n\n<p class=\"wp-block-paragraph\">A <strong>mineralogia<\/strong> dos basaltos, \u00e9 <strong>composto<\/strong> por:<\/p>\n\n\n\n<ul class=\"wp-block-list\">\n<li><em><strong>Mineralogia essencial<\/strong><\/em>: Plagiocl\u00e1sio c\u00e1lcico, augita.<\/li>\n<\/ul>\n\n\n\n<ul class=\"wp-block-list\">\n<li><em><strong>Minerais qualificadores<\/strong><\/em>:&nbsp; Pirox\u00eanio com baixo teor de c\u00e1lcio (pigeonita ou enstatita), olivina, nefelina (feldspatoide).<\/li>\n<\/ul>\n\n\n\n<p class=\"has-text-align-center wp-block-paragraph\"> Obs: um feldspat\u00f3ide e um pirox\u00eanio de c\u00e1lcio nunca coexistem em um basalto.<\/p>\n\n\n\n<ul class=\"wp-block-list\">\n<li><em><strong>Minerais acess\u00f3rios<\/strong><\/em>:&nbsp;Opacos (magnetita e ilmenita), apatita.<\/li>\n<\/ul>\n\n\n\n<ul class=\"wp-block-list\">\n<li><strong><em>Minerais secund\u00e1rios<\/em><\/strong>: Serpentina ou iddingsita (em substitui\u00e7\u00e3o \u00e1 olivina), esmectita (substituindo diversos minerais ou vidro), clorita ou epidoto (substituindo o pirox\u00eanio), sericita (em substitui\u00e7\u00e3o \u00e1 qualquer plagiocl\u00e1sio).<\/li>\n<\/ul>\n\n\n\n<p class=\"wp-block-paragraph\">O basalto apresenta variadas estruturas, devido ao processo de como ele est\u00e1 se formando. Abaixo, apresentamos algumas estruturas comuns em basaltos:<\/p>\n\n\n\n<ul class=\"wp-block-list\">\n<li>&nbsp;Almofadada;<\/li>\n<\/ul>\n\n\n\n<ul class=\"wp-block-list\">\n<li>&nbsp;Amigadaloidal;<\/li>\n<\/ul>\n\n\n\n<ul class=\"wp-block-list\">\n<li>&nbsp;Compacta ou maci\u00e7a;<\/li>\n<\/ul>\n\n\n\n<ul class=\"wp-block-list\">\n<li>&nbsp;Cordada;<\/li>\n<\/ul>\n\n\n\n<ul class=\"wp-block-list\">\n<li>&nbsp;Dykitax\u00edtica;<\/li>\n<\/ul>\n\n\n\n<ul class=\"wp-block-list\">\n<li>&nbsp;Disjun\u00e7\u00e3o colunar;<\/li>\n<\/ul>\n\n\n\n<ul class=\"wp-block-list\">\n<li>&nbsp;Escori\u00e1cea;<\/li>\n<\/ul>\n\n\n\n<ul class=\"wp-block-list\">\n<li>&nbsp;Fluidal;<\/li>\n<\/ul>\n\n\n\n<ul class=\"wp-block-list\">\n<li>&nbsp;Splinter;<\/li>\n<\/ul>\n\n\n\n<ul class=\"wp-block-list\">\n<li>&nbsp;Vesicular;<\/li>\n<\/ul>\n\n\n\n<p class=\"wp-block-paragraph\">As rochas \u00cdgneas, tamb\u00e9m apresentam&nbsp;<em><strong>trama<\/strong><\/em>&nbsp;ou&nbsp;<em><strong>arranjo<\/strong>,<\/em>&nbsp;que seria a disposi\u00e7\u00e3o espacial relativa das diferentes esp\u00e9cies dos minerais que est\u00e3o presentes nesta rocha. Essa&nbsp;<em>trama&nbsp;<\/em>ou&nbsp;<em>arranjo<\/em>&nbsp;\u00e9 o resultado do tamanho, da formas dos cristais, de sua rela\u00e7\u00e3o de contato e a forma de cristaliza\u00e7\u00e3o. Abaixo, apresentando os arranjos que vemos nos basaltos.&nbsp;&nbsp;<\/p>\n\n\n\n<ul class=\"wp-block-list\">\n<li><a href=\"https:\/\/projetos.ufpr.br\/atlaspetroignea\/arranjo-feltro\/\" data-type=\"page\" data-id=\"279\">Arranjo Feltro<\/a><\/li>\n\n\n\n<li><a href=\"https:\/\/projetos.ufpr.br\/atlaspetroignea\/arranjo-hialofitico\/\" data-type=\"page\" data-id=\"287\">Arranjo Hialof\u00edtico<\/a><\/li>\n\n\n\n<li><a href=\"https:\/\/projetos.ufpr.br\/atlaspetroignea\/arranjo-hialofilitico\/\" data-type=\"page\" data-id=\"283\">Arranjo Hialofil\u00edtico<\/a><\/li>\n\n\n\n<li><a href=\"https:\/\/projetos.ufpr.br\/atlaspetroignea\/arranjo-intergranular\/\" data-type=\"page\" data-id=\"291\">Arranjo Intergranular<\/a><\/li>\n\n\n\n<li><a href=\"https:\/\/projetos.ufpr.br\/atlaspetroignea\/arranjo-mimerquitico\/\" data-type=\"page\" data-id=\"293\">Arranjo Mimerqu\u00edtico<\/a><\/li>\n\n\n\n<li><a href=\"https:\/\/projetos.ufpr.br\/atlaspetroignea\/arranjo-ofitico\/\" data-type=\"page\" data-id=\"296\">Arranjo Of\u00edtico<\/a><\/li>\n\n\n\n<li><a href=\"https:\/\/projetos.ufpr.br\/atlaspetroignea\/arranjo-pilotaxitico\/\" data-type=\"page\" data-id=\"232\">Arranjo Pilotax\u00edtico<\/a><\/li>\n\n\n\n<li><a href=\"https:\/\/projetos.ufpr.br\/atlaspetroignea\/arranjo-seriado\/\" data-type=\"page\" data-id=\"301\">Arranjo Seriado<\/a><\/li>\n\n\n\n<li><a href=\"https:\/\/projetos.ufpr.br\/atlaspetroignea\/arranjo-subofitico\/\" data-type=\"page\" data-id=\"307\">Arranjo Subof\u00edtico<\/a><\/li>\n\n\n\n<li><a href=\"https:\/\/projetos.ufpr.br\/atlaspetroignea\/arranjo-spinifex\/\" data-type=\"page\" data-id=\"303\">Arranjo Spinifex<\/a><\/li>\n<\/ul>\n\n\n\n<p class=\"wp-block-paragraph\">&nbsp;<\/p>\n\n\n\n<p class=\"wp-block-paragraph\">&nbsp;Estrutura:&nbsp;Depende do que a amostra est\u00e1 apresentando;<\/p>\n\n\n\n<p class=\"wp-block-paragraph\">Cristalinidade dos basaltos:&nbsp;Hipocristalina \u00e1 hipov\u00edtrea;<\/p>\n\n\n\n<p class=\"wp-block-paragraph\">Grau de visibilidade:&nbsp;Afan\u00edtica;<\/p>\n\n\n\n<p class=\"wp-block-paragraph\">Granula\u00e7\u00e3o:&nbsp;Densa \u00e1 fina;<\/p>\n\n\n\n<p class=\"wp-block-paragraph\">Tamanho relativo dos cristais:&nbsp;Porfir\u00edtica;<\/p>\n\n\n\n<p class=\"wp-block-paragraph\">Forma geom\u00e9trica dos cristais: Hipidiom\u00f3rfica;<\/p>\n\n\n\n<p class=\"wp-block-paragraph\">Articula\u00e7\u00e3o entre os cristais:&nbsp;Irregular;<\/p>\n\n\n\n<p class=\"wp-block-paragraph\">\u00cdndice de colora\u00e7\u00e3o:&nbsp;Mesocr\u00e1tica \u00e1 melanocr\u00e1tica;&nbsp;<\/p>\n\n\n\n<p class=\"wp-block-paragraph\">Arranjo:&nbsp;Depende do que a amostra est\u00e1 apresentando;<\/p>\n\n\n\n<p class=\"wp-block-paragraph\">S\u00edlica de satura\u00e7\u00e3o:&nbsp;Saturada \u00e1 insaturada (quando apresentando nefelina);<\/p>\n\n\n\n<p class=\"wp-block-paragraph\">Acidez:&nbsp;B\u00e1sica;<\/p>\n\n\n\n<p class=\"wp-block-paragraph\">Rela\u00e7\u00e3o dos feldspatos presentes:&nbsp;C\u00e1lcico-s\u00f3dica;<\/p>\n\n\n\n<p class=\"wp-block-paragraph\">\u00cdndice de alumina satura\u00e7\u00e3o:&nbsp;Metaluminosa;<\/p>\n","protected":false},"excerpt":{"rendered":"<p>Basaltos O&nbsp;basalto&nbsp;\u00e9 uma rocha b\u00e1sica derivada de erup\u00e7\u00f5es vulc\u00e2nicas, classificada como rocha magm\u00e1tica extrusiva. De composi\u00e7\u00e3o m\u00e1fica, geralmente com granula\u00e7\u00e3o fina (menor que 1cm), e sua mineralogia \u00e9 composta essencialmente por augita + plagiocl\u00e1sio c\u00e1lcico An&gt;50. Sendo a rocha que apresenta maior composi\u00e7\u00e3o em volume, no nosso planeta. Est\u00e1 presente em outros planetas de fei\u00e7\u00f5es [&hellip;]<\/p>\n","protected":false},"author":45,"featured_media":0,"parent":0,"menu_order":0,"comment_status":"closed","ping_status":"closed","template":"","meta":{"footnotes":""},"class_list":["post-256","page","type-page","status-publish","hentry"],"_links":{"self":[{"href":"https:\/\/projetos.ufpr.br\/atlaspetroignea\/wp-json\/wp\/v2\/pages\/256","targetHints":{"allow":["GET"]}}],"collection":[{"href":"https:\/\/projetos.ufpr.br\/atlaspetroignea\/wp-json\/wp\/v2\/pages"}],"about":[{"href":"https:\/\/projetos.ufpr.br\/atlaspetroignea\/wp-json\/wp\/v2\/types\/page"}],"author":[{"embeddable":true,"href":"https:\/\/projetos.ufpr.br\/atlaspetroignea\/wp-json\/wp\/v2\/users\/45"}],"replies":[{"embeddable":true,"href":"https:\/\/projetos.ufpr.br\/atlaspetroignea\/wp-json\/wp\/v2\/comments?post=256"}],"version-history":[{"count":3,"href":"https:\/\/projetos.ufpr.br\/atlaspetroignea\/wp-json\/wp\/v2\/pages\/256\/revisions"}],"predecessor-version":[{"id":1116,"href":"https:\/\/projetos.ufpr.br\/atlaspetroignea\/wp-json\/wp\/v2\/pages\/256\/revisions\/1116"}],"wp:attachment":[{"href":"https:\/\/projetos.ufpr.br\/atlaspetroignea\/wp-json\/wp\/v2\/media?parent=256"}],"curies":[{"name":"wp","href":"https:\/\/api.w.org\/{rel}","templated":true}]}}