{"id":291,"date":"2024-11-28T15:35:13","date_gmt":"2024-11-28T18:35:13","guid":{"rendered":"https:\/\/projetos.ufpr.br\/atlaspetroignea\/?page_id=291"},"modified":"2025-08-07T12:40:20","modified_gmt":"2025-08-07T15:40:20","slug":"arranjo-intergranular","status":"publish","type":"page","link":"https:\/\/projetos.ufpr.br\/atlaspetroignea\/arranjo-intergranular\/","title":{"rendered":"Arranjo Intergranular"},"content":{"rendered":"\n<p class=\"wp-block-paragraph\"><em>Arranjo<strong> Intergranular<\/strong><\/em><\/p>\n\n\n\n<p class=\"wp-block-paragraph\">O que chamamos de <em>trama<\/em> ou <em>arranjo<\/em> cristalino das rochas \u00edgneas, refere-se \u00e0 disposi\u00e7\u00e3o espacial dos minerais que est\u00e3o constituindo aquela rocha magm\u00e1tica. O arranjo pode ser gen\u00e9rico, quando refente a uma arquitetura geral da rocha. Podendo ser particular, quando est\u00e1 envolvendo rela\u00e7\u00f5es espaciais caracter\u00edsticas entre alguns minerais espec\u00edficos.Arranjo intergranular \u00e9 composto por cristais ripiformes de plagiocl\u00e1sio eu\u00e9dricos e sub\u00e9dricos, contendo gr\u00e3os intersticiais de clinopirox\u00eanio.<\/p>\n\n\n\n<p class=\"wp-block-paragraph\">G.W.Tyrrell descreveu em seu livro Introduccion al estudio de la ciencia de las rocas (primeira ed. 1960), descreve o arranjo intergranular como composto por uma malha vermelha ou mancha de list\u00f5es ou tabuas de plagiocl\u00e1sio, disputadas que acabam deixando interespa\u00e7os poligonais entre os cristais. Esses interespa\u00e7os podem ser inteiramente preenchidos por gr\u00e3os de augita, olivina e \u00f3xidos de ferro.<\/p>\n\n\n\n<p class=\"wp-block-paragraph\"> Wernick (2004), diz que o arranjo intergranular faz parte da textura intersticial. Essa textura \u00e9 caracterizada por uma rede mais o menos fechada, formada por cristais retangulares e ripiformes de feldspato, cujos os interst\u00edcios s\u00e3o ocupados por cristais de forma\u00e7\u00e3o mais tardia. E o arranjo intergranular tem cada interst\u00edcio de sua rede formada por cristais de plagiocl\u00e1sio ripiforme, \u00e9 ocupado por um ou mais gr\u00e3os de pirox\u00eanio. <\/p>\n\n\n\n<p class=\"wp-block-paragraph\">No livro Atlas of igneous rocks and their textures de W.S.Mackenzie, C.H.Donaldson and C.Guilford (1992), falam que os espa\u00e7os entre as ripas de plagiocl\u00e1sio s\u00e3o ocupados por um ou mais gr\u00e3os de pirox\u00eanio, olivina e mais minerais opacos.<\/p>\n","protected":false},"excerpt":{"rendered":"<p>Arranjo Intergranular O que chamamos de trama ou arranjo cristalino das rochas \u00edgneas, refere-se \u00e0 disposi\u00e7\u00e3o espacial dos minerais que est\u00e3o constituindo aquela rocha magm\u00e1tica. O arranjo pode ser gen\u00e9rico, quando refente a uma arquitetura geral da rocha. Podendo ser particular, quando est\u00e1 envolvendo rela\u00e7\u00f5es espaciais caracter\u00edsticas entre alguns minerais espec\u00edficos.Arranjo intergranular \u00e9 composto por [&hellip;]<\/p>\n","protected":false},"author":45,"featured_media":0,"parent":0,"menu_order":0,"comment_status":"closed","ping_status":"closed","template":"","meta":{"footnotes":""},"class_list":["post-291","page","type-page","status-publish","hentry"],"_links":{"self":[{"href":"https:\/\/projetos.ufpr.br\/atlaspetroignea\/wp-json\/wp\/v2\/pages\/291","targetHints":{"allow":["GET"]}}],"collection":[{"href":"https:\/\/projetos.ufpr.br\/atlaspetroignea\/wp-json\/wp\/v2\/pages"}],"about":[{"href":"https:\/\/projetos.ufpr.br\/atlaspetroignea\/wp-json\/wp\/v2\/types\/page"}],"author":[{"embeddable":true,"href":"https:\/\/projetos.ufpr.br\/atlaspetroignea\/wp-json\/wp\/v2\/users\/45"}],"replies":[{"embeddable":true,"href":"https:\/\/projetos.ufpr.br\/atlaspetroignea\/wp-json\/wp\/v2\/comments?post=291"}],"version-history":[{"count":4,"href":"https:\/\/projetos.ufpr.br\/atlaspetroignea\/wp-json\/wp\/v2\/pages\/291\/revisions"}],"predecessor-version":[{"id":821,"href":"https:\/\/projetos.ufpr.br\/atlaspetroignea\/wp-json\/wp\/v2\/pages\/291\/revisions\/821"}],"wp:attachment":[{"href":"https:\/\/projetos.ufpr.br\/atlaspetroignea\/wp-json\/wp\/v2\/media?parent=291"}],"curies":[{"name":"wp","href":"https:\/\/api.w.org\/{rel}","templated":true}]}}