{"id":293,"date":"2024-11-28T15:36:00","date_gmt":"2024-11-28T18:36:00","guid":{"rendered":"https:\/\/projetos.ufpr.br\/atlaspetroignea\/?page_id=293"},"modified":"2025-08-07T12:40:45","modified_gmt":"2025-08-07T15:40:45","slug":"arranjo-mimerquitico","status":"publish","type":"page","link":"https:\/\/projetos.ufpr.br\/atlaspetroignea\/arranjo-mimerquitico\/","title":{"rendered":"Arranjo Mimerqu\u00edtico"},"content":{"rendered":"\n<p class=\"wp-block-paragraph\">Arranjo\u00a0<em>Mimerqu\u00edtico<\/em><\/p>\n\n\n\n<p class=\"wp-block-paragraph\">O que chamamos de<em>\u00a0trama<\/em>\u00a0ou\u00a0<em>\u00a0arranjo cristalino\u00a0<\/em>das rochas \u00edgneas<em>,<\/em>\u00a0refere-se \u00e0 disposi\u00e7\u00e3o espacial dos minerais que est\u00e3o constituindo aquela rocha magm\u00e1tica.\u00a0O arranjo pode ser gen\u00e9rico, quando refente a uma arquitetura geral da rocha. Podendo ser particular, quando est\u00e1 envolvendo rela\u00e7\u00f5es espaciais caracter\u00edsticas entre alguns minerais espec\u00edficos.<\/p>\n\n\n\n<p class=\"wp-block-paragraph\">Arranjo\u00a0<em>mimerqu\u00edtico<\/em><em>\u00a0<\/em>apresenta um intercrescimento entre os cristais de feldspato pot\u00e1ssico ou plagiocl\u00e1sio com v\u00eanulas de quartzo na forma de bast\u00f5es. Se houver matriz ela ser\u00e1 microgr\u00e1fica.<\/p>\n\n\n\n<p class=\"wp-block-paragraph\">G.W.Tyrrell descreveu em seu livro\u00a0<em>Introduccion al estudio de la ciencia de las rocas<\/em>\u00a0(primeira ed. 1960), que o arranjo mimerqu\u00edtico \u00e9 apresentado por quartzo ocorrendo em forma de bolhas, gotas e vermiculares dentro do feldspato. Este desenvolvimento tem sua origem nas bordas dos cristais de ortocl\u00e1sio e parece ser devido \u00e0 substitui\u00e7\u00e3o desse mineral por plagiocl\u00e1sio. Com esta rea\u00e7\u00e3o acaba ocorrendo a libera\u00e7\u00e3o de s\u00edlica, aparecendo na forma de quartzo e pot\u00e1ssio que entra na forma de biotita, encontrada perdidas na mimerqu\u00edta.<\/p>\n\n\n\n<p class=\"wp-block-paragraph\">\u00a0Eberhard Wernick (2004) enquadra o arranjo mimerqu\u00edtico nas texturas de intercrescimento, que consiste no intercrescimneto entre alguns minerais constituintes da rocha. Fala que a mimerqu\u00edtica \u00e9 composta por intercrescimento entre cristais de feldspato pot\u00e1ssico ou plagiocl\u00e1sio e, v\u00eanulas de quartzo com formas de U,V ou Y e de bast\u00f5es irregulares.<\/p>\n\n\n\n<p class=\"wp-block-paragraph\">No livro\u00a0<em>Atlas of igneous rocks and their textures<\/em>\u00a0de W.S.Mackenzie, C.H.Donaldson and C.Guilford (1992), Mostram em formas de manchas de plagiocl\u00e1sio intercaladas com quartzo vermicular. E o intercrescimento tem de costume o formato de uma verruga, e comumente encontrado na margem de um cristal de plagiocl\u00e1sio, onde transpassa um cristal feldspato alcalino.<\/p>\n","protected":false},"excerpt":{"rendered":"<p>Arranjo\u00a0Mimerqu\u00edtico O que chamamos de\u00a0trama\u00a0ou\u00a0\u00a0arranjo cristalino\u00a0das rochas \u00edgneas,\u00a0refere-se \u00e0 disposi\u00e7\u00e3o espacial dos minerais que est\u00e3o constituindo aquela rocha magm\u00e1tica.\u00a0O arranjo pode ser gen\u00e9rico, quando refente a uma arquitetura geral da rocha. Podendo ser particular, quando est\u00e1 envolvendo rela\u00e7\u00f5es espaciais caracter\u00edsticas entre alguns minerais espec\u00edficos. Arranjo\u00a0mimerqu\u00edtico\u00a0apresenta um intercrescimento entre os cristais de feldspato pot\u00e1ssico ou plagiocl\u00e1sio [&hellip;]<\/p>\n","protected":false},"author":45,"featured_media":0,"parent":0,"menu_order":0,"comment_status":"closed","ping_status":"closed","template":"","meta":{"footnotes":""},"class_list":["post-293","page","type-page","status-publish","hentry"],"_links":{"self":[{"href":"https:\/\/projetos.ufpr.br\/atlaspetroignea\/wp-json\/wp\/v2\/pages\/293","targetHints":{"allow":["GET"]}}],"collection":[{"href":"https:\/\/projetos.ufpr.br\/atlaspetroignea\/wp-json\/wp\/v2\/pages"}],"about":[{"href":"https:\/\/projetos.ufpr.br\/atlaspetroignea\/wp-json\/wp\/v2\/types\/page"}],"author":[{"embeddable":true,"href":"https:\/\/projetos.ufpr.br\/atlaspetroignea\/wp-json\/wp\/v2\/users\/45"}],"replies":[{"embeddable":true,"href":"https:\/\/projetos.ufpr.br\/atlaspetroignea\/wp-json\/wp\/v2\/comments?post=293"}],"version-history":[{"count":2,"href":"https:\/\/projetos.ufpr.br\/atlaspetroignea\/wp-json\/wp\/v2\/pages\/293\/revisions"}],"predecessor-version":[{"id":361,"href":"https:\/\/projetos.ufpr.br\/atlaspetroignea\/wp-json\/wp\/v2\/pages\/293\/revisions\/361"}],"wp:attachment":[{"href":"https:\/\/projetos.ufpr.br\/atlaspetroignea\/wp-json\/wp\/v2\/media?parent=293"}],"curies":[{"name":"wp","href":"https:\/\/api.w.org\/{rel}","templated":true}]}}