{"id":296,"date":"2024-11-28T15:37:01","date_gmt":"2024-11-28T18:37:01","guid":{"rendered":"https:\/\/projetos.ufpr.br\/atlaspetroignea\/?page_id=296"},"modified":"2025-08-21T15:36:17","modified_gmt":"2025-08-21T18:36:17","slug":"arranjo-ofitico","status":"publish","type":"page","link":"https:\/\/projetos.ufpr.br\/atlaspetroignea\/arranjo-ofitico\/","title":{"rendered":"Arranjo Of\u00edtico"},"content":{"rendered":"\n<p class=\"wp-block-paragraph\"><em>Arranjo <strong>Of\u00edtico<\/strong><\/em><\/p>\n\n\n\n<p class=\"wp-block-paragraph\">O que chamamos de<strong> <em>trama<\/em><\/strong> ou <em><strong>arranjo<\/strong><\/em> cristalino das rochas \u00edgneas, refere-se \u00e1 disposi\u00e7\u00e3o espacial dos minerais que est\u00e3o constituindo aquela rocha magm\u00e1tica. O arranjo pode ser gen\u00e9rico, quando referente a uma arquitetura geral da rocha. Podendo ser particular, quando est\u00e1 envolvendo rela\u00e7\u00f5es espaciais caracter\u00edsticas entre alguns minerais espec\u00edficos. Arranjo Of\u00edtico \u00e9 formado por grandes cristais de pirox\u00eanio englobando ripas menores de plagiocl\u00e1sio, formando uma rede aberta, onde os cristais de plagiocl\u00e1sio muitas vezes n\u00e3o se tocam.<\/p>\n\n\n\n<p class=\"wp-block-paragraph\"><strong>G.W.Tyrrell <\/strong>descreveu em seu livro <strong>introduccion al estudio de la ciencia de las rocas (primeira ed. 1960)<\/strong>, que o arranjo of\u00edtico seria uma varia\u00e7\u00e3o da textura poiqu\u00edlitica. Dizia que, placas de augita hospedariam numerosas placas finas de plagiocl\u00e1sio. E que, os plagiocl\u00e1sios s\u00e3o constitu\u00eddos aproximadamente do mesmo tamanho que os pirox\u00eanios. E se, a acomoda\u00e7\u00e3o dos plagiocl\u00e1sios era apenas parcial, o arranjo era denominado como subof\u00edtico.<\/p>\n\n\n\n<p class=\"wp-block-paragraph\"><strong>Eberhard Wernick (2004) <\/strong>nos tr\u00e1s a ideia de que, o arranjo of\u00edtico faz parte das texturas inequigranulares e porfir\u00edticas. Onde neste caso os arranjos derivados destas texturas, apresentam cristais aproximadamente equidimensionais, sendo que os maiores apesentam formas e disposi\u00e7\u00f5es espaciais peculiares. Descreve a trama of\u00edtica como: sendo cristais de pirox\u00eanios grandes englobando ripas de plagiocl\u00e1sio de tamanho menor, formando uma rede vasta onde as ripas n\u00e3o se tocam. obs: Wernick n\u00e3o enquadra o arranjo subof\u00edtico nestas texturas.<\/p>\n\n\n\n<p class=\"wp-block-paragraph\">No livro <strong>Atlas of igneous rocks and their textures de W.S.Mackenzie, C.H.Donaldson and C.Guilford (1992)<\/strong> eles apresentam a textura of\u00edtica como variante da textura poiquil\u00edtica, onde os cristais de plagiocl\u00e1sio est\u00e3o dispostos aleatoriamente. S\u00e3o alongados e est\u00e3o totalmente envolvidos ou parcialmente por cristais de pirox\u00eanio. Mais comuns, os cristais de plagiocl\u00e1sio rodeados por cristais de augita. Mas n\u00e3o limitados por esses dois minerais.<\/p>\n\n\n\n<p class=\"wp-block-paragraph\">No livro <strong>Petrologia \u00edgnea de Sial (1984)<\/strong>, diz que o arranjo of\u00edtico \u00e9 a inclus\u00e3o parcial de um mineral por outro de forma\u00e7\u00e3o posterior.<\/p>\n\n\n\n<p class=\"wp-block-paragraph\"><\/p>\n","protected":false},"excerpt":{"rendered":"<p>Arranjo Of\u00edtico O que chamamos de trama ou arranjo cristalino das rochas \u00edgneas, refere-se \u00e1 disposi\u00e7\u00e3o espacial dos minerais que est\u00e3o constituindo aquela rocha magm\u00e1tica. O arranjo pode ser gen\u00e9rico, quando referente a uma arquitetura geral da rocha. Podendo ser particular, quando est\u00e1 envolvendo rela\u00e7\u00f5es espaciais caracter\u00edsticas entre alguns minerais espec\u00edficos. Arranjo Of\u00edtico \u00e9 formado [&hellip;]<\/p>\n","protected":false},"author":45,"featured_media":0,"parent":0,"menu_order":0,"comment_status":"closed","ping_status":"closed","template":"","meta":{"footnotes":""},"class_list":["post-296","page","type-page","status-publish","hentry"],"_links":{"self":[{"href":"https:\/\/projetos.ufpr.br\/atlaspetroignea\/wp-json\/wp\/v2\/pages\/296","targetHints":{"allow":["GET"]}}],"collection":[{"href":"https:\/\/projetos.ufpr.br\/atlaspetroignea\/wp-json\/wp\/v2\/pages"}],"about":[{"href":"https:\/\/projetos.ufpr.br\/atlaspetroignea\/wp-json\/wp\/v2\/types\/page"}],"author":[{"embeddable":true,"href":"https:\/\/projetos.ufpr.br\/atlaspetroignea\/wp-json\/wp\/v2\/users\/45"}],"replies":[{"embeddable":true,"href":"https:\/\/projetos.ufpr.br\/atlaspetroignea\/wp-json\/wp\/v2\/comments?post=296"}],"version-history":[{"count":4,"href":"https:\/\/projetos.ufpr.br\/atlaspetroignea\/wp-json\/wp\/v2\/pages\/296\/revisions"}],"predecessor-version":[{"id":1065,"href":"https:\/\/projetos.ufpr.br\/atlaspetroignea\/wp-json\/wp\/v2\/pages\/296\/revisions\/1065"}],"wp:attachment":[{"href":"https:\/\/projetos.ufpr.br\/atlaspetroignea\/wp-json\/wp\/v2\/media?parent=296"}],"curies":[{"name":"wp","href":"https:\/\/api.w.org\/{rel}","templated":true}]}}