{"id":303,"date":"2024-11-28T15:39:30","date_gmt":"2024-11-28T18:39:30","guid":{"rendered":"https:\/\/projetos.ufpr.br\/atlaspetroignea\/?page_id=303"},"modified":"2025-08-21T15:30:34","modified_gmt":"2025-08-21T18:30:34","slug":"arranjo-spinifex","status":"publish","type":"page","link":"https:\/\/projetos.ufpr.br\/atlaspetroignea\/arranjo-spinifex\/","title":{"rendered":"Arranjo Spinifex"},"content":{"rendered":"\n<p class=\"wp-block-paragraph\">Arranjo <em><strong>Spinifex<\/strong><\/em><\/p>\n\n\n\n<p class=\"wp-block-paragraph\">O que chamamos de <em><strong>trama<\/strong><\/em> ou <em><strong>arranjo<\/strong><\/em> cristalino das rochas \u00edgneas, refere-se \u00e0 disposi\u00e7\u00e3o espacial dos minerais que est\u00e3o constituindo aquela rocha magm\u00e1tica. O arranjo pode ser gen\u00e9rico, quando refente a uma arquitetura geral da rocha. Podendo ser particular, quando est\u00e0 envolvendo rela\u00e7\u00f5eses espaciais caracter\u00edsticas entre alguns minerais espec\u00edficos<\/p>\n\n\n\n<p class=\"wp-block-paragraph\">.Arranjo <em><strong>spinifex<\/strong><\/em> s\u00e3o cristais de olivina alongados e esquel\u00e9ticos, em uma matriz fina de vidro e clinopirox\u00eanio. Sendo um arranjo muito distinto e raro, t\u00edpico de algumas rochas \u00edgneas <strong>ultram\u00e1ficas<\/strong>, especialmente das chamadas <strong>komatitos<\/strong>, que s\u00e3o rochas muito antigas, originadas a partir de lavas ultram\u00e1ficas de alt\u00edssima temperatura.<\/p>\n\n\n\n<p class=\"wp-block-paragraph\">Wernick (2004) fala que o arranjo <em>spinifex<\/em> est\u00e1 dentro das texturas inequigranulares e porfir\u00edticas. Onde neste caso os arranjos derivados destas texturas, apresentam cristais aproximadamente equidimensionais, sendo que os maiores apesentam formas e disposi\u00e7\u00f5es espaciais peculiares. Descrevendo que a trama \u00e9 caracterizada por cristais grandes lamelares de olivina ou pirox\u00eanio, com alguma frequ\u00eancia em disposi\u00e7\u00e3o radial.<\/p>\n\n\n\n<p class=\"wp-block-paragraph\"><strong>Arndt, N.T. (2008) \u2013 <em>Komatiites<\/em><\/strong><\/p>\n\n\n\n<p class=\"wp-block-paragraph\">Define como: &#8220;A textura spinifex consiste em cristais longos e esquel\u00e9ticos de olivina ou pirox\u00eanio que cresceram rapidamente a partir de um magma super-resfriado. \u00c9 caracter\u00edstica das lavas komati\u00edticas e se forma devido a temperaturas extremamente altas e resfriamento r\u00e1pido.&#8221;<\/p>\n\n\n\n<p class=\"wp-block-paragraph\"><strong>Best, M.G. (2003) \u2013 <em>Igneous and Metamorphic Petrology<\/em><\/strong><\/p>\n\n\n\n<p class=\"wp-block-paragraph\">Tr\u00e1s a defini\u00e7\u00e3o de: &#8220;A textura spinifex \u00e9 formada pelo crescimento r\u00e1pido de cristais alongados de olivina ou piroxena em fluxos komati\u00edticos. Reflete a cristaliza\u00e7\u00e3o em alta temperatura em um gradiente t\u00e9rmico din\u00e2mico.&#8221;<\/p>\n\n\n\n<p class=\"wp-block-paragraph\"><strong>Winter, J.D. (2010) \u2013 Principles of Igneous and Metamorphic Petrology<\/strong><\/p>\n\n\n\n<p class=\"wp-block-paragraph\">Define como sendo: &#8220;A textura spinifex \u00e9 uma textura \u00edgnea distinta caracterizada por cristais esquel\u00e9ticos em forma de l\u00e2mina de olivina ou piroxena, tipicamente encontrada em komati\u00edtas e atribu\u00edda ao resfriamento r\u00e1pido da lava ultram\u00e1fica&#8221;<\/p>\n\n\n\n<p class=\"wp-block-paragraph\"><strong>Le Maitre (2002) \u2013 <em>Igneous Rocks: A Classification and Glossary of Terms<\/em><\/strong><\/p>\n\n\n\n<p class=\"wp-block-paragraph\">&#8220;Textura spinifex: uma textura \u00edgnea observada em komatitos, com cristais longos em forma de placa de olivina ou pirox\u00eanio formados por crescimento r\u00e1pido em um magma super-resfriado de alta temperatura.&#8221;<\/p>\n\n\n\n<p class=\"wp-block-paragraph\">Esse arranjo indica condi\u00e7\u00f5es primitivas da terra, alto grau de fus\u00e3o e lavas com temperaturas de &gt;1600\u00b0.<\/p>\n\n\n\n<p class=\"wp-block-paragraph\"> No livro <strong>Petrologia \u00edgnea de Sial (1984)<\/strong>, a defini\u00e7\u00e3o deste arranjo \u00e9 dado como particularmente encontradas em derrames de composi\u00e7\u00e3o peridot\u00edtica (komatiitos), caracterizada pelo desenvolvimento excepcional de olivina e clinopirox\u00eanio alongados. <\/p>\n","protected":false},"excerpt":{"rendered":"<p>Arranjo Spinifex O que chamamos de trama ou arranjo cristalino das rochas \u00edgneas, refere-se \u00e0 disposi\u00e7\u00e3o espacial dos minerais que est\u00e3o constituindo aquela rocha magm\u00e1tica. O arranjo pode ser gen\u00e9rico, quando refente a uma arquitetura geral da rocha. Podendo ser particular, quando est\u00e0 envolvendo rela\u00e7\u00f5eses espaciais caracter\u00edsticas entre alguns minerais espec\u00edficos .Arranjo spinifex s\u00e3o cristais [&hellip;]<\/p>\n","protected":false},"author":45,"featured_media":753,"parent":0,"menu_order":0,"comment_status":"closed","ping_status":"closed","template":"","meta":{"footnotes":""},"class_list":["post-303","page","type-page","status-publish","has-post-thumbnail","hentry"],"_links":{"self":[{"href":"https:\/\/projetos.ufpr.br\/atlaspetroignea\/wp-json\/wp\/v2\/pages\/303","targetHints":{"allow":["GET"]}}],"collection":[{"href":"https:\/\/projetos.ufpr.br\/atlaspetroignea\/wp-json\/wp\/v2\/pages"}],"about":[{"href":"https:\/\/projetos.ufpr.br\/atlaspetroignea\/wp-json\/wp\/v2\/types\/page"}],"author":[{"embeddable":true,"href":"https:\/\/projetos.ufpr.br\/atlaspetroignea\/wp-json\/wp\/v2\/users\/45"}],"replies":[{"embeddable":true,"href":"https:\/\/projetos.ufpr.br\/atlaspetroignea\/wp-json\/wp\/v2\/comments?post=303"}],"version-history":[{"count":6,"href":"https:\/\/projetos.ufpr.br\/atlaspetroignea\/wp-json\/wp\/v2\/pages\/303\/revisions"}],"predecessor-version":[{"id":1059,"href":"https:\/\/projetos.ufpr.br\/atlaspetroignea\/wp-json\/wp\/v2\/pages\/303\/revisions\/1059"}],"wp:featuredmedia":[{"embeddable":true,"href":"https:\/\/projetos.ufpr.br\/atlaspetroignea\/wp-json\/wp\/v2\/media\/753"}],"wp:attachment":[{"href":"https:\/\/projetos.ufpr.br\/atlaspetroignea\/wp-json\/wp\/v2\/media?parent=303"}],"curies":[{"name":"wp","href":"https:\/\/api.w.org\/{rel}","templated":true}]}}