{"id":307,"date":"2024-11-28T15:40:12","date_gmt":"2024-11-28T18:40:12","guid":{"rendered":"https:\/\/projetos.ufpr.br\/atlaspetroignea\/?page_id=307"},"modified":"2025-08-21T15:26:33","modified_gmt":"2025-08-21T18:26:33","slug":"arranjo-subofitico","status":"publish","type":"page","link":"https:\/\/projetos.ufpr.br\/atlaspetroignea\/arranjo-subofitico\/","title":{"rendered":"Arranjo Subof\u00edtico"},"content":{"rendered":"\n<p class=\"wp-block-paragraph\">Arranjo <em>subof\u00edtico<\/em><\/p>\n\n\n\n<p class=\"wp-block-paragraph\">O que chamamos de trama ou arranjo cristalino das rochas \u00edgneas, refere-se \u00e0 disposi\u00e7\u00e3o espacial dos minerais que est\u00e3o constituindo aquela rocha magm\u00e1tica. O arranjo pode ser gen\u00e9rico, quando refente a uma arquitetura geral da rocha. Podendo ser particular, quando est\u00e1 envolvendo rela\u00e7\u00e3es espaciais caracter\u00edsticas entre alguns minerais espec\u00edficos.<\/p>\n\n\n\n<p class=\"wp-block-paragraph\">Arranjo subof\u00edtico mostra cristais de plagiocl\u00e1sio ripformes, parcialmente ou totalmente inclu\u00eddos em cristais de pirox\u00eanio. <\/p>\n\n\n\n<p class=\"wp-block-paragraph\"><strong>G.W.Tyrrell<\/strong> descreveu em seu livro <strong>introduccion al estudio de la ciencia de las rocas (primeira ed. 1960)<\/strong>, que o arranjo subof\u00edtico seria uma varia\u00e7\u00e3oo da textura poiqu\u00edlitica. Dizia que, placas de augita estariam acomodando parcialmente ou totalmente, numerosas placas finas de plagiocl\u00e1sio. E que, os plagiocl\u00e1sios s\u00e3o constitu\u00eddos aproximadamente do mesmo tamanho que os pirox\u00eanios. E se, os cristais de pirox\u00eanio estavam englobando os de plagiocl\u00e1sios, o arranjo era denominado como of\u00edtica.<\/p>\n\n\n\n<p class=\"wp-block-paragraph\"><strong>Eberhard wernick (2004)<\/strong>, enquadra o arranjo subof\u00edtico nas texturas intersticiais. Essa textura \u00e9 caracterizada por uma rede mais o menos fechada, formada por cristais retangulares e ripiformes de feldspato, cujos os interst\u00edcios s\u00e3o ocupados por cristais de forma\u00e7\u00e3o mais tardia. Mais tarde, dizendo que o arranjo subof\u00edtico tem os interst\u00edcios da rede de plagiocl\u00e1sios ocupados por um s\u00f3 cristal de pirox\u00eanio.<\/p>\n\n\n\n<p class=\"wp-block-paragraph\">No livro <strong>Petrologia \u00edgnea Sial (1984)<\/strong>, nos diz que o arranjo subof\u00edtico \u00e9 o crescimento de um mineral no espa\u00e7o deixado anteriormente por outros minerais, sem chegar a inclu\u00ed-los.<\/p>\n","protected":false},"excerpt":{"rendered":"<p>Arranjo subof\u00edtico O que chamamos de trama ou arranjo cristalino das rochas \u00edgneas, refere-se \u00e0 disposi\u00e7\u00e3o espacial dos minerais que est\u00e3o constituindo aquela rocha magm\u00e1tica. O arranjo pode ser gen\u00e9rico, quando refente a uma arquitetura geral da rocha. Podendo ser particular, quando est\u00e1 envolvendo rela\u00e7\u00e3es espaciais caracter\u00edsticas entre alguns minerais espec\u00edficos. Arranjo subof\u00edtico mostra cristais [&hellip;]<\/p>\n","protected":false},"author":45,"featured_media":753,"parent":0,"menu_order":0,"comment_status":"closed","ping_status":"closed","template":"","meta":{"footnotes":""},"class_list":["post-307","page","type-page","status-publish","has-post-thumbnail","hentry"],"_links":{"self":[{"href":"https:\/\/projetos.ufpr.br\/atlaspetroignea\/wp-json\/wp\/v2\/pages\/307","targetHints":{"allow":["GET"]}}],"collection":[{"href":"https:\/\/projetos.ufpr.br\/atlaspetroignea\/wp-json\/wp\/v2\/pages"}],"about":[{"href":"https:\/\/projetos.ufpr.br\/atlaspetroignea\/wp-json\/wp\/v2\/types\/page"}],"author":[{"embeddable":true,"href":"https:\/\/projetos.ufpr.br\/atlaspetroignea\/wp-json\/wp\/v2\/users\/45"}],"replies":[{"embeddable":true,"href":"https:\/\/projetos.ufpr.br\/atlaspetroignea\/wp-json\/wp\/v2\/comments?post=307"}],"version-history":[{"count":4,"href":"https:\/\/projetos.ufpr.br\/atlaspetroignea\/wp-json\/wp\/v2\/pages\/307\/revisions"}],"predecessor-version":[{"id":1056,"href":"https:\/\/projetos.ufpr.br\/atlaspetroignea\/wp-json\/wp\/v2\/pages\/307\/revisions\/1056"}],"wp:featuredmedia":[{"embeddable":true,"href":"https:\/\/projetos.ufpr.br\/atlaspetroignea\/wp-json\/wp\/v2\/media\/753"}],"wp:attachment":[{"href":"https:\/\/projetos.ufpr.br\/atlaspetroignea\/wp-json\/wp\/v2\/media?parent=307"}],"curies":[{"name":"wp","href":"https:\/\/api.w.org\/{rel}","templated":true}]}}