{"id":910,"date":"2025-08-07T14:58:06","date_gmt":"2025-08-07T17:58:06","guid":{"rendered":"https:\/\/projetos.ufpr.br\/atlaspetroignea\/?page_id=910"},"modified":"2025-08-21T15:32:20","modified_gmt":"2025-08-21T18:32:20","slug":"arranjo-aplitico","status":"publish","type":"page","link":"https:\/\/projetos.ufpr.br\/atlaspetroignea\/arranjo-aplitico\/","title":{"rendered":"Arranjo Apl\u00edtico"},"content":{"rendered":"\n<p class=\"wp-block-paragraph\">Arranjo <em>Aplit\u00edco <\/em><\/p>\n\n\n\n<p class=\"wp-block-paragraph\">O que chamamos de <em><strong>trama<\/strong><\/em> ou<em><strong> arranjo<\/strong><\/em> cristalino das rochas \u00edgneas, refere-se \u00e0 disposi\u00e7\u00e3o espacial dos minerais que est\u00e3o constituindo aquela rocha magm\u00e1tica. O arranjo pode ser gen\u00e9rico, quando refente a uma arquitetura geral da rocha. Podendo ser particular, quando est\u00e1 envolvendo rela\u00e7\u00f5es espaciais caracter\u00edsticas entre alguns minerais espec\u00edficos.<\/p>\n\n\n\n<p class=\"wp-block-paragraph\">O <strong>arranjo<em> Aplit\u00edco\/a<\/em><\/strong><em> <\/em> \u00e9 t\u00edpico de rochas \u00edgneas de granula\u00e7\u00e3o muito fina, sendo formado por cristais an\u00e9dricos de feldspato pot\u00e1ssico e quartzo, justapostos por contatos retil\u00edneos ou lobulados (aplitos). Tendo gr\u00e3os do mesmo tamanho , em torno de 1 mm, de apar\u00eancia a\u00e7ucarada (sacar\u00f3ide) e hololeucocr\u00e1tica.<\/p>\n\n\n\n<p class=\"wp-block-paragraph\">Esse arranjo \u00e9 t\u00edpico dos <strong>aplitos<\/strong>, um tipo de rocha \u00edgnea <strong>\u00e1cida<\/strong> e <strong>intrusiva<\/strong>, que se forma como <strong>dique ou fil\u00e3o<\/strong> nos est\u00e1gios finais da cristaliza\u00e7\u00e3o de magmas gran\u00edticos. Ele representa o <strong>res\u00edduo mais evolu\u00eddo<\/strong> e rico em s\u00edlica e  pobre em vol\u00e1teis da diferencia\u00e7\u00e3o magm\u00e1tica.<\/p>\n\n\n\n<p class=\"wp-block-paragraph\"><strong>Best (2003) \u2013 <em>Igneous and Metamorphic Petrology<\/em><\/strong><br>Define a textura apl\u00edtica como uma \u201ctextura equigranular muito fina, dominada por quartzo e feldspato, t\u00edpica dos fil\u00f5es \u00e1cidos formados por l\u00edquidos residuais altamente diferenciados.\u201d<\/p>\n\n\n\n<p class=\"wp-block-paragraph\"><strong>Winter (2010) \u2013 <em>Principles of Igneous and Metamorphic Petrology<\/em><\/strong><br>Afirma que \u201co arranjo apl\u00edtico resulta de cristaliza\u00e7\u00e3o r\u00e1pida de l\u00edquidos residuais ricos em s\u00edlica e pobre em vol\u00e1teis, formando massas de quartzo e feldspato intercrescidos em microescala.\u201d<\/p>\n\n\n\n<p class=\"wp-block-paragraph\"><\/p>\n","protected":false},"excerpt":{"rendered":"<p>Arranjo Aplit\u00edco O que chamamos de trama ou arranjo cristalino das rochas \u00edgneas, refere-se \u00e0 disposi\u00e7\u00e3o espacial dos minerais que est\u00e3o constituindo aquela rocha magm\u00e1tica. O arranjo pode ser gen\u00e9rico, quando refente a uma arquitetura geral da rocha. Podendo ser particular, quando est\u00e1 envolvendo rela\u00e7\u00f5es espaciais caracter\u00edsticas entre alguns minerais espec\u00edficos. O arranjo Aplit\u00edco\/a \u00e9 [&hellip;]<\/p>\n","protected":false},"author":45,"featured_media":773,"parent":0,"menu_order":0,"comment_status":"closed","ping_status":"closed","template":"","meta":{"footnotes":""},"class_list":["post-910","page","type-page","status-publish","has-post-thumbnail","hentry"],"_links":{"self":[{"href":"https:\/\/projetos.ufpr.br\/atlaspetroignea\/wp-json\/wp\/v2\/pages\/910","targetHints":{"allow":["GET"]}}],"collection":[{"href":"https:\/\/projetos.ufpr.br\/atlaspetroignea\/wp-json\/wp\/v2\/pages"}],"about":[{"href":"https:\/\/projetos.ufpr.br\/atlaspetroignea\/wp-json\/wp\/v2\/types\/page"}],"author":[{"embeddable":true,"href":"https:\/\/projetos.ufpr.br\/atlaspetroignea\/wp-json\/wp\/v2\/users\/45"}],"replies":[{"embeddable":true,"href":"https:\/\/projetos.ufpr.br\/atlaspetroignea\/wp-json\/wp\/v2\/comments?post=910"}],"version-history":[{"count":4,"href":"https:\/\/projetos.ufpr.br\/atlaspetroignea\/wp-json\/wp\/v2\/pages\/910\/revisions"}],"predecessor-version":[{"id":1062,"href":"https:\/\/projetos.ufpr.br\/atlaspetroignea\/wp-json\/wp\/v2\/pages\/910\/revisions\/1062"}],"wp:featuredmedia":[{"embeddable":true,"href":"https:\/\/projetos.ufpr.br\/atlaspetroignea\/wp-json\/wp\/v2\/media\/773"}],"wp:attachment":[{"href":"https:\/\/projetos.ufpr.br\/atlaspetroignea\/wp-json\/wp\/v2\/media?parent=910"}],"curies":[{"name":"wp","href":"https:\/\/api.w.org\/{rel}","templated":true}]}}