{"id":378,"date":"2026-03-11T12:49:43","date_gmt":"2026-03-11T15:49:43","guid":{"rendered":"https:\/\/projetos.ufpr.br\/compa\/?page_id=378"},"modified":"2026-07-06T14:00:02","modified_gmt":"2026-07-06T17:00:02","slug":"publicacoes","status":"publish","type":"page","link":"https:\/\/projetos.ufpr.br\/compa\/publicacoes\/","title":{"rendered":"Projetos de Pesquisa"},"content":{"rendered":"\n<h2 class=\"wp-block-heading\">Justi\u00e7a al\u00e9m do clique: a constru\u00e7\u00e3o da representa\u00e7\u00e3o pol\u00edtica em plataformas digitais de participa\u00e7\u00e3o<\/h2>\n\n\n\n<p class=\"wp-block-paragraph\">Descri\u00e7\u00e3o: O projeto investiga a formaliza\u00e7\u00e3o dos canais participativos como conselhos, confer\u00eancias, comiss\u00f5es, plataformas digitais de consultas como inova\u00e7\u00e3o democr\u00e1tica que promete aprimorar a participa\u00e7\u00e3o. A partir da literatura sobre participa\u00e7\u00e3o pol\u00edtica (AVRITZER, 2011, 2008; LUCKMANN, 2011 e outros), inova\u00e7\u00f5es democr\u00e1ticas digitais (FREITAS, 2020; POGREBINSCHI, 2021; SMITH, 2009) e da teoria tridimensional da justi\u00e7a (FRASER, 2013, 2009, 2002,1990), procura discutir e compreender como os espa\u00e7os deliberativos propiciados por esses canais elaboram demandas para o sistema pol\u00edtico. Atrav\u00e9s de observa\u00e7\u00e3o de campo (acompanhamento de reuni\u00f5es e discuss\u00f5es nos ambientes digitais), entrevistas com membros desses grupos e an\u00e1lise documental (documentos produzidos nas diferentes \u00e1reas de atua\u00e7\u00e3o como sa\u00fade, educa\u00e7\u00e3o, meio ambiente e outras), o estudo observa como a habilidade argumentativa atua na convers\u00e3o de discursos em objetos de decis\u00e3o pol\u00edtica. O objetivo \u00e9 avaliar em que medida esses mecanismos contribuem para a paridade de participa\u00e7\u00e3o, trabalham para estabelecer car\u00e1ter vinculante para as decis\u00f5es ou se permanecem como inst\u00e2ncias consultivas sem efeito pr\u00e1tico na agenda governamental..<br>Integrantes: Kelly Cristina de Souza Prudencio &#8211; Coordenador \/ Patricia Del Claro &#8211; Integrante \/ Karina Pierin Ernsen Alves &#8211; Integrante \/ BARTOLOME, PEDRO VILHENA &#8211; Integrante \/ Eduardo Veiga Nogueira &#8211; Integrante \/ Kamila Vintureli Felicio &#8211; Integrante \/ Aline Fernandes de Souza ]Fran\u00e7a &#8211; Integrante.<br><\/p>\n\n\n\n<h2 class=\"wp-block-heading\">Ativismo pol\u00edtico em lutas por justi\u00e7a social nas redes digitais<\/h2>\n\n\n\n<p class=\"wp-block-paragraph\">Descri\u00e7\u00e3o: O projeto de pesquisa tem como objetivo compreender as lutas por justi\u00e7a nos ambientes digitais a partir das estrat\u00e9gias de comunica\u00e7\u00e3o dos atores sociais em embates argumentativos. Parte do pressuposto de que os ambientes digitais radicalizam posi\u00e7\u00f5es e que isso interfere nas formas de comunica\u00e7\u00e3o pol\u00edtica. Diante disso, a pergunta que se coloca \u00e9 que tipo de comunica\u00e7\u00e3o pol\u00edtica se desenvolve a partir do ativismo digital por demandas de justi\u00e7a social? Entende-se que essas demandas podem caracterizar lutas com car\u00e1ter emancipat\u00f3rio e lutas com car\u00e1ter de submiss\u00e3o, de acordo com a perspectiva da teoria da justi\u00e7a de Nancy Fraser. A proposta metodol\u00f3gica \u00e9 de an\u00e1lise de conte\u00fado de postagens agregadas por hashtag nas plataformas X, Instagram e Tik Tok em discuss\u00f5es que mobilizem esse recurso. A pesquisa prev\u00ea uma segunda fase, na qual ser\u00e3o realizadas entrevistas com ativistas para observar como ativistas percebem avan\u00e7os e recuos nas lutas por igualdade e inclus\u00e3o a partir da participa\u00e7\u00e3o ou n\u00e3o nos processos de hashtaging. Assim, a pesquisa se delineia 1) pelo monitoramento de hashtags selecionadas, que agrupem discuss\u00f5es de grupos em busca de justi\u00e7a social, na dire\u00e7\u00e3o de caracterizar o ativismo digital como esfor\u00e7o de comunica\u00e7\u00e3o pol\u00edtica em ambientes polarizados e acirrados ideologicamente, e 2) pela realiza\u00e7\u00e3o de entrevistas com ativistas sobre sua percep\u00e7\u00e3o dessa a\u00e7\u00e3o e como trabalham com essa estrat\u00e9gia, procurando extrair os dilemas das lutas contempor\u00e2neas..<br>Integrantes: Kelly Cristina de Souza Prudencio &#8211; Coordenador \/ Carla Rizzotto &#8211; Integrante \/ Helen C. Anacleto &#8211; Integrante \/ Louize Nascimento &#8211; Integrante \/ Patricia Del Claro &#8211; Integrante \/ Rafaela Cunico Hyczy &#8211; Integrante.<br><\/p>\n\n\n\n<h2 class=\"wp-block-heading\">Ativismo conservador e reacion\u00e1rio nas redes digitais: a comunica\u00e7\u00e3o da nova direita no Brasil.<\/h2>\n\n\n\n<p class=\"wp-block-paragraph\">Descri\u00e7\u00e3o: O crescimento da chamada nova direita nas redes digitais se apresenta como um fen\u00f4meno cujas caracter\u00edsticas precisam ser observadas pelo vi\u00e9s da comunica\u00e7\u00e3o pol\u00edtica. Dessa forma, a pesquisa busca observar os perfis conservadores e reacion\u00e1rios, os quais, diferentemente dos perfis progressistas que lutam para pautar a amplia\u00e7\u00e3o de direitos, trabalham para refutar os princ\u00edpios de justi\u00e7a social em nome de valores como individualismo, meritocracia e para combater o que chamam de privil\u00e9gios das minorias. Para isso, ent\u00e3o, a proposta \u00e9 verificar como esses perfis enquadram suas quest\u00f5es e advers\u00e1rios e lutam para construir influ\u00eancia pol\u00edtica a partir da visibilidade que alcan\u00e7am nas redes digitais. Postagens e coment\u00e1rios dos perfis mais influentes no Twitter e no Facebook passar\u00e3o por an\u00e1lise de enquadramento com enfoque nas caracter\u00edsticas da comunica\u00e7\u00e3o voltada para mobiliza\u00e7\u00e3o pol\u00edtica. Essa investiga\u00e7\u00e3o se situa num momento de acirramento de posi\u00e7\u00f5es nas redes digitais, espa\u00e7os privilegiados para observar a disputa de enquadramentos em torno de quest\u00f5es controversas. Nesse sentido, a pesquisa contribui para a compreens\u00e3o de um contexto pol\u00edtico marcado pela polariza\u00e7\u00e3o e recrudescimento das rela\u00e7\u00f5es entre diferentes e, como interesse direto da pesquisa, para o entendimento do papel da comunica\u00e7\u00e3o na configura\u00e7\u00e3o desse cen\u00e1rio. A pesquisa integra os projetos de pesquisa do Instituto de Ci#7869;ncia e Tecnologia em Democracia Digital, INCT-DD..<br>Integrantes: Kelly Cristina de Souza Prudencio &#8211; Coordenador \/ Lenise Aufbrift Klenk &#8211; Integrante \/ Pedro de Souza Lima Brodbeck &#8211; Integrante \/ Karina Ernsen Alves &#8211; Integrante.<\/p>\n\n\n\n<h2 class=\"wp-block-heading\">A pergunta feita da forma correta: paridade de participa\u00e7\u00e3o e justi\u00e7a social interseccional no posicionamento de brasileiros sobre o aborto<\/h2>\n\n\n\n<p class=\"wp-block-paragraph\">Descri\u00e7\u00e3o: A criminaliza\u00e7\u00e3o do aborto faz com que o direito ao pr\u00f3prio corpo, \u00e0 integridade f\u00edsica e ps\u00edquica e \u00e0 dignidade, se d\u00ea de forma diferente entre homens e mulheres. Ainda, ao olharmos para o controle sobre o pr\u00f3prio corpo sob uma perspectiva de classe e racial, a liberdade e o controle s\u00e3o seletivos, pois a criminaliza\u00e7\u00e3o do aborto afeta desproporcionalmente mulheres negras e ind\u00edgenas, pobres e de baixa escolaridade, que vivem distantes de centros urbanos. Al\u00e9m disso, essas mulheres n\u00e3o participam em iguais condi\u00e7\u00f5es das delibera\u00e7\u00f5es p\u00fablicas ou da tomada de decis\u00f5es acerca do assunto. Tendo como referencial te\u00f3rico o modelo tridimensional de justi\u00e7a de Nancy Fraser, que incorpora tanto demandas por reconhecimento, quanto por redistribui\u00e7\u00e3o e representa\u00e7\u00e3o, como forma de justificar demandas e promover justi\u00e7a social, entendemos que se trata, portanto, de um direito inquestion\u00e1vel das mulheres, que, entretanto, n\u00e3o \u00e9 considerado pela legisla\u00e7\u00e3o brasileira. Partimos da premissa de que a discuss\u00e3o no \u00e2mbito legislativo e judici\u00e1rio n\u00e3o \u00e9 levada adiante porque seus integrantes t\u00eam receio da opini\u00e3o p\u00fablica, a qual v\u00e1rias pesquisas de opini\u00e3o t\u00eam mostrado ser majoritariamente contr\u00e1ria \u00e0 descriminaliza\u00e7\u00e3o da pr\u00e1tica. Todavia, entendemos tamb\u00e9m que a forma como a opini\u00e3o das pessoas \u00e9 mobilizada nessas pesquisas \u00e9 feita de forma enviesada, justamente por n\u00e3o considerar as interseccionalidades que a pauta abarca. Diante disso, esta pesquisa tem como objetivo elaborar um mapa sobre os efetivos posicionamentos acerca da descriminaliza\u00e7\u00e3o do aborto, a partir da realiza\u00e7\u00e3o de surveys e da condu\u00e7\u00e3o de grupos focais, que possibilitar\u00e1 a valida\u00e7\u00e3o qualitativa dos dados levantados; com vistas a incentivar a discuss\u00e3o, no \u00e2mbito dos poderes legislativo e judici\u00e1rio, da tem\u00e1tica da descriminaliza\u00e7\u00e3o do aborto, visando fornecer subs\u00eddios para a constru\u00e7\u00e3o de um modelo interseccional de justi\u00e7a social que promova a paridade de participa\u00e7\u00e3o das mulheres..<br>Integrantes: Carla Candida Rizzotto &#8211; Coordenador \/ Amanda Renaly &#8211; Integrante \/ Rafaela Sinderski &#8211; Integrante \/ Nat\u00e1lia Assueiro &#8211; Integrante \/ Sophia Isabella Martinez &#8211; Integrante \/ Kalytha Daniele Fernandes &#8211; Integrante.<br><\/p>\n\n\n\n<h2 class=\"wp-block-heading\">Racionalidade versus hist\u00f3rias de vida: uma an\u00e1lise das estrat\u00e9gias comunicacionais deliberativas em debates pol\u00eamicos e polarizados<\/h2>\n\n\n\n<p class=\"wp-block-paragraph\">Descri\u00e7\u00e3o: A democracia deliberativa visa descentralizar as decis\u00f5es pol\u00edticas dos meios burocr\u00e1ticos do Estado, atrav\u00e9s da participa\u00e7\u00e3o civil (HABERMAS, 1984). De maneira simplificada, diz-se que o objetivo da delibera\u00e7\u00e3o \u00e9 atingir o consenso pela for\u00e7a do melhor argumento. Iris Young (2001), todavia, alega que essa concep\u00e7\u00e3o acaba por valorizar o estilo discursivo assertivo e confrontacional, silenciando determinados grupos. Por isso prop\u00f5e que outras formas de comunica\u00e7\u00e3o, al\u00e9m da argumenta\u00e7\u00e3o racional, sejam levadas em conta nos processos deliberativos, permitindo que p\u00fablicos diferentes discursem de formas que s\u00e3o mais perme\u00e1veis a eles. Com base na proposi\u00e7\u00e3o de Young, delineia-se o problema desta pesquisa: a que estrat\u00e9gias comunicacionais recorrem os indiv\u00edduos na formula\u00e7\u00e3o e na exposi\u00e7\u00e3o de suas opini\u00f5es sobre temas pol\u00eamicos, com vistas ao convencimento de seus interlocutores? Como tema pol\u00eamico optou-se pela discuss\u00e3o em torno da descriminaliza\u00e7\u00e3o do aborto, uma quest\u00e3o que envolve em sua discuss\u00e3o o resgate de hist\u00f3rias de vida e na qual \u00e9 percept\u00edvel uma profunda influ\u00eancia de valores individuais em detrimento de um direcionamento ao bem comum. O corpus dessa pesquisa compreende discuss\u00f5es que ocorrem em terceiros espa\u00e7os (MENDON\u00c7A; SAMPAIO; BARROS, 2016), ou seja, em arenas que n\u00e3o possuem a delibera\u00e7\u00e3o como fim, buscando com isso contribuir com as discuss\u00f5es acerca do potencial democr\u00e1tico do debate online. Para tanto, optou-se por realizar uma an\u00e1lise de conte\u00fado de coment\u00e1rios postados em v\u00eddeos do YouTube, posts de revistas semanais no Facebook e posts do blog Escreva, Lola, escreva, que tratavam da tem\u00e1tica do aborto, totalizando 3.378 coment\u00e1rios. Tem-se como hip\u00f3teses que (H1) os participantes, para convencer seus interlocutores, utilizam estrat\u00e9gias que v\u00e3o al\u00e9m da argumenta\u00e7\u00e3o racional, recorrendo frequentemente a elabora\u00e7\u00f5es ret\u00f3ricas e a hist\u00f3rias pessoais com vistas a sensibiliza\u00e7\u00e3o; dessa forma, (H2) os espa\u00e7os online s\u00e3o locus deliberativos sempre que consideradas outras formas de comunica\u00e7\u00e3o mais perme\u00e1veis aos diferentes grupos como a sauda\u00e7\u00e3o, a ret\u00f3rica e a narra\u00e7\u00e3o..<br>Integrantes: Carla Candida Rizzotto &#8211; Coordenador \/ Luciane Leopoldo Belin &#8211; Integrante \/ Al\u00e9xia Saraiva &#8211; Integrante \/ Giovanna Palha Fantinato &#8211; Integrante \/ Luana Lopes Soares &#8211; Integrante \/ Giulia Gomes Voltolini &#8211; Integrante \/ Leticia Pille &#8211; Integrante \/ Manuel Alejandro Gonzalez Valdes &#8211; Integrante.<br><\/p>\n\n\n\n<p class=\"wp-block-paragraph\"><\/p>\n","protected":false},"excerpt":{"rendered":"<p>Justi\u00e7a al\u00e9m do clique: a constru\u00e7\u00e3o da representa\u00e7\u00e3o pol\u00edtica em plataformas digitais de participa\u00e7\u00e3o Descri\u00e7\u00e3o: O projeto investiga a formaliza\u00e7\u00e3o dos canais participativos como conselhos, confer\u00eancias, comiss\u00f5es, plataformas digitais de consultas como inova\u00e7\u00e3o democr\u00e1tica que promete aprimorar a participa\u00e7\u00e3o. A partir da literatura sobre participa\u00e7\u00e3o pol\u00edtica (AVRITZER, 2011, 2008; LUCKMANN, 2011 e outros), inova\u00e7\u00f5es democr\u00e1ticas [&hellip;]<\/p>\n","protected":false},"author":116,"featured_media":0,"parent":0,"menu_order":0,"comment_status":"closed","ping_status":"closed","template":"","meta":{"footnotes":""},"class_list":["post-378","page","type-page","status-publish","hentry"],"_links":{"self":[{"href":"https:\/\/projetos.ufpr.br\/compa\/wp-json\/wp\/v2\/pages\/378","targetHints":{"allow":["GET"]}}],"collection":[{"href":"https:\/\/projetos.ufpr.br\/compa\/wp-json\/wp\/v2\/pages"}],"about":[{"href":"https:\/\/projetos.ufpr.br\/compa\/wp-json\/wp\/v2\/types\/page"}],"author":[{"embeddable":true,"href":"https:\/\/projetos.ufpr.br\/compa\/wp-json\/wp\/v2\/users\/116"}],"replies":[{"embeddable":true,"href":"https:\/\/projetos.ufpr.br\/compa\/wp-json\/wp\/v2\/comments?post=378"}],"version-history":[{"count":7,"href":"https:\/\/projetos.ufpr.br\/compa\/wp-json\/wp\/v2\/pages\/378\/revisions"}],"predecessor-version":[{"id":808,"href":"https:\/\/projetos.ufpr.br\/compa\/wp-json\/wp\/v2\/pages\/378\/revisions\/808"}],"wp:attachment":[{"href":"https:\/\/projetos.ufpr.br\/compa\/wp-json\/wp\/v2\/media?parent=378"}],"curies":[{"name":"wp","href":"https:\/\/api.w.org\/{rel}","templated":true}]}}