{"id":638,"date":"2026-03-26T10:18:41","date_gmt":"2026-03-26T13:18:41","guid":{"rendered":"https:\/\/projetos.ufpr.br\/compa\/?page_id=638"},"modified":"2026-07-06T12:42:32","modified_gmt":"2026-07-06T15:42:32","slug":"sobre-o-compa","status":"publish","type":"page","link":"https:\/\/projetos.ufpr.br\/compa\/sobre-o-compa\/","title":{"rendered":"Sobre o COMPA"},"content":{"rendered":"\n<figure class=\"wp-block-image size-large\"><img loading=\"lazy\" decoding=\"async\" width=\"1024\" height=\"242\" src=\"https:\/\/projetos.ufpr.br\/compa\/wp-content\/uploads\/sites\/98\/2026\/07\/Banner-compa-1024x242.png\" alt=\"\" class=\"wp-image-748\" srcset=\"https:\/\/projetos.ufpr.br\/compa\/wp-content\/uploads\/sites\/98\/2026\/07\/Banner-compa-1024x242.png 1024w, https:\/\/projetos.ufpr.br\/compa\/wp-content\/uploads\/sites\/98\/2026\/07\/Banner-compa-300x71.png 300w, https:\/\/projetos.ufpr.br\/compa\/wp-content\/uploads\/sites\/98\/2026\/07\/Banner-compa-768x181.png 768w, https:\/\/projetos.ufpr.br\/compa\/wp-content\/uploads\/sites\/98\/2026\/07\/Banner-compa-1536x362.png 1536w, https:\/\/projetos.ufpr.br\/compa\/wp-content\/uploads\/sites\/98\/2026\/07\/Banner-compa-175x41.png 175w, https:\/\/projetos.ufpr.br\/compa\/wp-content\/uploads\/sites\/98\/2026\/07\/Banner-compa-75x18.png 75w, https:\/\/projetos.ufpr.br\/compa\/wp-content\/uploads\/sites\/98\/2026\/07\/Banner-compa.png 1920w\" sizes=\"auto, (max-width: 1024px) 100vw, 1024px\" \/><\/figure>\n\n\n\n<p class=\"wp-block-paragraph\">Em 2026, o grupo de pesquisa Comunica\u00e7\u00e3o e Participa\u00e7\u00e3o Pol\u00edtica (COMPA) completa 15 anos de atua\u00e7\u00e3o acad\u00eamica. Vinculado ao Programa de P\u00f3s-Gradua\u00e7\u00e3o em Comunica\u00e7\u00e3o da Universidade Federal do Paran\u00e1 (UFPR), o grupo foi criado em 2010 e certificado em 2011, consolidando-se ao longo desse per\u00edodo como um espa\u00e7o de investiga\u00e7\u00e3o dedicado \u00e0s rela\u00e7\u00f5es entre comunica\u00e7\u00e3o, participa\u00e7\u00e3o pol\u00edtica e a\u00e7\u00e3o coletiva na sociedade contempor\u00e2nea.<\/p>\n\n\n\n<p class=\"wp-block-paragraph\">O COMPA re\u00fane pesquisadores interessados em compreender como diferentes atores coletivos, como movimentos sociais, organiza\u00e7\u00f5es da sociedade civil, redes de mobiliza\u00e7\u00e3o e grupos de press\u00e3o e constroem visibilidade p\u00fablica, articulam demandas e disputam legitimidade no espa\u00e7o democr\u00e1tico por meio de pr\u00e1ticas comunicacionais. Partindo da compreens\u00e3o de que a participa\u00e7\u00e3o pol\u00edtica n\u00e3o se limita \u00e0s institui\u00e7\u00f5es formais da democracia representativa, o grupo investiga os processos pelos quais esses atores organizam suas reivindica\u00e7\u00f5es, mobilizam p\u00fablicos e interv\u00eam no debate p\u00fablico.<\/p>\n\n\n\n<p class=\"wp-block-paragraph\"><strong>Pesquisas<\/strong><br>As pesquisas desenvolvidas no COMPA abordam temas como movimentos sociais e seus agentes na esfera p\u00fablica, ativismo pol\u00edtico, mobiliza\u00e7\u00e3o social, experi\u00eancias de governo eletr\u00f4nico, conselhos populares, or\u00e7amentos participativos, direitos humanos e comunica\u00e7\u00e3o p\u00fablica. Tamb\u00e9m fazem parte do escopo do grupo estudos sobre a cobertura jornal\u00edstica da pol\u00edtica e sobre os enquadramentos midi\u00e1ticos de temas relacionados \u00e0 participa\u00e7\u00e3o social e \u00e0 a\u00e7\u00e3o coletiva.<\/p>\n\n\n\n<p class=\"wp-block-paragraph\">Uma das premissas centrais das pesquisas do grupo \u00e9 a ideia de que a participa\u00e7\u00e3o pol\u00edtica se realiza, em grande medida, por meio da comunica\u00e7\u00e3o. Ao tornar p\u00fablicas suas demandas, atores coletivos politizam quest\u00f5es sociais, disputam interpreta\u00e7\u00f5es sobre problemas p\u00fablicos e buscam influenciar processos decis\u00f3rios. Nesse contexto, a comunica\u00e7\u00e3o funciona como estrat\u00e9gia de mobiliza\u00e7\u00e3o, articula\u00e7\u00e3o e convencimento, permitindo que diferentes grupos insiram suas pautas no debate p\u00fablico. Ao mesmo tempo, esses processos ocorrem em um cen\u00e1rio marcado por tens\u00f5es constantes entre politiza\u00e7\u00e3o, despolitiza\u00e7\u00e3o e repolitiza\u00e7\u00e3o das demandas sociais, em que diferentes atores disputam sentidos, legitimidade e visibilidade.<\/p>\n\n\n\n<p class=\"wp-block-paragraph\">Desde sua cria\u00e7\u00e3o, o COMPA tem acompanhado transforma\u00e7\u00f5es importantes nas formas de participa\u00e7\u00e3o pol\u00edtica no Brasil, especialmente aquelas relacionadas ao crescimento das mobiliza\u00e7\u00f5es sociais e ao uso de ambientes digitais para organiza\u00e7\u00e3o e debate p\u00fablico. As pesquisas do grupo analisam tanto formas mais tradicionais de mobiliza\u00e7\u00e3o quanto novas din\u00e2micas de ativismo digital, conversa\u00e7\u00f5es online e redes de engajamento pol\u00edtico, contribuindo para compreender como plataformas digitais e m\u00eddias sociais se tornaram espa\u00e7os relevantes para a circula\u00e7\u00e3o de discursos pol\u00edticos e para a articula\u00e7\u00e3o de movimentos sociais.<\/p>\n\n\n\n<p class=\"wp-block-paragraph\">Fundado pelas professoras Kelly Prudencio e XXXX, o grupo consolidou-se ao longo dos anos como um espa\u00e7o interdisciplinar de pesquisa, reunindo pesquisadores das \u00e1reas de comunica\u00e7\u00e3o e ci\u00eancia pol\u00edtica. Atualmente, conta com a participa\u00e7\u00e3o de docentes, p\u00f3s-doutorandos e estudantes de gradua\u00e7\u00e3o, mestrado e doutorado, desenvolvendo projetos de pesquisa, publica\u00e7\u00f5es cient\u00edficas e colabora\u00e7\u00f5es com outras institui\u00e7\u00f5es acad\u00eamicas. Ao longo de mais de uma d\u00e9cada e meia de atua\u00e7\u00e3o, o COMPA tem contribu\u00eddo para o avan\u00e7o dos estudos sobre comunica\u00e7\u00e3o pol\u00edtica no Brasil, especialmente no que se refere ao papel dos atores coletivos na constru\u00e7\u00e3o e disputa de sentidos no espa\u00e7o p\u00fablico democr\u00e1tico.<\/p>\n\n\n\n\n\n<pre class=\"wp-block-preformatted\"><\/pre>\n\n\n\n<p class=\"wp-block-paragraph\"><\/p>\n\n\n\n<p class=\"wp-block-paragraph\"><\/p>\n","protected":false},"excerpt":{"rendered":"<p>Em 2026, o grupo de pesquisa Comunica\u00e7\u00e3o e Participa\u00e7\u00e3o Pol\u00edtica (COMPA) completa 15 anos de atua\u00e7\u00e3o acad\u00eamica. Vinculado ao Programa de P\u00f3s-Gradua\u00e7\u00e3o em Comunica\u00e7\u00e3o da Universidade Federal do Paran\u00e1 (UFPR), o grupo foi criado em 2010 e certificado em 2011, consolidando-se ao longo desse per\u00edodo como um espa\u00e7o de investiga\u00e7\u00e3o dedicado \u00e0s rela\u00e7\u00f5es entre comunica\u00e7\u00e3o, [&hellip;]<\/p>\n","protected":false},"author":116,"featured_media":0,"parent":0,"menu_order":0,"comment_status":"closed","ping_status":"closed","template":"","meta":{"footnotes":""},"class_list":["post-638","page","type-page","status-publish","hentry"],"_links":{"self":[{"href":"https:\/\/projetos.ufpr.br\/compa\/wp-json\/wp\/v2\/pages\/638","targetHints":{"allow":["GET"]}}],"collection":[{"href":"https:\/\/projetos.ufpr.br\/compa\/wp-json\/wp\/v2\/pages"}],"about":[{"href":"https:\/\/projetos.ufpr.br\/compa\/wp-json\/wp\/v2\/types\/page"}],"author":[{"embeddable":true,"href":"https:\/\/projetos.ufpr.br\/compa\/wp-json\/wp\/v2\/users\/116"}],"replies":[{"embeddable":true,"href":"https:\/\/projetos.ufpr.br\/compa\/wp-json\/wp\/v2\/comments?post=638"}],"version-history":[{"count":7,"href":"https:\/\/projetos.ufpr.br\/compa\/wp-json\/wp\/v2\/pages\/638\/revisions"}],"predecessor-version":[{"id":786,"href":"https:\/\/projetos.ufpr.br\/compa\/wp-json\/wp\/v2\/pages\/638\/revisions\/786"}],"wp:attachment":[{"href":"https:\/\/projetos.ufpr.br\/compa\/wp-json\/wp\/v2\/media?parent=638"}],"curies":[{"name":"wp","href":"https:\/\/api.w.org\/{rel}","templated":true}]}}