{"id":316,"date":"2026-07-07T20:23:00","date_gmt":"2026-07-07T23:23:00","guid":{"rendered":"https:\/\/projetos.ufpr.br\/consolidaee\/?page_id=316"},"modified":"2026-07-09T17:19:52","modified_gmt":"2026-07-09T20:19:52","slug":"faca-parte","status":"publish","type":"page","link":"https:\/\/projetos.ufpr.br\/consolidaee\/faca-parte\/","title":{"rendered":"Fa\u00e7a parte"},"content":{"rendered":"\n<p class=\"wp-block-paragraph\">O <strong>ConsolidaEE \u2013 Consolidando os conhecimentos adquiridos em Engenharia El\u00e9trica<\/strong> recebe propostas de docentes e estudantes <strong>vinculados ao Departamento de Engenharia El\u00e9trica (DELT) da Universidade Federal do Paran\u00e1 (UFPR)<\/strong> que desejam desenvolver a\u00e7\u00f5es de extens\u00e3o universit\u00e1ria.<\/p>\n\n\n\n<p class=\"wp-block-paragraph\">As a\u00e7\u00f5es extensionistas podem ser propostas de forma <strong>independente<\/strong>, quando possuem car\u00e1ter exclusivamente extensionista, ou podem <strong>complementar outras atividades acad\u00eamicas<\/strong> j\u00e1 desenvolvidas na universidade.<\/p>\n\n\n\n<p class=\"wp-block-paragraph\">Nesse segundo caso, atividades como <strong>Inicia\u00e7\u00e3o Cient\u00edfica (IC)<\/strong>, <strong>Trabalho de Conclus\u00e3o de Curso (TCC)<\/strong>, <strong>Programa de Voluntariado Acad\u00eamico (PVA)<\/strong>, projetos de pesquisa, monitoria ou outras iniciativas acad\u00eamicas podem servir de base para a elabora\u00e7\u00e3o de um Plano de Trabalho, desde que sejam acrescidas de a\u00e7\u00f5es de extens\u00e3o, divulga\u00e7\u00e3o cient\u00edfica ou compartilhamento do conhecimento com a sociedade.<\/p>\n\n\n\n<p class=\"wp-block-paragraph\"><strong>A participa\u00e7\u00e3o no ConsolidaEE n\u00e3o substitui a atividade acad\u00eamica principal.<\/strong> Assim, uma IC continua sendo uma IC, um TCC continua sendo um TCC e um projeto de pesquisa continua sendo um projeto de pesquisa. O Plano de Trabalho do ConsolidaEE descreve apenas as <strong>a\u00e7\u00f5es extensionistas complementares<\/strong> que ser\u00e3o desenvolvidas a partir dessas atividades. A \u00fanica exce\u00e7\u00e3o ocorre quando o Plano de Trabalho \u00e9 concebido como uma a\u00e7\u00e3o exclusivamente extensionista, sem estar vinculado a outra atividade acad\u00eamica.<\/p>\n\n\n\n<p class=\"wp-block-paragraph\">As propostas dever\u00e3o caracterizar atividades de extens\u00e3o universit\u00e1ria, promovendo a intera\u00e7\u00e3o entre a Universidade e a sociedade, a socializa\u00e7\u00e3o do conhecimento ou a divulga\u00e7\u00e3o cient\u00edfica e tecnol\u00f3gica. Atividades exclusivamente de ensino ou pesquisa, sem dimens\u00e3o extensionista, n\u00e3o poder\u00e3o ser desenvolvidas no \u00e2mbito do ConsolidaEE, exceto quando acompanhadas das respectivas a\u00e7\u00f5es extensionistas previstas no Plano de Trabalho.<\/p>\n\n\n\n<blockquote class=\"wp-block-quote is-layout-flow wp-block-quote-is-layout-flow\">\n<p class=\"wp-block-paragraph\"><strong>Importante:<\/strong> a participa\u00e7\u00e3o no ConsolidaEE est\u00e1 vinculada exclusivamente ao <strong>Plano de Trabalho aprovado<\/strong>. Ao t\u00e9rmino das atividades previstas, a participa\u00e7\u00e3o no projeto \u00e9 encerrada automaticamente. Novas participa\u00e7\u00f5es dependem da elabora\u00e7\u00e3o e aprova\u00e7\u00e3o de um novo Plano de Trabalho.<\/p>\n<\/blockquote>\n\n\n\n<hr class=\"wp-block-separator has-alpha-channel-opacity\" \/>\n\n\n\n<h1 class=\"wp-block-heading\">Quem pode participar?<\/h1>\n\n\n\n<h2 class=\"wp-block-heading\">\ud83d\udc68\u200d\ud83c\udfeb Docentes<\/h2>\n\n\n\n<p class=\"wp-block-paragraph\">Podem participar docentes <strong>vinculados ao Departamento de Engenharia El\u00e9trica (DELT) da UFPR<\/strong>, propondo ou orientando Planos de Trabalho.<\/p>\n\n\n\n<p class=\"wp-block-paragraph\">O ConsolidaEE tamb\u00e9m poder\u00e1 contar com a participa\u00e7\u00e3o de docentes vinculados a outros departamentos, setores ou institui\u00e7\u00f5es, desde que:<\/p>\n\n\n\n<ul class=\"wp-block-list\">\n<li>o Plano de Trabalho esteja vinculado ao Departamento de Engenharia El\u00e9trica (DELT);<\/li>\n\n\n\n<li>a proposta seja coerente com as \u00e1reas de atua\u00e7\u00e3o da Engenharia El\u00e9trica;<\/li>\n\n\n\n<li>a participa\u00e7\u00e3o esteja prevista no Plano de Trabalho;<\/li>\n\n\n\n<li>sejam observadas as normas da UFPR, do DELT e da coordena\u00e7\u00e3o do projeto.<\/li>\n<\/ul>\n\n\n\n<h2 class=\"wp-block-heading\">\ud83d\udc68\u200d\ud83c\udf93 Discentes<\/h2>\n\n\n\n<p class=\"wp-block-paragraph\">Podem participar estudantes <strong>vinculados ao Departamento de Engenharia El\u00e9trica (DELT) da UFPR<\/strong>.<\/p>\n\n\n\n<p class=\"wp-block-paragraph\">Estudantes vinculados a outros cursos, departamentos, institui\u00e7\u00f5es ou membros da comunidade externa tamb\u00e9m poder\u00e3o integrar um Plano de Trabalho, desde que:<\/p>\n\n\n\n<ul class=\"wp-block-list\">\n<li>a proposta possua rela\u00e7\u00e3o com a Engenharia El\u00e9trica;<\/li>\n\n\n\n<li>sua participa\u00e7\u00e3o esteja prevista no Plano de Trabalho;<\/li>\n\n\n\n<li>sejam observadas as normas da UFPR, do DELT e da coordena\u00e7\u00e3o do projeto.<\/li>\n<\/ul>\n\n\n\n<blockquote class=\"wp-block-quote is-layout-flow wp-block-quote-is-layout-flow\">\n<p class=\"wp-block-paragraph\"><strong>Observa\u00e7\u00e3o:<\/strong> o ConsolidaEE \u00e9 um projeto de extens\u00e3o do Departamento de Engenharia El\u00e9trica. Assim, todas as propostas dever\u00e3o apresentar objetivos e resultados compat\u00edveis com as \u00e1reas de ensino, pesquisa, inova\u00e7\u00e3o, tecnologia e extens\u00e3o da Engenharia El\u00e9trica.<\/p>\n<\/blockquote>\n\n\n\n<hr class=\"wp-block-separator has-alpha-channel-opacity\" \/>\n\n\n\n<h1 class=\"wp-block-heading\">Como funciona?<\/h1>\n\n\n\n<p class=\"wp-block-paragraph\">A participa\u00e7\u00e3o no ConsolidaEE ocorre por meio da elabora\u00e7\u00e3o de um <strong>Plano de Trabalho<\/strong>, que descreve as a\u00e7\u00f5es extensionistas a serem desenvolvidas, seus objetivos, metodologia, cronograma, p\u00fablico-alvo, carga hor\u00e1ria, forma de avalia\u00e7\u00e3o e produto(s) final(is).<\/p>\n\n\n\n<p class=\"wp-block-paragraph\">O Plano de Trabalho pode ser elaborado pelo docente, pelo discente ou em conjunto. Entretanto, <strong>o encaminhamento oficial dever\u00e1 ser realizado pelo docente orientador<\/strong>, que ser\u00e1 o respons\u00e1vel pela proposta perante o projeto.<\/p>\n\n\n\n<p class=\"wp-block-paragraph\">No envio ao coordenador do ConsolidaEE, os discentes participantes dever\u00e3o ser inclu\u00eddos em c\u00f3pia na mensagem, garantindo que todos tenham ci\u00eancia da submiss\u00e3o.<\/p>\n\n\n\n<h2 class=\"wp-block-heading\">An\u00e1lise da proposta<\/h2>\n\n\n\n<p class=\"wp-block-paragraph\">O Plano de Trabalho ser\u00e1 analisado pela coordena\u00e7\u00e3o do ConsolidaEE quanto:<\/p>\n\n\n\n<ul class=\"wp-block-list\">\n<li>\u00e0 adequa\u00e7\u00e3o aos objetivos do projeto;<\/li>\n\n\n\n<li>ao atendimento das normas da UFPR e do DELT;<\/li>\n\n\n\n<li>\u00e0 caracteriza\u00e7\u00e3o da a\u00e7\u00e3o extensionista;<\/li>\n\n\n\n<li>\u00e0 coer\u00eancia com as \u00e1reas da Engenharia El\u00e9trica;<\/li>\n\n\n\n<li>\u00e0 viabilidade de execu\u00e7\u00e3o.<\/li>\n<\/ul>\n\n\n\n<p class=\"wp-block-paragraph\">Caso sejam necess\u00e1rios ajustes, o Plano de Trabalho ser\u00e1 devolvido ao docente respons\u00e1vel para adequa\u00e7\u00f5es.<\/p>\n\n\n\n<h2 class=\"wp-block-heading\">Ap\u00f3s a aprova\u00e7\u00e3o do Plano de Trabalho<\/h2>\n\n\n\n<p class=\"wp-block-paragraph\">Ap\u00f3s a aprova\u00e7\u00e3o pelo ConsolidaEE, ser\u00e1 necess\u00e1rio realizar os procedimentos administrativos para formaliza\u00e7\u00e3o da participa\u00e7\u00e3o.<\/p>\n\n\n\n<p class=\"wp-block-paragraph\">Os participantes dever\u00e3o:<\/p>\n\n\n\n<ul class=\"wp-block-list\">\n<li>preencher o formul\u00e1rio de cadastro disponibilizado pela coordena\u00e7\u00e3o do projeto;<\/li>\n\n\n\n<li>fornecer as informa\u00e7\u00f5es e documentos eventualmente solicitados;<\/li>\n\n\n\n<li>realizar, quando aplic\u00e1vel, os procedimentos exigidos pela coordena\u00e7\u00e3o do curso para matr\u00edcula, registro ou aproveitamento das atividades de extens\u00e3o (ACE 2 ou ACE 3).<\/li>\n<\/ul>\n\n\n\n<p class=\"wp-block-paragraph\">Somente ap\u00f3s esses procedimentos a participa\u00e7\u00e3o ser\u00e1 considerada regularmente registrada no projeto.<\/p>\n\n\n\n<hr class=\"wp-block-separator has-alpha-channel-opacity\" \/>\n\n\n\n<h1 class=\"wp-block-heading\">O que deve constar no Plano de Trabalho?<\/h1>\n\n\n\n<p class=\"wp-block-paragraph\">O Plano de Trabalho dever\u00e1 conter, no m\u00ednimo:<\/p>\n\n\n\n<ul class=\"wp-block-list\">\n<li>docente orientador respons\u00e1vel;<\/li>\n\n\n\n<li>discentes participantes;<\/li>\n\n\n\n<li>t\u00edtulo da atividade proposta;<\/li>\n\n\n\n<li>descri\u00e7\u00e3o da atividade;<\/li>\n\n\n\n<li>modalidade de participa\u00e7\u00e3o (ACE 2 ou ACE 3);<\/li>\n\n\n\n<li>data de in\u00edcio, data de fim e carga hor\u00e1ria semanal (somente para ACE 3);<\/li>\n\n\n\n<li>produto final.<\/li>\n<\/ul>\n\n\n\n<hr class=\"wp-block-separator has-alpha-channel-opacity\" \/>\n\n\n\n<h1 class=\"wp-block-heading\">Produto final<\/h1>\n\n\n\n<p class=\"wp-block-paragraph\">Todo Plano de Trabalho dever\u00e1 prever pelo menos um <strong>produto final<\/strong>, que represente o resultado concreto da a\u00e7\u00e3o extensionista.<\/p>\n\n\n\n<p class=\"wp-block-paragraph\">O produto final dever\u00e1 possuir car\u00e1ter extensionista, contribuindo para a intera\u00e7\u00e3o entre a Universidade e a sociedade, para a socializa\u00e7\u00e3o do conhecimento ou para a divulga\u00e7\u00e3o cient\u00edfica e tecnol\u00f3gica.<\/p>\n\n\n\n<p class=\"wp-block-paragraph\">Os produtos dever\u00e3o ser publicados nas plataformas oficiais do ConsolidaEE.<\/p>\n\n\n\n<p class=\"wp-block-paragraph\">Exemplos de produtos finais incluem:<\/p>\n\n\n\n<ul class=\"wp-block-list\">\n<li>v\u00eddeo publicado no canal oficial do ConsolidaEE no <a href=\"https:\/\/www.youtube.com\/@ConsolidaEE-DELT-UFPR\" data-type=\"link\" data-id=\"https:\/\/www.youtube.com\/@ConsolidaEE-DELT-UFPR\">YouTube<\/a>;<\/li>\n\n\n\n<li>software, biblioteca ou c\u00f3digo-fonte publicado no reposit\u00f3rio oficial do projeto no <a href=\"http:\/\/github.com\/consolidaeedeltufpr\" data-type=\"link\" data-id=\"http:\/\/github.com\/consolidaeedeltufpr\">GitHub<\/a>;<\/li>\n\n\n\n<li>apostila, tutorial, manual, relat\u00f3rio t\u00e9cnico ou documento disponibilizado na se\u00e7\u00e3o <strong><a href=\"https:\/\/projetos.ufpr.br\/consolidaee\/materiais\/\" data-type=\"link\" data-id=\"https:\/\/projetos.ufpr.br\/consolidaee\/materiais\/\">Materiais<\/a><\/strong> do site;<\/li>\n\n\n\n<li>material did\u00e1tico;<\/li>\n\n\n\n<li>apresenta\u00e7\u00f5es t\u00e9cnicas;<\/li>\n\n\n\n<li>estudos de caso;<\/li>\n\n\n\n<li>outros produtos compat\u00edveis com os objetivos do projeto.<\/li>\n<\/ul>\n\n\n\n<p class=\"wp-block-paragraph\">Quando a a\u00e7\u00e3o envolver <strong>intera\u00e7\u00e3o direta com a sociedade<\/strong>, como visitas t\u00e9cnicas, oficinas, palestras, atividades em escolas, empresas ou institui\u00e7\u00f5es, sua realiza\u00e7\u00e3o dever\u00e1 ser comprovada por meio de:<\/p>\n\n\n\n<ul class=\"wp-block-list\">\n<li>relat\u00f3rio p\u00fablico descrevendo as atividades desenvolvidas e seus resultados;<\/li>\n\n\n\n<li>registro fotogr\u00e1fico, observadas as autoriza\u00e7\u00f5es necess\u00e1rias para divulga\u00e7\u00e3o das imagens;<\/li>\n\n\n\n<li>outros documentos previstos no Plano de Trabalho ou solicitados pela coordena\u00e7\u00e3o do projeto.<\/li>\n<\/ul>\n\n\n\n<blockquote class=\"wp-block-quote is-layout-flow wp-block-quote-is-layout-flow\">\n<p class=\"wp-block-paragraph\"><strong>Importante:<\/strong> a conclus\u00e3o da participa\u00e7\u00e3o no ConsolidaEE est\u00e1 condicionada \u00e0 <strong>execu\u00e7\u00e3o integral do Plano de Trabalho aprovado<\/strong>, incluindo o cumprimento das atividades previstas, a entrega da documenta\u00e7\u00e3o exigida e a publica\u00e7\u00e3o dos produtos finais nas plataformas oficiais do projeto, quando aplic\u00e1vel.<\/p>\n<\/blockquote>\n\n\n\n<hr class=\"wp-block-separator has-alpha-channel-opacity\" \/>\n\n\n\n<h1 class=\"wp-block-heading\">Participa\u00e7\u00e3o como ACE 2<\/h1>\n\n\n\n<p class=\"wp-block-paragraph\">Os estudantes que desejarem aproveitar sua participa\u00e7\u00e3o como <strong><a href=\"https:\/\/www.eletrica.ufpr.br\/p\/graduacao:extensao1\" data-type=\"link\" data-id=\"https:\/\/www.eletrica.ufpr.br\/p\/graduacao:extensao1\">ACE 2<\/a><\/strong> dever\u00e3o observar que:<\/p>\n\n\n\n<ul class=\"wp-block-list\">\n<li>o Plano de Trabalho dever\u00e1 ser elaborado e aprovado com anteced\u00eancia suficiente para possibilitar a matr\u00edcula na disciplina correspondente; ou<\/li>\n\n\n\n<li>o estudante j\u00e1 dever\u00e1 estar regularmente matriculado em disciplina de extens\u00e3o.<\/li>\n\n\n\n<li>O plano deve ter carga-hor\u00e1ria compat\u00edvel com a disciplina.<\/li>\n<\/ul>\n\n\n\n<blockquote class=\"wp-block-quote is-layout-flow wp-block-quote-is-layout-flow\">\n<p class=\"wp-block-paragraph\"><strong>Importante:<\/strong> a participa\u00e7\u00e3o no ConsolidaEE <strong>n\u00e3o garante, por si s\u00f3, a integraliza\u00e7\u00e3o da ACE 2<\/strong>. O aproveitamento permanece condicionado \u00e0s normas da UFPR, ao Projeto Pedag\u00f3gico do Curso de Engenharia El\u00e9trica, \u00e0s delibera\u00e7\u00f5es do Departamento de Engenharia El\u00e9trica e aos demais requisitos acad\u00eamicos aplic\u00e1veis.<\/p>\n<\/blockquote>\n\n\n\n<hr class=\"wp-block-separator has-alpha-channel-opacity\" \/>\n\n\n\n<h1 class=\"wp-block-heading\">Participa\u00e7\u00e3o como ACE 3<\/h1>\n\n\n\n<p class=\"wp-block-paragraph\">Os estudantes que desejarem aproveitar sua participa\u00e7\u00e3o como <strong><a href=\"https:\/\/www.eletrica.ufpr.br\/p\/graduacao:extensao1\" data-type=\"link\" data-id=\"https:\/\/www.eletrica.ufpr.br\/p\/graduacao:extensao1\">ACE 3<\/a><\/strong> dever\u00e3o indicar no Plano de Trabalho o per\u00edodo de realiza\u00e7\u00e3o, a carga hor\u00e1ria prevista e as a\u00e7\u00f5es extensionistas que ser\u00e3o desenvolvidas.<\/p>\n\n\n\n<blockquote class=\"wp-block-quote is-layout-flow wp-block-quote-is-layout-flow\">\n<p class=\"wp-block-paragraph\"><strong>Importante:<\/strong> o certificado de participa\u00e7\u00e3o no ConsolidaEE ser\u00e1 emitido automaticamente pelo Sistema de Extens\u00e3o da UFPR somente ap\u00f3s:<\/p>\n\n\n\n<ul class=\"wp-block-list\">\n<li>a aprova\u00e7\u00e3o do relat\u00f3rio pelo coordenador do projeto.<\/li>\n\n\n\n<li>o cumprimento integral do Plano de Trabalho aprovado;<\/li>\n\n\n\n<li>o preenchimento do relat\u00f3rio de atividades pelo discente no <a href=\"https:\/\/sistemas.ufpr.br\/\" data-type=\"link\" data-id=\"https:\/\/sistemas.ufpr.br\/\">Sistema de Extens\u00e3o da UFPR<\/a>;<\/li>\n<\/ul>\n<\/blockquote>\n\n\n\n<hr class=\"wp-block-separator has-alpha-channel-opacity\" \/>\n\n\n\n<h1 class=\"wp-block-heading\">Dura\u00e7\u00e3o da participa\u00e7\u00e3o<\/h1>\n\n\n\n<p class=\"wp-block-paragraph\">A participa\u00e7\u00e3o de docentes e discentes no ConsolidaEE <strong>n\u00e3o possui car\u00e1ter permanente<\/strong>.<\/p>\n\n\n\n<p class=\"wp-block-paragraph\">Cada participante permanecer\u00e1 vinculado ao projeto <strong>exclusivamente durante a vig\u00eancia do Plano de Trabalho aprovado<\/strong>.<\/p>\n\n\n\n<p class=\"wp-block-paragraph\">Conclu\u00eddas as atividades previstas, a participa\u00e7\u00e3o ser\u00e1 encerrada automaticamente. Caso haja interesse em desenvolver novas a\u00e7\u00f5es extensionistas, dever\u00e1 ser elaborado e aprovado um novo Plano de Trabalho.<\/p>\n\n\n\n<hr class=\"wp-block-separator has-alpha-channel-opacity\" \/>\n\n\n\n<h1 class=\"wp-block-heading\">Fluxo resumido<\/h1>\n\n\n\n<ol class=\"wp-block-list\">\n<li>Elabora\u00e7\u00e3o do Plano de Trabalho.<\/li>\n\n\n\n<li>Encaminhamento da proposta pelo docente orientador ao coordenador do ConsolidaEE, com os discentes participantes em c\u00f3pia.<\/li>\n\n\n\n<li>An\u00e1lise da proposta pela coordena\u00e7\u00e3o do projeto.<\/li>\n\n\n\n<li>Aprova\u00e7\u00e3o do Plano de Trabalho.<\/li>\n\n\n\n<li>Cadastro dos participantes por meio do formul\u00e1rio disponibilizado pela coordena\u00e7\u00e3o.<\/li>\n\n\n\n<li>Realiza\u00e7\u00e3o dos procedimentos junto \u00e0 coordena\u00e7\u00e3o do curso, quando necess\u00e1rios.<\/li>\n\n\n\n<li>Execu\u00e7\u00e3o do Plano de Trabalho.<\/li>\n\n\n\n<li>Entrega da documenta\u00e7\u00e3o prevista e publica\u00e7\u00e3o dos produtos finais nas plataformas oficiais do ConsolidaEE.<\/li>\n\n\n\n<li>Encerramento da participa\u00e7\u00e3o ao t\u00e9rmino da vig\u00eancia do Plano de Trabalho.<\/li>\n<\/ol>\n\n\n\n<hr class=\"wp-block-separator has-alpha-channel-opacity\" \/>\n\n\n\n<h1 class=\"wp-block-heading\">Ficou com d\u00favidas?<\/h1>\n\n\n\n<p class=\"wp-block-paragraph\">Em caso de d\u00favidas sobre a elabora\u00e7\u00e3o do Plano de Trabalho, enquadramento da proposta ou formas de participa\u00e7\u00e3o, entre em <a href=\"https:\/\/projetos.ufpr.br\/consolidaee\/contato\/\" data-type=\"link\" data-id=\"https:\/\/projetos.ufpr.br\/consolidaee\/contato\/\">contato<\/a> com a coordena\u00e7\u00e3o do ConsolidaEE.<\/p>\n\n\n\n<p class=\"wp-block-paragraph\">O ConsolidaEE busca integrar ensino, pesquisa e extens\u00e3o por meio de a\u00e7\u00f5es alinhadas \u00e0s \u00e1reas da Engenharia El\u00e9trica, promovendo a produ\u00e7\u00e3o, a socializa\u00e7\u00e3o e a divulga\u00e7\u00e3o do conhecimento em benef\u00edcio da sociedade, em conformidade com as diretrizes da extens\u00e3o universit\u00e1ria da UFPR.<\/p>\n\n\n\n<p class=\"wp-block-paragraph\"><\/p>\n","protected":false},"excerpt":{"rendered":"<p>O ConsolidaEE \u2013 Consolidando os conhecimentos adquiridos em Engenharia El\u00e9trica recebe propostas de docentes e estudantes vinculados ao Departamento de Engenharia El\u00e9trica (DELT) da Universidade Federal do Paran\u00e1 (UFPR) que desejam desenvolver a\u00e7\u00f5es de extens\u00e3o universit\u00e1ria. As a\u00e7\u00f5es extensionistas podem ser propostas de forma independente, quando possuem car\u00e1ter exclusivamente extensionista, ou podem complementar outras atividades [&hellip;]<\/p>\n","protected":false},"author":179,"featured_media":0,"parent":0,"menu_order":0,"comment_status":"closed","ping_status":"closed","template":"","meta":{"footnotes":""},"class_list":["post-316","page","type-page","status-publish","hentry"],"_links":{"self":[{"href":"https:\/\/projetos.ufpr.br\/consolidaee\/wp-json\/wp\/v2\/pages\/316","targetHints":{"allow":["GET"]}}],"collection":[{"href":"https:\/\/projetos.ufpr.br\/consolidaee\/wp-json\/wp\/v2\/pages"}],"about":[{"href":"https:\/\/projetos.ufpr.br\/consolidaee\/wp-json\/wp\/v2\/types\/page"}],"author":[{"embeddable":true,"href":"https:\/\/projetos.ufpr.br\/consolidaee\/wp-json\/wp\/v2\/users\/179"}],"replies":[{"embeddable":true,"href":"https:\/\/projetos.ufpr.br\/consolidaee\/wp-json\/wp\/v2\/comments?post=316"}],"version-history":[{"count":4,"href":"https:\/\/projetos.ufpr.br\/consolidaee\/wp-json\/wp\/v2\/pages\/316\/revisions"}],"predecessor-version":[{"id":336,"href":"https:\/\/projetos.ufpr.br\/consolidaee\/wp-json\/wp\/v2\/pages\/316\/revisions\/336"}],"wp:attachment":[{"href":"https:\/\/projetos.ufpr.br\/consolidaee\/wp-json\/wp\/v2\/media?parent=316"}],"curies":[{"name":"wp","href":"https:\/\/api.w.org\/{rel}","templated":true}]}}