{"id":657,"date":"2025-05-27T11:22:28","date_gmt":"2025-05-27T14:22:28","guid":{"rendered":"https:\/\/projetos.ufpr.br\/ekoa\/?page_id=657"},"modified":"2026-07-23T21:03:38","modified_gmt":"2026-07-24T00:03:38","slug":"noticias-2","status":"publish","type":"page","link":"https:\/\/projetos.ufpr.br\/ekoa\/noticias-2\/","title":{"rendered":"Not\u00edcias"},"content":{"rendered":"\n<p class=\"wp-block-paragraph\"><\/p>\n\n\n\n<div style=\"max-width: 1100px;margin: 0 auto;padding: 20px 10px;font-family: &#039;Segoe UI&#039;, Tahoma, Geneva, Verdana, sans-serif;color: #212121;background-color: #f4f6f4;border-radius: 8px\">\n\n    <!-- TOPO \/ CABE\u00c7ALHO DA P\u00c1GINA -->\n    <header style=\"background: linear-gradient(135deg, #1e4620 0%, #0d230e 100%);color: #ffffff;text-align: center;padding: 40px 20px;border-radius: 8px;margin-bottom: 30px\">\n        <img decoding=\"async\" src=\"https:\/\/projetos.ufpr.br\/ekoa\/wp-content\/uploads\/sites\/20\/2026\/03\/cropped-EKOA-SEM-FUNDO-1.png\" alt=\"Logo EKOA\" style=\"max-height: 70px;width: auto;margin-bottom: 15px;display: inline-block\">\n        <h1 style=\"font-size: 2rem;text-transform: uppercase;letter-spacing: 1px;margin-bottom: 8px;color: #ffffff !important;font-weight: bold\">Central de Not\u00edcias<\/h1>\n        <p style=\"font-size: 1.1rem;color: #a3e2a6 !important;font-weight: 400;max-width: 700px;margin: 0 auto\">Acompanhe os destaques, eventos, publica\u00e7\u00f5es e a\u00e7\u00f5es do N\u00facleo EKOA em Direito Socioambiental.<\/p>\n    <\/header>\n\n    <!-- GRADE DE NOT\u00cdCIAS -->\n    <div style=\"display: flex;flex-wrap: wrap;gap: 25px;justify-content: center\">\n\n        <!-- ==================== NOT\u00cdCIA 1: ALEP RIO IGUA\u00c7U (NOVO) ==================== -->\n        <article style=\"flex: 1 1 300px;max-width: 340px;background: #ffffff;border-radius: 8px;overflow: hidden;display: flex;flex-direction: column;justify-content: space-between;border: 1px solid #e0e0e0\">\n            <div>\n                <!-- Imagem da Not\u00edcia -->\n                <img decoding=\"async\" src=\"https:\/\/projetos.ufpr.br\/ekoa\/wp-content\/uploads\/sites\/20\/2026\/03\/cropped-EKOA-SEM-FUNDO-1.png\" alt=\"Audi\u00eancia P\u00fablica ALEP\" style=\"width: 100%;height: 190px;object-fit: contain;background-color: #ffffff;padding: 20px;display: block\">\n                \n                <div style=\"padding: 20px\">\n                    <!-- Tag de Categoria e Data -->\n                    <div style=\"margin-bottom: 10px;display: flex;align-items: center;justify-content: space-between\">\n                        <span style=\"background: #e1f5fe;color: #0288d1;padding: 3px 8px;border-radius: 4px;font-size: 0.75rem;font-weight: bold;text-transform: uppercase\">Audi\u00eancia P\u00fablica<\/span>\n                        <span style=\"color: #888;font-size: 0.8rem\">23 de Jul de 2026<\/span>\n                    <\/div>\n\n                    <!-- T\u00edtulo -->\n                    <h3 style=\"font-size: 1.15rem;color: #1e4620;margin-bottom: 10px;font-weight: bold;line-height: 1.3\">Reconhecimento do Rio Igua\u00e7u como Sujeito de Direitos<\/h3>\n\n                    <!-- Resumo -->\n                    <p style=\"color: #555;font-size: 0.9rem;line-height: 1.5;margin-bottom: 15px\">EKOA participa de audi\u00eancia p\u00fablica na Assembleia Legislativa do Paran\u00e1 (ALEP) promovendo o debate sobre a prote\u00e7\u00e3o e os direitos da natureza.<\/p>\n                <\/div>\n            <\/div>\n\n            <!-- Bot\u00e3o com o Link Real -->\n            <div style=\"padding: 0 20px 20px 20px\">\n                <a href=\"https:\/\/projetos.ufpr.br\/ekoa\/2026\/07\/23\/ekoa-participa-de-audiencia-publica-na-alep-pelo-reconhecimento-do-rio-iguacu-como-sujeito-de-direitos\/\" target=\"_blank\" style=\"display: block;text-align: center;background-color: #1e4620;color: #ffffff !important;text-decoration: none;padding: 10px 15px;border-radius: 4px;font-weight: bold;font-size: 0.88rem\">Leia a mat\u00e9ria completa \u2192<\/a>\n            <\/div>\n        <\/article>\n\n\n        <!-- ==================== NOT\u00cdCIA 2: III SIMP\u00d3SIO ==================== -->\n        <article style=\"flex: 1 1 300px;max-width: 340px;background: #ffffff;border-radius: 8px;overflow: hidden;display: flex;flex-direction: column;justify-content: space-between;border: 1px solid #e0e0e0\">\n            <div>\n                <!-- Imagem da Not\u00edcia -->\n                <img decoding=\"async\" src=\"https:\/\/projetos.ufpr.br\/ekoa\/wp-content\/uploads\/sites\/20\/2026\/05\/3%C2%B0-Simposio-Internacional-de-Justica-Socioambiental-3-1-scaled.png\" alt=\"III Simp\u00f3sio Internacional\" style=\"width: 100%;height: 190px;object-fit: contain;background-color: #f9f9f9;padding: 10px;display: block\">\n                \n                <div style=\"padding: 20px\">\n                    <!-- Tag de Categoria e Data -->\n                    <div style=\"margin-bottom: 10px;display: flex;align-items: center;justify-content: space-between\">\n                        <span style=\"background: #e8f5e9;color: #2e7d32;padding: 3px 8px;border-radius: 4px;font-size: 0.75rem;font-weight: bold;text-transform: uppercase\">Simp\u00f3sio<\/span>\n                        <span style=\"color: #888;font-size: 0.8rem\">11 de Fev de 2026<\/span>\n                    <\/div>\n\n                    <!-- T\u00edtulo -->\n                    <h3 style=\"font-size: 1.15rem;color: #1e4620;margin-bottom: 10px;font-weight: bold;line-height: 1.3\">III Simp\u00f3sio Internacional de Justi\u00e7a Socioambiental<\/h3>\n\n                    <!-- Resumo -->\n                    <p style=\"color: #555;font-size: 0.9rem;line-height: 1.5;margin-bottom: 15px\">Caminhos para uma transi\u00e7\u00e3o justa, ecol\u00f3gica e popular. Confira as mesas, oficinas e a programa\u00e7\u00e3o completa do evento.<\/p>\n                <\/div>\n            <\/div>\n\n            <!-- Bot\u00e3o com o Link Real -->\n            <div style=\"padding: 0 20px 20px 20px\">\n                <a href=\"https:\/\/projetos.ufpr.br\/ekoa\/2026\/02\/11\/iii-simposio-nacional-de-justica-socioambiental-caminhos-para-uma-transicao-justa-ecologica-e-popular\/\" target=\"_blank\" style=\"display: block;text-align: center;background-color: #1e4620;color: #ffffff !important;text-decoration: none;padding: 10px 15px;border-radius: 4px;font-weight: bold;font-size: 0.88rem\">Leia a mat\u00e9ria completa \u2192<\/a>\n            <\/div>\n        <\/article>\n\n\n        <!-- ==================== NOT\u00cdCIA 3: MULHERES E JUSTI\u00c7A CLIM\u00c1TICA ==================== -->\n        <article style=\"flex: 1 1 300px;max-width: 340px;background: #ffffff;border-radius: 8px;overflow: hidden;display: flex;flex-direction: column;justify-content: space-between;border: 1px solid #e0e0e0\">\n            <div>\n                <!-- Imagem da Not\u00edcia -->\n                <img decoding=\"async\" src=\"https:\/\/projetos.ufpr.br\/ekoa\/wp-content\/uploads\/sites\/20\/2026\/03\/cropped-EKOA-SEM-FUNDO-1.png\" alt=\"Mulheres e Justi\u00e7a Clim\u00e1tica\" style=\"width: 100%;height: 190px;object-fit: contain;background-color: #ffffff;padding: 20px;display: block\">\n                \n                <div style=\"padding: 20px\">\n                    <!-- Tag de Categoria e Data -->\n                    <div style=\"margin-bottom: 10px;display: flex;align-items: center;justify-content: space-between\">\n                        <span style=\"background: #fff3e0;color: #e65100;padding: 3px 8px;border-radius: 4px;font-size: 0.75rem;font-weight: bold;text-transform: uppercase\">Evento \/ Debate<\/span>\n                        <span style=\"color: #888;font-size: 0.8rem\">27 de Mai de 2025<\/span>\n                    <\/div>\n\n                    <!-- T\u00edtulo -->\n                    <h3 style=\"font-size: 1.15rem;color: #1e4620;margin-bottom: 10px;font-weight: bold;line-height: 1.3\">Evento &#8220;Mulheres e Justi\u00e7a Clim\u00e1tica&#8221;<\/h3>\n\n                    <!-- Resumo -->\n                    <p style=\"color: #555;font-size: 0.9rem;line-height: 1.5;margin-bottom: 15px\">A\u00e7\u00e3o em alus\u00e3o ao Dia Mundial do Meio Ambiente promove di\u00e1logo, reflex\u00e3o e protagonismo feminino nas pautas clim\u00e1ticas.<\/p>\n                <\/div>\n            <\/div>\n\n            <!-- Bot\u00e3o com o Link Real -->\n            <div style=\"padding: 0 20px 20px 20px\">\n                <a href=\"https:\/\/projetos.ufpr.br\/ekoa\/2025\/05\/27\/evento-mulheres-e-justica-climatica-promove-dialogo-e-reflexao-no-dia-mundial-do-meio-ambiente\/\" target=\"_blank\" style=\"display: block;text-align: center;background-color: #1e4620;color: #ffffff !important;text-decoration: none;padding: 10px 15px;border-radius: 4px;font-weight: bold;font-size: 0.88rem\">Leia a mat\u00e9ria completa \u2192<\/a>\n            <\/div>\n        <\/article>\n\n    <\/div>\n\n    <!-- RODAP\u00c9 DA CENTRAL DE NOT\u00cdCIAS -->\n    <footer style=\"text-align: center;padding: 25px 20px;background-color: #1a1a1a;color: #999;font-size: 0.88rem;margin-top: 40px;border-radius: 8px\">\n        <p style=\"margin: 0;color: #999 !important\">\u00a9 N\u00facleo de Pesquisa e Extens\u00e3o em Direito Socioambiental (EKOA) &#8211; UFPR<\/p>\n    <\/footer>\n\n<\/div>\n","protected":false},"excerpt":{"rendered":"<p>Central de Not\u00edcias Acompanhe os destaques, eventos, publica\u00e7\u00f5es e a\u00e7\u00f5es do N\u00facleo EKOA em Direito Socioambiental. Audi\u00eancia P\u00fablica 23 de Jul de 2026 Reconhecimento do Rio Igua\u00e7u como Sujeito de Direitos EKOA participa de audi\u00eancia p\u00fablica na Assembleia Legislativa do Paran\u00e1 (ALEP) promovendo o debate sobre a prote\u00e7\u00e3o e os direitos da natureza. Leia a [&hellip;]<\/p>\n","protected":false},"author":38,"featured_media":0,"parent":0,"menu_order":0,"comment_status":"closed","ping_status":"closed","template":"","meta":{"footnotes":""},"class_list":["post-657","page","type-page","status-publish","hentry"],"_links":{"self":[{"href":"https:\/\/projetos.ufpr.br\/ekoa\/wp-json\/wp\/v2\/pages\/657","targetHints":{"allow":["GET"]}}],"collection":[{"href":"https:\/\/projetos.ufpr.br\/ekoa\/wp-json\/wp\/v2\/pages"}],"about":[{"href":"https:\/\/projetos.ufpr.br\/ekoa\/wp-json\/wp\/v2\/types\/page"}],"author":[{"embeddable":true,"href":"https:\/\/projetos.ufpr.br\/ekoa\/wp-json\/wp\/v2\/users\/38"}],"replies":[{"embeddable":true,"href":"https:\/\/projetos.ufpr.br\/ekoa\/wp-json\/wp\/v2\/comments?post=657"}],"version-history":[{"count":8,"href":"https:\/\/projetos.ufpr.br\/ekoa\/wp-json\/wp\/v2\/pages\/657\/revisions"}],"predecessor-version":[{"id":925,"href":"https:\/\/projetos.ufpr.br\/ekoa\/wp-json\/wp\/v2\/pages\/657\/revisions\/925"}],"wp:attachment":[{"href":"https:\/\/projetos.ufpr.br\/ekoa\/wp-json\/wp\/v2\/media?parent=657"}],"curies":[{"name":"wp","href":"https:\/\/api.w.org\/{rel}","templated":true}]}}