{"id":30,"date":"2026-03-05T14:02:39","date_gmt":"2026-03-05T17:02:39","guid":{"rendered":"https:\/\/projetos.ufpr.br\/geneautobr\/equipe\/"},"modified":"2026-06-16T12:12:56","modified_gmt":"2026-06-16T15:12:56","slug":"equipe","status":"publish","type":"page","link":"https:\/\/projetos.ufpr.br\/geneautobr\/equipe\/","title":{"rendered":"Equipe"},"content":{"rendered":"\n<h4 class=\"wp-block-heading\"><strong>Val\u00e9ria Bumiller Bini Hoch &#8211; Pesquisadora principal e orientadora<\/strong><\/h4>\n\n\n\n<p class=\"has-small-font-size wp-block-paragraph\">Professora Colaboradora do Programa de P\u00f3s-Gradua\u00e7\u00e3o em Gen\u00e9tica da Universidade Federal do Paran\u00e1 (UFPR). Doutora em gen\u00e9tica pela UFPR, com per\u00edodo sandu\u00edche no Instituto de Dermatologia da Universidade de L\u00fcbeck (Alemanha). Tem experi\u00eancia na \u00e1rea de gen\u00e9tica molecular humana, atuando nos seguintes temas: doen\u00e7as autoimunes, imunogen\u00e9tica, epigen\u00e9tica e s\u00edndrome metab\u00f3lica. Bacharela e licenciada em ci\u00eancias biol\u00f3gicas (2012-2016) e mestre em gen\u00e9tica (2016-2018) pela UFPR.<\/p>\n\n\n\n<p class=\"has-small-font-size wp-block-paragraph\">Curr\u00edculo Lattes: <a href=\"http:\/\/lattes.cnpq.br\/8758579940031871\">http:\/\/lattes.cnpq.br\/8758579940031871<\/a><\/p>\n\n\n\n<h4 class=\"wp-block-heading\"><strong>Leonardo Maldaner Amorim &#8211; Pesquisador colaborador e orientador<\/strong><\/h4>\n\n\n\n<p class=\"has-small-font-size wp-block-paragraph\">Professor doutor do departamento de gen\u00e9tica e do programa de p\u00f3s-gradua\u00e7\u00e3o (PPG) em Gen\u00e9tica da Universidade Federal do Paran\u00e1 (UFPR). Possui gradua\u00e7\u00e3o em Ci\u00eancias Biol\u00f3gicas pela Universidade Federal do Paran\u00e1 (2015). Tamb\u00e9m possui Mestrado (2018) e Doutorado (2022) em Gen\u00e9tica pela mesma universidade. Atua na \u00e1rea de Biologia Molecular e Gen\u00e9tica h\u00e1 mais de 12 anos, com ampla experi\u00eancia em imunogen\u00e9tica, gen\u00e9tica de popula\u00e7\u00f5es e gen\u00e9tica m\u00e9dica.<\/p>\n\n\n\n<p class=\"has-small-font-size wp-block-paragraph\">Curr\u00edculo Lattes: <a href=\"http:\/\/lattes.cnpq.br\/4380961900429166\">http:\/\/lattes.cnpq.br\/438096190042916<\/a><\/p>\n\n\n\n<h4 class=\"wp-block-heading\"><strong>Gisa Musialowski do Amaral &#8211; Pesquisadora colaboradora<\/strong><\/h4>\n\n\n\n<p class=\"has-small-font-size wp-block-paragraph\">M\u00e9dica do Servi\u00e7o de Endocrinologia e Metabologia do Paran\u00e1 (SEMPR) e Professora do PPG em Medicina Interna da UFPR. Graduou-se em Medicina pela Universidade Federal do Paran\u00e1 em 1988. Especializou-se em Cl\u00ednica M\u00e9dica e em Endocrinologia e Metabologia entre 1989 e 1992. Concluiu o Mestrado em Medicina Interna pela Universidade Federal do Paran\u00e1 em 1994. Possui 2 Doutorados Sandu\u00edche pela University of Chicago conclu\u00eddos em 1997 e 1998. Possui doutoramento em Medicina &#8211; Endocrinologia Cl\u00ednica &#8211; pela Universidade Federal de S\u00e3o Paulo, conclu\u00eddo em 1999.<\/p>\n\n\n\n<p class=\"has-small-font-size wp-block-paragraph\">Curr\u00edculo Latttes: <a href=\"http:\/\/lattes.cnpq.br\/4333783141443129\">http:\/\/lattes.cnpq.br\/4333783141443129<\/a><\/p>\n\n\n\n<h4 class=\"wp-block-heading\"><strong>Fab\u00edola Yukiko Miasaki &#8211; Pesquisadora colaboradora<\/strong><\/h4>\n\n\n\n<p class=\"has-small-font-size wp-block-paragraph\">Possui gradua\u00e7\u00e3o em Medicina pela Universidade Federal do Paran\u00e1 (1999), mestrado em Diagnosi e terapia delle endocrinopatie &#8211; Universit\u00e1 degli Studi di Pisa (2007) e doutorado em Medicina Interna pela Universidade Federal do Paran\u00e1 (2021). Atualmente \u00e9 m\u00e9dica &#8211; endocrinologia e metabologia &#8211; na Unimed Curitiba Cooperativa de Servi\u00e7os M\u00e9dicos, m\u00e9dica endocrinologista da Universidade Federal do Paran\u00e1 e professora adjunta de Endocrinologia e Metabologia da Universidade Federal do Paran\u00e1. <\/p>\n\n\n\n<p class=\"has-small-font-size wp-block-paragraph\">Curr\u00edculo Lattes: <a href=\"http:\/\/lattes.cnpq.br\/1114435574034714\">http:\/\/lattes.cnpq.br\/1114435574034714<\/a><\/p>\n\n\n\n<h4 class=\"wp-block-heading\"><strong>Cleo Otaviano Mesa Junior<\/strong> <strong>&#8211; Pesquisador colaborador<\/strong><\/h4>\n\n\n\n<p class=\"has-small-font-size wp-block-paragraph\">Possui gradua\u00e7\u00e3o em Medicina pela Universidade Federal do Paran\u00e1 (1995), mestrado em Medicina Interna pela Universidade Federal do Paran\u00e1 (2003), Research fellow na University of Cincinnati 2004 e 2005 e doutorado em Medicina Interna pela Universidade Federal do Paran\u00e1 (2010). Atua como m\u00e9dico do Servi\u00e7o de Endocrinologia e Metabologia do Hospital de Cl\u00ednicas da Universidade Federal do Paran\u00e1 desde 2012 e como professor auxiliar do curso de medicina da Pontif\u00edcia Universidade Cat\u00f3lica do Paran\u00e1. Atualmente participa da Sociedade Brasileira de Endocrinologia e Metabologia como parte da diretoria do Departamento de Tireoide da SBEM e da comiss\u00e3o de prova de t\u00edtulo de especialista em endocrinologia e metabologia da SBEM. <\/p>\n\n\n\n<p class=\"has-small-font-size wp-block-paragraph\">Curr\u00edculo Lattes: <a href=\"http:\/\/lattes.cnpq.br\/0832410143411280\">http:\/\/lattes.cnpq.br\/0832410143411280<\/a><br><\/p>\n\n\n\n<h4 class=\"wp-block-heading\"><strong>Angelica Beate Winter Boldt &#8211; Pesquisadora colaboradora<\/strong><\/h4>\n\n\n\n<p class=\"has-small-font-size wp-block-paragraph\">Licenciada em Ci\u00eancias Biol\u00f3gicas (1994) e mestre em Gen\u00e9tica (2000) pela UFPR, doutora em Gen\u00e9tica Humana pela Universidade de T\u00fcbingen, Alemanha (2006), post-doc no Laborat\u00f3rio de Imunopatologia Molecular\/ HC-UFPR de 2007 ao in\u00edcio de 2013.<strong>&nbsp;<\/strong>Professora do departamento de Gen\u00e9tica da Universidade Federal do Paran\u00e1 (UFPR) desde 2013 e bolsista produtividade de pesquisa PQ2\/C desde 2018, credenciada como professora permanente nos programas de p\u00f3s-gradua\u00e7\u00e3o em Gen\u00e9tica UFPR (2013) e Medicina Interna UFPR (2023) e como colaboradora no Programa de Ci\u00eancias Farmac\u00eauticas da UNICENTRO (2022). Coordenadora de projetos gen\u00e9tico-epidemiol\u00f3gicos que objetivam aplicar princ\u00edpios da Medicina 4P (personalizada, preventiva, preditiva e participativa) para preven\u00e7\u00e3o de doen\u00e7as complexas e de etiologia multifatorial.<\/p>\n\n\n\n<p class=\"has-small-font-size wp-block-paragraph\">Curr\u00edculo Lattes: <a href=\"http:\/\/lattes.cnpq.br\/7835465907444864\">http:\/\/lattes.cnpq.br\/7835465907444864<\/a><\/p>\n\n\n\n<h4 class=\"wp-block-heading\"><strong>Danielle Malheiros Ferreira<\/strong> <strong>&#8211; Pesquisadora colaboradora<\/strong><\/h4>\n\n\n\n<p class=\"has-small-font-size wp-block-paragraph\">Graduada em Ci\u00eancias Biol\u00f3gicas (2002), Mestre (2005) e Doutora (2009) em Gen\u00e9tica pela Universidade Federal do Paran\u00e1. Tem experi\u00eancia na \u00e1rea de Gen\u00e9tica Molecular Humana e M\u00e9dica, atuando principalmente nos seguintes temas: i) imunogen\u00e9tica e susceptibilidade gen\u00e9tica a doen\u00e7as complexas; ii) implica\u00e7\u00f5es da variabilidade gen\u00e9tica em estudos populacionais e forenses e iii) busca de biomarcadores em bi\u00f3psias l\u00edquidas, com \u00eanfase em RNAs n\u00e3o codificadores e ves\u00edculas extracelulares. \u00c9 docente do Departamento de Gen\u00e9tica da UFPR e do n\u00facleo permanente do Programa de P\u00f3s-Gradua\u00e7\u00e3o em Gen\u00e9tica da Universidade Federal do Paran\u00e1. Atualmente \u00e9 coordenadora do Programa de P\u00f3s-Gradua\u00e7\u00e3o em Gen\u00e9tica da UFPR e Bolsista de Produtividade em Pesquisa do CNPq PQ-2, \u00e1rea: Gen\u00e9tica Humana.<\/p>\n\n\n\n<p class=\"has-small-font-size wp-block-paragraph\">Curr\u00edculo Lattes: <a href=\"http:\/\/lattes.cnpq.br\/9121318493413081\">http:\/\/lattes.cnpq.br\/9121318493413081<\/a><\/p>\n\n\n\n<h4 class=\"wp-block-heading\"><strong>Stephanie Rubianne Silva Carvalhal<\/strong> <strong>&#8211; Pesquisadora colaboradora<\/strong><\/h4>\n\n\n\n<p class=\"has-small-font-size wp-block-paragraph\">Biom\u00e9dica, Doutora em fisiologia e P\u00f3s-doutoranda do PPG em Gen\u00e9tica da UFPR. Possui gradua\u00e7\u00e3o em Biomedicina pela Faculdade Pequeno Pr\u00edncipe (2011) com habilita\u00e7\u00e3o em Patologia Cl\u00ednica. Atualmente \u00e9 professora da Faculdade Fidelis (PR), p\u00f3s-doc do departamento de gen\u00e9tica da UFPR, alocada no laborat\u00f3rio de gen\u00e9tica molecular humana (LGMH) e bolsista de desenvolvimento tecnol\u00f3gico industrial (n\u00edvel A).<\/p>\n\n\n\n<p class=\"has-small-font-size wp-block-paragraph\">Curr\u00edculo Lattes: <a href=\"http:\/\/lattes.cnpq.br\/0346866352770553\">http:\/\/lattes.cnpq.br\/0346866352770553<\/a><\/p>\n\n\n\n<h4 class=\"wp-block-heading\"><strong>Eduardo Delabio Auer &#8211; Pesquisador colaborador<\/strong><\/h4>\n\n\n\n<p class=\"has-small-font-size wp-block-paragraph\">Bacharel em Biomedicina pela Universidade Positivo (2016). Mestre (2019) e Doutor (2023) em Gen\u00e9tica pela Universidade Federal do Paran\u00e1 (UFPR). Durante o mestrado, desenvolveu pesquisas em imunogen\u00e9tica, com foco na associa\u00e7\u00e3o entre genes KIR e seus ligantes HLA e sua influ\u00eancia na progress\u00e3o cl\u00ednica da infec\u00e7\u00e3o pelo v\u00edrus da hepatite B. No doutorado, realizou estudo epidemiol\u00f3gico-gen\u00e9tico de fatores de risco para doen\u00e7as reum\u00e1ticas autoimunes (artrite reumatoide e l\u00fapus eritematoso sist\u00eamico) e para a anomalia de Pelger-Hu\u00ebt na popula\u00e7\u00e3o menonita brasileira. Atuou como bolsista extensionista em bioinform\u00e1tica nos projetos Mennogen e MedEpiGen. Atualmente, \u00e9 analista de laborat\u00f3rio em NGS na DB Gen\u00f4mica, com atua\u00e7\u00e3o em classifica\u00e7\u00e3o de variantes e emiss\u00e3o de laudos cl\u00ednicos.<\/p>\n\n\n\n<p class=\"has-small-font-size wp-block-paragraph\">Curr\u00edculo Lattes: <a href=\"http:\/\/lattes.cnpq.br\/7121996429118604\">http:\/\/lattes.cnpq.br\/7121996429118604<\/a><\/p>\n\n\n\n<h4 class=\"wp-block-heading\"><strong>Camila Evangelista Costa &#8211; Bolsista e mestranda do PPG em Gen\u00e9tica da UFPR<\/strong><\/h4>\n\n\n\n<p class=\"has-small-font-size wp-block-paragraph\">Mestranda do Programa de P\u00f3s-Gradua\u00e7\u00e3o em Gen\u00e9tica da Universidade Federal do Paran\u00e1 (UFPR) (2024-2026), com \u00eanfase em estudos de epigen\u00e9tica e experimenta\u00e7\u00e3o em modelo animal murino. Licenciada em Ci\u00eancias Biol\u00f3gicas pela UFPR (2021 &#8211; 2024). Atuou como bolsista (Funda\u00e7\u00e3o Arauc\u00e1ria) no Laborat\u00f3rio de Gen\u00e9tica Molecular da UFPR nos projetos MennoGen e MedEpiGen (Setembro de 2022 &#8211; Agosto de 2023).<\/p>\n\n\n\n<p class=\"has-small-font-size wp-block-paragraph\">Curr\u00edculo Lattes: <a href=\"http:\/\/lattes.cnpq.br\/9874166652051378\">http:\/\/lattes.cnpq.br\/9874166652051378<\/a><\/p>\n\n\n\n<h4 class=\"wp-block-heading\"><strong>Luana Carolina Kochemborger &#8211; Mestranda do PPG em Gen\u00e9tica da UFPR <\/strong><\/h4>\n\n\n\n<p class=\"has-small-font-size wp-block-paragraph\">Graduada em Biomedicina pela Universidade do Vale do Itaja\u00ed (2025), com habilita\u00e7\u00e3o em Patologia Cl\u00ednica e Biologia Molecular. Atualmente, \u00e9 mestranda no Programa de P\u00f3s-Gradua\u00e7\u00e3o em Gen\u00e9tica da Universidade Federal do Paran\u00e1 (UFPR). Integrou o Departamento de Biologia Molecular da Universidade da Regi\u00e3o de Joinville (UNIVILLE). Possui experi\u00eancia em An\u00e1lises Cl\u00ednicas e Biologia Molecular, com atua\u00e7\u00e3o em pesquisa e diagn\u00f3stico.  Atuou tamb\u00e9m nas \u00e1reas de histopatologia e imunohistoqu\u00edmica, com aplica\u00e7\u00e3o de t\u00e9cnicas de marca\u00e7\u00e3o tecidual e an\u00e1lise morfol\u00f3gica.<\/p>\n\n\n\n<p class=\"has-small-font-size wp-block-paragraph\">Curr\u00edculo Lattes: <a href=\"http:\/\/lattes.cnpq.br\/4710863067648909\">http:\/\/lattes.cnpq.br\/4710863067648909<\/a><\/p>\n\n\n\n<h4 class=\"wp-block-heading\"><strong>Fernanda Vit\u00f3rio da Silva &#8211; Bolsista e pesquisadora colaboradora<\/strong><\/h4>\n\n\n\n<p class=\"has-small-font-size wp-block-paragraph\">Licenciada em Biologia e Bacharela em Ci\u00eancias Biol\u00f3gicas &#8211; Biodiversidade e Meio Ambiente (2020) pela Universidade da Regi\u00e3o de Joinville (UNIVILLE). Mestre em Gen\u00e9tica pela Universidade Federal do Paran\u00e1 (2024) e atualmente doutoranda no mesmo programa. Desenvolve projetos de pesquisa nas \u00e1reas de Epigen\u00e9tica, Gen\u00e9tica Epidemiol\u00f3gica, Imunogen\u00e9tica e Metagen\u00f4mica da microbiota intestinal em doen\u00e7as complexas.<\/p>\n\n\n\n<p class=\"has-small-font-size wp-block-paragraph\">Curr\u00edculo Lattes: <a href=\"http:\/\/lattes.cnpq.br\/1884749018161945\">http:\/\/lattes.cnpq.br\/1884749018161945<\/a><\/p>\n\n\n\n<h4 class=\"wp-block-heading\"><strong>Ana Luiza Sprotte Mira<\/strong> <strong>&#8211; Bolsista e pesquisadora colaboradora<\/strong><\/h4>\n\n\n\n<p class=\"has-small-font-size wp-block-paragraph\">Possui bacharelado em Ci\u00eancias Econ\u00f4micas (2014) e em Ci\u00eancias Biol\u00f3gicas (2020) pela Universidade Regional de Blumenau &#8211; FURB. Mestre em Gen\u00e9tica pela Universidade Federal do Paran\u00e1 &#8211; UFPR.<\/p>\n\n\n\n<p class=\"has-small-font-size wp-block-paragraph\">Curr\u00edculo Lattes: <a href=\"http:\/\/lattes.cnpq.br\/0710365604511902\">http:\/\/lattes.cnpq.br\/0710365604511902<\/a><\/p>\n\n\n\n<h4 class=\"wp-block-heading\"><strong>Camila Francielyn de Lima Alves &#8211; Pesquisadora colaboradora<\/strong><\/h4>\n\n\n\n<p class=\"has-small-font-size wp-block-paragraph\">Bacharel em Biomedicina pela Universidade Positivo (2023), P\u00f3s graduada em Biomedicina Est\u00e9tica e graduada em Gest\u00e3o de Marketing pela Universidade Positivo. P\u00f3s Graduanda em Medicina Funcional Integrativa &#8211; Apoio T\u00e9cnico UFPR Gen\u00e9tica 2024.<\/p>\n\n\n\n<p class=\"has-small-font-size wp-block-paragraph\">Curr\u00edculo Lattes: <a href=\"http:\/\/lattes.cnpq.br\/0145267774961438\">http:\/\/lattes.cnpq.br\/0145267774961438<\/a><\/p>\n\n\n\n<h4 class=\"wp-block-heading\"><strong>Denise Raquel de Moura Bones<\/strong> <strong>&#8211; Bolsista e pesquisadora colaboradora<\/strong><\/h4>\n\n\n\n<p class=\"has-small-font-size wp-block-paragraph\">Biom\u00e9dica, formada pelo Centro Universit\u00e1rio Unibrasil. Especialista em an\u00e1lises laboratoriais por biologia molecular &#8211; Unibrasil, Curitiba\/PR. Mestre em gen\u00e9tica no Laborat\u00f3rio de Gen\u00e9tica Molecular Humana (LGMH), na Universidade Federal do Paran\u00e1 (UFPR).<\/p>\n\n\n\n<p class=\"has-small-font-size wp-block-paragraph\">Curr\u00edculo Lattes: <a href=\"http:\/\/lattes.cnpq.br\/5486040935507466\">http:\/\/lattes.cnpq.br\/5486040935507466<\/a><\/p>\n\n\n\n<h4 class=\"wp-block-heading\"><strong>Christopher William Lee<\/strong> <strong>&#8211; Bolsista e pesquisador colaborador<\/strong><\/h4>\n\n\n\n<p class=\"has-small-font-size wp-block-paragraph\">Bacharel em Ci\u00eancias Biol\u00f3gicas e mestre em Ci\u00eancias com \u00eanfase em gen\u00e9tica, muta\u00e7\u00f5es e terapia g\u00eanica (2020). Atualmente \u00e9 doutorando em Ci\u00eancias Farmac\u00eauticas pela UNICENTRO, vinculado ao projeto Genomas Paran\u00e1. Atua nas \u00e1reas de gen\u00e9tica molecular, citogen\u00e9tica, an\u00e1lises cl\u00ednicas e medicina regenerativa com foco em terapia celular utilizando c\u00e9lulas-tronco mesenquimais. Possui experi\u00eancia em an\u00e1lise de dados biol\u00f3gicos com R e Python, al\u00e9m do uso de ferramentas metagen\u00f4micas como Kraken2, Bracken, HuMAnN3 e QIIME2.<\/p>\n\n\n\n<p class=\"has-small-font-size wp-block-paragraph\">Curr\u00edculo Lattes: <a href=\"http:\/\/lattes.cnpq.br\/5196836637403621\">http:\/\/lattes.cnpq.br\/5196836637403621<\/a><\/p>\n\n\n\n<h4 class=\"wp-block-heading\"><strong>Isabele Cristina Andrioli Meretka &#8211; Bolsista e aluna de inicia\u00e7\u00e3o cient\u00edfica<\/strong><\/h4>\n\n\n\n<p class=\"has-small-font-size wp-block-paragraph\">Graduanda em Biomedicina pela Universidade Federal do Paran\u00e1 (UFPR). Atualmente, faz parte do grupo de pesquisa em Imunogen\u00e9tica da UFPR como bolsista de Inicia\u00e7\u00e3o Tecnol\u00f3gica Industrial no Laborat\u00f3rio de Gen\u00e9tica Molecular Humana (LGMH), sob orienta\u00e7\u00e3o da pesquisadora Val\u00e9ria Bumiller Bini Hoch, visando \u00e0 an\u00e1lise de variantes gen\u00e9ticas associadas a diferentes n\u00edveis de vitamina D com a autoimunidade na popula\u00e7\u00e3o paranaense. Al\u00e9m disso, faz Inicia\u00e7\u00e3o Cient\u00edfica volunt\u00e1ria no mesmo laborat\u00f3rio, sendo parte do grupo de pesquisa em Epigen\u00e9tica e Gen\u00e9tica Epidemiol\u00f3gica da UFPR, participando do projeto &#8221;MedEpiGen 4P na Inf\u00e2ncia&#8221; sob orienta\u00e7\u00e3o da pesquisadora Ang\u00e9lica Beate Winter Boldt.<\/p>\n\n\n\n<p class=\"has-small-font-size wp-block-paragraph\">Curr\u00edculo Lattes: <a href=\"http:\/\/lattes.cnpq.br\/9462936617761623\">http:\/\/lattes.cnpq.br\/9462936617761623<\/a><\/p>\n\n\n\n<h4 class=\"wp-block-heading\"><strong>J\u00falia Varella Jamnik &#8211; Aluna de inicia\u00e7\u00e3o cient\u00edfica<\/strong><\/h4>\n\n\n\n<p class=\"has-small-font-size wp-block-paragraph\">Graduanda e Representante de Turma em Medicina na Universidade Federal do Paran\u00e1 (UFPR). Presidente da Liga Acad\u00eamica de Sa\u00fade Coletiva UFPR (LiASC) e do Rotaract Club de Curitiba-UFPR (2023-24), Vice-Presidente para Assuntos Externos (LVPE) da IFMSA Brazil UFPR, 1a Secret\u00e1ria da Liga Acad\u00eamica de Sa\u00fade Baseada em Evid\u00eancias (LiASBE). Assistente Regional Sul-Brasileira do Standing Committee On Human Rights Peace &#8211; IFMSA Brazil. Monitora de Gen\u00e9tica e Evolu\u00e7\u00e3o. Integrante da Liga Acad\u00eamica de Infectologia (LAINF), da Liga Acad\u00eamica de Sa\u00fade LGBTQIAP+ (LiAS+) e da Liga Acad\u00eamica de Oncologia Cl\u00ednica (LiOnco). Integrante do Diret\u00f3rio Central dos Estudantes UFPR (DCE) &#8211; 2023. Volunt\u00e1ria no #tmjUNICEF. Membro do Grupo de Pesquisa e Estudos Multidisciplinar de Medicina (GPEMM).<\/p>\n\n\n\n<p class=\"has-small-font-size wp-block-paragraph\">Curr\u00edculo Lattes: <a href=\"http:\/\/lattes.cnpq.br\/4285549920172260\">http:\/\/lattes.cnpq.br\/4285549920172260<br><\/a><br><\/p>\n\n\n\n<p class=\"wp-block-paragraph\"><\/p>\n","protected":false},"excerpt":{"rendered":"<p>Val\u00e9ria Bumiller Bini Hoch &#8211; Pesquisadora principal e orientadora Professora Colaboradora do Programa de P\u00f3s-Gradua\u00e7\u00e3o em Gen\u00e9tica da Universidade Federal do Paran\u00e1 (UFPR). Doutora em gen\u00e9tica pela UFPR, com per\u00edodo sandu\u00edche no Instituto de Dermatologia da Universidade de L\u00fcbeck (Alemanha). Tem experi\u00eancia na \u00e1rea de gen\u00e9tica molecular humana, atuando nos seguintes temas: doen\u00e7as autoimunes, imunogen\u00e9tica, [&hellip;]<\/p>\n","protected":false},"author":12,"featured_media":0,"parent":0,"menu_order":0,"comment_status":"closed","ping_status":"closed","template":"page.php","meta":{"footnotes":""},"class_list":["post-30","page","type-page","status-publish","hentry"],"_links":{"self":[{"href":"https:\/\/projetos.ufpr.br\/geneautobr\/wp-json\/wp\/v2\/pages\/30","targetHints":{"allow":["GET"]}}],"collection":[{"href":"https:\/\/projetos.ufpr.br\/geneautobr\/wp-json\/wp\/v2\/pages"}],"about":[{"href":"https:\/\/projetos.ufpr.br\/geneautobr\/wp-json\/wp\/v2\/types\/page"}],"author":[{"embeddable":true,"href":"https:\/\/projetos.ufpr.br\/geneautobr\/wp-json\/wp\/v2\/users\/12"}],"replies":[{"embeddable":true,"href":"https:\/\/projetos.ufpr.br\/geneautobr\/wp-json\/wp\/v2\/comments?post=30"}],"version-history":[{"count":5,"href":"https:\/\/projetos.ufpr.br\/geneautobr\/wp-json\/wp\/v2\/pages\/30\/revisions"}],"predecessor-version":[{"id":402,"href":"https:\/\/projetos.ufpr.br\/geneautobr\/wp-json\/wp\/v2\/pages\/30\/revisions\/402"}],"wp:attachment":[{"href":"https:\/\/projetos.ufpr.br\/geneautobr\/wp-json\/wp\/v2\/media?parent=30"}],"curies":[{"name":"wp","href":"https:\/\/api.w.org\/{rel}","templated":true}]}}