{"id":51,"date":"2025-02-25T11:43:56","date_gmt":"2025-02-25T14:43:56","guid":{"rendered":"https:\/\/projetos.ufpr.br\/gestex\/equipe\/"},"modified":"2026-08-24T09:24:18","modified_gmt":"2026-08-24T12:24:18","slug":"equipe","status":"publish","type":"page","link":"https:\/\/projetos.ufpr.br\/gestex\/equipe\/","title":{"rendered":"Equipe GESTEX"},"content":{"rendered":"\n<div class=\"wp-block-media-text is-stacked-on-mobile\" style=\"grid-template-columns:27% auto\"><figure class=\"wp-block-media-text__media\"><img loading=\"lazy\" decoding=\"async\" width=\"1024\" height=\"1024\" src=\"https:\/\/projetos.ufpr.br\/gestex\/wp-content\/uploads\/sites\/21\/2026\/06\/LOGO-OFICIAL-GESTEX-1024x1024.png\" alt=\"\" class=\"wp-image-615 size-full\" srcset=\"https:\/\/projetos.ufpr.br\/gestex\/wp-content\/uploads\/sites\/21\/2026\/06\/LOGO-OFICIAL-GESTEX-1024x1024.png 1024w, https:\/\/projetos.ufpr.br\/gestex\/wp-content\/uploads\/sites\/21\/2026\/06\/LOGO-OFICIAL-GESTEX-300x300.png 300w, https:\/\/projetos.ufpr.br\/gestex\/wp-content\/uploads\/sites\/21\/2026\/06\/LOGO-OFICIAL-GESTEX-150x150.png 150w, https:\/\/projetos.ufpr.br\/gestex\/wp-content\/uploads\/sites\/21\/2026\/06\/LOGO-OFICIAL-GESTEX-768x768.png 768w, https:\/\/projetos.ufpr.br\/gestex\/wp-content\/uploads\/sites\/21\/2026\/06\/LOGO-OFICIAL-GESTEX-98x98.png 98w, https:\/\/projetos.ufpr.br\/gestex\/wp-content\/uploads\/sites\/21\/2026\/06\/LOGO-OFICIAL-GESTEX-57x57.png 57w, https:\/\/projetos.ufpr.br\/gestex\/wp-content\/uploads\/sites\/21\/2026\/06\/LOGO-OFICIAL-GESTEX.png 1254w\" sizes=\"auto, (max-width: 1024px) 100vw, 1024px\" \/><\/figure><div class=\"wp-block-media-text__content\">\n<p class=\"wp-block-paragraph\">A equipe do Projeto Gest\u00e3o e Extens\u00e3o Universit\u00e1ria (GESTEX) \u00e9 composta por docentes, discentes, bolsistas e volunt\u00e1rios do Curso de Administra\u00e7\u00e3o da Universidade Federal do Paran\u00e1 (UFPR), que atuam de forma colaborativa na promo\u00e7\u00e3o da integra\u00e7\u00e3o entre o ensino, a pesquisa e a extens\u00e3o universit\u00e1ria.<\/p>\n\n\n\n<p class=\"wp-block-paragraph\">Os professores orientadores s\u00e3o respons\u00e1veis pela condu\u00e7\u00e3o acad\u00eamica e metodol\u00f3gica das atividades, garantindo o rigor t\u00e9cnico e cient\u00edfico dos projetos. Eles orientam os estudantes na aplica\u00e7\u00e3o dos conhecimentos te\u00f3ricos de gest\u00e3o, acompanhando o desenvolvimento das a\u00e7\u00f5es e assegurando a coer\u00eancia entre as pr\u00e1ticas extensionistas e os princ\u00edpios institucionais da UFPR.<\/p>\n\n\n\n<p class=\"wp-block-paragraph\">Os estudantes bolsistas desempenham papel essencial na coordena\u00e7\u00e3o e execu\u00e7\u00e3o das atividades do projeto, dedicando-se a tarefas de planejamento, organiza\u00e7\u00e3o, acompanhamento e avalia\u00e7\u00e3o dos resultados. Sua atua\u00e7\u00e3o contribui para a continuidade das a\u00e7\u00f5es e para a consolida\u00e7\u00e3o do GESTEX como um espa\u00e7o de forma\u00e7\u00e3o acad\u00eamica e profissional.<\/p>\n\n\n\n<p class=\"wp-block-paragraph\">Os alunos volunt\u00e1rios participam ativamente das atividades extensionistas, colaborando em projetos, oficinas, eventos e diagn\u00f3sticos organizacionais. Seu envolvimento demonstra o compromisso com a aprendizagem pr\u00e1tica, o esp\u00edrito de coopera\u00e7\u00e3o e o interesse em contribuir para o desenvolvimento da comunidade por meio da gest\u00e3o.<\/p>\n<\/div><\/div>\n\n\n\n<p class=\"wp-block-paragraph\"><\/p>\n\n\n\n<div style=\"height:121px\" aria-hidden=\"true\" class=\"wp-block-spacer\"><\/div>\n\n\n\n<h2 class=\"wp-block-heading\">Administra\u00e7\u00e3o do GESTEX<\/h2>\n\n\n\n<div style=\"height:39px\" aria-hidden=\"true\" class=\"wp-block-spacer\"><\/div>\n\n\n\n<div class=\"wp-block-media-text is-stacked-on-mobile is-vertically-aligned-center\" style=\"grid-template-columns:15% auto\"><figure class=\"wp-block-media-text__media\"><img loading=\"lazy\" decoding=\"async\" width=\"202\" height=\"260\" src=\"https:\/\/projetos.ufpr.br\/gestex\/wp-content\/uploads\/sites\/21\/2026\/06\/iomara.jpg\" alt=\"\" class=\"wp-image-584 size-full\" \/><\/figure><div class=\"wp-block-media-text__content\">\n<p class=\"wp-block-paragraph\"><strong>Coordenadora do <mark class=\"has-inline-color has-black-color\">Projeto<\/mark><\/strong><\/p>\n\n\n\n<p class=\"wp-block-paragraph\"><strong><mark class=\"has-inline-color has-black-color\">Iomara Scandelari Lemos<\/mark><\/strong><\/p>\n\n\n\n<p class=\"wp-block-paragraph\">Doutora em Administra\u00e7\u00e3o pela Pontif\u00edcia Universidade Cat\u00f3lica do Paran\u00e1 (2010). Mestre em Administra\u00e7\u00e3o Estrat\u00e9gica pela Pontif\u00edcia Universidade Cat\u00f3lica do Paran\u00e1 (2004).Mestre em Gest\u00e3o P\u00fablica do Turismo pela Universidad Internacional de Andalucia (2001).<\/p>\n<\/div><\/div>\n\n\n\n<div style=\"height:125px\" aria-hidden=\"true\" class=\"wp-block-spacer\"><\/div>\n\n\n\n<div class=\"wp-block-media-text is-stacked-on-mobile\" style=\"grid-template-columns:15% auto\"><figure class=\"wp-block-media-text__media\"><img loading=\"lazy\" decoding=\"async\" width=\"460\" height=\"560\" src=\"https:\/\/projetos.ufpr.br\/gestex\/wp-content\/uploads\/sites\/21\/2026\/06\/imagem-para-web.png\" alt=\"\" class=\"wp-image-640 size-full\" srcset=\"https:\/\/projetos.ufpr.br\/gestex\/wp-content\/uploads\/sites\/21\/2026\/06\/imagem-para-web.png 460w, https:\/\/projetos.ufpr.br\/gestex\/wp-content\/uploads\/sites\/21\/2026\/06\/imagem-para-web-246x300.png 246w, https:\/\/projetos.ufpr.br\/gestex\/wp-content\/uploads\/sites\/21\/2026\/06\/imagem-para-web-81x98.png 81w, https:\/\/projetos.ufpr.br\/gestex\/wp-content\/uploads\/sites\/21\/2026\/06\/imagem-para-web-47x57.png 47w\" sizes=\"auto, (max-width: 460px) 100vw, 460px\" \/><\/figure><div class=\"wp-block-media-text__content\">\n<p class=\"wp-block-paragraph\"><strong><mark class=\"has-inline-color has-black-color\">Vice Coordenador do Projeto<\/mark><\/strong><\/p>\n\n\n\n<p class=\"wp-block-paragraph\"><strong><mark class=\"has-inline-color has-black-color\">Sammuel Felipe Chagas de Souza<\/mark><\/strong><\/p>\n\n\n\n<p class=\"wp-block-paragraph\">Mestre em Sociedade e Fronteiras (2021). Especialista em Compliance e Gest\u00e3o de Riscos (2019). Graduado em Administra\u00e7\u00e3o (2017). Atuo no curso de Administra\u00e7\u00e3o da Universidade Federal do Paran\u00e1 na \u00e1rea de Administra\u00e7\u00e3o Geral e Estrat\u00e9gica.<\/p>\n<\/div><\/div>\n\n\n\n<div style=\"height:125px\" aria-hidden=\"true\" class=\"wp-block-spacer\"><\/div>\n\n\n\n<div class=\"wp-block-media-text is-stacked-on-mobile\" style=\"grid-template-columns:15% auto\"><figure class=\"wp-block-media-text__media\"><img loading=\"lazy\" decoding=\"async\" width=\"250\" height=\"250\" src=\"https:\/\/projetos.ufpr.br\/gestex\/wp-content\/uploads\/sites\/21\/2026\/06\/FREGA-1-250x250-1.png\" alt=\"\" class=\"wp-image-594 size-full\" srcset=\"https:\/\/projetos.ufpr.br\/gestex\/wp-content\/uploads\/sites\/21\/2026\/06\/FREGA-1-250x250-1.png 250w, https:\/\/projetos.ufpr.br\/gestex\/wp-content\/uploads\/sites\/21\/2026\/06\/FREGA-1-250x250-1-150x150.png 150w, https:\/\/projetos.ufpr.br\/gestex\/wp-content\/uploads\/sites\/21\/2026\/06\/FREGA-1-250x250-1-98x98.png 98w, https:\/\/projetos.ufpr.br\/gestex\/wp-content\/uploads\/sites\/21\/2026\/06\/FREGA-1-250x250-1-57x57.png 57w\" sizes=\"auto, (max-width: 250px) 100vw, 250px\" \/><\/figure><div class=\"wp-block-media-text__content\">\n<p class=\"wp-block-paragraph\"><strong><mark class=\"has-inline-color has-black-color\">Professor Orientador do Projeto<\/mark><\/strong><\/p>\n\n\n\n<p class=\"wp-block-paragraph\"><strong><mark class=\"has-inline-color has-black-color\">Jos\u00e9 Roberto Frega<\/mark><\/strong><\/p>\n\n\n\n<p class=\"wp-block-paragraph\">Doutor em Administra\u00e7\u00e3o de Empresas (2009) e mestre em Administra\u00e7\u00e3o Estrat\u00e9gica (2005) pela Pontif\u00edcia Universidade Cat\u00f3lica do Paran\u00e1. Especialista em Tecnologia da Informa\u00e7\u00e3o e Comunica\u00e7\u00e3o pela FAE-PR (2000).<\/p>\n<\/div><\/div>\n\n\n\n<div style=\"height:125px\" aria-hidden=\"true\" class=\"wp-block-spacer\"><\/div>\n\n\n\n<div class=\"wp-block-media-text is-stacked-on-mobile\" style=\"grid-template-columns:15% auto\"><figure class=\"wp-block-media-text__media\"><img loading=\"lazy\" decoding=\"async\" width=\"142\" height=\"160\" src=\"https:\/\/projetos.ufpr.br\/gestex\/wp-content\/uploads\/sites\/21\/2026\/06\/germano.jpg\" alt=\"\" class=\"wp-image-597 size-full\" \/><\/figure><div class=\"wp-block-media-text__content\">\n<p class=\"wp-block-paragraph\"><strong><strong><mark class=\"has-inline-color has-black-color\">Professor Orientador do Projeto<\/mark><\/strong><\/strong><\/p>\n\n\n\n<p class=\"wp-block-paragraph\"><strong><mark class=\"has-inline-color has-black-color\">Germano Glufke Reis<\/mark><\/strong><\/p>\n\n\n\n<p class=\"wp-block-paragraph\">P\u00f3s-doutor pelo Institute of Social Studies da Erasmus University of Rotterdam (Holanda) (2015). Doutor em Administra\u00e7\u00e3o pela Universidade de S\u00e3o Paulo (2012), com per\u00edodo sandu\u00edche na University of Cambridge, Inglaterra. Mestre em Administra\u00e7\u00e3o de Empresas pela Funda\u00e7\u00e3o Get\u00falio Vargas (2000).<\/p>\n<\/div><\/div>\n\n\n\n<div style=\"height:125px\" aria-hidden=\"true\" class=\"wp-block-spacer\"><\/div>\n\n\n\n<div class=\"wp-block-media-text is-stacked-on-mobile is-vertically-aligned-center\" style=\"grid-template-columns:15% auto\"><figure class=\"wp-block-media-text__media\"><img loading=\"lazy\" decoding=\"async\" width=\"250\" height=\"250\" src=\"https:\/\/projetos.ufpr.br\/gestex\/wp-content\/uploads\/sites\/21\/2026\/06\/SIMONE_C_R-250x250-1.png\" alt=\"\" class=\"wp-image-586 size-full\" srcset=\"https:\/\/projetos.ufpr.br\/gestex\/wp-content\/uploads\/sites\/21\/2026\/06\/SIMONE_C_R-250x250-1.png 250w, https:\/\/projetos.ufpr.br\/gestex\/wp-content\/uploads\/sites\/21\/2026\/06\/SIMONE_C_R-250x250-1-150x150.png 150w, https:\/\/projetos.ufpr.br\/gestex\/wp-content\/uploads\/sites\/21\/2026\/06\/SIMONE_C_R-250x250-1-98x98.png 98w, https:\/\/projetos.ufpr.br\/gestex\/wp-content\/uploads\/sites\/21\/2026\/06\/SIMONE_C_R-250x250-1-57x57.png 57w\" sizes=\"auto, (max-width: 250px) 100vw, 250px\" \/><\/figure><div class=\"wp-block-media-text__content\">\n<p class=\"wp-block-paragraph\"><mark class=\"has-inline-color has-black-color\"><strong>Professora Orientadora do Projeto<\/strong><\/mark><\/p>\n\n\n\n<p class=\"wp-block-paragraph\"><strong><mark class=\"has-inline-color has-black-color\">Simone Cristina Ramos<\/mark><\/strong><\/p>\n\n\n\n<p class=\"wp-block-paragraph\">Doutora em Administra\u00e7\u00e3o pela Universidade Federal do Paran\u00e1 (2015). Mestre em Administra\u00e7\u00e3o pela Pontif\u00edcia Universidade Cat\u00f3lica do Paran\u00e1 (2005). Especialista em administra\u00e7\u00e3o pela Pontif\u00edcia Universidade Cat\u00f3lica do Paran\u00e1(2003) e em Gest\u00e3o de Pessoas pela Universidade Federal do Paran\u00e1 (2001). Graduada em Psicologia pela Universidade Federal do Paran\u00e1 (1997). Atua no curso de Administra\u00e7\u00e3o da Universidade Federal do Paran\u00e1 na \u00e1rea de Gest\u00e3o de Pessoas. Atualmente \u00e9 coordenadora do curso de gradua\u00e7\u00e3o em Administra\u00e7\u00e3o da UFPR.<\/p>\n<\/div><\/div>\n\n\n\n<div style=\"height:125px\" aria-hidden=\"true\" class=\"wp-block-spacer\"><\/div>\n\n\n\n<h2 class=\"wp-block-heading\">Alunos Volunt\u00e1rios<\/h2>\n\n\n\n<div style=\"height:39px\" aria-hidden=\"true\" class=\"wp-block-spacer\"><\/div>\n\n\n\n<details class=\"wp-block-details is-layout-flow wp-block-details-is-layout-flow\"><summary>2026<\/summary>\n<p class=\"wp-block-paragraph\">Andre Luis Trindade dos Santos<\/p>\n\n\n\n<p class=\"wp-block-paragraph\">Ivam Carlos Gugelmin Miguel<\/p>\n\n\n\n<p class=\"wp-block-paragraph\">Lucas do Vale Nordi<\/p>\n\n\n\n<p class=\"wp-block-paragraph\">Raissa Bittencourt Cordeiro<\/p>\n\n\n\n<p class=\"wp-block-paragraph\">Ricardo Suckow Zonneveld<\/p>\n\n\n\n<p class=\"wp-block-paragraph\">Matheus Augusto Gama Alvez<\/p>\n<\/details>\n\n\n\n<details class=\"wp-block-details is-layout-flow wp-block-details-is-layout-flow\"><summary>2025<\/summary>\n<p class=\"wp-block-paragraph\">Beatriz Arantes<\/p>\n\n\n\n<p class=\"wp-block-paragraph\">Maria Julia Begnini Barbosa<\/p>\n\n\n\n<p class=\"wp-block-paragraph\">Luan Rodhair Ferreira Da Silva<\/p>\n<\/details>\n\n\n\n<details class=\"wp-block-details is-layout-flow wp-block-details-is-layout-flow\"><summary>2024<\/summary>\n<p class=\"wp-block-paragraph\">Beatriz Arantes<\/p>\n\n\n\n<p class=\"wp-block-paragraph\">Bruna Pereira Dos Santos<\/p>\n\n\n\n<p class=\"wp-block-paragraph\">Jennifer Cristine Guimaraes De Paula<\/p>\n<\/details>\n","protected":false},"excerpt":{"rendered":"<p>A equipe do Projeto Gest\u00e3o e Extens\u00e3o Universit\u00e1ria (GESTEX) \u00e9 composta por docentes, discentes, bolsistas e volunt\u00e1rios do Curso de Administra\u00e7\u00e3o da Universidade Federal do Paran\u00e1 (UFPR), que atuam de forma colaborativa na promo\u00e7\u00e3o da integra\u00e7\u00e3o entre o ensino, a pesquisa e a extens\u00e3o universit\u00e1ria. Os professores orientadores s\u00e3o respons\u00e1veis pela condu\u00e7\u00e3o acad\u00eamica e metodol\u00f3gica [&hellip;]<\/p>\n","protected":false},"author":8,"featured_media":0,"parent":0,"menu_order":0,"comment_status":"closed","ping_status":"closed","template":"page.php","meta":{"footnotes":""},"class_list":["post-51","page","type-page","status-publish","hentry"],"_links":{"self":[{"href":"https:\/\/projetos.ufpr.br\/gestex\/wp-json\/wp\/v2\/pages\/51","targetHints":{"allow":["GET"]}}],"collection":[{"href":"https:\/\/projetos.ufpr.br\/gestex\/wp-json\/wp\/v2\/pages"}],"about":[{"href":"https:\/\/projetos.ufpr.br\/gestex\/wp-json\/wp\/v2\/types\/page"}],"author":[{"embeddable":true,"href":"https:\/\/projetos.ufpr.br\/gestex\/wp-json\/wp\/v2\/users\/8"}],"replies":[{"embeddable":true,"href":"https:\/\/projetos.ufpr.br\/gestex\/wp-json\/wp\/v2\/comments?post=51"}],"version-history":[{"count":23,"href":"https:\/\/projetos.ufpr.br\/gestex\/wp-json\/wp\/v2\/pages\/51\/revisions"}],"predecessor-version":[{"id":770,"href":"https:\/\/projetos.ufpr.br\/gestex\/wp-json\/wp\/v2\/pages\/51\/revisions\/770"}],"wp:attachment":[{"href":"https:\/\/projetos.ufpr.br\/gestex\/wp-json\/wp\/v2\/media?parent=51"}],"curies":[{"name":"wp","href":"https:\/\/api.w.org\/{rel}","templated":true}]}}