{"id":27,"date":"2026-03-20T08:57:33","date_gmt":"2026-03-20T11:57:33","guid":{"rendered":"https:\/\/projetos.ufpr.br\/julietas\/sobre-o-projeto\/"},"modified":"2026-07-11T10:05:39","modified_gmt":"2026-07-11T13:05:39","slug":"sobre-o-projeto","status":"publish","type":"page","link":"https:\/\/projetos.ufpr.br\/julietas\/sobre-o-projeto\/","title":{"rendered":"Sobre o grupo"},"content":{"rendered":"\n<p class=\"wp-block-paragraph\" style=\"padding-right:var(--wp--preset--spacing--30);padding-left:var(--wp--preset--spacing--30);font-size:15px\">O Julietas \u00e9 um coletivo acad\u00eamico que re\u00fane professores e estudantes interessados em divulga\u00e7\u00e3o e populariza\u00e7\u00e3o da ci\u00eancia. <\/p>\n\n\n\n<p class=\"wp-block-paragraph\" style=\"padding-right:var(--wp--preset--spacing--30);padding-left:var(--wp--preset--spacing--30);font-size:15px\">O grupo iniciou as atividades em 2025, idealizado pelo professor Marcelo Val\u00e9rio, docente do Setor de Educa\u00e7\u00e3o da Universidade Federal do Paran\u00e1. <\/p>\n\n\n\n<p class=\"wp-block-paragraph\" style=\"padding-right:var(--wp--preset--spacing--30);padding-left:var(--wp--preset--spacing--30);font-size:15px\">Atualmente \u00e9 composto por estudantes de inicia\u00e7\u00e3o cient\u00edfica, de mestrado e doutorado, majoritariamente vinculados ao Programa de P\u00f3s Gradua\u00e7\u00e3o em Educa\u00e7\u00e3o em Ci\u00eancias e em Matem\u00e1tica da Universidade Federal do Paran\u00e1 (PPGECM\/UFPR). <\/p>\n\n\n\n<p class=\"wp-block-paragraph\" style=\"padding-right:var(--wp--preset--spacing--30);padding-left:var(--wp--preset--spacing--30);font-size:15px\">O nome do grupo \u00e9 uma homenagem as suas orientandas \u00e0 \u00e9poca, em conson\u00e2ncia com a trajet\u00f3ria da professora Maria Julieta Sebastiani Ormastroni &#8211; que voc\u00ea pode conhecer melhor navegando em uma guia espec\u00edfica que dedicamos a ela. <\/p>\n\n\n\n<p class=\"wp-block-paragraph\" style=\"padding-right:var(--wp--preset--spacing--20);padding-left:var(--wp--preset--spacing--20)\">Nossos estudos e pesquisas articulam os seguintes campos: <\/p>\n\n\n\n<ul class=\"wp-block-list\">\n<li>Estudos de compreens\u00e3o e percep\u00e7\u00e3o p\u00fablica da ci\u00eancia e da tecnologia.<\/li>\n\n\n\n<li>Cultura cient\u00edfica e Educa\u00e7\u00e3o em Ci\u00eancias.<\/li>\n\n\n\n<li>Espa\u00e7os e pr\u00e1ticas de educa\u00e7\u00e3o n\u00e3o escolar.<\/li>\n\n\n\n<li>Divulga\u00e7\u00e3o, Populariza\u00e7\u00e3o e Comunica\u00e7\u00e3o p\u00fablica de ci\u00eancia e tecnologia como campo de conhecimento e pesquisa acad\u00eamica.<\/li>\n\n\n\n<li>Pol\u00edticas p\u00fablicas e\/em educa\u00e7\u00e3o cient\u00edfica.<\/li>\n<\/ul>\n\n\n\n<p class=\"wp-block-paragraph\" style=\"padding-right:var(--wp--preset--spacing--30);padding-left:var(--wp--preset--spacing--30);font-size:15px\"><br>***<br>Certificado pelo CNPq em 2025:<br>http:\/\/dgp.cnpq.br\/dgp\/espelhogrupo\/823669<\/p>\n","protected":false},"excerpt":{"rendered":"<p>O Julietas \u00e9 um coletivo acad\u00eamico que re\u00fane professores e estudantes interessados em divulga\u00e7\u00e3o e populariza\u00e7\u00e3o da ci\u00eancia. O grupo iniciou as atividades em 2025, idealizado pelo professor Marcelo Val\u00e9rio, docente do Setor de Educa\u00e7\u00e3o da Universidade Federal do Paran\u00e1. Atualmente \u00e9 composto por estudantes de inicia\u00e7\u00e3o cient\u00edfica, de mestrado e doutorado, majoritariamente vinculados ao [&hellip;]<\/p>\n","protected":false},"author":12,"featured_media":0,"parent":0,"menu_order":0,"comment_status":"closed","ping_status":"closed","template":"page.php","meta":{"footnotes":""},"class_list":["post-27","page","type-page","status-publish","hentry"],"_links":{"self":[{"href":"https:\/\/projetos.ufpr.br\/julietas\/wp-json\/wp\/v2\/pages\/27","targetHints":{"allow":["GET"]}}],"collection":[{"href":"https:\/\/projetos.ufpr.br\/julietas\/wp-json\/wp\/v2\/pages"}],"about":[{"href":"https:\/\/projetos.ufpr.br\/julietas\/wp-json\/wp\/v2\/types\/page"}],"author":[{"embeddable":true,"href":"https:\/\/projetos.ufpr.br\/julietas\/wp-json\/wp\/v2\/users\/12"}],"replies":[{"embeddable":true,"href":"https:\/\/projetos.ufpr.br\/julietas\/wp-json\/wp\/v2\/comments?post=27"}],"version-history":[{"count":4,"href":"https:\/\/projetos.ufpr.br\/julietas\/wp-json\/wp\/v2\/pages\/27\/revisions"}],"predecessor-version":[{"id":402,"href":"https:\/\/projetos.ufpr.br\/julietas\/wp-json\/wp\/v2\/pages\/27\/revisions\/402"}],"wp:attachment":[{"href":"https:\/\/projetos.ufpr.br\/julietas\/wp-json\/wp\/v2\/media?parent=27"}],"curies":[{"name":"wp","href":"https:\/\/api.w.org\/{rel}","templated":true}]}}