{"id":36,"date":"2026-03-20T08:57:33","date_gmt":"2026-03-20T11:57:33","guid":{"rendered":"https:\/\/projetos.ufpr.br\/julietas\/documentos-e-recursos\/"},"modified":"2026-07-23T19:42:55","modified_gmt":"2026-07-23T22:42:55","slug":"publicacoes","status":"publish","type":"page","link":"https:\/\/projetos.ufpr.br\/julietas\/publicacoes\/","title":{"rendered":"Nossas publica\u00e7\u00f5es"},"content":{"rendered":"\n<p class=\"has-medium-font-size wp-block-paragraph\" style=\"padding-right:var(--wp--preset--spacing--30);padding-left:var(--wp--preset--spacing--30)\"><strong>Artigos completos em peri\u00f3dicos indexados<\/strong> <\/p>\n\n\n\n<p class=\"wp-block-paragraph\" style=\"padding-right:var(--wp--preset--spacing--20);padding-left:var(--wp--preset--spacing--20)\">CALHARES, Paloma Mendes; VAL\u00c9RIO, Marcelo ; MARTINS, Elis\u00e2ngela Karine. <a href=\"https:\/\/www.revistas.unijui.edu.br\/index.php\/contextoeducacao\/article\/view\/17916\" data-type=\"link\" data-id=\"https:\/\/www.revistas.unijui.edu.br\/index.php\/contextoeducacao\/article\/view\/17916\">Um olhar sobre perfis e conte\u00fados de divulga\u00e7\u00e3o cient\u00edfica na plataforma e Rede Tiktok. <\/a><strong>Contexto &amp; Educa\u00e7\u00e3o<\/strong>, v. 41, p. e17916, 2026.\u00a0<\/p>\n\n\n\n<p class=\"wp-block-paragraph\" style=\"padding-right:var(--wp--preset--spacing--20);padding-left:var(--wp--preset--spacing--20);font-size:15px\">TURRA, Laura Darif; VAL\u00c9RIO, Marcelo. <a href=\"https:\/\/educacaopublica.cecierj.edu.br\/divulgacao-cientifica\/index.php\/educacaopublica\/article\/view\/425\" data-type=\"link\" data-id=\"https:\/\/educacaopublica.cecierj.edu.br\/divulgacao-cientifica\/index.php\/educacaopublica\/article\/view\/425\">A divulga\u00e7\u00e3o cient\u00edfica na pesquisa em educa\u00e7\u00e3o em ci\u00eancias: o que revelam as \u00faltimas edi\u00e7\u00f5es dos maiores eventos do pa\u00eds?<\/a>. <strong>Revista Educa\u00e7\u00e3o P\u00fablica<\/strong>, v. 5, p. 1-20, 2026.<\/p>\n\n\n\n<p class=\"wp-block-paragraph\" style=\"padding-right:var(--wp--preset--spacing--20);padding-left:var(--wp--preset--spacing--20);font-size:15px\">\u00a0TURRA, Laura Darif; JESUS, Griscele Souza de; VAL\u00c9RIO, Marcelo. <a href=\"https:\/\/periodicos.unespar.edu.br\/ensinoepesquisa\/article\/view\/11837\" data-type=\"link\" data-id=\"https:\/\/periodicos.unespar.edu.br\/ensinoepesquisa\/article\/view\/11837\">A circula\u00e7\u00e3o da tem\u00e1tica Educa\u00e7\u00e3o Museal em encontros da \u00c1rea de Ensino de Ci\u00eancias.<\/a> <strong>Ensino &amp; Pesquisa<\/strong>, v. 24, p. 174-187, 2026.\u00a0<\/p>\n\n\n\n<p class=\"wp-block-paragraph\" style=\"padding-right:var(--wp--preset--spacing--20);padding-left:var(--wp--preset--spacing--20);font-size:15px\">BONARDO FARIAS, Karoline; JOUCOSKI, Emerson; ARANTES REIS, Rodrigo; VAL\u00c9RIO, Marcelo. <a href=\"https:\/\/educacaopublica.cecierj.edu.br\/divulgacao-cientifica\/index.php\/educacaopublica\/article\/view\/418\" data-type=\"link\" data-id=\"https:\/\/educacaopublica.cecierj.edu.br\/divulgacao-cientifica\/index.php\/educacaopublica\/article\/view\/418\">Materiais de Divulga\u00e7\u00e3o Cient\u00edfica como Processo de Amplia\u00e7\u00e3o e Compreens\u00e3o P\u00fablica da Ci\u00eancia Cidad\u00e3.<\/a>. <strong><strong>Revista Educa\u00e7\u00e3o P\u00fablica<\/strong><\/strong>, v. 5, p. 1-19, 2026.\u00a0<\/p>\n\n\n\n<p class=\"wp-block-paragraph\" style=\"padding-right:var(--wp--preset--spacing--20);padding-left:var(--wp--preset--spacing--20);font-size:15px\">JESUS, Griscele Souza de; TURRA, Laura Darif; MAIOLINO, Camila Valente; VAL\u00c9RIO, Marcelo. <a href=\"https:\/\/periodicos.uffs.edu.br\/index.php\/RIS\/article\/view\/15657\" data-type=\"link\" data-id=\"https:\/\/periodicos.uffs.edu.br\/index.php\/RIS\/article\/view\/15657\">Seria a Biologia protagonista na Semana Nacional de Ci\u00eancia e Tecnologia?<\/a>. <strong>Revista Insignare Scientia &#8211; RIS<\/strong>, v. 9, p. 1-17, 2026.\u00a0<\/p>\n\n\n\n<p class=\"wp-block-paragraph\" style=\"padding-right:var(--wp--preset--spacing--20);padding-left:var(--wp--preset--spacing--20);font-size:15px\">SANTOS JUNIOR, Antonio Carlos; PACHECO, Jailson Rodrigo; VAL\u00c9RIO, Marcelo. <a href=\"https:\/\/jcomal.sissa.it\/article\/pubid\/JCOMAL_0801_2025_A06\/\" data-type=\"link\" data-id=\"https:\/\/jcomal.sissa.it\/article\/pubid\/JCOMAL_0801_2025_A06\/\">Presen\u00e7as dos centros e museus de ci\u00eancia e tecnologia brasileiros em ambientes virtuais: mapeamento e caracteriza\u00e7\u00e3o. <\/a><strong>Journal of Science Communication &#8211; Am\u00e9rica Latina<\/strong>, v. 8, p. 1-14, 2025.<\/p>\n\n\n\n<p class=\"wp-block-paragraph\" style=\"padding-right:var(--wp--preset--spacing--20);padding-left:var(--wp--preset--spacing--20);font-size:15px\">CLETO, Fernanda; OLIVEIRA, Ednalva; REIS, Rodrigo Arantes; VAL\u00c9RIO, Marcelo. <a href=\"https:\/\/renbio.org.br\/index.php\/sbenbio\/article\/view\/1696\" data-type=\"link\" data-id=\"https:\/\/renbio.org.br\/index.php\/sbenbio\/article\/view\/1696\">O artesanato como proposta para divulga\u00e7\u00e3o cient\u00edfica: um relato de experi\u00eancia.<\/a> <strong>REnBio: Revista de Ensino de Biologia<\/strong>, v. 18, p. 64-78, 2025.<\/p>\n\n\n\n<p class=\"wp-block-paragraph\" style=\"padding-right:var(--wp--preset--spacing--20);padding-left:var(--wp--preset--spacing--20);font-size:15px\">VAL\u00c9RIO, Marcelo.; TAKATA, Roberto M. <a href=\"https:\/\/www.scielo.br\/j\/pp\/a\/hTx6975G7w7jYmx6Q46RfmJ\/?format=html&amp;lang=pt\" data-type=\"link\" data-id=\"https:\/\/www.scielo.br\/j\/pp\/a\/hTx6975G7w7jYmx6Q46RfmJ\/?format=html&amp;lang=pt\">Afinal, o que \u00e9 divulga\u00e7\u00e3o cient\u00edfica? Explana\u00e7\u00e3o e proposi\u00e7\u00e3o de uma defini\u00e7\u00e3o plural. <\/a><strong>PR\u00d3-POSI\u00c7\u00d5ES (UNICAMP. ONLINE)<\/strong>, v. 36, p. e2025c0502BR, 2025. \u00a0<\/p>\n\n\n\n<p class=\"wp-block-paragraph\" style=\"padding-right:var(--wp--preset--spacing--20);padding-left:var(--wp--preset--spacing--20);font-size:15px\">TURRA, L. D.; VAL\u00c9RIO, M.; AIRES, J. A. <a href=\"https:\/\/periodicoscientificos.ufmt.br\/ojs\/index.php\/reamec\/article\/view\/19187\" data-type=\"link\" data-id=\"https:\/\/periodicoscientificos.ufmt.br\/ojs\/index.php\/reamec\/article\/view\/19187\">Estilos de pensamento sobre divulga\u00e7\u00e3o cient\u00edfica e educa\u00e7\u00e3o n\u00e3o-formal em estudos da \u00e1rea de ensino de ci\u00eancias. <\/a><strong>Revista REAMEC<\/strong>, 2025.<\/p>\n\n\n\n<p class=\"wp-block-paragraph\" style=\"padding-right:var(--wp--preset--spacing--20);padding-left:var(--wp--preset--spacing--20);font-size:15px\">VAL\u00c9RIO, Marcelo. <a href=\"https:\/\/educacaopublica.cecierj.edu.br\/divulgacao-cientifica\/index.php\/educacaopublica\/article\/view\/235\" data-type=\"link\" data-id=\"https:\/\/educacaopublica.cecierj.edu.br\/divulgacao-cientifica\/index.php\/educacaopublica\/article\/view\/235\">Reflex\u00f5es sobre a experi\u00eancia de ensinar divulga\u00e7\u00e3o cient\u00edfica na gradua\u00e7\u00e3o. <\/a><strong>Revista Educa\u00e7\u00e3o P\u00fablica<\/strong>, v. 3, p. 1-14, 2024. <\/p>\n\n\n\n<p class=\"has-medium-font-size wp-block-paragraph\" style=\"padding-right:var(--wp--preset--spacing--30);padding-left:var(--wp--preset--spacing--30)\"><strong>Cap\u00edtulos de livros<\/strong><\/p>\n\n\n\n<p class=\"wp-block-paragraph\" style=\"padding-right:var(--wp--preset--spacing--30);padding-left:var(--wp--preset--spacing--30)\">JESUS, Griscele Souza de; VAL\u00c9RIO, Marcelo; TURRA, Laura Darif . <strong>A divulga\u00e7\u00e3o cient\u00edfica em documentos oficiais da Pol\u00edtica Cient\u00edfica e Tecnol\u00f3gica Brasileira. <\/strong>In: Everton Bedin; Gabriele dos Santos e Silva. (Org.). CONVERG\u00caNCIAS ENTRE SABERES, TECNOLOGIAS E INCLUS\u00c3O EM EDUCA\u00c7\u00c3O EM CI\u00caNCIAS E EM MATEM\u00c1TICA. 1ed.Itapiranga: Editora Schreiben, 2025, v. , p. 131-146.<\/p>\n\n\n\n<p class=\"wp-block-paragraph\" style=\"padding-right:var(--wp--preset--spacing--20);padding-left:var(--wp--preset--spacing--20)\">VAL\u00c9RIO, Marcelo;\u00a0TURRA, Laura Darif.<strong> A comunidade acad\u00eamica que pesquisa sobre divulga\u00e7\u00e3o cient\u00edfica no ensino de Qu\u00edmica: sujeitos, saberes e pr\u00e1ticas.<\/strong> 1ed.: Editora Schreiben, 2026, v. , p. 239-251.<\/p>\n\n\n\n<p class=\"wp-block-paragraph\" style=\"padding-right:var(--wp--preset--spacing--30);padding-left:var(--wp--preset--spacing--30)\">SANTANA, D. M. G. ; VAL\u00c9RIO, Marcelo. Museus e centros de ci\u00eancias. In: Jailson Rodrigo Pacheco; Let\u00edcia Silva de Oliveira Matos; Ana Paula Machado Velho; Dhiego Cunha da Silva; D\u00e9bora de Mello Gon\u00e7alves Sant\u00b4Ana; Rodrigo Arantes Reis; Ren\u00ea Wagner Ramos. (Org.). Espa\u00e7os de divulga\u00e7\u00e3o cient\u00edfica do estado do Paran\u00e1. 1ed. Curitiba: Gr\u00e1fica e Editora UNIOESTE, 2024, v. , p. 30-34.<\/p>\n\n\n\n<p class=\"has-medium-font-size wp-block-paragraph\" style=\"padding-right:var(--wp--preset--spacing--20);padding-left:var(--wp--preset--spacing--20)\"><strong>Trabalhos apresentados em eventos acad\u00eamicos<\/strong><\/p>\n\n\n\n<p class=\"wp-block-paragraph\" style=\"padding-right:var(--wp--preset--spacing--30);padding-left:var(--wp--preset--spacing--30)\">TURRA, Laura Darif ; JESUS, Griscele Souza de ; VAL\u00c9RIO, Marcelo. A circula\u00e7\u00e3o da tem\u00e1tica educa\u00e7\u00e3o museal em encontros da \u00e1rea de ensino de ci\u00eancias. In: Encontro Nacional da Associa\u00e7\u00e3o Brasileira de Centros e Museus de Ci\u00eancias, 2025, Maring\u00e1. Anais do V Encontro Nacional da Associa\u00e7\u00e3o Brasileira de Centros e Museus de Ci\u00eancias. Maring\u00e1: Museu Din\u00e2mico Interdisciplinar (MUDI), 2025., 2025. v. 1.<\/p>\n\n\n\n<p class=\"wp-block-paragraph\" style=\"padding-right:var(--wp--preset--spacing--30);padding-left:var(--wp--preset--spacing--30)\">TURRA, L. D.; VALERIO, M. . A divulga\u00e7\u00e3o cient\u00edfica e o Ensino de Biologia: uma an\u00e1lise sobre o eixo tem\u00e1tico de educa\u00e7\u00e3o n\u00e3o-formal nos encontros nacionais. In: Rodrigo Cerqueira do Nascimento Borba; Gustavo Lopes Ferreira. (Orgs.). Anais do IX Encontro Nacional de Ensino de Biologia e VII Encontro Regional de Ensino de Biologia da Regional 4 (MG\/GO\/TO\/DF): Ensinar Biologia, ensinar vida: entrela\u00e7ando hist\u00f3rias, doc\u00eancias e afetos. 1. ed. Belo Horizonte: Sbenbio Nacional, 2025. p. 1-13.<\/p>\n\n\n\n<p class=\"wp-block-paragraph\" style=\"padding-right:var(--wp--preset--spacing--30);padding-left:var(--wp--preset--spacing--30)\">TURRA, L. D.; JESUS, G. S. de ; CALHARES, P. M. ; VALERIO, M. A divulga\u00e7\u00e3o cient\u00edfica na Revista de Ensino de Biologia (REnBio): insufici\u00eancia te\u00f3rica e perspectivas abertas. In: Encontro Regional de Ensino de Biologia, 11., Curitiba, 2025. Anais [&#8230;]. Curitiba: Even3, 2025.<\/p>\n\n\n\n<p class=\"wp-block-paragraph\" style=\"padding-right:var(--wp--preset--spacing--30);padding-left:var(--wp--preset--spacing--30)\">TURRA, Laura Darif; JESUS, Griscele Souza de; VAL\u00c9RIO, Marcelo. A produ\u00e7\u00e3o acad\u00eamica sobre divulga\u00e7\u00e3o cient\u00edfica e educa\u00e7\u00e3o n\u00e3o-formal no encontro nacional de pesquisa em educa\u00e7\u00e3o em ci\u00eancias. In: Encontro Nacional de Pesquisa em Educa\u00e7\u00e3o em Ci\u00eancias, 14., Bel\u00e9m, 2025. Anais [&#8230;]. Bel\u00e9m: ABRAPEC, 2025.<\/p>\n\n\n\n<p class=\"wp-block-paragraph\" style=\"padding-right:var(--wp--preset--spacing--30);padding-left:var(--wp--preset--spacing--30)\">TURRA, Laura Darif; JESUS, Griscele Souza de; VAL\u00c9RIO, Marcelo. Divulga\u00e7\u00e3o cient\u00edfica no contexto da educa\u00e7\u00e3o b\u00e1sica: uma revis\u00e3o nas atas do ENEQ. In: Simp\u00f3sio Catarinense em Educa\u00e7\u00e3o em Ci\u00eancias, 6., Florian\u00f3polis, 2025. Anais [&#8230;]. Florian\u00f3polis: Even3, 2025.<\/p>\n\n\n\n<p class=\"wp-block-paragraph\" style=\"padding-right:var(--wp--preset--spacing--30);padding-left:var(--wp--preset--spacing--30)\">JESUS, Griscele Souza de; TURRA, Laura Darif; VAL\u00c9RIO, Marcelo. Divulga\u00e7\u00e3o cient\u00edfica e curr\u00edculo: reflex\u00f5es sobre a BNCC. In: Simp\u00f3sio Catarinense em Educa\u00e7\u00e3o em Ci\u00eancias, 6., Florian\u00f3polis, 2025. Anais [&#8230;]. Florian\u00f3polis: Even3, 2025.<\/p>\n\n\n\n<p class=\"wp-block-paragraph\" style=\"padding-right:var(--wp--preset--spacing--20);padding-left:var(--wp--preset--spacing--20);font-size:20px\"><strong>Disserta\u00e7\u00f5es e Teses j\u00e1 defendidas<\/strong><\/p>\n\n\n\n<ul class=\"wp-block-list\">\n<li>DISSERTA\u00c7\u00c3O DE MESTRADO (2025) &#8211; LAURA DARIF TURRA &#8211; A CONSTITUI\u00c7\u00c3O DA DIVULGA\u00c7\u00c3O CIENT\u00cdFICA COMO CAMPO DE PESQUISA: UM ESTUDO EM EVENTOS DA \u00c1REA DE ENSINO A PARTIR DAS CATEGORIAS DE LUDWIK FLECK (<a href=\"https:\/\/acervodigital.ufpr.br\/xmlui\/bitstream\/handle\/1884\/102097\/R%20-%20D%20-%20LAURA%20DARIF%20TURRA.pdf?sequence=1&amp;isAllowed=y\" data-type=\"link\" data-id=\"https:\/\/acervodigital.ufpr.br\/xmlui\/bitstream\/handle\/1884\/102097\/R%20-%20D%20-%20LAURA%20DARIF%20TURRA.pdf?sequence=1&amp;isAllowed=y\">baixe aqui<\/a>)<\/li>\n<\/ul>\n\n\n\n<p class=\"wp-block-paragraph\"><\/p>\n","protected":false},"excerpt":{"rendered":"<p>Artigos completos em peri\u00f3dicos indexados CALHARES, Paloma Mendes; VAL\u00c9RIO, Marcelo ; MARTINS, Elis\u00e2ngela Karine. Um olhar sobre perfis e conte\u00fados de divulga\u00e7\u00e3o cient\u00edfica na plataforma e Rede Tiktok. Contexto &amp; Educa\u00e7\u00e3o, v. 41, p. e17916, 2026.\u00a0 TURRA, Laura Darif; VAL\u00c9RIO, Marcelo. A divulga\u00e7\u00e3o cient\u00edfica na pesquisa em educa\u00e7\u00e3o em ci\u00eancias: o que revelam as \u00faltimas [&hellip;]<\/p>\n","protected":false},"author":12,"featured_media":0,"parent":0,"menu_order":0,"comment_status":"closed","ping_status":"closed","template":"page.php","meta":{"footnotes":""},"class_list":["post-36","page","type-page","status-publish","hentry"],"_links":{"self":[{"href":"https:\/\/projetos.ufpr.br\/julietas\/wp-json\/wp\/v2\/pages\/36","targetHints":{"allow":["GET"]}}],"collection":[{"href":"https:\/\/projetos.ufpr.br\/julietas\/wp-json\/wp\/v2\/pages"}],"about":[{"href":"https:\/\/projetos.ufpr.br\/julietas\/wp-json\/wp\/v2\/types\/page"}],"author":[{"embeddable":true,"href":"https:\/\/projetos.ufpr.br\/julietas\/wp-json\/wp\/v2\/users\/12"}],"replies":[{"embeddable":true,"href":"https:\/\/projetos.ufpr.br\/julietas\/wp-json\/wp\/v2\/comments?post=36"}],"version-history":[{"count":15,"href":"https:\/\/projetos.ufpr.br\/julietas\/wp-json\/wp\/v2\/pages\/36\/revisions"}],"predecessor-version":[{"id":427,"href":"https:\/\/projetos.ufpr.br\/julietas\/wp-json\/wp\/v2\/pages\/36\/revisions\/427"}],"wp:attachment":[{"href":"https:\/\/projetos.ufpr.br\/julietas\/wp-json\/wp\/v2\/media?parent=36"}],"curies":[{"name":"wp","href":"https:\/\/api.w.org\/{rel}","templated":true}]}}