{"id":395,"date":"2026-07-29T18:30:15","date_gmt":"2026-07-29T21:30:15","guid":{"rendered":"https:\/\/projetos.ufpr.br\/maquinadh\/?page_id=395"},"modified":"2026-07-29T19:13:08","modified_gmt":"2026-07-29T22:13:08","slug":"linha-do-tempo","status":"publish","type":"page","link":"https:\/\/projetos.ufpr.br\/maquinadh\/linha-do-tempo\/","title":{"rendered":"Linha do Tempo"},"content":{"rendered":"\n<p class=\"wp-block-paragraph\">Trajet\u00f3ria do M\u00e1quina de Ativismos<\/p>\n\n\n\n<blockquote class=\"wp-block-quote is-layout-flow wp-block-quote-is-layout-flow\">\n<p class=\"wp-block-paragraph\">Conhe\u00e7a os projetos desenvolvidos pelo M\u00e1quina de Ativismos ao longo dos anos, destacando as principais a\u00e7\u00f5es, pesquisas e iniciativas realizadas.<\/p>\n<\/blockquote>\n\n\n\n<div class=\"wp-block-columns is-layout-flex wp-container-core-columns-is-layout-8f761849 wp-block-columns-is-layout-flex\">\n<div class=\"wp-block-column is-layout-flow wp-block-column-is-layout-flow\" style=\"flex-basis:33.33%\">\n<h2 class=\"wp-block-heading has-white-color has-luminous-vivid-orange-background-color has-text-color has-background has-link-color wp-elements-1\">2021<\/h2>\n<\/div>\n\n\n\n<div class=\"wp-block-column is-layout-flow wp-block-column-is-layout-flow\" style=\"flex-basis:66.66%\">\n<figure class=\"wp-block-image size-full is-resized\"><img loading=\"lazy\" decoding=\"async\" width=\"1080\" height=\"1080\" src=\"https:\/\/projetos.ufpr.br\/maquinadh\/wp-content\/uploads\/sites\/157\/2026\/07\/Escuta-Escuta.jpg\" alt=\"\" class=\"wp-image-408\" style=\"width:419px;height:auto\" \/><\/figure>\n\n\n\n<h2 class=\"wp-block-heading\" style=\"text-transform:uppercase\">Escuta &#8211; Escuta<\/h2>\n\n\n\n<p class=\"wp-block-paragraph\">Realizada em 2021, no contexto de in\u00edcio de diminui\u00e7\u00e3o das restri\u00e7\u00f5es sociais impostas pela pandemia, a a\u00e7\u00e3o buscou refletir sobre \u201cquais mundos s\u00e3o poss\u00edveis\u201d a partir de vozes diversas. Foram selecionados seis textos liter\u00e1rios diferentes, gravados por convidados, e levados a locais p\u00fablicos de Curitiba\/PR.. Dentre os textos temos: Concei\u00e7\u00e3o Evaristo; Jup do Bairro; Eduardo Galeano; Tatiana Nascimento; Eliana Potiguara e Warsan Shire. Transeuntes sorteavam um relato com o uso de um dado e ouviam esses textos. Assim, a iniciativa promoveu, por meio da arte e da escuta, a abertura \u00e0s diferen\u00e7as, estimulando mudan\u00e7as de olhar sobre os direitos humanos. A experi\u00eancia foi registrada em curtas metragens. Para a 8\u00aa Feira, a proposta \u00e9 repetir a experi\u00eancia, convidando os participantes a jogarem os dados novamente e a escutarem esses relatos por meio de fones de ouvido.&nbsp;<\/p>\n<\/div>\n<\/div>\n\n\n\n<hr class=\"wp-block-separator has-text-color has-luminous-vivid-orange-color has-alpha-channel-opacity has-luminous-vivid-orange-background-color has-background is-style-dots\" \/>\n\n\n\n<div class=\"wp-block-columns is-layout-flex wp-container-core-columns-is-layout-8f761849 wp-block-columns-is-layout-flex\">\n<div class=\"wp-block-column is-layout-flow wp-block-column-is-layout-flow\" style=\"flex-basis:33.33%\">\n<h2 class=\"wp-block-heading has-white-color has-luminous-vivid-orange-background-color has-text-color has-background has-link-color wp-elements-2\">2022<\/h2>\n<\/div>\n\n\n\n<div class=\"wp-block-column is-layout-flow wp-block-column-is-layout-flow\" style=\"flex-basis:66.66%\">\n<figure class=\"wp-block-image size-full is-resized\"><img loading=\"lazy\" decoding=\"async\" width=\"1080\" height=\"1080\" src=\"https:\/\/projetos.ufpr.br\/maquinadh\/wp-content\/uploads\/sites\/157\/2026\/07\/RE-TRATA-ACOES.jpg\" alt=\"\" class=\"wp-image-421\" style=\"width:419px;height:auto\" \/><\/figure>\n\n\n\n<h2 class=\"wp-block-heading\"><strong>RE-TRATA-A\u00c7\u00d5ES<\/strong>\u00a0<\/h2>\n\n\n\n<p class=\"wp-block-paragraph\">Em 2022, ainda no contexto p\u00f3s-pand\u00eamico, a a\u00e7\u00e3o consistiu em uma exposi\u00e7\u00e3o de imagens de viola\u00e7\u00f5es de direitos humanos retiradas da imprensa e ressignificadas para reconhecer o luto e criar novos cen\u00e1rios pautados na dignidade humana. As imagens foram retrabalhadas com colagens, recortes, altera\u00e7\u00e3o digital, desenhos propondo uma nova imagem que considerasse a possibilidade de repara\u00e7\u00e3o as estas viola\u00e7\u00f5es. Um exemplo foi a foto do \u201cGarimpo contra a fome\u201d, que mostrava uma pessoa em busca de ossos e restos de carne, retrabalhada com alimentos que remetiam \u00e0 bandeira do Brasil. O objetivo foi provocar inc\u00f4modo e reflex\u00e3o sobre quais vidas merecem aten\u00e7\u00e3o. A nova proposta \u00e9 reproduzir a mostra, apresentando os materiais feitos e criando novas imagens junto aos participantes.\u00a0<br><\/p>\n<\/div>\n<\/div>\n\n\n\n<hr class=\"wp-block-separator has-text-color has-luminous-vivid-orange-color has-alpha-channel-opacity has-luminous-vivid-orange-background-color has-background is-style-dots\" \/>\n\n\n\n<div class=\"wp-block-columns is-layout-flex wp-container-core-columns-is-layout-8f761849 wp-block-columns-is-layout-flex\">\n<div class=\"wp-block-column is-layout-flow wp-block-column-is-layout-flow\" style=\"flex-basis:33.33%\">\n<h2 class=\"wp-block-heading has-white-color has-luminous-vivid-orange-background-color has-text-color has-background has-link-color wp-elements-3\">2023<\/h2>\n<\/div>\n\n\n\n<div class=\"wp-block-column is-layout-flow wp-block-column-is-layout-flow\" style=\"flex-basis:66.66%\">\n<figure class=\"wp-block-image size-full is-resized\"><img loading=\"lazy\" decoding=\"async\" width=\"1080\" height=\"1080\" src=\"https:\/\/projetos.ufpr.br\/maquinadh\/wp-content\/uploads\/sites\/157\/2026\/07\/PLASTIC-DOLL.jpg\" alt=\"\" class=\"wp-image-415\" style=\"width:419px;height:auto\" \/><\/figure>\n\n\n\n<h2 class=\"wp-block-heading\"><strong>PLASTIC DOLL<\/strong>\u00a0<\/h2>\n\n\n\n<p class=\"wp-block-paragraph\">Realizada a primeira edi\u00e7\u00e3o em 2023, o projeto PlasticDoll \u00e9 uma iniciativa de arte e ativismo, idealizada pelo Babel Theater Project (EUA) em parceria com o M\u00e1quina de Ativismos (UFPR). Seu principal objetivo \u00e9 usar a alegoria das bonecas Barbie e Ken para investigar e debater os sistemas opressores de g\u00eanero, ra\u00e7a e sexualidade, buscando a desconstru\u00e7\u00e3o de normas sociais limitantes. Consistiu em uma s\u00e9rie de atividades gratuitas, como oficinas de escuta, debates e uma instala\u00e7\u00e3o perform\u00e1tica que convidava o p\u00fablico \u00e0 reflex\u00e3o cr\u00edtica sobre as estruturas da cultura ocidental.\u00a0<br><\/p>\n<\/div>\n<\/div>\n\n\n\n<hr class=\"wp-block-separator has-text-color has-luminous-vivid-orange-color has-alpha-channel-opacity has-luminous-vivid-orange-background-color has-background is-style-dots\" \/>\n\n\n\n<div class=\"wp-block-columns is-layout-flex wp-container-core-columns-is-layout-8f761849 wp-block-columns-is-layout-flex\">\n<div class=\"wp-block-column is-layout-flow wp-block-column-is-layout-flow\" style=\"flex-basis:33.33%\">\n<h2 class=\"wp-block-heading has-white-color has-luminous-vivid-orange-background-color has-text-color has-background has-link-color wp-elements-4\">2023<\/h2>\n<\/div>\n\n\n\n<div class=\"wp-block-column is-layout-flow wp-block-column-is-layout-flow\" style=\"flex-basis:66.66%\">\n<figure class=\"wp-block-image size-full is-resized\"><img loading=\"lazy\" decoding=\"async\" width=\"1080\" height=\"1080\" src=\"https:\/\/projetos.ufpr.br\/maquinadh\/wp-content\/uploads\/sites\/157\/2026\/07\/Novo-mapa-da-capital-paranaense.jpg\" alt=\"\" class=\"wp-image-409\" style=\"width:419px;height:auto\" \/><\/figure>\n\n\n\n<h2 class=\"wp-block-heading\" style=\"text-transform:uppercase\"><strong>Novo mapa da capital paranaense:\u00a0<\/strong><\/h2>\n\n\n\n<p class=\"wp-block-paragraph\">Ao inv\u00e9s de pontos tur\u00edsticos e locais que refor\u00e7am a narrativa oficial, o roteiro do passeio vai destacar hist\u00f3rias e personagens invisibilizados, trazendo a identidade negra, ind\u00edgena e LGTQIA+ da cidade. O mapa tamb\u00e9m traz os espa\u00e7os de luta, mem\u00f3ria e resist\u00eancia que seguem vivos na cartografia urbana.<\/p>\n\n\n\n<p class=\"wp-block-paragraph\">Para o lan\u00e7amento, faremos um passeio guiado com dura\u00e7\u00e3o de 2 horas, saindo das Ru\u00ednas de S\u00e3o Francisco, no Largo da Ordem.<\/p>\n<\/div>\n<\/div>\n\n\n\n<hr class=\"wp-block-separator has-text-color has-luminous-vivid-orange-color has-alpha-channel-opacity has-luminous-vivid-orange-background-color has-background is-style-dots\" \/>\n\n\n\n<div class=\"wp-block-columns is-layout-flex wp-container-core-columns-is-layout-8f761849 wp-block-columns-is-layout-flex\">\n<div class=\"wp-block-column is-layout-flow wp-block-column-is-layout-flow\" style=\"flex-basis:33.33%\">\n<h2 class=\"wp-block-heading has-white-color has-luminous-vivid-orange-background-color has-text-color has-background has-link-color wp-elements-5\">2024<\/h2>\n<\/div>\n\n\n\n<div class=\"wp-block-column is-layout-flow wp-block-column-is-layout-flow\" style=\"flex-basis:66.66%\">\n<figure class=\"wp-block-image size-full is-resized\"><img loading=\"lazy\" decoding=\"async\" width=\"1080\" height=\"1080\" src=\"https:\/\/projetos.ufpr.br\/maquinadh\/wp-content\/uploads\/sites\/157\/2026\/07\/percurso-lgbti.jpg\" alt=\"\" class=\"wp-image-410\" style=\"width:419px;height:auto\" \/><\/figure>\n\n\n\n<h2 class=\"wp-block-heading\" style=\"text-transform:uppercase\"><strong><strong>percurso lgbti+<\/strong>\u00a0<\/strong><\/h2>\n\n\n\n<p class=\"wp-block-paragraph\">O Percurso pretende conferir visibilidade \u00e0 Mem\u00f3ria LGBTI+ da capital paranaense. Nosso foco \u00e9 trabalhar com os espa\u00e7os, os sujeitos e suas pr\u00e1ticas sociais. A proposta \u00e9 vivenciarmos a cidade de Curitiba a partir da presen\u00e7a\/aus\u00eancia dos sujeitos LGBTI+. Um processo permanente de des(constru\u00e7\u00e3o), no presente, de um passado muitas vezes invisibilizado. LGBT\u00a0<\/p>\n<\/div>\n<\/div>\n\n\n\n<hr class=\"wp-block-separator has-text-color has-luminous-vivid-orange-color has-alpha-channel-opacity has-luminous-vivid-orange-background-color has-background is-style-dots\" \/>\n\n\n\n<div class=\"wp-block-columns is-layout-flex wp-container-core-columns-is-layout-8f761849 wp-block-columns-is-layout-flex\">\n<div class=\"wp-block-column is-layout-flow wp-block-column-is-layout-flow\" style=\"flex-basis:33.33%\">\n<h2 class=\"wp-block-heading has-white-color has-luminous-vivid-orange-background-color has-text-color has-background has-link-color wp-elements-6\">2024<\/h2>\n<\/div>\n\n\n\n<div class=\"wp-block-column is-layout-flow wp-block-column-is-layout-flow\" style=\"flex-basis:66.66%\">\n<figure class=\"wp-block-image size-full is-resized\"><img loading=\"lazy\" decoding=\"async\" width=\"1080\" height=\"1080\" src=\"https:\/\/projetos.ufpr.br\/maquinadh\/wp-content\/uploads\/sites\/157\/2026\/07\/procura-se.jpg\" alt=\"\" class=\"wp-image-418\" style=\"width:419px;height:auto\" \/><\/figure>\n\n\n\n<h2 class=\"wp-block-heading\" style=\"text-transform:uppercase\"><strong><strong><strong>procura-se<\/strong>\u00a0<\/strong><\/strong><\/h2>\n\n\n\n<p class=\"wp-block-paragraph\">Em 2024, nos 60 anos do golpe militar de 1964, foram organizadas manifesta\u00e7\u00f5es art\u00edsticas para relembrar viola\u00e7\u00f5es da Ditadura e refletir sobre sua perman\u00eancia atual. A atividade consistiu em apresentar em locais p\u00fablicos um arquivo trancado com documentos sobre viola\u00e7\u00f5es de direitos humanos, convidando os transeuntes a \u201cdesarquivar\u201d esses fatos, conectando o passado da ditadura com viol\u00eancias presentes, como a repress\u00e3o policial. A proposta atual \u00e9 levar a a\u00e7\u00e3o para S\u00e3o Paulo, com arquivos de casos locais de viola\u00e7\u00f5es, a serem \u201cdesarquivados\u201d pelos participantes e propor quest\u00f5es sobre mem\u00f3ria, verdade e justi\u00e7a. Chamamos as pessoas para abrirem os arquivos do passado da ditadura mas do presente, correlacionando o que permanece ou n\u00e3o desse passado nos dias de hoje.\u00a0<br><\/p>\n<\/div>\n<\/div>\n\n\n\n<hr class=\"wp-block-separator has-text-color has-luminous-vivid-orange-color has-alpha-channel-opacity has-luminous-vivid-orange-background-color has-background is-style-dots\" \/>\n\n\n\n<p class=\"wp-block-paragraph\"><\/p>\n\n\n\n<div class=\"wp-block-columns is-layout-flex wp-container-core-columns-is-layout-8f761849 wp-block-columns-is-layout-flex\">\n<div class=\"wp-block-column is-layout-flow wp-block-column-is-layout-flow\" style=\"flex-basis:33.33%\">\n<h2 class=\"wp-block-heading has-white-color has-luminous-vivid-orange-background-color has-text-color has-background has-link-color wp-elements-7\">2025<\/h2>\n<\/div>\n\n\n\n<div class=\"wp-block-column is-layout-flow wp-block-column-is-layout-flow\" style=\"flex-basis:66.66%\">\n<figure class=\"wp-block-image size-full is-resized\"><img loading=\"lazy\" decoding=\"async\" width=\"1080\" height=\"1080\" src=\"https:\/\/projetos.ufpr.br\/maquinadh\/wp-content\/uploads\/sites\/157\/2026\/07\/Arpilheiras.jpg\" alt=\"\" class=\"wp-image-405\" style=\"width:419px;height:auto\" \/><\/figure>\n\n\n\n<h2 class=\"wp-block-heading\" style=\"text-transform:uppercase\">Arpilheiras<\/h2>\n\n\n\n<p class=\"wp-block-paragraph\">O projeto, materializado na exposi\u00e7\u00e3o &#8220;Tecidos de Luta: \u00c1guas para a Vida&#8221;, \u00e9 uma colabora\u00e7\u00e3o entre o Movimento dos Atingidos por Barragens (MAB) e projetos de extens\u00e3o da UFPR, como o M\u00e1quina de Ativismos em Direitos Humanos. A iniciativa consiste na exibi\u00e7\u00e3o de bordados (arpilleras) confeccionados por Mulheres Atingidas por Barragens em todo o Brasil. As arpilleras, t\u00e9cnica t\u00eaxtil de den\u00fancia origin\u00e1ria do Chile, s\u00e3o utilizadas pelas mulheres como uma poderosa ferramenta para narrar suas hist\u00f3rias de vida, expor as viola\u00e7\u00f5es de direitos humanos e os impactos socioambientais causados pelos empreendimentos hidrel\u00e9tricos. Em Curitiba, a exposi\u00e7\u00e3o ocorreu na Caixa Cultural, em outubro de 2023, e teve como objetivo sensibilizar a comunidade sobre o tema, transformando a arte em um meio de ativismo, mem\u00f3ria e resist\u00eancia popular.\u00a0<br><\/p>\n<\/div>\n<\/div>\n","protected":false},"excerpt":{"rendered":"<p>Trajet\u00f3ria do M\u00e1quina de Ativismos Conhe\u00e7a os projetos desenvolvidos pelo M\u00e1quina de Ativismos ao longo dos anos, destacando as principais a\u00e7\u00f5es, pesquisas e iniciativas realizadas. 2021 Escuta &#8211; Escuta Realizada em 2021, no contexto de in\u00edcio de diminui\u00e7\u00e3o das restri\u00e7\u00f5es sociais impostas pela pandemia, a a\u00e7\u00e3o buscou refletir sobre \u201cquais mundos s\u00e3o poss\u00edveis\u201d a partir [&hellip;]<\/p>\n","protected":false},"author":181,"featured_media":0,"parent":0,"menu_order":0,"comment_status":"closed","ping_status":"closed","template":"","meta":{"footnotes":""},"class_list":["post-395","page","type-page","status-publish","hentry"],"_links":{"self":[{"href":"https:\/\/projetos.ufpr.br\/maquinadh\/wp-json\/wp\/v2\/pages\/395","targetHints":{"allow":["GET"]}}],"collection":[{"href":"https:\/\/projetos.ufpr.br\/maquinadh\/wp-json\/wp\/v2\/pages"}],"about":[{"href":"https:\/\/projetos.ufpr.br\/maquinadh\/wp-json\/wp\/v2\/types\/page"}],"author":[{"embeddable":true,"href":"https:\/\/projetos.ufpr.br\/maquinadh\/wp-json\/wp\/v2\/users\/181"}],"replies":[{"embeddable":true,"href":"https:\/\/projetos.ufpr.br\/maquinadh\/wp-json\/wp\/v2\/comments?post=395"}],"version-history":[{"count":3,"href":"https:\/\/projetos.ufpr.br\/maquinadh\/wp-json\/wp\/v2\/pages\/395\/revisions"}],"predecessor-version":[{"id":422,"href":"https:\/\/projetos.ufpr.br\/maquinadh\/wp-json\/wp\/v2\/pages\/395\/revisions\/422"}],"wp:attachment":[{"href":"https:\/\/projetos.ufpr.br\/maquinadh\/wp-json\/wp\/v2\/media?parent=395"}],"curies":[{"name":"wp","href":"https:\/\/api.w.org\/{rel}","templated":true}]}}