{"id":26,"date":"2025-07-29T14:20:16","date_gmt":"2025-07-29T17:20:16","guid":{"rendered":"https:\/\/projetos.ufpr.br\/observatorioni\/sobre-o-projeto\/"},"modified":"2026-08-10T13:57:45","modified_gmt":"2026-08-10T16:57:45","slug":"sobre-o-projeto","status":"publish","type":"page","link":"https:\/\/projetos.ufpr.br\/observatorioni\/sobre-o-projeto\/","title":{"rendered":"O Observat\u00f3rio em Neg\u00f3cios Imobili\u00e1rios"},"content":{"rendered":"\n<p class=\"wp-block-paragraph\">O <strong>Observat\u00f3rio em Neg\u00f3cios Imobili\u00e1rios da UFPR<\/strong> \u00e9 um espa\u00e7o de conex\u00e3o entre universidade, mercado e sociedade.<\/p>\n\n\n\n<p class=\"wp-block-paragraph\">Seu objetivo \u00e9 <strong>produzir conhecimento aplicado<\/strong> sobre as din\u00e2micas imobili\u00e1rias e compartilhar com a comunidade.<\/p>\n\n\n\n<p class=\"wp-block-paragraph\">Aqui, estudantes, professores e profissionais analisam<strong> dados, legisla\u00e7\u00f5es e tend\u00eancias<\/strong> do setor imobili\u00e1rio.<\/p>\n\n\n\n<p class=\"wp-block-paragraph\"> <\/p>\n\n\n\n<h2 class=\"wp-block-heading\">Objetivos do Observat\u00f3rio<\/h2>\n\n\n\n<p class=\"wp-block-paragraph\">\u25cf <strong>Canal \u00e1gil de comunica\u00e7\u00e3o <\/strong>com empresas, agentes p\u00fablicos e sociedade.<\/p>\n\n\n\n<p class=\"wp-block-paragraph\">\u25cf <strong>An\u00e1lises cr\u00edticas<\/strong> de situa\u00e7\u00f5es reais e problemas do mercado imobili\u00e1rio.<\/p>\n\n\n\n<p class=\"wp-block-paragraph\">\u25cf <strong>Protocolos de a\u00e7\u00e3o<\/strong> para enfrentar desafios do setor.<\/p>\n\n\n\n<p class=\"wp-block-paragraph\">\u25cf <strong>Devolutivas peri\u00f3dicas<\/strong>, aproximando comunidade acad\u00eamica e externa.<\/p>\n\n\n\n<p class=\"wp-block-paragraph\"> <\/p>\n\n\n\n<h2 class=\"wp-block-heading\">V\u00ednculo com o Curso de Neg\u00f3cios Imobili\u00e1rios<\/h2>\n\n\n\n<p class=\"wp-block-paragraph\">O Observat\u00f3rio nasceu como extens\u00e3o do <strong>Curso Superior de Tecnologia em Neg\u00f3cios Imobili\u00e1rios da UFPR.<\/strong><\/p>\n\n\n\n<p class=\"wp-block-paragraph\">Suas atividades envolvem aspectos<strong> jur\u00eddicos, econ\u00f4micos, sociais, ambientais e financeiros.<\/strong><\/p>\n\n\n\n<p class=\"wp-block-paragraph\">Amplia-se, assim, a pr\u00e1tica dos estudantes, conectando a forma\u00e7\u00e3o acad\u00eamica \u00e0s demandas do mercado.<\/p>\n\n\n\n<p class=\"wp-block-paragraph\">O Observat\u00f3rio une<strong> teoria e pr\u00e1tica<\/strong>, impactando alunos, empresas e a sociedade.<\/p>\n\n\n\n<p class=\"wp-block-paragraph\"> <\/p>\n\n\n\n<h2 class=\"wp-block-heading\">O Curso<\/h2>\n\n\n\n<p class=\"wp-block-paragraph\">O <strong>Curso Superior de Tecnologia em Neg\u00f3cios Imobili\u00e1rios da UFPR<\/strong> existe desde 2008.<\/p>\n\n\n\n<p class=\"wp-block-paragraph\">Foi criado para atender profissionais em busca de <strong>capacita\u00e7\u00e3o e qualifica\u00e7\u00e3o<\/strong> espec\u00edficas no setor.<\/p>\n\n\n\n<p class=\"wp-block-paragraph\">A forma\u00e7\u00e3o alia <strong>princ\u00edpios \u00e9ticos<\/strong> a <strong>conhecimentos s\u00f3lido<\/strong>s em neg\u00f3cios imobili\u00e1rios.<\/p>\n\n\n\n<p class=\"wp-block-paragraph\">O profissional formado torna-se apto a atender \u00e0s mais diversas <strong>demandas do mercado<\/strong> e contribuir com o <strong>bem-estar da sociedade.<\/strong><\/p>\n\n\n\n<p class=\"wp-block-paragraph\">Para al\u00e9m do setor imobili\u00e1rio, o curso prepara para atuar em projetos de <strong>regulariza\u00e7\u00e3o fundi\u00e1ria<\/strong>, programas de <strong>moradia social <\/strong>e pol\u00edticas p\u00fablicas.<\/p>\n","protected":false},"excerpt":{"rendered":"<p>O Observat\u00f3rio em Neg\u00f3cios Imobili\u00e1rios da UFPR \u00e9 um espa\u00e7o de conex\u00e3o entre universidade, mercado e sociedade. Seu objetivo \u00e9 produzir conhecimento aplicado sobre as din\u00e2micas imobili\u00e1rias e compartilhar com a comunidade. Aqui, estudantes, professores e profissionais analisam dados, legisla\u00e7\u00f5es e tend\u00eancias do setor imobili\u00e1rio. Objetivos do Observat\u00f3rio \u25cf Canal \u00e1gil de comunica\u00e7\u00e3o com empresas, [&hellip;]<\/p>\n","protected":false},"author":14,"featured_media":0,"parent":0,"menu_order":0,"comment_status":"closed","ping_status":"closed","template":"page.php","meta":{"footnotes":""},"class_list":["post-26","page","type-page","status-publish","hentry"],"_links":{"self":[{"href":"https:\/\/projetos.ufpr.br\/observatorioni\/wp-json\/wp\/v2\/pages\/26","targetHints":{"allow":["GET"]}}],"collection":[{"href":"https:\/\/projetos.ufpr.br\/observatorioni\/wp-json\/wp\/v2\/pages"}],"about":[{"href":"https:\/\/projetos.ufpr.br\/observatorioni\/wp-json\/wp\/v2\/types\/page"}],"author":[{"embeddable":true,"href":"https:\/\/projetos.ufpr.br\/observatorioni\/wp-json\/wp\/v2\/users\/14"}],"replies":[{"embeddable":true,"href":"https:\/\/projetos.ufpr.br\/observatorioni\/wp-json\/wp\/v2\/comments?post=26"}],"version-history":[{"count":2,"href":"https:\/\/projetos.ufpr.br\/observatorioni\/wp-json\/wp\/v2\/pages\/26\/revisions"}],"predecessor-version":[{"id":318,"href":"https:\/\/projetos.ufpr.br\/observatorioni\/wp-json\/wp\/v2\/pages\/26\/revisions\/318"}],"wp:attachment":[{"href":"https:\/\/projetos.ufpr.br\/observatorioni\/wp-json\/wp\/v2\/media?parent=26"}],"curies":[{"name":"wp","href":"https:\/\/api.w.org\/{rel}","templated":true}]}}