{"id":29,"date":"2026-03-09T15:19:08","date_gmt":"2026-03-09T18:19:08","guid":{"rendered":"https:\/\/projetos.ufpr.br\/omnibus\/sobre-o-projeto\/"},"modified":"2026-04-23T17:36:20","modified_gmt":"2026-04-23T20:36:20","slug":"sobre-o-projeto","status":"publish","type":"page","link":"https:\/\/projetos.ufpr.br\/omnibus\/sobre-o-projeto\/","title":{"rendered":"Sobre o Projeto"},"content":{"rendered":"\n<p>Criado e coordenado por docentes da \u00e1rea de<strong> Letras Cl\u00e1ssicas<\/strong> do <a href=\"https:\/\/depac.ufpr.br\/\" data-type=\"link\" data-id=\"https:\/\/depac.ufpr.br\/\">Departamento de Polon\u00eas, Alem\u00e3o e Letras Cl\u00e1ssicas<\/a> da <a href=\"https:\/\/ufpr.br\/\" data-type=\"link\" data-id=\"https:\/\/ufpr.br\/\">Universidade Federal do Paran\u00e1<\/a>, o <strong>Omnibus <\/strong>visa popularizar a cultura, as l\u00ednguas, as literaturas, filosofias e mitologias da Antiguidade Greco-Romana para o p\u00fablico externo aos cursos de Bacharelado em Letras Portugu\u00eas\/Latim e Bacharelado em Letras &#8211; Portugu\u00eas\/Grego Antigo da UFPR, por meio de a\u00e7\u00f5es voltadas \u00e0 educa\u00e7\u00e3o b\u00e1sica, ao p\u00fablico universit\u00e1rio e ao p\u00fablico geral. <\/p>\n\n\n\n<p>O projeto oferta cursos gratuitos introdut\u00f3rios de l\u00edngua latina e l\u00edngua grega para a comunidade universit\u00e1ria de graduandos e p\u00f3s-graduandos da cidade de Curitiba e regi\u00e3o e para o p\u00fablico externo, e pretende expandir sua atua\u00e7\u00e3o para escolas, no n\u00edvel fundamental e m\u00e9dio.<\/p>\n\n\n\n<p>O projeto tamb\u00e9m abarca as atividades do grupo de teatro H\u00e1pax, fundado e dirigido por Nicolas Wolaniuk (mestrando no PGLetras UFPR), do grupo Pecora Loca, coletivo de poesia e performance j\u00e1 em atividade desde 2015, composto por docentes e egresso do curso, bem como outros cursos, grupos de leitura, clubes do livro e palestras gerais sobre literatura, filosofia e mitologia.<\/p>\n\n\n\n<p>O projeto Omnibus tamb\u00e9m \u00e9 respons\u00e1vel pela organiza\u00e7\u00e3o do Simp\u00f3sio Tradu\u00e7\u00e3o e Performance UFPR (STEP), que em 2026 ocorrer\u00e1 pela segunda vez.  <\/p>\n\n\n\n<p>O projeto tamb\u00e9m pilotou, em sua origem, a elabora\u00e7\u00e3o de guias de leitura online e gratuitos de livros importantes da Antiguidade, como o guia das Metamorfoses de Ov\u00eddio, em desenvolvimento por estudantes de Letras.<\/p>\n\n\n\n<p><\/p>\n\n\n\n<p><strong>Coordena\u00e7\u00e3o<\/strong>: Rodrigo Tadeu Gon\u00e7alves<\/p>\n\n\n\n<p><strong>Vice-coordena\u00e7\u00e3o<\/strong>: Fabio Paifer Cairolli<\/p>\n\n\n\n<p><\/p>\n\n\n\n<p><\/p>\n\n\n\n<p><\/p>\n\n\n\n<p><\/p>\n\n\n\n<p><\/p>\n\n\n\n<p><\/p>\n\n\n\n<p><\/p>\n","protected":false},"excerpt":{"rendered":"<p>Criado e coordenado por docentes da \u00e1rea de Letras Cl\u00e1ssicas do Departamento de Polon\u00eas, Alem\u00e3o e Letras Cl\u00e1ssicas da Universidade Federal do Paran\u00e1, o Omnibus visa popularizar a cultura, as l\u00ednguas, as literaturas, filosofias e mitologias da Antiguidade Greco-Romana para o p\u00fablico externo aos cursos de Bacharelado em Letras Portugu\u00eas\/Latim e Bacharelado em Letras &#8211; [&hellip;]<\/p>\n","protected":false},"author":136,"featured_media":0,"parent":0,"menu_order":0,"comment_status":"closed","ping_status":"closed","template":"page.php","meta":{"footnotes":""},"class_list":["post-29","page","type-page","status-publish","hentry"],"_links":{"self":[{"href":"https:\/\/projetos.ufpr.br\/omnibus\/wp-json\/wp\/v2\/pages\/29","targetHints":{"allow":["GET"]}}],"collection":[{"href":"https:\/\/projetos.ufpr.br\/omnibus\/wp-json\/wp\/v2\/pages"}],"about":[{"href":"https:\/\/projetos.ufpr.br\/omnibus\/wp-json\/wp\/v2\/types\/page"}],"author":[{"embeddable":true,"href":"https:\/\/projetos.ufpr.br\/omnibus\/wp-json\/wp\/v2\/users\/136"}],"replies":[{"embeddable":true,"href":"https:\/\/projetos.ufpr.br\/omnibus\/wp-json\/wp\/v2\/comments?post=29"}],"version-history":[{"count":4,"href":"https:\/\/projetos.ufpr.br\/omnibus\/wp-json\/wp\/v2\/pages\/29\/revisions"}],"predecessor-version":[{"id":288,"href":"https:\/\/projetos.ufpr.br\/omnibus\/wp-json\/wp\/v2\/pages\/29\/revisions\/288"}],"wp:attachment":[{"href":"https:\/\/projetos.ufpr.br\/omnibus\/wp-json\/wp\/v2\/media?parent=29"}],"curies":[{"name":"wp","href":"https:\/\/api.w.org\/{rel}","templated":true}]}}