{"id":291,"date":"2026-04-23T17:58:42","date_gmt":"2026-04-23T20:58:42","guid":{"rendered":"https:\/\/projetos.ufpr.br\/omnibus\/?page_id=291"},"modified":"2026-04-28T16:54:42","modified_gmt":"2026-04-28T19:54:42","slug":"pecora-loca","status":"publish","type":"page","link":"https:\/\/projetos.ufpr.br\/omnibus\/pecora-loca\/","title":{"rendered":"Pecora Loca"},"content":{"rendered":"\n<p>Pecora Loca \u00e9 um grupo de poesia e performance de tradu\u00e7\u00f5es de textos antigos e modernos fundado por Rodrigo Tadeu Gon\u00e7alves e Guilherme Gontijo Flores. Na forma\u00e7\u00e3o atual, conta tamb\u00e9m com Guilherme Bernardes e, a partir de abril de 2025, Fabio Paifer Cairolli. O projeto formou-se em 2015 a partir do grupo que originalmente traduziu o poema 63 de Catulo em uma disciplina de gradua\u00e7\u00e3o da UFPR. Na \u00e9poca, a Ac\u00e1cio Stocco, Marina Grochocki, Alexandre Cozer, Raphael Pappa Lautenschlager, alunos da disciplina de L\u00edngua Latina VI, ofertada por Rodrigo Tadeu Gon\u00e7alves, acresceram-se Guilherme Gontijo Flores e Bernardo Guadalupe Lins Brand\u00e3o. O grupo passaria por diversas forma\u00e7\u00f5es, recebendo colegas como Marcelo Bourscheid, Leonardo Fischer, Luana Dorocinski, Sergio Maciel, Luciane Alves e Guilherme Bernardes.<\/p>\n\n\n\n<p>A hoje banda Pecora Loca toca performances musicais de tradu\u00e7\u00f5es e originais de poemas greco-romanos e de can\u00e7\u00f5es do per\u00edodo moderno em outras l\u00ednguas. Homero, Safo, Alceu, Sim\u00f4nides, Anacreonte, Catulo, Hor\u00e1cio, Lucr\u00e9cio, Carmina Burana, poesia proven\u00e7al, murder ballads, e cl\u00e1ssicos do cancioneiro moderno (Michael Jackson, Bonnie Tyler e Nick Cave, por exemplo) s\u00e3o performados em portugu\u00eas e nas l\u00ednguas originais numa singular mistura de estilos e \u00e9pocas.&nbsp;<\/p>\n\n\n\n<p>A banda j\u00e1 se apresentou em diversas eventos, cidades e universidades, tais como UFPR, Unesp, USP, Unicamp, Unifesp, PUC-RJ, UFRJ, UFJF, UFF, UFRGS, PUC-PR, UnB, Uniandrade, entre outras, al\u00e9m da tocar na Canja FLIP em 2017, no anivers\u00e1rio de 80 anos do Setor de Ci\u00eancias Humanas da UFPR, na Semana Liter\u00e1ria SESC\/UFPR em 2017 2018 e na Capela Santa Maria, no oitavo anivers\u00e1rio do Curitiba L\u00ea, da Funda\u00e7\u00e3o Cultural, e em diversos eventos na Casa Guilherme de Almeida, em S\u00e3o Paulo.<\/p>\n\n\n\n<p>Desde 2024, a banda prepara-se para finalmente gravar algumas can\u00e7\u00f5es do que, esperamos, ser\u00e1 o nosso &#8220;Disco de Catulo&#8221;.<\/p>\n\n\n\n<p>Confira alguns registros e not\u00edcias do grupo em:&nbsp;<\/p>\n\n\n\n<p>Youtube: <a href=\"https:\/\/www.youtube.com\/c\/PecoraLoca\">https:\/\/www.youtube.com\/c\/PecoraLoca<\/a><\/p>\n\n\n\n<p>Instagram: <a href=\"https:\/\/www.instagram.com\/pecora.loca\/\">https:\/\/www.instagram.com\/pecora.loca\/<\/a><\/p>\n\n\n\n<p><\/p>\n\n\n\n<p><strong>Apresenta\u00e7\u00f5es em 2026:<\/strong><\/p>\n\n\n\n<p>27\/03\/2026: Show de encerramento do V Col\u00f3quio do CIMEEP &#8211; UFPR. Local: Nina bar.<\/p>\n\n\n\n<p>09\/04\/2026: Show no Quintal do Bigode &#8211; Araraquara\/SP, na XXX Semana de Estudos Cl\u00e1ssicos e X Encontro Nacional de Professores de Latim (ABPL) na Faculdade de Ci\u00eancias e Letras da UNESP de Araraquara <\/p>\n\n\n\n<p><strong>Atividades em 2025:<\/strong><\/p>\n\n\n\n<p>07\/11\/2025:&nbsp;Show na Casa Pagu (Rua Benjamin Constant, 400, Curitiba), encerramento do evento &#8220;<a href=\"https:\/\/depac.ufpr.br\/noticias\/ufpr-littera-antiqua\/\" target=\"_blank\" rel=\"noreferrer noopener\">Littera Antiqua UFPR<\/a>&#8220;<\/p>\n\n\n\n<p>10\/10\/2025:&nbsp;Show na Casa Pagu (Rua Benjamin Constant, 400, Curitiba)<\/p>\n\n\n\n<p>04\/09\/2025: Show na Casa Pagu&nbsp;(Rua Benjamin Constant, 400, Curitiba)&nbsp;ap\u00f3s a 2\u00aa Edi\u00e7\u00e3o do Evento &#8220;Leituras Cruzadas&#8221;, com Daniel Montoya, Layla Oliveira, Leonardo Meneghini e Dani Carazzai.&nbsp;<\/p>\n\n\n\n<p>26\/08\/2025: Show na Casa Pagu (Rua Benjamin Constant, 400, Curitiba) como parte das atividades do XIV Simp\u00f3sio Internacional da Sociedade Brasileira de Platonistas (SBP).<\/p>\n\n\n\n<p>03\/07\/2025: Show de lan\u00e7amento da tradu\u00e7\u00e3o de Romeu e Julieta de Shakespeare por Rodrigo Tadeu Gon\u00e7alves. Local: Casa Pagu (Rua Benjamin Constant, 400, Curitiba).&nbsp;<\/p>\n\n\n\n<p>20\/06\/2025: Bate-papo e show ao vivo no programa &#8220;A Fant\u00e1stica F\u00e1brica de Sons&#8221; da R\u00e1dio Cultura 930 Curitiba (https:\/\/www.youtube.com\/watch?v=Q6kYazxm7-E).<\/p>\n\n\n\n<p>04\/06\/2025: Show de encerramento do I Simp\u00f3sio Tradu\u00e7\u00e3o e Performance, na Casa Pagu (Rua Benjamin Constant, 400, Curitiba)<\/p>\n\n\n\n<p><\/p>\n\n\n\n<p>Bibliografia:<\/p>\n\n\n\n<p>GON\u00c7ALVES, Rodrigo Tadeu; FLORES, Guilherme Gontijo; STOCCO, Ac\u00e1cio L.; COZER, Alexandre; GROCHOSKI, Marina C.; LAUTENSCHLAGER, Raphael P. \u201cGaliambos Brasileiros: tradu\u00e7\u00e3o e performance de Catulo 63\u201d. Translatio, v. 10, p. 70-78, 2015.<\/p>\n\n\n\n<p>FLORES, Guilherme Gontijo; GON\u00c7ALVES, Rodrigo Tadeu. Algo infiel: corpo performance tradu\u00e7\u00e3o. Florian\u00f3polis\/S\u00e3o Paulo: Cultura &amp; Barb\u00e1rie \/ n-1 edi\u00e7\u00f5es, 2017. 362p.<\/p>\n\n\n\n<p>GON\u00c7ALVES, Rodrigo Tadeu. \u201cCultural anthropophagy in Brazilian receptions of the classics\u201d. ITINERARIOS (UNESP. ARARAQUARA), v. 45, p. 19-33, 2018.<\/p>\n\n\n\n<p>M\u00eddia:&nbsp;<\/p>\n\n\n\n<p>Mat\u00e9ria sobre a banda na revista Piau\u00ed de outubro de 2017: http:\/\/piaui.folha.uol.com.br\/materia\/classicos-pop\/&nbsp;<\/p>\n\n\n\n<p>Entrevista em v\u00eddeo com a banda na revista R.Nott:&nbsp;<a href=\"http:\/\/rnottmagazine.com\/interrogando-pecora-loca\/\" target=\"_blank\" rel=\"noreferrer noopener\">http:\/\/rnottmagazine.com\/interrogando-pecora-loca\/<\/a><\/p>\n\n\n\n<p><strong>Contato:<\/strong><\/p>\n\n\n\n<p><a href=\"mailto:pecoraloca2015@gmail.com\" target=\"_blank\" rel=\"noreferrer noopener\">pecoraloca2015@gmail.com<\/a>&nbsp;<\/p>\n\n\n\n<p><strong>Arquivo de apresenta\u00e7\u00f5es&nbsp;<\/strong><\/p>\n\n\n\n<p><strong>2024:<\/strong><\/p>\n\n\n\n<ul class=\"wp-block-list\">\n<li>10\/09\/2024: Wonka Bar &#8211; Por\u00e3o Loquax, 20h. Show e lan\u00e7amento de plaquete&nbsp;<em>Ranho e Sanha<\/em>&nbsp;de Guilherme Gontijo Flores.<\/li>\n\n\n\n<li>13\/03\/2024:&nbsp;Vino, Tapa Y Letra no&nbsp;Pepita Bar. 20h. Show e lan\u00e7amento das&nbsp;<em>Metamorfoses<\/em>&nbsp;de Ov\u00eddio na tradu\u00e7\u00e3o de Rodrigo Tadeu Gon\u00e7alves.&nbsp;<\/li>\n\n\n\n<li>07\/02\/2024: Vino, Tapa Y Letra no Pepita Bar. 19h<\/li>\n\n\n\n<li>16\/01\/2024: Wonka Bar. Ter\u00e7a po\u00e9tica com Pecora Loca.<\/li>\n<\/ul>\n\n\n\n<p><strong>2023:<\/strong><\/p>\n\n\n\n<ul class=\"wp-block-list\">\n<li>20\/09\/2023: Vino, Tapa Y Letra no Pepita Bar. 19h<\/li>\n\n\n\n<li>19\/07\/2023: Ginger Bar, 19h.<\/li>\n\n\n\n<li>03\/08\/2023: Vino, Tapa Y Letra no Pepita Bar. 19h<\/li>\n<\/ul>\n\n\n\n<p><strong>2022:<\/strong><\/p>\n\n\n\n<ul class=\"wp-block-list\">\n<li>26\/09\/2022: Foro Tradu\u00e7\u00e3o expandida: Ativismo e pr\u00e1ticas de&nbsp;co-cria\u00e7\u00e3o liter\u00e1ria \u2013 F\u00f3rum internacional online Looren America Latina \u2013 26 de setembro de 2022, 13h15, online.<\/li>\n\n\n\n<li>09\/09\/2022: Teatro Cleon Jacques, Curitiba, Rua Mateus Leme, 4700, 20h. Eentrada franca.&nbsp;<\/li>\n\n\n\n<li>06\/09\/2022: Teatro Cl\u00e9on Jacques, Curitiba, Rua Mateus Leme, 4700,&nbsp;20h. Entrada franca.&nbsp;<\/li>\n\n\n\n<li>31\/08\/2022: Pecora Loca no Pepita bar, Rua Saldanha Marinho, 1220, fundos. 19h.<\/li>\n\n\n\n<li>10\/08\/2022: Pecora Loca no Pepita bar, Rua Saldanha Marinho, 1220, fundos. 19h.<\/li>\n\n\n\n<li>03\/08\/2022: Pecora Loca no Pepita bar, Rua Saldanha Marinho, 1220, fundos. 19h.\u200b<\/li>\n\n\n\n<li>10\/05\/2022: Pecora Loca + Catatau &#8211; Peda\u00e7os de Soss\u00e9la. Wonka Bar, Curitiba<\/li>\n\n\n\n<li>03\/05\/2022: Semana de Letras da PUC-PR, remoto.\u200b<\/li>\n<\/ul>\n\n\n\n<p><strong>2020 e 2021:<\/strong><\/p>\n\n\n\n<ul class=\"wp-block-list\">\n<li>25\/09\/2020: Pecora Loca na Archai UNB, remoto.\u200b<\/li>\n<\/ul>\n\n\n\n<p><strong>2019<\/strong><\/p>\n\n\n\n<ul class=\"wp-block-list\">\n<li>14\/11\/2019: Pecora Loca no Bar Ornitorrinco, Rua Benjamin Constant, 400, 21h.<\/li>\n\n\n\n<li>10\/10\/2019: Pecora Loca no Bar Ornitorrinco, Rua Benjamin Constant, 400, 21h.&nbsp;<\/li>\n\n\n\n<li>20\/09\/2019: Pecora Loca na Uniandrade\/Curitiba: 16h.&nbsp;<\/li>\n\n\n\n<li>06\/09\/2019: Pecora Loca no encerramento do XXII Congresso Nacional da Sociedade Brasileira de Estudos Cl\u00e1ssicos em Juiz de Fora. 17h. Local: Anfiteatro Compartilhado FALE\/ICB.&nbsp;<\/li>\n\n\n\n<li>29\/08\/2019: Pecora Loca na UTFPR: Semana de Letras 2019. 12h.&nbsp;<\/li>\n\n\n\n<li>28\/06\/2019: Pecora Loca no Bar Ornitorrinco, Rua Benjamin Constant, 400, 21h.&nbsp;<\/li>\n\n\n\n<li>13\/06\/2019: Marcelo Ariel e Pecora Loca no M\u00edmesis Conex\u00f5es Art\u00edsticas (R. Celestino J\u00fanior, 189, Bairro S\u00e3o Francisco). 20h.<\/li>\n\n\n\n<li>31\/05\/2019: UFF: Encerramento do II Col\u00f3quio Tradu\u00e7\u00e3o e Cria\u00e7\u00e3o.&nbsp;<\/li>\n\n\n\n<li>27\/05\/2019: PUC-RJ: Audit\u00f3rio Grandjean de Montigny. 18h30. &nbsp;<\/li>\n\n\n\n<li>24\/05\/2019: Casa Guilherme de Almeida, S\u00e3o Paulo: V Encontro Tradu\u00e7\u00e3o dos Cl\u00e1ssicos no Brasil. 19h30, gratuito.<\/li>\n\n\n\n<li>16\/02\/2019, 16h: Pecora Loca no SESC Pa\u00e7o da Liberdade, Curitiba.&nbsp;<\/li>\n\n\n\n<li>22\/02\/2019, 20h. Pecora Loca na Semana de Recep\u00e7\u00e3o aos Calouros de Letras da UFPR. \u200b<\/li>\n<\/ul>\n\n\n\n<p><strong>2018<\/strong><\/p>\n\n\n\n<ul class=\"wp-block-list\">\n<li>07\/12\/2018, 19h: Encerramento do evento Antigos e Modernos UFPR. Bar Ornitorrinco.<\/li>\n\n\n\n<li>21\/09\/2018, 18h: 37\u00aa Semana Liter\u00e1ria SESC \/ XVI Feira do Livro UFPR. Pra\u00e7a Santos Andrade, Curitiba. Entrada gratuita. &nbsp;<\/li>\n\n\n\n<li>16\/06\/2018: Circuito CulturArte UFPR em Matinhos-PR. 16h.&nbsp;<\/li>\n\n\n\n<li>12\/06\/2018: VIII Semana de Letras da UTFPR: Miniaudit\u00f3rio, 9h30. &nbsp;<\/li>\n\n\n\n<li>12\/05\/2018: Apresenta\u00e7\u00e3o no evento Convivium, paralelo \u00e0 Semana de Letras UFPR.&nbsp;<\/li>\n\n\n\n<li>11\/05\/2018, 21h: Bar Ornitorrinco.<\/li>\n\n\n\n<li>19\/04\/2018: Curitiba L\u00ea (Funda\u00e7\u00e3o Cultural). Local: Capela Santa Maria, 19h30.&nbsp;<\/li>\n\n\n\n<li>03\/03\/2018, 16h: Jornada Portas Abertas da Alian\u00e7a Francesa. Caf\u00e9 Babette.&nbsp;<\/li>\n\n\n\n<li>26\/02\/2018: Comemora\u00e7\u00e3o dos 80 anos do Setor de Humanas da UFPR. 19h00, Teatro da Reitoria, Rua Dr. Faivre, 405, Curitiba. &nbsp;<\/li>\n\n\n\n<li>28\/01\/2018: Inaugura\u00e7\u00e3o do Movimento Enxame &#8211; Espa\u00e7o de Cria\u00e7\u00e3o. 17h, Rua Pres. Carlos Cavalcanti, 498, 2\u00ba andar, Curitiba. \u200b<\/li>\n<\/ul>\n\n\n\n<p><strong>2017<\/strong><\/p>\n\n\n\n<ul class=\"wp-block-list\">\n<li>18\/12\/2017: \u00faltima apresenta\u00e7\u00e3o do ano! Teatro de Segunda, no Ap. da 13 (Rua 13 de maio, 1001, ap. 01, Curitiba-PR), \u00e0s 20h30. Entrada franca.&nbsp;<\/li>\n\n\n\n<li>15\/12\/2017: Festa de encerramento de 2017 na Escola de Escrita. 20h30. Entrada franca.&nbsp;<\/li>\n\n\n\n<li>13\/12\/2017: Apresenta\u00e7\u00e3o \u00e0s 21h no Bar Ornitorrinco em Curitiba. &nbsp;<\/li>\n\n\n\n<li>08\/12\/2017: Encerramento do XXI Congresso da Sociedade Brasileira de Estudos Cl\u00e1ssicos &#8211; USP. Mais informa\u00e7\u00f5es&nbsp;<a href=\"http:\/\/www.congresso2017.classica.org.br\/programacao\" target=\"_blank\" rel=\"noreferrer noopener\">aqui<\/a>.&nbsp;<\/li>\n\n\n\n<li>06\/12\/2017: Apresenta\u00e7\u00e3o \u00e0s 16h30 na Universidade Tecnol\u00f3gica Federal do Paran\u00e1. Entrada franca.&nbsp;08<\/li>\n\n\n\n<li>22\/11\/2017: Apresenta\u00e7\u00e3o \u00e0s 21h no Bar Ornitorrinco em Curitiba.&nbsp;<\/li>\n<\/ul>\n\n\n\n<ul class=\"wp-block-list\">\n<li>08\/11\/2017: Show de encerramento do XXIII SETA &#8211; Semin\u00e1rio de Teses em Andamento do IEL\/Unicamp. 18h15 no Audit\u00f3rio do IEL, Unicamp, Campinas-SP.&nbsp;<\/li>\n\n\n\n<li>07\/11\/2017: Aula-show na UNIFESP &#8211; Teatro Adamastor &#8211; Guarulhos\/SP. &nbsp;<\/li>\n\n\n\n<li>25\/10\/2017: 12h. Apresenta\u00e7\u00e3o na Feira Liter\u00e1ria da Biblioteca P\u00fablica do Paran\u00e1.&nbsp;<\/li>\n\n\n\n<li>05\/10\/2017: 10h30h. Palestra-show com Guilherme Gontijo Flores e Rodrigo Tadeu Gon\u00e7alves na III Semana de Estudos da Tradu\u00e7\u00e3o da Universidade Federal do Rio Grande do Sul&nbsp;e pocket show no bar \u00c1gua de Beber \u00e0s 19h juntamente com o lan\u00e7amento do livro &#8220;Algo Infiel&#8221;.<\/li>\n\n\n\n<li>21\/09\/2017: 18h30h. Apresenta\u00e7\u00e3o na Semana Liter\u00e1ria do Sesc \/ Feira do Livro da Editora UFPR, no palco principal da Pra\u00e7a Santos Andrade. &nbsp;<\/li>\n\n\n\n<li>06\/09\/2017: 19h. Pocket show do Pecora Loca durante o lan\u00e7amento do livro &#8220;Algo Infiel: corpo performance tradu\u00e7\u00e3o&#8221; de Guilherme Gontijo Flores e Rodrigo Tadeu Gon\u00e7alves, com fotografias de Rafael Dabul em S\u00e3o Paulo, no Bar Tralharia em Florian\u00f3polis.&nbsp;<\/li>\n\n\n\n<li>19\/08\/2017: 19h. Pocket show do Pecora Loca durante o lan\u00e7amento do livro &#8220;Algo Infiel: corpo performance tradu\u00e7\u00e3o&#8221; de Guilherme Gontijo Flores e Rodrigo Tadeu Gon\u00e7alves, com fotografias de Rafael Dabul em S\u00e3o Paulo, na Casa das Rosas. &nbsp;<\/li>\n\n\n\n<li>23\/08\/2017: Mais um show no Ornitorrinco em Curitiba! A partir de 20h30.<\/li>\n\n\n\n<li>28\/07\/2017: 19h. Canja FLIP! Pecora Loca no Camoka Bar em Paraty durante a programa\u00e7\u00e3o da FLIP, al\u00e9m de performances de v\u00e1rios poetas e lan\u00e7amento do livro &#8220;Algo Infiel: corpo performance tradu\u00e7\u00e3o&#8221; de Guilherme Gontijo Flores e Rodrigo Tadeu Gon\u00e7alves, com fotografias de Rafael Dabul. &nbsp;<\/li>\n\n\n\n<li>24\/06\/2017: Projeto Portugu\u00eas Brasileiro para a Migra\u00e7\u00e3o Humanit\u00e1ria da UFPR, Reitoria-Curitiba, 16h30h.<\/li>\n\n\n\n<li>14\/06\/2017: Bar Ornitorrinco, Curitiba, 21h.<\/li>\n\n\n\n<li>09\/05\/2017: Semana de Letras UFPR, Audit\u00f3rio do Hospital de Cl\u00ednicas, Curitiba, 18h30. Site do evento:&nbsp;http:\/\/www.semanadeletras.ufpr.br\/programacao\/<\/li>\n\n\n\n<li>19\/04\/2017: Bar Ornitorrinco, Curitiba.<\/li>\n\n\n\n<li>15\/03\/2017: Palestra-performance na PUC-PR. &nbsp;<\/li>\n\n\n\n<li>04\/03\/2017: Casa Guilherme de Almeida (SP), encerramento do III Encontro Tradu\u00e7\u00e3o dos Cl\u00e1ssicos no Brasil (mais informa\u00e7\u00f5es&nbsp;<a href=\"https:\/\/www.casaguilhermedealmeida.org.br\/programacao\/ver-programacao.php?idprogramacao=543&amp;iddata=2650\" target=\"_blank\" rel=\"noreferrer noopener\">aqui<\/a>)<\/li>\n\n\n\n<li>10\/02\/2017 &#8211; Casa Guilherme de Almeida (S\u00e3o Paulo). Mais informa\u00e7\u00f5es&nbsp;<a href=\"http:\/\/www.casaguilhermedealmeida.org.br\/programacao\/ver-programacao.php?idprogramacao=537&amp;iddata=2642\" target=\"_blank\" rel=\"noreferrer noopener\">aqui<\/a>.<\/li>\n\n\n\n<li>08\/02\/2017 &#8211; Bar Ornitorrinco, 21h.<\/li>\n<\/ul>\n\n\n\n<p><strong>2016<\/strong><\/p>\n\n\n\n<ul class=\"wp-block-list\">\n<li>09\/12\/2016 &#8211; Recital de encerramento do evento &#8220;Performar a literatura&#8221;. UFPR (Reitoria, anfiteatro 100).<\/li>\n\n\n\n<li>01\/12\/2016 &#8211; Lan\u00e7amento de livro do Antoine Meillet, UFPR (Reitoria).<\/li>\n\n\n\n<li>28\/11\/2016 &#8211; Col\u00e9gio Su\u00ed\u00e7o-brasileiro Pinhais.&nbsp;<\/li>\n\n\n\n<li>16\/11\/2016 &#8211; Ocupa\u00e7\u00e3o estudantil na UFPR, p\u00e1tio da Reitoria.<\/li>\n\n\n\n<li>27\/10\/2016 &#8211; Ocupa\u00e7\u00e3o dos estudantes secundaristas no col\u00e9gio estadual Prof. Cleto, em Curitiba.\u200b<\/li>\n\n\n\n<li>25\/10\/2016 &#8211; IV Congresso Brasileiro de Ret\u00f3rica, Audit\u00f3rio de Medicina-UFPR.<\/li>\n\n\n\n<li>6\/6\/2016 &#8211; Aula da disciplina Literatura Latina II: Com\u00e9dia \u2013 UFPR (Reitoria).<\/li>\n<\/ul>\n\n\n\n<p><strong>2015<\/strong><\/p>\n\n\n\n<ul class=\"wp-block-list\">\n<li>2\/12\/2015 &#8211; Antigos e Modernos 2015 &#8211; UFPR &nbsp;(Reitoria).<\/li>\n\n\n\n<li>18\/11\/2015 &#8211; XX Congresso Nacional da SBEC &#8211; Mariana\/MG.\u200b\u200b\u200b\u200b<\/li>\n<\/ul>\n","protected":false},"excerpt":{"rendered":"<p>Pecora Loca \u00e9 um grupo de poesia e performance de tradu\u00e7\u00f5es de textos antigos e modernos fundado por Rodrigo Tadeu Gon\u00e7alves e Guilherme Gontijo Flores. Na forma\u00e7\u00e3o atual, conta tamb\u00e9m com Guilherme Bernardes e, a partir de abril de 2025, Fabio Paifer Cairolli. O projeto formou-se em 2015 a partir do grupo que originalmente traduziu [&hellip;]<\/p>\n","protected":false},"author":138,"featured_media":0,"parent":0,"menu_order":0,"comment_status":"closed","ping_status":"closed","template":"","meta":{"footnotes":""},"class_list":["post-291","page","type-page","status-publish","hentry"],"_links":{"self":[{"href":"https:\/\/projetos.ufpr.br\/omnibus\/wp-json\/wp\/v2\/pages\/291","targetHints":{"allow":["GET"]}}],"collection":[{"href":"https:\/\/projetos.ufpr.br\/omnibus\/wp-json\/wp\/v2\/pages"}],"about":[{"href":"https:\/\/projetos.ufpr.br\/omnibus\/wp-json\/wp\/v2\/types\/page"}],"author":[{"embeddable":true,"href":"https:\/\/projetos.ufpr.br\/omnibus\/wp-json\/wp\/v2\/users\/138"}],"replies":[{"embeddable":true,"href":"https:\/\/projetos.ufpr.br\/omnibus\/wp-json\/wp\/v2\/comments?post=291"}],"version-history":[{"count":4,"href":"https:\/\/projetos.ufpr.br\/omnibus\/wp-json\/wp\/v2\/pages\/291\/revisions"}],"predecessor-version":[{"id":429,"href":"https:\/\/projetos.ufpr.br\/omnibus\/wp-json\/wp\/v2\/pages\/291\/revisions\/429"}],"wp:attachment":[{"href":"https:\/\/projetos.ufpr.br\/omnibus\/wp-json\/wp\/v2\/media?parent=291"}],"curies":[{"name":"wp","href":"https:\/\/api.w.org\/{rel}","templated":true}]}}