{"id":35,"date":"2026-03-09T15:19:09","date_gmt":"2026-03-09T18:19:09","guid":{"rendered":"https:\/\/projetos.ufpr.br\/omnibus\/noticias\/"},"modified":"2026-04-23T16:55:44","modified_gmt":"2026-04-23T19:55:44","slug":"noticias","status":"publish","type":"page","link":"https:\/\/projetos.ufpr.br\/omnibus\/noticias\/","title":{"rendered":"Not\u00edcias"},"content":{"rendered":"\n<p>Teste de not\u00edcia<\/p>\n\n\n\n<h2 class=\"wp-block-heading\">Teste<\/h2>\n\n\n\n<div class=\"wp-block-group alignfull is-content-justification-space-between is-layout-flex wp-container-core-group-is-layout-0904c582 wp-block-group-is-layout-flex\" style=\"margin-top:0;margin-bottom:0;padding-top:var(--wp--preset--spacing--50);padding-right:var(--wp--preset--spacing--30);padding-bottom:var(--wp--preset--spacing--50);padding-left:var(--wp--preset--spacing--30)\">\n<div class=\"wp-block-group wp-container-content-9cfa9a5a is-vertical is-layout-flex wp-container-core-group-is-layout-b7faace9 wp-block-group-is-layout-flex\"><h1 class=\"wp-block-site-title has-medium-font-size\"><a href=\"https:\/\/projetos.ufpr.br\/omnibus\" target=\"_self\" rel=\"home\">Omnibus: Letras cl\u00e1ssicas para todo mundo<\/a><\/h1>\n\n\n<p class=\"has-text-align-left\">2020 Lomita Blvd,&nbsp;<br>Torrance, CA 90101<br>United States<\/p>\n\n\n\n<p class=\"has-text-align-left has-small-font-size\">Proudly powered by <a rel=\"nofollow\" href=\"https:\/\/wordpress.org\">WordPress<\/a> <\/p>\n\n\n\n<div style=\"height:0px\" aria-hidden=\"true\" class=\"wp-block-spacer wp-container-content-541a6b20\"><\/div>\n<\/div>\n\n\n\n<div class=\"wp-block-group is-content-justification-right is-layout-flex wp-container-core-group-is-layout-58daa69f wp-block-group-is-layout-flex\">\n<div class=\"wp-block-group is-vertical is-layout-flex wp-container-core-group-is-layout-8cf370e7 wp-block-group-is-layout-flex\">\n<p class=\"has-text-align-left\">Pages<\/p>\n\n\n<nav class=\"has-small-font-size items-justified-left is-vertical no-wrap wp-block-navigation is-content-justification-left is-nowrap is-layout-flex wp-container-core-navigation-is-layout-13b8677b wp-block-navigation-is-layout-flex\" aria-label=\"Menu UFPR\"><ul class=\"wp-block-navigation__container has-small-font-size items-justified-left is-vertical no-wrap wp-block-navigation has-small-font-size\"><li data-wp-context=\"{ &quot;submenuOpenedBy&quot;: { &quot;click&quot;: false, &quot;hover&quot;: false, &quot;focus&quot;: false }, &quot;type&quot;: &quot;submenu&quot;, &quot;modal&quot;: null, &quot;previousFocus&quot;: null }\" data-wp-interactive=\"core\/navigation\" data-wp-on--focusout=\"actions.handleMenuFocusout\" data-wp-on--keydown=\"actions.handleMenuKeydown\" data-wp-on--mouseenter=\"actions.openMenuOnHover\" data-wp-on--mouseleave=\"actions.closeMenuOnHover\" data-wp-watch=\"callbacks.initMenu\" tabindex=\"-1\" class=\"wp-block-navigation-item has-small-font-size has-child open-on-hover-click  menu-item menu-item-type-custom menu-item-object-custom wp-block-navigation-submenu\"><a class=\"wp-block-navigation-item__content\" href=\"#\" title=\"\"><span class=\"wp-block-navigation-item__label\">Institucional<\/span><\/a><button data-wp-bind--aria-expanded=\"state.isMenuOpen\" data-wp-on--click=\"actions.toggleMenuOnClick\" aria-label=\"Institucional submenu\" class=\"wp-block-navigation__submenu-icon wp-block-navigation-submenu__toggle\" ><svg xmlns=\"http:\/\/www.w3.org\/2000\/svg\" width=\"12\" height=\"12\" viewBox=\"0 0 12 12\" fill=\"none\" aria-hidden=\"true\" focusable=\"false\"><path d=\"M1.50002 4L6.00002 8L10.5 4\" stroke-width=\"1.5\"><\/path><\/svg><\/button><ul data-wp-on--focus=\"actions.openMenuOnFocus\" class=\"wp-block-navigation__submenu-container  menu-item menu-item-type-custom menu-item-object-custom wp-block-navigation-submenu\"><li class=\"has-small-font-size wp-block-navigation-item  menu-item menu-item-type-custom menu-item-object-custom wp-block-navigation-link\"><a class=\"wp-block-navigation-item__content\"  href=\"https:\/\/ufpr.br\/apresentacao\/\" title=\"\"><span class=\"wp-block-navigation-item__label\">Apresenta\u00e7\u00e3o<\/span><\/a><\/li><li class=\"has-small-font-size wp-block-navigation-item  menu-item menu-item-type-custom menu-item-object-custom wp-block-navigation-link\"><a class=\"wp-block-navigation-item__content\"  href=\"https:\/\/ufpr.br\/missao-visao-valores\/\" title=\"\"><span class=\"wp-block-navigation-item__label\">Miss\u00e3o, vis\u00e3o e valores<\/span><\/a><\/li><li class=\"has-small-font-size wp-block-navigation-item  menu-item menu-item-type-custom menu-item-object-custom wp-block-navigation-link\"><a class=\"wp-block-navigation-item__content\"  href=\"https:\/\/ufpr.br\/palavras-do-reitor\/\" title=\"\"><span class=\"wp-block-navigation-item__label\">Palavras do Reitor<\/span><\/a><\/li><li class=\"has-small-font-size wp-block-navigation-item  menu-item menu-item-type-custom menu-item-object-custom wp-block-navigation-link\"><a class=\"wp-block-navigation-item__content\"  href=\"https:\/\/ufpr.br\/gabinete-do-reitor\/\" title=\"\"><span class=\"wp-block-navigation-item__label\">Gabinete da Reitoria<\/span><\/a><\/li><li class=\"has-small-font-size wp-block-navigation-item  menu-item menu-item-type-custom menu-item-object-custom wp-block-navigation-link\"><a class=\"wp-block-navigation-item__content\"  href=\"https:\/\/ufpr.br\/avaliacao-institucional\/\" title=\"\"><span class=\"wp-block-navigation-item__label\">Avalia\u00e7\u00e3o Institucional<\/span><\/a><\/li><li class=\"has-small-font-size wp-block-navigation-item  menu-item menu-item-type-custom menu-item-object-custom wp-block-navigation-link\"><a class=\"wp-block-navigation-item__content\"  href=\"http:\/\/www.proplan.ufpr.br\/portal\/pdi-ufpr\/\" target=\"_blank\"   title=\"\"><span class=\"wp-block-navigation-item__label\">Plano de Desenvolvimento Institucional<\/span><\/a><\/li><li class=\"has-small-font-size wp-block-navigation-item  menu-item menu-item-type-custom menu-item-object-custom wp-block-navigation-link\"><a class=\"wp-block-navigation-item__content\"  href=\"https:\/\/ufpr.br\/procuradoria-federal-especializada-junto-a-ufpr\/\" title=\"\"><span class=\"wp-block-navigation-item__label\">Procuradoria Federal na UFPR<\/span><\/a><\/li><li class=\"has-small-font-size wp-block-navigation-item  menu-item menu-item-type-custom menu-item-object-custom wp-block-navigation-link\"><a class=\"wp-block-navigation-item__content\"  href=\"https:\/\/ufpr.br\/panorama\/\" title=\"\"><span class=\"wp-block-navigation-item__label\">Panorama de Gest\u00e3o<\/span><\/a><\/li><li class=\"has-small-font-size wp-block-navigation-item  menu-item menu-item-type-custom menu-item-object-custom wp-block-navigation-link\"><a class=\"wp-block-navigation-item__content\"  href=\"https:\/\/ufpr.br\/politica-de-sustentabilidade-da-ufpr\/\" title=\"\"><span class=\"wp-block-navigation-item__label\">Desenvolvimento Sustent\u00e1vel<\/span><\/a><\/li><\/ul><\/li><li data-wp-context=\"{ &quot;submenuOpenedBy&quot;: { &quot;click&quot;: false, &quot;hover&quot;: false, &quot;focus&quot;: false }, &quot;type&quot;: &quot;submenu&quot;, &quot;modal&quot;: null, &quot;previousFocus&quot;: null }\" data-wp-interactive=\"core\/navigation\" data-wp-on--focusout=\"actions.handleMenuFocusout\" data-wp-on--keydown=\"actions.handleMenuKeydown\" data-wp-on--mouseenter=\"actions.openMenuOnHover\" data-wp-on--mouseleave=\"actions.closeMenuOnHover\" data-wp-watch=\"callbacks.initMenu\" tabindex=\"-1\" class=\"wp-block-navigation-item has-small-font-size has-child open-on-hover-click  menu-item menu-item-type-custom menu-item-object-custom wp-block-navigation-submenu\"><a class=\"wp-block-navigation-item__content\" href=\"#\" title=\"\"><span class=\"wp-block-navigation-item__label\">A Hist\u00f3ria da UFPR<\/span><\/a><button data-wp-bind--aria-expanded=\"state.isMenuOpen\" data-wp-on--click=\"actions.toggleMenuOnClick\" aria-label=\"A Hist\u00f3ria da UFPR submenu\" class=\"wp-block-navigation__submenu-icon wp-block-navigation-submenu__toggle\" ><svg xmlns=\"http:\/\/www.w3.org\/2000\/svg\" width=\"12\" height=\"12\" viewBox=\"0 0 12 12\" fill=\"none\" aria-hidden=\"true\" focusable=\"false\"><path d=\"M1.50002 4L6.00002 8L10.5 4\" stroke-width=\"1.5\"><\/path><\/svg><\/button><ul data-wp-on--focus=\"actions.openMenuOnFocus\" class=\"wp-block-navigation__submenu-container  menu-item menu-item-type-custom menu-item-object-custom wp-block-navigation-submenu\"><li class=\"has-small-font-size wp-block-navigation-item  menu-item menu-item-type-custom menu-item-object-custom wp-block-navigation-link\"><a class=\"wp-block-navigation-item__content\"  href=\"https:\/\/ufpr.br\/historico\/\" title=\"\"><span class=\"wp-block-navigation-item__label\">Hist\u00f3rico\u00a0<\/span><\/a><\/li><li class=\"has-small-font-size wp-block-navigation-item  menu-item menu-item-type-custom menu-item-object-custom wp-block-navigation-link\"><a class=\"wp-block-navigation-item__content\"  href=\"https:\/\/ufpr.br\/linha-do-tempo\/\" title=\"\"><span class=\"wp-block-navigation-item__label\">Linha do Tempo<\/span><\/a><\/li><li class=\"has-small-font-size wp-block-navigation-item  menu-item menu-item-type-custom menu-item-object-custom wp-block-navigation-link\"><a class=\"wp-block-navigation-item__content\"  href=\"https:\/\/ufpr.br\/a-mais-antiga-do-brasil\/\" title=\"\"><span class=\"wp-block-navigation-item__label\">A mais antiga do Brasil<\/span><\/a><\/li><li class=\"has-small-font-size wp-block-navigation-item  menu-item menu-item-type-custom menu-item-object-custom wp-block-navigation-link\"><a class=\"wp-block-navigation-item__content\"  href=\"https:\/\/projetos.ufpr.br\/memoria\/\" target=\"_blank\"   title=\"\"><span class=\"wp-block-navigation-item__label\">Biblioteca Mem\u00f3ria da UFPR<\/span><\/a><\/li><li class=\"has-small-font-size wp-block-navigation-item  menu-item menu-item-type-custom menu-item-object-custom wp-block-navigation-link\"><a class=\"wp-block-navigation-item__content\"  href=\"https:\/\/ufpr.br\/galeria-de-reitores\/\" title=\"\"><span class=\"wp-block-navigation-item__label\">Galeria de Reitores\u00a0<\/span><\/a><\/li><\/ul><\/li><li data-wp-context=\"{ &quot;submenuOpenedBy&quot;: { &quot;click&quot;: false, &quot;hover&quot;: false, &quot;focus&quot;: false }, &quot;type&quot;: &quot;submenu&quot;, &quot;modal&quot;: null, &quot;previousFocus&quot;: null }\" data-wp-interactive=\"core\/navigation\" data-wp-on--focusout=\"actions.handleMenuFocusout\" data-wp-on--keydown=\"actions.handleMenuKeydown\" data-wp-on--mouseenter=\"actions.openMenuOnHover\" data-wp-on--mouseleave=\"actions.closeMenuOnHover\" data-wp-watch=\"callbacks.initMenu\" tabindex=\"-1\" class=\"wp-block-navigation-item has-small-font-size has-child open-on-hover-click  menu-item menu-item-type-custom menu-item-object-custom wp-block-navigation-submenu\"><a class=\"wp-block-navigation-item__content\" href=\"#\" title=\"\"><span class=\"wp-block-navigation-item__label\">Ensino<\/span><\/a><button data-wp-bind--aria-expanded=\"state.isMenuOpen\" data-wp-on--click=\"actions.toggleMenuOnClick\" aria-label=\"Ensino submenu\" class=\"wp-block-navigation__submenu-icon wp-block-navigation-submenu__toggle\" ><svg xmlns=\"http:\/\/www.w3.org\/2000\/svg\" width=\"12\" height=\"12\" viewBox=\"0 0 12 12\" fill=\"none\" aria-hidden=\"true\" focusable=\"false\"><path d=\"M1.50002 4L6.00002 8L10.5 4\" stroke-width=\"1.5\"><\/path><\/svg><\/button><ul data-wp-on--focus=\"actions.openMenuOnFocus\" class=\"wp-block-navigation__submenu-container  menu-item menu-item-type-custom menu-item-object-custom wp-block-navigation-submenu\"><li data-wp-context=\"{ &quot;submenuOpenedBy&quot;: { &quot;click&quot;: false, &quot;hover&quot;: false, &quot;focus&quot;: false }, &quot;type&quot;: &quot;submenu&quot;, &quot;modal&quot;: null, &quot;previousFocus&quot;: null }\" data-wp-interactive=\"core\/navigation\" data-wp-on--focusout=\"actions.handleMenuFocusout\" data-wp-on--keydown=\"actions.handleMenuKeydown\" data-wp-on--mouseenter=\"actions.openMenuOnHover\" data-wp-on--mouseleave=\"actions.closeMenuOnHover\" data-wp-watch=\"callbacks.initMenu\" tabindex=\"-1\" class=\"wp-block-navigation-item has-small-font-size has-child open-on-hover-click  menu-item menu-item-type-custom menu-item-object-custom wp-block-navigation-submenu\"><a class=\"wp-block-navigation-item__content\" href=\"#\" title=\"\"><span class=\"wp-block-navigation-item__label\">Gradua\u00e7\u00e3o<\/span><\/a><button data-wp-bind--aria-expanded=\"state.isMenuOpen\" data-wp-on--click=\"actions.toggleMenuOnClick\" aria-label=\"Gradua\u00e7\u00e3o submenu\" class=\"wp-block-navigation__submenu-icon wp-block-navigation-submenu__toggle\" ><svg xmlns=\"http:\/\/www.w3.org\/2000\/svg\" width=\"12\" height=\"12\" viewBox=\"0 0 12 12\" fill=\"none\" aria-hidden=\"true\" focusable=\"false\"><path d=\"M1.50002 4L6.00002 8L10.5 4\" stroke-width=\"1.5\"><\/path><\/svg><\/button><ul data-wp-on--focus=\"actions.openMenuOnFocus\" class=\"wp-block-navigation__submenu-container  menu-item menu-item-type-custom menu-item-object-custom wp-block-navigation-submenu\"><li class=\"has-small-font-size wp-block-navigation-item  menu-item menu-item-type-custom menu-item-object-custom wp-block-navigation-link\"><a class=\"wp-block-navigation-item__content\"  href=\"https:\/\/ufpr.br\/cursos-em-curitiba\/\" title=\"\"><span class=\"wp-block-navigation-item__label\">Cursos em Curitiba<\/span><\/a><\/li><li class=\"has-small-font-size wp-block-navigation-item  menu-item menu-item-type-custom menu-item-object-custom wp-block-navigation-link\"><a class=\"wp-block-navigation-item__content\"  href=\"https:\/\/ufpr.br\/cursos-em-jandaia-do-sul\/\" title=\"\"><span class=\"wp-block-navigation-item__label\">Cursos em Jandaia do Sul<\/span><\/a><\/li><li class=\"has-small-font-size wp-block-navigation-item  menu-item menu-item-type-custom menu-item-object-custom wp-block-navigation-link\"><a class=\"wp-block-navigation-item__content\"  href=\"https:\/\/ufpr.br\/cursos-em-matinhos\/\" title=\"\"><span class=\"wp-block-navigation-item__label\">Cursos em Matinhos<\/span><\/a><\/li><li class=\"has-small-font-size wp-block-navigation-item  menu-item menu-item-type-custom menu-item-object-custom wp-block-navigation-link\"><a class=\"wp-block-navigation-item__content\"  href=\"https:\/\/ufpr.br\/cursos-em-palotina\/\" title=\"\"><span class=\"wp-block-navigation-item__label\">Cursos em Palotina<\/span><\/a><\/li><li class=\"has-small-font-size wp-block-navigation-item  menu-item menu-item-type-custom menu-item-object-custom wp-block-navigation-link\"><a class=\"wp-block-navigation-item__content\"  href=\"https:\/\/ufpr.br\/cursos-em-pontal-do-parana\/\" title=\"\"><span class=\"wp-block-navigation-item__label\">Cursos em Pontal do Paran\u00e1<\/span><\/a><\/li><li class=\"has-small-font-size wp-block-navigation-item  menu-item menu-item-type-custom menu-item-object-custom wp-block-navigation-link\"><a class=\"wp-block-navigation-item__content\"  href=\"https:\/\/ufpr.br\/cursos-em-toledo\/\" title=\"\"><span class=\"wp-block-navigation-item__label\">Cursos em Toledo<\/span><\/a><\/li><li class=\"has-small-font-size wp-block-navigation-item  menu-item menu-item-type-custom menu-item-object-custom wp-block-navigation-link\"><a class=\"wp-block-navigation-item__content\"  href=\"https:\/\/ufpr.br\/cursos-de-graduacao-a-distancia\/\" title=\"\"><span class=\"wp-block-navigation-item__label\">Cursos de Gradua\u00e7\u00e3o a Dist\u00e2ncia<\/span><\/a><\/li><li class=\"has-small-font-size wp-block-navigation-item  menu-item menu-item-type-custom menu-item-object-custom wp-block-navigation-link\"><a class=\"wp-block-navigation-item__content\"  href=\"https:\/\/ufpr.br\/gradeecorpodocente\/\" target=\"_blank\"   title=\"\"><span class=\"wp-block-navigation-item__label\">Grade e Corpo Docente<\/span><\/a><\/li><\/ul><\/li><li class=\"has-small-font-size wp-block-navigation-item  menu-item menu-item-type-custom menu-item-object-custom wp-block-navigation-link\"><a class=\"wp-block-navigation-item__content\"  href=\"https:\/\/ufpr.br\/especializacao-e-mba\/\" title=\"\"><span class=\"wp-block-navigation-item__label\">Especializa\u00e7\u00e3o e MBA<\/span><\/a><\/li><li class=\"has-small-font-size wp-block-navigation-item  menu-item menu-item-type-custom menu-item-object-custom wp-block-navigation-link\"><a class=\"wp-block-navigation-item__content\"  href=\"https:\/\/ufpr.br\/mestrado-e-doutorado\/\" title=\"\"><span class=\"wp-block-navigation-item__label\">Mestrado e Doutorado<\/span><\/a><\/li><li class=\"has-small-font-size wp-block-navigation-item  menu-item menu-item-type-custom menu-item-object-custom wp-block-navigation-link\"><a class=\"wp-block-navigation-item__content\"  href=\"http:\/\/www.sept.ufpr.br\/portal\/\" target=\"_blank\"   title=\"\"><span class=\"wp-block-navigation-item__label\">Educa\u00e7\u00e3o Profissional<\/span><\/a><\/li><li class=\"has-small-font-size wp-block-navigation-item  menu-item menu-item-type-custom menu-item-object-custom wp-block-navigation-link\"><a class=\"wp-block-navigation-item__content\"  href=\"https:\/\/ufpraberta.ufpr.br\/\" target=\"_blank\"   title=\"\"><span class=\"wp-block-navigation-item__label\">Educa\u00e7\u00e3o Aberta<\/span><\/a><\/li><li class=\"has-small-font-size wp-block-navigation-item  menu-item menu-item-type-custom menu-item-object-custom wp-block-navigation-link\"><a class=\"wp-block-navigation-item__content\"  href=\"http:\/\/www.prograd.ufpr.br\/portal\/calendario-academico\/\" target=\"_blank\"   title=\"\"><span class=\"wp-block-navigation-item__label\">Calend\u00e1rio Acad\u00eamico<\/span><\/a><\/li><\/ul><\/li><li class=\"has-small-font-size wp-block-navigation-item  menu-item menu-item-type-custom menu-item-object-custom wp-block-navigation-link\"><a class=\"wp-block-navigation-item__content\"  href=\"https:\/\/ufpr.br\/mapa-campi-ufpr\/\" title=\"\"><span class=\"wp-block-navigation-item__label\">UFPR no Paran\u00e1<\/span><\/a><\/li><li class=\"has-small-font-size wp-block-navigation-item  menu-item menu-item-type-custom menu-item-object-custom wp-block-navigation-link\"><a class=\"wp-block-navigation-item__content\"  href=\"https:\/\/ufpr.br\/conselhos-superiores\/\" title=\"\"><span class=\"wp-block-navigation-item__label\">Conselhos Superiores<\/span><\/a><\/li><li data-wp-context=\"{ &quot;submenuOpenedBy&quot;: { &quot;click&quot;: false, &quot;hover&quot;: false, &quot;focus&quot;: false }, &quot;type&quot;: &quot;submenu&quot;, &quot;modal&quot;: null, &quot;previousFocus&quot;: null }\" data-wp-interactive=\"core\/navigation\" data-wp-on--focusout=\"actions.handleMenuFocusout\" data-wp-on--keydown=\"actions.handleMenuKeydown\" data-wp-on--mouseenter=\"actions.openMenuOnHover\" data-wp-on--mouseleave=\"actions.closeMenuOnHover\" data-wp-watch=\"callbacks.initMenu\" tabindex=\"-1\" class=\"wp-block-navigation-item has-small-font-size has-child open-on-hover-click  menu-item menu-item-type-custom menu-item-object-custom wp-block-navigation-submenu\"><a class=\"wp-block-navigation-item__content\" href=\"#\" title=\"\"><span class=\"wp-block-navigation-item__label\">Pr\u00f3-Reitorias<\/span><\/a><button data-wp-bind--aria-expanded=\"state.isMenuOpen\" data-wp-on--click=\"actions.toggleMenuOnClick\" aria-label=\"Pr\u00f3-Reitorias submenu\" class=\"wp-block-navigation__submenu-icon wp-block-navigation-submenu__toggle\" ><svg xmlns=\"http:\/\/www.w3.org\/2000\/svg\" width=\"12\" height=\"12\" viewBox=\"0 0 12 12\" fill=\"none\" aria-hidden=\"true\" focusable=\"false\"><path d=\"M1.50002 4L6.00002 8L10.5 4\" stroke-width=\"1.5\"><\/path><\/svg><\/button><ul data-wp-on--focus=\"actions.openMenuOnFocus\" class=\"wp-block-navigation__submenu-container  menu-item menu-item-type-custom menu-item-object-custom wp-block-navigation-submenu\"><li class=\"has-small-font-size wp-block-navigation-item  menu-item menu-item-type-custom menu-item-object-custom wp-block-navigation-link\"><a class=\"wp-block-navigation-item__content\"  href=\"https:\/\/pra.ufpr.br\/\" target=\"_blank\"   title=\"\"><span class=\"wp-block-navigation-item__label\">Or\u00e7amento e Administra\u00e7\u00e3o<\/span><\/a><\/li><li class=\"has-small-font-size wp-block-navigation-item  menu-item menu-item-type-custom menu-item-object-custom wp-block-navigation-link\"><a class=\"wp-block-navigation-item__content\"  href=\"https:\/\/p4e.ufpr.br\/\" target=\"_blank\"   title=\"\"><span class=\"wp-block-navigation-item__label\">Pertencimento e Pol\u00edticas de Perman\u00eancia Estudantil<\/span><\/a><\/li><li class=\"has-small-font-size wp-block-navigation-item  menu-item menu-item-type-custom menu-item-object-custom wp-block-navigation-link\"><a class=\"wp-block-navigation-item__content\"  href=\"http:\/\/www.proec.ufpr.br\/\" target=\"_blank\"   title=\"\"><span class=\"wp-block-navigation-item__label\">Extens\u00e3o e Cultura<\/span><\/a><\/li><li class=\"has-small-font-size wp-block-navigation-item  menu-item menu-item-type-custom menu-item-object-custom wp-block-navigation-link\"><a class=\"wp-block-navigation-item__content\"  href=\"http:\/\/progepe.ufpr.br\/portal\/\" target=\"_blank\"   title=\"\"><span class=\"wp-block-navigation-item__label\">Gest\u00e3o de Pessoas<\/span><\/a><\/li><li class=\"has-small-font-size wp-block-navigation-item  menu-item menu-item-type-custom menu-item-object-custom wp-block-navigation-link\"><a class=\"wp-block-navigation-item__content\"  href=\"http:\/\/www.prograd.ufpr.br\/portal\/\" target=\"_blank\"   title=\"\"><span class=\"wp-block-navigation-item__label\">Gradua\u00e7\u00e3o e Educa\u00e7\u00e3o Profissional<\/span><\/a><\/li><li class=\"has-small-font-size wp-block-navigation-item  menu-item menu-item-type-custom menu-item-object-custom wp-block-navigation-link\"><a class=\"wp-block-navigation-item__content\"  href=\"http:\/\/www.prppg.ufpr.br\/site\/\" target=\"_blank\"   title=\"\"><span class=\"wp-block-navigation-item__label\">P\u00f3s-Gradua\u00e7\u00e3o<\/span><\/a><\/li><li class=\"has-small-font-size wp-block-navigation-item  menu-item menu-item-type-custom menu-item-object-custom wp-block-navigation-link\"><a class=\"wp-block-navigation-item__content\"  href=\"http:\/\/www.proplan.ufpr.br\/portal\/\" target=\"_blank\"   title=\"\"><span class=\"wp-block-navigation-item__label\">Planejamento e Dados<\/span><\/a><\/li><li class=\"has-small-font-size wp-block-navigation-item  menu-item menu-item-type-custom menu-item-object-custom wp-block-navigation-link\"><a class=\"wp-block-navigation-item__content\"  href=\"https:\/\/ufpr.br\/prpi\/\" target=\"_blank\"   title=\"\"><span class=\"wp-block-navigation-item__label\">Pesquisa e Inova\u00e7\u00e3o<\/span><\/a><\/li><li class=\"has-small-font-size wp-block-navigation-item  menu-item menu-item-type-custom menu-item-object-custom wp-block-navigation-link\"><a class=\"wp-block-navigation-item__content\"  href=\"https:\/\/sipad.ufpr.br\/\" target=\"_blank\"   title=\"\"><span class=\"wp-block-navigation-item__label\">A\u00e7\u00f5es Afirmativas e Equidade<\/span><\/a><\/li><\/ul><\/li><li data-wp-context=\"{ &quot;submenuOpenedBy&quot;: { &quot;click&quot;: false, &quot;hover&quot;: false, &quot;focus&quot;: false }, &quot;type&quot;: &quot;submenu&quot;, &quot;modal&quot;: null, &quot;previousFocus&quot;: null }\" data-wp-interactive=\"core\/navigation\" data-wp-on--focusout=\"actions.handleMenuFocusout\" data-wp-on--keydown=\"actions.handleMenuKeydown\" data-wp-on--mouseenter=\"actions.openMenuOnHover\" data-wp-on--mouseleave=\"actions.closeMenuOnHover\" data-wp-watch=\"callbacks.initMenu\" tabindex=\"-1\" class=\"wp-block-navigation-item has-small-font-size has-child open-on-hover-click  menu-item menu-item-type-custom menu-item-object-custom wp-block-navigation-submenu\"><a class=\"wp-block-navigation-item__content\" href=\"#\" title=\"\"><span class=\"wp-block-navigation-item__label\">Superintend\u00eancias<\/span><\/a><button data-wp-bind--aria-expanded=\"state.isMenuOpen\" data-wp-on--click=\"actions.toggleMenuOnClick\" aria-label=\"Superintend\u00eancias submenu\" class=\"wp-block-navigation__submenu-icon wp-block-navigation-submenu__toggle\" ><svg xmlns=\"http:\/\/www.w3.org\/2000\/svg\" width=\"12\" height=\"12\" viewBox=\"0 0 12 12\" fill=\"none\" aria-hidden=\"true\" focusable=\"false\"><path d=\"M1.50002 4L6.00002 8L10.5 4\" stroke-width=\"1.5\"><\/path><\/svg><\/button><ul data-wp-on--focus=\"actions.openMenuOnFocus\" class=\"wp-block-navigation__submenu-container  menu-item menu-item-type-custom menu-item-object-custom wp-block-navigation-submenu\"><li class=\"has-small-font-size wp-block-navigation-item  menu-item menu-item-type-custom menu-item-object-custom wp-block-navigation-link\"><a class=\"wp-block-navigation-item__content\"  href=\"https:\/\/ufpr.br\/comunicacao\/\" title=\"\"><span class=\"wp-block-navigation-item__label\">Comunica\u00e7\u00e3o<\/span><\/a><\/li><li class=\"has-small-font-size wp-block-navigation-item  menu-item menu-item-type-custom menu-item-object-custom wp-block-navigation-link\"><a class=\"wp-block-navigation-item__content\"  href=\"http:\/\/www.suinfra.ufpr.br\/portal\/\" target=\"_blank\"   title=\"\"><span class=\"wp-block-navigation-item__label\">Log\u00edstica<\/span><\/a><\/li><li class=\"has-small-font-size wp-block-navigation-item  menu-item menu-item-type-custom menu-item-object-custom wp-block-navigation-link\"><a class=\"wp-block-navigation-item__content\"  href=\"https:\/\/cipead.ufpr.br\/\" target=\"_blank\"   title=\"\"><span class=\"wp-block-navigation-item__label\">Educa\u00e7\u00e3o a Dist\u00e2ncia e Inova\u00e7\u00f5es Pedag\u00f3gicas<\/span><\/a><\/li><li class=\"has-small-font-size wp-block-navigation-item  menu-item menu-item-type-custom menu-item-object-custom wp-block-navigation-link\"><a class=\"wp-block-navigation-item__content\"  href=\"https:\/\/spin.ufpr.br\/\" target=\"_blank\"   title=\"\"><span class=\"wp-block-navigation-item__label\">Parcerias e Rela\u00e7\u00f5es Institucionais<\/span><\/a><\/li><\/ul><\/li><li data-wp-context=\"{ &quot;submenuOpenedBy&quot;: { &quot;click&quot;: false, &quot;hover&quot;: false, &quot;focus&quot;: false }, &quot;type&quot;: &quot;submenu&quot;, &quot;modal&quot;: null, &quot;previousFocus&quot;: null }\" data-wp-interactive=\"core\/navigation\" data-wp-on--focusout=\"actions.handleMenuFocusout\" data-wp-on--keydown=\"actions.handleMenuKeydown\" data-wp-on--mouseenter=\"actions.openMenuOnHover\" data-wp-on--mouseleave=\"actions.closeMenuOnHover\" data-wp-watch=\"callbacks.initMenu\" tabindex=\"-1\" class=\"wp-block-navigation-item has-small-font-size has-child open-on-hover-click  menu-item menu-item-type-custom menu-item-object-custom wp-block-navigation-submenu\"><a class=\"wp-block-navigation-item__content\" href=\"#\" title=\"\"><span class=\"wp-block-navigation-item__label\">Setores<\/span><\/a><button data-wp-bind--aria-expanded=\"state.isMenuOpen\" data-wp-on--click=\"actions.toggleMenuOnClick\" aria-label=\"Setores submenu\" class=\"wp-block-navigation__submenu-icon wp-block-navigation-submenu__toggle\" ><svg xmlns=\"http:\/\/www.w3.org\/2000\/svg\" width=\"12\" height=\"12\" viewBox=\"0 0 12 12\" fill=\"none\" aria-hidden=\"true\" focusable=\"false\"><path d=\"M1.50002 4L6.00002 8L10.5 4\" stroke-width=\"1.5\"><\/path><\/svg><\/button><ul data-wp-on--focus=\"actions.openMenuOnFocus\" class=\"wp-block-navigation__submenu-container  menu-item menu-item-type-custom menu-item-object-custom wp-block-navigation-submenu\"><li class=\"has-small-font-size wp-block-navigation-item  menu-item menu-item-type-custom menu-item-object-custom wp-block-navigation-link\"><a class=\"wp-block-navigation-item__content\"  href=\"http:\/\/www.sacod.ufpr.br\/portal\/\" target=\"_blank\"   title=\"\"><span class=\"wp-block-navigation-item__label\">Setor de Artes, Comunica\u00e7\u00e3o e Design<\/span><\/a><\/li><li class=\"has-small-font-size wp-block-navigation-item  menu-item menu-item-type-custom menu-item-object-custom wp-block-navigation-link\"><a class=\"wp-block-navigation-item__content\"  href=\"http:\/\/www.agrarias.ufpr.br\/portal\/\" target=\"_blank\"   title=\"\"><span class=\"wp-block-navigation-item__label\">Setor de Ci\u00eancias Agr\u00e1rias<\/span><\/a><\/li><li class=\"has-small-font-size wp-block-navigation-item  menu-item menu-item-type-custom menu-item-object-custom wp-block-navigation-link\"><a class=\"wp-block-navigation-item__content\"  href=\"http:\/\/www.bio.ufpr.br\/\" target=\"_blank\"   title=\"\"><span class=\"wp-block-navigation-item__label\">Setor de Ci\u00eancias Biol\u00f3gicas<\/span><\/a><\/li><li class=\"has-small-font-size wp-block-navigation-item  menu-item menu-item-type-custom menu-item-object-custom wp-block-navigation-link\"><a class=\"wp-block-navigation-item__content\"  href=\"http:\/\/www.terra.ufpr.br\/portal\/\" target=\"_blank\"   title=\"\"><span class=\"wp-block-navigation-item__label\">Setor de Ci\u00eancias da Terra<\/span><\/a><\/li><li class=\"has-small-font-size wp-block-navigation-item  menu-item menu-item-type-custom menu-item-object-custom wp-block-navigation-link\"><a class=\"wp-block-navigation-item__content\"  href=\"http:\/\/www.saude.ufpr.br\/portal\/\" target=\"_blank\"   title=\"\"><span class=\"wp-block-navigation-item__label\">Setor de Ci\u00eancias da Sa\u00fade<\/span><\/a><\/li><li class=\"has-small-font-size wp-block-navigation-item  menu-item menu-item-type-custom menu-item-object-custom wp-block-navigation-link\"><a class=\"wp-block-navigation-item__content\"  href=\"https:\/\/educacao.ufpr.br\/\" target=\"_blank\"   title=\"\"><span class=\"wp-block-navigation-item__label\">Setor de Educa\u00e7\u00e3o<\/span><\/a><\/li><li class=\"has-small-font-size wp-block-navigation-item  menu-item menu-item-type-custom menu-item-object-custom wp-block-navigation-link\"><a class=\"wp-block-navigation-item__content\"  href=\"http:\/\/www.sept.ufpr.br\/portal\/\" target=\"_blank\"   title=\"\"><span class=\"wp-block-navigation-item__label\">Setor de Educa\u00e7\u00e3o Profissional e Tecnol\u00f3gica<\/span><\/a><\/li><li class=\"has-small-font-size wp-block-navigation-item  menu-item menu-item-type-custom menu-item-object-custom wp-block-navigation-link\"><a class=\"wp-block-navigation-item__content\"  href=\"http:\/\/www.exatas.ufpr.br\/portal\/\" target=\"_blank\"   title=\"\"><span class=\"wp-block-navigation-item__label\">Setor de Ci\u00eancias Exatas<\/span><\/a><\/li><li class=\"has-small-font-size wp-block-navigation-item  menu-item menu-item-type-custom menu-item-object-custom wp-block-navigation-link\"><a class=\"wp-block-navigation-item__content\"  href=\"http:\/\/www.humanas.ufpr.br\/portal\/\" target=\"_blank\"   title=\"\"><span class=\"wp-block-navigation-item__label\">Setor de Ci\u00eancias Humanas<\/span><\/a><\/li><li class=\"has-small-font-size wp-block-navigation-item  menu-item menu-item-type-custom menu-item-object-custom wp-block-navigation-link\"><a class=\"wp-block-navigation-item__content\"  href=\"http:\/\/www.direito.ufpr.br\/portal\/\" target=\"_blank\"   title=\"\"><span class=\"wp-block-navigation-item__label\">Setor de Ci\u00eancias Jur\u00eddicas<\/span><\/a><\/li><li class=\"has-small-font-size wp-block-navigation-item  menu-item menu-item-type-custom menu-item-object-custom wp-block-navigation-link\"><a class=\"wp-block-navigation-item__content\"  href=\"http:\/\/www.sociaisaplicadas.ufpr.br\/portal\/\" target=\"_blank\"   title=\"\"><span class=\"wp-block-navigation-item__label\">Setor de Ci\u00eancias Sociais Aplicadas<\/span><\/a><\/li><li class=\"has-small-font-size wp-block-navigation-item  menu-item menu-item-type-custom menu-item-object-custom wp-block-navigation-link\"><a class=\"wp-block-navigation-item__content\"  href=\"http:\/\/www.tecnologia.ufpr.br\/portal\/\" target=\"_blank\"   title=\"\"><span class=\"wp-block-navigation-item__label\">Setor de Tecnologia<\/span><\/a><\/li><li class=\"has-small-font-size wp-block-navigation-item  menu-item menu-item-type-custom menu-item-object-custom wp-block-navigation-link\"><a class=\"wp-block-navigation-item__content\"  href=\"https:\/\/litoral.ufpr.br\/\" target=\"_blank\"   title=\"\"><span class=\"wp-block-navigation-item__label\">Setor Litoral<\/span><\/a><\/li><li class=\"has-small-font-size wp-block-navigation-item  menu-item menu-item-type-custom menu-item-object-custom wp-block-navigation-link\"><a class=\"wp-block-navigation-item__content\"  href=\"https:\/\/palotina.ufpr.br\/\" target=\"_blank\"   title=\"\"><span class=\"wp-block-navigation-item__label\">Setor Palotina<\/span><\/a><\/li><li class=\"has-small-font-size wp-block-navigation-item  menu-item menu-item-type-custom menu-item-object-custom wp-block-navigation-link\"><a class=\"wp-block-navigation-item__content\"  href=\"https:\/\/jandaiadosul.ufpr.br\/\" target=\"_blank\"   title=\"\"><span class=\"wp-block-navigation-item__label\">Campus Jandaia do Sul<\/span><\/a><\/li><li class=\"has-small-font-size wp-block-navigation-item  menu-item menu-item-type-custom menu-item-object-custom wp-block-navigation-link\"><a class=\"wp-block-navigation-item__content\"  href=\"http:\/\/www.cem.ufpr.br\/portal\/\" target=\"_blank\"   title=\"\"><span class=\"wp-block-navigation-item__label\">Campus Pontal do Paran\u00e1 &#8211; Centro de Estudos do Mar<\/span><\/a><\/li><li class=\"has-small-font-size wp-block-navigation-item  menu-item menu-item-type-custom menu-item-object-custom wp-block-navigation-link\"><a class=\"wp-block-navigation-item__content\"  href=\"http:\/\/www.toledo.ufpr.br\/portal\/\" target=\"_blank\"   title=\"\"><span class=\"wp-block-navigation-item__label\">Campus Toledo<\/span><\/a><\/li><\/ul><\/li><li data-wp-context=\"{ &quot;submenuOpenedBy&quot;: { &quot;click&quot;: false, &quot;hover&quot;: false, &quot;focus&quot;: false }, &quot;type&quot;: &quot;submenu&quot;, &quot;modal&quot;: null, &quot;previousFocus&quot;: null }\" data-wp-interactive=\"core\/navigation\" data-wp-on--focusout=\"actions.handleMenuFocusout\" data-wp-on--keydown=\"actions.handleMenuKeydown\" data-wp-on--mouseenter=\"actions.openMenuOnHover\" data-wp-on--mouseleave=\"actions.closeMenuOnHover\" data-wp-watch=\"callbacks.initMenu\" tabindex=\"-1\" class=\"wp-block-navigation-item has-small-font-size has-child open-on-hover-click  menu-item menu-item-type-custom menu-item-object-custom wp-block-navigation-submenu\"><a class=\"wp-block-navigation-item__content\" href=\"#\" title=\"\"><span class=\"wp-block-navigation-item__label\">Comiss\u00f5es e Comit\u00eas<\/span><\/a><button data-wp-bind--aria-expanded=\"state.isMenuOpen\" data-wp-on--click=\"actions.toggleMenuOnClick\" aria-label=\"Comiss\u00f5es e Comit\u00eas submenu\" class=\"wp-block-navigation__submenu-icon wp-block-navigation-submenu__toggle\" ><svg xmlns=\"http:\/\/www.w3.org\/2000\/svg\" width=\"12\" height=\"12\" viewBox=\"0 0 12 12\" fill=\"none\" aria-hidden=\"true\" focusable=\"false\"><path d=\"M1.50002 4L6.00002 8L10.5 4\" stroke-width=\"1.5\"><\/path><\/svg><\/button><ul data-wp-on--focus=\"actions.openMenuOnFocus\" class=\"wp-block-navigation__submenu-container  menu-item menu-item-type-custom menu-item-object-custom wp-block-navigation-submenu\"><li class=\"has-small-font-size wp-block-navigation-item  menu-item menu-item-type-custom menu-item-object-custom wp-block-navigation-link\"><a class=\"wp-block-navigation-item__content\"  href=\"http:\/\/www.saude.ufpr.br\/portal\/cometica\/\" target=\"_blank\"   title=\"\"><span class=\"wp-block-navigation-item__label\">Comit\u00ea de \u00c9tica em Pesquisa<\/span><\/a><\/li><li class=\"has-small-font-size wp-block-navigation-item  menu-item menu-item-type-custom menu-item-object-custom wp-block-navigation-link\"><a class=\"wp-block-navigation-item__content\"  href=\"http:\/\/www.humanas.ufpr.br\/portal\/cep-chs\/\" target=\"_blank\"   title=\"\"><span class=\"wp-block-navigation-item__label\">Comit\u00ea de \u00c9tica em Pesquisa &#8211; Ci\u00eancias Humanas e Sociais<\/span><\/a><\/li><li class=\"has-small-font-size wp-block-navigation-item  menu-item menu-item-type-custom menu-item-object-custom wp-block-navigation-link\"><a class=\"wp-block-navigation-item__content\"  href=\"https:\/\/comissaodeetica.ufpr.br\/\" target=\"_blank\"   title=\"\"><span class=\"wp-block-navigation-item__label\">Comiss\u00e3o de \u00c9tica da UFPR<\/span><\/a><\/li><li class=\"has-small-font-size wp-block-navigation-item  menu-item menu-item-type-custom menu-item-object-custom wp-block-navigation-link\"><a class=\"wp-block-navigation-item__content\"  href=\"https:\/\/cis.ufpr.br\/portal\/\" target=\"_blank\"   title=\"\"><span class=\"wp-block-navigation-item__label\">Comiss\u00e3o Interna de Supervis\u00e3o de Carreira dos TAEs<\/span><\/a><\/li><li class=\"has-small-font-size wp-block-navigation-item  menu-item menu-item-type-custom menu-item-object-custom wp-block-navigation-link\"><a class=\"wp-block-navigation-item__content\"  href=\"http:\/\/www.cppd.ufpr.br\/portal\/\" target=\"_blank\"   title=\"\"><span class=\"wp-block-navigation-item__label\">Comiss\u00e3o Permanente de Pessoal Docente<\/span><\/a><\/li><li class=\"has-small-font-size wp-block-navigation-item  menu-item menu-item-type-custom menu-item-object-custom wp-block-navigation-link\"><a class=\"wp-block-navigation-item__content\"  href=\"https:\/\/cpa.ufpr.br\/portal\/\" target=\"_blank\"   title=\"\"><span class=\"wp-block-navigation-item__label\">Comiss\u00e3o Pr\u00f3pria de Avalia\u00e7\u00e3o<\/span><\/a><\/li><\/ul><\/li><li data-wp-context=\"{ &quot;submenuOpenedBy&quot;: { &quot;click&quot;: false, &quot;hover&quot;: false, &quot;focus&quot;: false }, &quot;type&quot;: &quot;submenu&quot;, &quot;modal&quot;: null, &quot;previousFocus&quot;: null }\" data-wp-interactive=\"core\/navigation\" data-wp-on--focusout=\"actions.handleMenuFocusout\" data-wp-on--keydown=\"actions.handleMenuKeydown\" data-wp-on--mouseenter=\"actions.openMenuOnHover\" data-wp-on--mouseleave=\"actions.closeMenuOnHover\" data-wp-watch=\"callbacks.initMenu\" tabindex=\"-1\" class=\"wp-block-navigation-item has-small-font-size has-child open-on-hover-click  menu-item menu-item-type-custom menu-item-object-custom wp-block-navigation-submenu\"><a class=\"wp-block-navigation-item__content\" href=\"#\" title=\"\"><span class=\"wp-block-navigation-item__label\">Unidades Administrativas<\/span><\/a><button data-wp-bind--aria-expanded=\"state.isMenuOpen\" data-wp-on--click=\"actions.toggleMenuOnClick\" aria-label=\"Unidades Administrativas submenu\" class=\"wp-block-navigation__submenu-icon wp-block-navigation-submenu__toggle\" ><svg xmlns=\"http:\/\/www.w3.org\/2000\/svg\" width=\"12\" height=\"12\" viewBox=\"0 0 12 12\" fill=\"none\" aria-hidden=\"true\" focusable=\"false\"><path d=\"M1.50002 4L6.00002 8L10.5 4\" stroke-width=\"1.5\"><\/path><\/svg><\/button><ul data-wp-on--focus=\"actions.openMenuOnFocus\" class=\"wp-block-navigation__submenu-container  menu-item menu-item-type-custom menu-item-object-custom wp-block-navigation-submenu\"><li class=\"has-small-font-size wp-block-navigation-item  menu-item menu-item-type-custom menu-item-object-custom wp-block-navigation-link\"><a class=\"wp-block-navigation-item__content\"  href=\"https:\/\/internacional.ufpr.br\/portal\/\" target=\"_blank\"   title=\"\"><span class=\"wp-block-navigation-item__label\">Escrit\u00f3rio de Rela\u00e7\u00f5es Internacionais<\/span><\/a><\/li><li class=\"has-small-font-size wp-block-navigation-item  menu-item menu-item-type-custom menu-item-object-custom wp-block-navigation-link\"><a class=\"wp-block-navigation-item__content\"  href=\"https:\/\/ufpr.br\/agtic\/\" target=\"_blank\"   title=\"\"><span class=\"wp-block-navigation-item__label\">Ag\u00eancia de Tecnologia da Informa\u00e7\u00e3o e Comunica\u00e7\u00e3o<\/span><\/a><\/li><li class=\"has-small-font-size wp-block-navigation-item  menu-item menu-item-type-custom menu-item-object-custom wp-block-navigation-link\"><a class=\"wp-block-navigation-item__content\"  href=\"https:\/\/audin.ufpr.br\/\" target=\"_blank\"   title=\"\"><span class=\"wp-block-navigation-item__label\">Auditoria Interna<\/span><\/a><\/li><li class=\"has-small-font-size wp-block-navigation-item  menu-item menu-item-type-custom menu-item-object-custom wp-block-navigation-link\"><a class=\"wp-block-navigation-item__content\"  href=\"http:\/\/www.diretoriadisciplinar.ufpr.br\/portal\/\" target=\"_blank\"   title=\"\"><span class=\"wp-block-navigation-item__label\">Diretoria Disciplinar<\/span><\/a><\/li><li class=\"has-small-font-size wp-block-navigation-item  menu-item menu-item-type-custom menu-item-object-custom wp-block-navigation-link\"><a class=\"wp-block-navigation-item__content\"  href=\"https:\/\/integra.ufpr.br\/\" target=\"_blank\"   title=\"\"><span class=\"wp-block-navigation-item__label\">Diretoria de Desenvolvimento do Interior<\/span><\/a><\/li><li class=\"has-small-font-size wp-block-navigation-item  menu-item menu-item-type-custom menu-item-object-custom wp-block-navigation-link\"><a class=\"wp-block-navigation-item__content\"  href=\"https:\/\/servicos.nc.ufpr.br\/PortalNC\/Home\" target=\"_blank\"   title=\"\"><span class=\"wp-block-navigation-item__label\">N\u00facleo de Concursos<\/span><\/a><\/li><li class=\"has-small-font-size wp-block-navigation-item  menu-item menu-item-type-custom menu-item-object-custom wp-block-navigation-link\"><a class=\"wp-block-navigation-item__content\"  href=\"https:\/\/bibliotecas.ufpr.br\/\" target=\"_blank\"   title=\"\"><span class=\"wp-block-navigation-item__label\">Sistema de Bibliotecas<\/span><\/a><\/li><\/ul><\/li><li data-wp-context=\"{ &quot;submenuOpenedBy&quot;: { &quot;click&quot;: false, &quot;hover&quot;: false, &quot;focus&quot;: false }, &quot;type&quot;: &quot;submenu&quot;, &quot;modal&quot;: null, &quot;previousFocus&quot;: null }\" data-wp-interactive=\"core\/navigation\" data-wp-on--focusout=\"actions.handleMenuFocusout\" data-wp-on--keydown=\"actions.handleMenuKeydown\" data-wp-on--mouseenter=\"actions.openMenuOnHover\" data-wp-on--mouseleave=\"actions.closeMenuOnHover\" data-wp-watch=\"callbacks.initMenu\" tabindex=\"-1\" class=\"wp-block-navigation-item has-small-font-size has-child open-on-hover-click  menu-item menu-item-type-custom menu-item-object-custom wp-block-navigation-submenu\"><a class=\"wp-block-navigation-item__content\" href=\"#\" title=\"\"><span class=\"wp-block-navigation-item__label\">Hospitais<\/span><\/a><button data-wp-bind--aria-expanded=\"state.isMenuOpen\" data-wp-on--click=\"actions.toggleMenuOnClick\" aria-label=\"Hospitais submenu\" class=\"wp-block-navigation__submenu-icon wp-block-navigation-submenu__toggle\" ><svg xmlns=\"http:\/\/www.w3.org\/2000\/svg\" width=\"12\" height=\"12\" viewBox=\"0 0 12 12\" fill=\"none\" aria-hidden=\"true\" focusable=\"false\"><path d=\"M1.50002 4L6.00002 8L10.5 4\" stroke-width=\"1.5\"><\/path><\/svg><\/button><ul data-wp-on--focus=\"actions.openMenuOnFocus\" class=\"wp-block-navigation__submenu-container  menu-item menu-item-type-custom menu-item-object-custom wp-block-navigation-submenu\"><li class=\"has-small-font-size wp-block-navigation-item  menu-item menu-item-type-custom menu-item-object-custom wp-block-navigation-link\"><a class=\"wp-block-navigation-item__content\"  href=\"https:\/\/www.gov.br\/ebserh\/pt-br\/hospitais-universitarios\/regiao-sul\/chc-ufpr\" target=\"_blank\"   title=\"\"><span class=\"wp-block-navigation-item__label\">Complexo Hospital de Cl\u00ednicas<\/span><\/a><\/li><li class=\"has-small-font-size wp-block-navigation-item  menu-item menu-item-type-custom menu-item-object-custom wp-block-navigation-link\"><a class=\"wp-block-navigation-item__content\"  href=\"https:\/\/www.gov.br\/ebserh\/pt-br\/hospitais-universitarios\/regiao-sul\/chc-ufpr\/acesso-a-informacao\/institucional\/maternidade-victor-ferreira-do-amaral\" target=\"_blank\"   title=\"\"><span class=\"wp-block-navigation-item__label\">Maternidade Victor Ferreira do Amaral<\/span><\/a><\/li><li class=\"has-small-font-size wp-block-navigation-item  menu-item menu-item-type-custom menu-item-object-custom wp-block-navigation-link\"><a class=\"wp-block-navigation-item__content\"  href=\"http:\/\/www.agrarias.ufpr.br\/portal\/hv\/\" target=\"_blank\"   title=\"\"><span class=\"wp-block-navigation-item__label\">Hospital Veterin\u00e1rio \u2013 Curitiba<\/span><\/a><\/li><li class=\"has-small-font-size wp-block-navigation-item  menu-item menu-item-type-custom menu-item-object-custom wp-block-navigation-link\"><a class=\"wp-block-navigation-item__content\"  href=\"https:\/\/hvp.ufpr.br\/\" target=\"_blank\"   title=\"\"><span class=\"wp-block-navigation-item__label\">Hospital Veterin\u00e1rio &#8211; Palotina<\/span><\/a><\/li><\/ul><\/li><li data-wp-context=\"{ &quot;submenuOpenedBy&quot;: { &quot;click&quot;: false, &quot;hover&quot;: false, &quot;focus&quot;: false }, &quot;type&quot;: &quot;submenu&quot;, &quot;modal&quot;: null, &quot;previousFocus&quot;: null }\" data-wp-interactive=\"core\/navigation\" data-wp-on--focusout=\"actions.handleMenuFocusout\" data-wp-on--keydown=\"actions.handleMenuKeydown\" data-wp-on--mouseenter=\"actions.openMenuOnHover\" data-wp-on--mouseleave=\"actions.closeMenuOnHover\" data-wp-watch=\"callbacks.initMenu\" tabindex=\"-1\" class=\"wp-block-navigation-item has-small-font-size has-child open-on-hover-click  menu-item menu-item-type-custom menu-item-object-custom wp-block-navigation-submenu\"><a class=\"wp-block-navigation-item__content\" href=\"#\" title=\"\"><span class=\"wp-block-navigation-item__label\">Funda\u00e7\u00f5es de Apoio<\/span><\/a><button data-wp-bind--aria-expanded=\"state.isMenuOpen\" data-wp-on--click=\"actions.toggleMenuOnClick\" aria-label=\"Funda\u00e7\u00f5es de Apoio submenu\" class=\"wp-block-navigation__submenu-icon wp-block-navigation-submenu__toggle\" ><svg xmlns=\"http:\/\/www.w3.org\/2000\/svg\" width=\"12\" height=\"12\" viewBox=\"0 0 12 12\" fill=\"none\" aria-hidden=\"true\" focusable=\"false\"><path d=\"M1.50002 4L6.00002 8L10.5 4\" stroke-width=\"1.5\"><\/path><\/svg><\/button><ul data-wp-on--focus=\"actions.openMenuOnFocus\" class=\"wp-block-navigation__submenu-container  menu-item menu-item-type-custom menu-item-object-custom wp-block-navigation-submenu\"><li class=\"has-small-font-size wp-block-navigation-item  menu-item menu-item-type-custom menu-item-object-custom wp-block-navigation-link\"><a class=\"wp-block-navigation-item__content\"  href=\"https:\/\/www.funpar.ufpr.br\/\" target=\"_blank\"   title=\"\"><span class=\"wp-block-navigation-item__label\">Funda\u00e7\u00e3o da Universidade Federal do Paran\u00e1<\/span><\/a><\/li><li class=\"has-small-font-size wp-block-navigation-item  menu-item menu-item-type-custom menu-item-object-custom wp-block-navigation-link\"><a class=\"wp-block-navigation-item__content\"  href=\"https:\/\/fupef.org.br\/\" target=\"_blank\"   title=\"\"><span class=\"wp-block-navigation-item__label\">Funda\u00e7\u00e3o de Pesquisas Florestais do Paran\u00e1<\/span><\/a><\/li><\/ul><\/li><li data-wp-context=\"{ &quot;submenuOpenedBy&quot;: { &quot;click&quot;: false, &quot;hover&quot;: false, &quot;focus&quot;: false }, &quot;type&quot;: &quot;submenu&quot;, &quot;modal&quot;: null, &quot;previousFocus&quot;: null }\" data-wp-interactive=\"core\/navigation\" data-wp-on--focusout=\"actions.handleMenuFocusout\" data-wp-on--keydown=\"actions.handleMenuKeydown\" data-wp-on--mouseenter=\"actions.openMenuOnHover\" data-wp-on--mouseleave=\"actions.closeMenuOnHover\" data-wp-watch=\"callbacks.initMenu\" tabindex=\"-1\" class=\"wp-block-navigation-item has-small-font-size has-child open-on-hover-click  menu-item menu-item-type-custom menu-item-object-custom wp-block-navigation-submenu\"><a class=\"wp-block-navigation-item__content\" href=\"#\" title=\"\"><span class=\"wp-block-navigation-item__label\">Transpar\u00eancia<\/span><\/a><button data-wp-bind--aria-expanded=\"state.isMenuOpen\" data-wp-on--click=\"actions.toggleMenuOnClick\" aria-label=\"Transpar\u00eancia submenu\" class=\"wp-block-navigation__submenu-icon wp-block-navigation-submenu__toggle\" ><svg xmlns=\"http:\/\/www.w3.org\/2000\/svg\" width=\"12\" height=\"12\" viewBox=\"0 0 12 12\" fill=\"none\" aria-hidden=\"true\" focusable=\"false\"><path d=\"M1.50002 4L6.00002 8L10.5 4\" stroke-width=\"1.5\"><\/path><\/svg><\/button><ul data-wp-on--focus=\"actions.openMenuOnFocus\" class=\"wp-block-navigation__submenu-container  menu-item menu-item-type-custom menu-item-object-custom wp-block-navigation-submenu\"><li class=\"has-small-font-size wp-block-navigation-item  menu-item menu-item-type-custom menu-item-object-custom wp-block-navigation-link\"><a class=\"wp-block-navigation-item__content\"  href=\"http:\/\/www.sic.ufpr.br\/portal\/convenios-e-transferencias\/\" target=\"_blank\"   title=\"\"><span class=\"wp-block-navigation-item__label\">Conv\u00eanios e Transfer\u00eancias<\/span><\/a><\/li><li class=\"has-small-font-size wp-block-navigation-item  menu-item menu-item-type-custom menu-item-object-custom wp-block-navigation-link\"><a class=\"wp-block-navigation-item__content\"  href=\"https:\/\/ufpr.br\/demonstracoes-contabeis-da-ufpr\/\" title=\"\"><span class=\"wp-block-navigation-item__label\">Demonstra\u00e7\u00f5es Cont\u00e1beis<\/span><\/a><\/li><li class=\"has-small-font-size wp-block-navigation-item  menu-item menu-item-type-custom menu-item-object-custom wp-block-navigation-link\"><a class=\"wp-block-navigation-item__content\"  href=\"https:\/\/pra.ufpr.br\/licitacoes\/\" target=\"_blank\"   title=\"\"><span class=\"wp-block-navigation-item__label\">Licita\u00e7\u00f5es<\/span><\/a><\/li><li class=\"has-small-font-size wp-block-navigation-item  menu-item menu-item-type-custom menu-item-object-custom wp-block-navigation-link\"><a class=\"wp-block-navigation-item__content\"  href=\"http:\/\/www.proplan.ufpr.br\/orcamentoanual\/\" target=\"_blank\"   title=\"\"><span class=\"wp-block-navigation-item__label\">Or\u00e7amento<\/span><\/a><\/li><li class=\"has-small-font-size wp-block-navigation-item  menu-item menu-item-type-custom menu-item-object-custom wp-block-navigation-link\"><a class=\"wp-block-navigation-item__content\"  href=\"http:\/\/www.sic.ufpr.br\/portal\/receitas-e-despesas\/\" target=\"_blank\"   title=\"\"><span class=\"wp-block-navigation-item__label\">Receitas e Despesas<\/span><\/a><\/li><li class=\"has-small-font-size wp-block-navigation-item  menu-item menu-item-type-custom menu-item-object-custom wp-block-navigation-link\"><a class=\"wp-block-navigation-item__content\"  href=\"https:\/\/proplad.ufpr.br\/relatorio-de-gestao\/\" target=\"_blank\"   title=\"\"><span class=\"wp-block-navigation-item__label\">Relat\u00f3rio de Gest\u00e3o<\/span><\/a><\/li><li class=\"has-small-font-size wp-block-navigation-item  menu-item menu-item-type-custom menu-item-object-custom wp-block-navigation-link\"><a class=\"wp-block-navigation-item__content\"  href=\"https:\/\/proplad.ufpr.br\/pdi-ufpr\/\" target=\"_blank\"   title=\"\"><span class=\"wp-block-navigation-item__label\">Plano de Desenvolvimento Insitucional<\/span><\/a><\/li><li class=\"has-small-font-size wp-block-navigation-item  menu-item menu-item-type-custom menu-item-object-custom wp-block-navigation-link\"><a class=\"wp-block-navigation-item__content\"  href=\"http:\/\/cgr.ufpr.br\" target=\"_blank\"   title=\"\"><span class=\"wp-block-navigation-item__label\">Governan\u00e7a e Riscos<\/span><\/a><\/li><li class=\"has-small-font-size wp-block-navigation-item  menu-item menu-item-type-custom menu-item-object-custom wp-block-navigation-link\"><a class=\"wp-block-navigation-item__content\"  href=\"https:\/\/ufpr.br\/lgpd\/\" target=\"_blank\"   title=\"\"><span class=\"wp-block-navigation-item__label\">Lei Geral de Prote\u00e7\u00e3o de Dados Pessoais<\/span><\/a><\/li><li class=\"has-small-font-size wp-block-navigation-item  menu-item menu-item-type-custom menu-item-object-custom wp-block-navigation-link\"><a class=\"wp-block-navigation-item__content\"  href=\"https:\/\/transparencia.ufpr.br\/public\/index.jsf\" target=\"_blank\"   title=\"\"><span class=\"wp-block-navigation-item__label\">Portal da Transpar\u00eancia da UFPR<\/span><\/a><\/li><\/ul><\/li><li class=\"has-small-font-size wp-block-navigation-item  menu-item menu-item-type-custom menu-item-object-custom wp-block-navigation-link\"><a class=\"wp-block-navigation-item__content\"  href=\"https:\/\/sic.ufpr.br\/\" target=\"_blank\"   title=\"\"><span class=\"wp-block-navigation-item__label\">Acesso a Informa\u00e7\u00e3o<\/span><\/a><\/li><li class=\"has-small-font-size wp-block-navigation-item  menu-item menu-item-type-custom menu-item-object-custom wp-block-navigation-link\"><a class=\"wp-block-navigation-item__content\"  href=\"http:\/\/www.ouvidoriageral.ufpr.br\/portal\/\" target=\"_blank\"   title=\"\"><span class=\"wp-block-navigation-item__label\">Ouvidoria<\/span><\/a><\/li><\/ul><\/nav>\n\n\n<div style=\"height:0px\" aria-hidden=\"true\" class=\"wp-block-spacer wp-container-content-541a6b20\"><\/div>\n<\/div>\n\n\n\n<div class=\"wp-block-group is-vertical is-layout-flex wp-container-core-group-is-layout-8cf370e7 wp-block-group-is-layout-flex\">\n<p class=\"has-text-align-left\">Social<\/p>\n\n\n\n<div class=\"wp-block-group is-vertical is-content-justification-left is-layout-flex wp-container-core-group-is-layout-d2172249 wp-block-group-is-layout-flex\">\n<p><a href=\"#\">Facebook<\/a><\/p>\n\n\n\n<p><a href=\"#\">Instagram<\/a><\/p>\n\n\n\n<p><a href=\"#\">Twitter<\/a><\/p>\n<\/div>\n\n\n\n<div style=\"height:0px\" aria-hidden=\"true\" class=\"wp-block-spacer wp-container-content-541a6b20\"><\/div>\n<\/div>\n<\/div>\n<\/div>\n\n\n\n<div class=\"wp-block-group\"><div class=\"wp-block-group__inner-container is-layout-constrained wp-block-group-is-layout-constrained\">\n<div class=\"wp-block-columns is-layout-flex wp-container-core-columns-is-layout-9d6595d7 wp-block-columns-is-layout-flex\">\n<div class=\"wp-block-column is-layout-flow wp-block-column-is-layout-flow\" style=\"flex-basis:100%\">\n<figure class=\"wp-block-table\"><table class=\"has-fixed-layout\"><tbody><tr><td><\/td><td><\/td><td><\/td><td><\/td><\/tr><tr><td><\/td><td><\/td><td><\/td><td><\/td><\/tr><tr><td><\/td><td><\/td><td><\/td><td><\/td><\/tr><tr><td><\/td><td><\/td><td><\/td><td><\/td><\/tr><tr><td><\/td><td><\/td><td><\/td><td><\/td><\/tr><\/tbody><\/table><\/figure>\n\n\n\n<div class=\"wp-block-group\" style=\"padding-top:30px;padding-right:30px;padding-bottom:30px;padding-left:30px\"><div class=\"wp-block-group__inner-container is-layout-flow wp-block-group-is-layout-flow\">\n<div class=\"wp-block-columns is-layout-flex wp-container-core-columns-is-layout-9d6595d7 wp-block-columns-is-layout-flex\">\n<div class=\"wp-block-column is-layout-flow wp-block-column-is-layout-flow\" style=\"flex-basis:50%\">\n<div class=\"wp-block-query is-layout-flow wp-block-query-is-layout-flow\"><ul class=\"wp-block-post-template is-layout-flow wp-block-post-template-is-layout-flow\"><li class=\"wp-block-post post-3 post type-post status-publish format-standard hentry category-sem-categoria\">\n\n\n<h2 class=\"wp-block-post-title\">Ol\u00e1, mundo!<\/h2>\n\n<div class=\"wp-block-post-date\"><time datetime=\"2026-03-09T15:18:43-03:00\">9 de mar\u00e7o de 2026<\/time><\/div>\n\n\n<div style=\"height:200px\" aria-hidden=\"true\" class=\"wp-block-spacer\"><\/div>\n\n<\/li><\/ul><\/div>\n<\/div>\n\n\n\n<div class=\"wp-block-column is-layout-flow wp-block-column-is-layout-flow\" style=\"flex-basis:50%\">\n<div class=\"wp-block-query is-layout-flow wp-block-query-is-layout-flow\"><\/div>\n<\/div>\n<\/div>\n<\/div><\/div>\n<\/div>\n<\/div>\n<\/div><\/div>\n\n\n\n<h2 data-wp-context---core-fit-text=\"core\/fit-text::{&quot;fontSize&quot;:&quot;&quot;}\" data-wp-init---core-fit-text=\"core\/fit-text::callbacks.init\" data-wp-interactive data-wp-style--font-size=\"core\/fit-text::context.fontSize\" class=\"wp-block-heading has-fit-text\"><\/h2>\n\n\n\n<details class=\"wp-block-details is-layout-flow wp-block-details-is-layout-flow\"><summary>verificando<\/summary>\n<p><\/p>\n<\/details>\n\n\n\n<figure class=\"wp-block-pullquote\"><blockquote><p><\/p><\/blockquote><\/figure>\n","protected":false},"excerpt":{"rendered":"<p>Teste de not\u00edcia Teste 2020 Lomita Blvd,&nbsp;Torrance, CA 90101United States Proudly powered by WordPress Pages Social Facebook Instagram Twitter<\/p>\n","protected":false},"author":136,"featured_media":0,"parent":0,"menu_order":0,"comment_status":"closed","ping_status":"closed","template":"template_todas_as_noticias.php","meta":{"footnotes":""},"class_list":["post-35","page","type-page","status-publish","hentry"],"_links":{"self":[{"href":"https:\/\/projetos.ufpr.br\/omnibus\/wp-json\/wp\/v2\/pages\/35","targetHints":{"allow":["GET"]}}],"collection":[{"href":"https:\/\/projetos.ufpr.br\/omnibus\/wp-json\/wp\/v2\/pages"}],"about":[{"href":"https:\/\/projetos.ufpr.br\/omnibus\/wp-json\/wp\/v2\/types\/page"}],"author":[{"embeddable":true,"href":"https:\/\/projetos.ufpr.br\/omnibus\/wp-json\/wp\/v2\/users\/136"}],"replies":[{"embeddable":true,"href":"https:\/\/projetos.ufpr.br\/omnibus\/wp-json\/wp\/v2\/comments?post=35"}],"version-history":[{"count":2,"href":"https:\/\/projetos.ufpr.br\/omnibus\/wp-json\/wp\/v2\/pages\/35\/revisions"}],"predecessor-version":[{"id":276,"href":"https:\/\/projetos.ufpr.br\/omnibus\/wp-json\/wp\/v2\/pages\/35\/revisions\/276"}],"wp:attachment":[{"href":"https:\/\/projetos.ufpr.br\/omnibus\/wp-json\/wp\/v2\/media?parent=35"}],"curies":[{"name":"wp","href":"https:\/\/api.w.org\/{rel}","templated":true}]}}