{"id":31,"date":"2025-08-07T10:57:54","date_gmt":"2025-08-07T13:57:54","guid":{"rendered":"https:\/\/projetos.ufpr.br\/pratodepolitica\/equipe\/"},"modified":"2026-02-02T11:42:01","modified_gmt":"2026-02-02T14:42:01","slug":"equipe","status":"publish","type":"page","link":"https:\/\/projetos.ufpr.br\/pratodepolitica\/equipe\/","title":{"rendered":"Equipe"},"content":{"rendered":"\n<h2 class=\"wp-block-heading\">Coordena\u00e7\u00e3o<\/h2>\n\n\n\n<figure class=\"wp-block-table has-small-font-size\"><table class=\"has-fixed-layout\"><tbody><tr><td>Jonas Augusto Cardoso da Silveira<\/td><td>Coordenador<\/td><td>Nutricionista e Professor no Departamento de Nutri\u00e7\u00e3o<\/td><\/tr><tr><td>Regina Maria Ferreira Lang<\/td><td>Vice-coordenadora<\/td><td>Nutricionista e Professora no Departamento de Nutri\u00e7\u00e3o<\/td><\/tr><\/tbody><\/table><\/figure>\n\n\n\n<h2 class=\"wp-block-heading\">Equipe<\/h2>\n\n\n\n<figure class=\"wp-block-table has-small-font-size\"><table class=\"has-fixed-layout\"><tbody><tr><td>Anne Caroline Baumann<\/td><td>Inicia\u00e7\u00e3o Cient\u00edfica<\/td><td>Discente da Gradua\u00e7\u00e3o em Nutri\u00e7\u00e3o<\/td><\/tr><tr><td>Katrin Hansele Zem<\/td><td>Inicia\u00e7\u00e3o Cient\u00edfica<\/td><td>Discente da Gradua\u00e7\u00e3o em Nutri\u00e7\u00e3o<\/td><\/tr><tr><td>Luiza Hikari Sugahara<\/td><td>Extensionista<\/td><td>Discente da Gradua\u00e7\u00e3o em Nutri\u00e7\u00e3o<\/td><\/tr><tr><td>Nicoly Anschau da Luz<\/td><td>Extensionista<\/td><td>Discente da Gradua\u00e7\u00e3o em Nutri\u00e7\u00e3o<\/td><\/tr><tr><td>Raquel do Nascimento<\/td><td>Mestranda<\/td><td>Discente do Programa de P\u00f3s-Gradua\u00e7\u00e3o em Nutri\u00e7\u00e3o &#8211; PPGAN<\/td><\/tr><tr><td>Andressa Bonilauri Santin<\/td><td>Mestranda<\/td><td>Discente do Programa de P\u00f3s-Gradua\u00e7\u00e3o em Nutri\u00e7\u00e3o &#8211; PPGAN<\/td><\/tr><tr><td>Isabela Maria Probst<\/td><td>Mestranda<\/td><td>Discente do Programa de P\u00f3s-Gradua\u00e7\u00e3o em Nutri\u00e7\u00e3o &#8211; PPGAN<\/td><\/tr><tr><td>Josieli Maria Kosak<\/td><td>Doutoranda<\/td><td>Discente do Programa de P\u00f3s-Gradua\u00e7\u00e3o em Nutri\u00e7\u00e3o &#8211; PPGAN<\/td><\/tr><tr><td>Leticia Soares Amancio<\/td><td>Doutoranda<\/td><td>Discente do Programa de P\u00f3s-Gradua\u00e7\u00e3o em Nutri\u00e7\u00e3o &#8211; PPGAN<\/td><\/tr><tr><td>Andr\u00e9ia Lara Lopatko Kantoviscki<\/td><td>Doutoranda<\/td><td>Discente do Programa de P\u00f3s-Gradua\u00e7\u00e3o em Nutri\u00e7\u00e3o &#8211; PPGAN<\/td><\/tr><tr><td>Charlise Frasson Pereira<\/td><td>Pesquisadora<\/td><td>Bolsista vinculada a projeto financiado pelo CNPq<\/td><\/tr><tr><td>Vanessa Daufenback Ramos<\/td><td>Pesquisadora<\/td><td>Bolsista vinculada a projeto financiado pelo CNPq<\/td><\/tr><\/tbody><\/table><\/figure>\n\n\n\n<p class=\"wp-block-paragraph\"><\/p>\n\n\n\n<p class=\"wp-block-paragraph\"><\/p>\n","protected":false},"excerpt":{"rendered":"<p>Coordena\u00e7\u00e3o Jonas Augusto Cardoso da Silveira Coordenador Nutricionista e Professor no Departamento de Nutri\u00e7\u00e3o Regina Maria Ferreira Lang Vice-coordenadora Nutricionista e Professora no Departamento de Nutri\u00e7\u00e3o Equipe Anne Caroline Baumann Inicia\u00e7\u00e3o Cient\u00edfica Discente da Gradua\u00e7\u00e3o em Nutri\u00e7\u00e3o Katrin Hansele Zem Inicia\u00e7\u00e3o Cient\u00edfica Discente da Gradua\u00e7\u00e3o em Nutri\u00e7\u00e3o Luiza Hikari Sugahara Extensionista Discente da Gradua\u00e7\u00e3o em [&hellip;]<\/p>\n","protected":false},"author":12,"featured_media":0,"parent":0,"menu_order":0,"comment_status":"closed","ping_status":"closed","template":"page.php","meta":{"footnotes":""},"class_list":["post-31","page","type-page","status-publish","hentry"],"_links":{"self":[{"href":"https:\/\/projetos.ufpr.br\/pratodepolitica\/wp-json\/wp\/v2\/pages\/31","targetHints":{"allow":["GET"]}}],"collection":[{"href":"https:\/\/projetos.ufpr.br\/pratodepolitica\/wp-json\/wp\/v2\/pages"}],"about":[{"href":"https:\/\/projetos.ufpr.br\/pratodepolitica\/wp-json\/wp\/v2\/types\/page"}],"author":[{"embeddable":true,"href":"https:\/\/projetos.ufpr.br\/pratodepolitica\/wp-json\/wp\/v2\/users\/12"}],"replies":[{"embeddable":true,"href":"https:\/\/projetos.ufpr.br\/pratodepolitica\/wp-json\/wp\/v2\/comments?post=31"}],"version-history":[{"count":3,"href":"https:\/\/projetos.ufpr.br\/pratodepolitica\/wp-json\/wp\/v2\/pages\/31\/revisions"}],"predecessor-version":[{"id":364,"href":"https:\/\/projetos.ufpr.br\/pratodepolitica\/wp-json\/wp\/v2\/pages\/31\/revisions\/364"}],"wp:attachment":[{"href":"https:\/\/projetos.ufpr.br\/pratodepolitica\/wp-json\/wp\/v2\/media?parent=31"}],"curies":[{"name":"wp","href":"https:\/\/api.w.org\/{rel}","templated":true}]}}