{"id":68,"date":"2024-09-13T17:37:07","date_gmt":"2024-09-13T20:37:07","guid":{"rendered":"https:\/\/projetos.ufpr.br\/quilombos\/equipe\/"},"modified":"2026-03-09T14:51:17","modified_gmt":"2026-03-09T17:51:17","slug":"equipe","status":"publish","type":"page","link":"https:\/\/projetos.ufpr.br\/quilombos\/sobre-o-projeto\/equipe\/","title":{"rendered":"Equipe"},"content":{"rendered":"\n<p class=\"wp-block-paragraph\">A Equipe do projeto TED Quilombo \u00e9 composta por docentes, t\u00e9cnicos da UFPR, p\u00f3s-doutorandos, doutorandos, mestrandos, graduandos e servi\u00e7o t\u00e9cnico profissional divididos entre as fun\u00e7\u00f5es descritas na tabela a seguir.<\/p>\n\n\n\n<figure class=\"wp-block-table\"><table class=\"has-fixed-layout\"><tbody><tr><td><strong>Coordena\u00e7\u00e3o<\/strong><\/td><td>&nbsp;<\/td><td>&nbsp;<\/td><\/tr><tr><td>Professora Daniele Regina Pontes<\/td><td>Doutora em Direito<\/td><td>Departamento de Geom\u00e1tica<\/td><\/tr><tr><td>Professor Ricardo Cid Fernandes Giordano<\/td><td>Doutor em Antropologia<\/td><td>Departamento de Antropologia<\/td><\/tr><\/tbody><\/table><\/figure>\n\n\n\n<figure class=\"wp-block-table\"><table class=\"has-fixed-layout\"><tbody><tr><td>Coordena\u00e7\u00e3o T\u00e9cnica<\/td><td>&nbsp;<\/td><td>&nbsp;<\/td><\/tr><tr><td>Raquel Mombelli<\/td><td>Doutorado em Antropologia Social<\/td><td>Comunidades Adrian\u00f3polis: Porto Velho e Sete Barras<\/td><\/tr><tr><td>Pedro Henrique Ribas Fortes<\/td><td>Doutorado em Antropologia Social<\/td><td>Comunidades Adrian\u00f3polis e Bocaiuva do Sul: Tr\u00eas Canais, Estreitinho e Areia Branca<\/td><\/tr><tr><td>Paulo Roberto Homem de G\u00f3es<\/td><td>Doutorado em Antropologia Social<\/td><td>Comunidades Guaraque\u00e7aba: Rio Verde e Batuva<\/td><\/tr><tr><td>Ta\u00edsa&nbsp;Lewitzki<\/td><td>Doutorado em Antropologia Social<\/td><td>Comunidades Palmas: Castorina e Tobias Ferreira<\/td><\/tr><\/tbody><\/table><\/figure>\n\n\n\n<figure class=\"wp-block-table\"><table class=\"has-fixed-layout\"><tbody><tr><td><strong>Docentes<\/strong><\/td><td>&nbsp;<\/td><td>&nbsp;<\/td><\/tr><tr><td>Liliana de Mendon\u00e7a Porto<\/td><td>Doutora em Antropologia<\/td><td>Departamento de Antropologia\/UFPR<\/td><\/tr><tr><td>Jorge Ram\u00f3n Montenegro G\u00f3mez<\/td><td>Doutorado em Geografia<\/td><td>Departamento de Geografia\/UFPR<\/td><\/tr><tr><td>Marcelo Caetano Andreoli<\/td><td>Doutorado em Urbanismo<\/td><td>Departamento de Arquitetura e Urbanismo\/UFPR<\/td><\/tr><tr><td>Rodolfo Bezerra de Menezes Lobato da Costa<\/td><td>Doutorado em Sociologia e Direito<\/td><td>Departamento de Sociologia\/UFPR<\/td><\/tr><tr><td>Christian Gon\u00e7alo Pilapanta&nbsp;Amagua<\/td><td>Doutor em Ci\u00eancias Geod\u00e9sicas<\/td><td>Departamento de Geom\u00e1tica\/UFPR<\/td><\/tr><tr><td>Na\u00edssa Batista da Luz<\/td><td>Doutora em Ci\u00eancias Geod\u00e9sicas<\/td><td>Departamento de Geom\u00e1tica\/UFPR<\/td><\/tr><tr><td>Laercio Loiola Brochier<\/td><td>Doutorado em Arqueologia<\/td><td>Departamento de Arqueologia\/UFPR<\/td><\/tr><tr><td>Carlos Alberto Medeiros de Lima<\/td><td>Doutorado em Hist\u00f3ria Social<\/td><td>Departamento de Hist\u00f3ria\/UFPR<\/td><\/tr><tr><td>Jos\u00e9 Lucio da Silva Machado<\/td><td>Mestrado em Hist\u00f3ria<\/td><td>UTFPR<\/td><\/tr><\/tbody><\/table><\/figure>\n\n\n\n<figure class=\"wp-block-table\"><table class=\"has-fixed-layout\"><tbody><tr><td>T\u00e9cnicos<\/td><td>&nbsp;<\/td><td>&nbsp;<\/td><\/tr><tr><td>Paulo Marins Gomes<\/td><td>Mestrado em Filosofia<\/td><td>UFPR<\/td><\/tr><tr><td>Fernanda Lopes Viana<\/td><td>Engenharia Civil<\/td><td>UFPR<\/td><\/tr><\/tbody><\/table><\/figure>\n\n\n\n<figure class=\"wp-block-table\"><table class=\"has-fixed-layout\"><tbody><tr><td>Doutorandos<\/td><td>&nbsp;<\/td><td>&nbsp;<\/td><\/tr><tr><td>Anita de Melo Leonel Ferreira<\/td><td>Antropologia Social<\/td><td>Comunidades Adrian\u00f3polis e Bocaiuva do Sul: Tr\u00eas Canais, Estreitinho e Areia Branca<\/td><\/tr><tr><td>Filipe Silva Ribeiro<\/td><td>Antropologia Social<\/td><td>Comunidades Guaraque\u00e7aba: Rio Verde e Batuva<\/td><\/tr><tr><td>Kasandra Concei\u00e7\u00e3o Castro de Sousa<\/td><td>Antropologia Social<\/td><td>Comunidades Adrian\u00f3polis: Porto Velho e Sete Barras<\/td><\/tr><tr><td>T\u00e2mara Caroline da Silva Ramos Coimbra<\/td><td>Antropologia Social<\/td><td>Comunidades Palmas: Castorina e Tobias Ferreira<\/td><\/tr><tr><td>Gustavo Steinmetz Soares<\/td><td>Geografia<\/td><td>Comunidades de Palmas, Guaraque\u00e7aba, Adrian\u00f3polis e Bocaiuva do Sul: Tr\u00eas Canais, Estreitinho e Areia Branca, Rio Verde e Batuva, Porto Velho e Sete Barras, Castorina e Tobias Ferreira<\/td><\/tr><tr><td>Jaqueline Lima Amorim<\/td><td>Ci\u00eancias Geod\u00e9sicas<\/td><td>Comunidades de Palmas, Guaraque\u00e7aba, Adrian\u00f3polis e Bocaiuva do Sul: Tr\u00eas Canais, Estreitinho e Areia Branca, Rio Verde e Batuva, Porto Velho e Sete Barras, Castorina e Tobias Ferreira<\/td><\/tr><\/tbody><\/table><\/figure>\n\n\n\n<figure class=\"wp-block-table\"><table class=\"has-fixed-layout\"><tbody><tr><td><strong>Mestrandos<\/strong><\/td><td>&nbsp;<\/td><td>&nbsp;<\/td><\/tr><tr><td>Katarina Fagundes Arag\u00e3o<\/td><td>Geografia<\/td><td>Comunidades Adrian\u00f3polis e Bocaiuva do Sul: Tr\u00eas Canais, Estreitinho e Areia Branca<\/td><\/tr><tr><td>Gabriele Borinelli<\/td><td>Geografia<\/td><td>Comunidades Guaraque\u00e7aba: Rio Verde e Batuva<\/td><\/tr><tr><td>Walace Silvares Pereira<\/td><td>Meio Ambiente e Desenvolvimento<\/td><td>Comunidades Adrian\u00f3polis: Porto Velho e Sete Barras<\/td><\/tr><tr><td>&nbsp;<\/td><td>&nbsp;<\/td><td>Comunidades Palmas: Castorina e Tobias Ferreira<\/td><\/tr><tr><td>Maria Luiza Dias Ballarotti<\/td><td>Arquitetura e Urbanismo<\/td><td>Comunidades de Palmas, Guaraque\u00e7aba, Adrian\u00f3polis e Bocaiuva do Sul<\/td><\/tr><tr><td>Maria Fernanda Maluf Dutra<\/td><td>Ci\u00eancias Geod\u00e9sicas<\/td><td>Comunidades de Palmas, Guaraque\u00e7aba, Adrian\u00f3polis e Bocaiuva do Sul: Tr\u00eas Canais, Estreitinho e Areia Branca, Rio Verde e Batuva, Porto Velho e Sete Barras, Castorina e Tobias Ferreira<\/td><\/tr><tr><td>Rafael Dias Franco de Godoy<\/td><td>Ci\u00eancias Geod\u00e9sicas<\/td><td>Comunidades de Palmas, Guaraque\u00e7aba, Adrian\u00f3polis e Bocaiuva do Sul: Tr\u00eas Canais, Estreitinho e Areia Branca, Rio Verde e Batuva, Porto Velho e Sete Barras, Castorina e Tobias Ferreira<\/td><\/tr><\/tbody><\/table><\/figure>\n\n\n\n<figure class=\"wp-block-table\"><table class=\"has-fixed-layout\"><tbody><tr><td><strong>Graduandos<\/strong><\/td><td>&nbsp;<\/td><td>&nbsp;<\/td><\/tr><tr><td>Myllena Aparecida Galv\u00e3o<\/td><td>Ci\u00eancias Sociais<\/td><td>Comunidades Palmas: Castorina e Tobias Ferreira<\/td><\/tr><tr><td>Gabriella Destefani da Costa<\/td><td>Ci\u00eancias Sociais<\/td><td>Comunidades Adrian\u00f3polis e Bocaiuva do Sul: Tr\u00eas Canais, Estreitinho e Areia Branca<\/td><\/tr><tr><td>Carlos Andr\u00e9 dos Santos J\u00fanior<\/td><td>Ci\u00eancias Sociais<\/td><td>Comunidades Guaraque\u00e7aba: Rio Verde e Batuva<\/td><\/tr><tr><td>Matheus Lara de Lima<\/td><td>Ci\u00eancias Sociais<\/td><td>Comunidades Adrian\u00f3polis: Porto Velho e Sete Barras<\/td><\/tr><tr><td>Ge\u00f3rgia Fernanda Baggio de Oliveira&nbsp;<\/td><td>Geografia<\/td><td>Comunidades Adrian\u00f3polis e Bocaiuva do Sul: Tr\u00eas Canais, Estreitinho e Areia Branca<\/td><\/tr><tr><td>Ingrid da Costa Ros\u00e1rio<\/td><td>Geografia<\/td><td>Comunidades Guaraque\u00e7aba: Rio Verde e Batuva<\/td><\/tr><tr><td>Pedro Henrique Alberti<\/td><td>Geografia<\/td><td>Comunidades Adrian\u00f3polis: Porto Velho e Sete Barras<\/td><\/tr><tr><td>Kauana Leonardo Garcia<\/td><td>Arquitetura e Urbanismo<\/td><td>Comunidades Palmas: Castorina e Tobias Ferreira<\/td><\/tr><tr><td>Junior Adriano da Silva Santos<\/td><td>Hist\u00f3ria<\/td><td>Comunidades de Adrian\u00f3polis: Porto Velho e Sete Barras<\/td><\/tr><\/tbody><\/table><\/figure>\n\n\n\n<figure class=\"wp-block-table\"><table class=\"has-fixed-layout\"><tbody><tr><td><strong>Servi\u00e7os T\u00e9cnicos Profissionais<\/strong><\/td><td>&nbsp;<\/td><td>&nbsp;<\/td><\/tr><tr><td>Yasmin Breckenfeld&nbsp;Reck<\/td><td>Designer<\/td><td>Identidade visual do projeto, material de divulga\u00e7\u00e3o, material did\u00e1tico e edi\u00e7\u00e3o de relat\u00f3rios<\/td><\/tr><\/tbody><\/table><\/figure>\n\n\n\n<p class=\"wp-block-paragraph\"><\/p>\n","protected":false},"excerpt":{"rendered":"<p>A Equipe do projeto TED Quilombo \u00e9 composta por docentes, t\u00e9cnicos da UFPR, p\u00f3s-doutorandos, doutorandos, mestrandos, graduandos e servi\u00e7o t\u00e9cnico profissional divididos entre as fun\u00e7\u00f5es descritas na tabela a seguir. Coordena\u00e7\u00e3o &nbsp; &nbsp; Professora Daniele Regina Pontes Doutora em Direito Departamento de Geom\u00e1tica Professor Ricardo Cid Fernandes Giordano Doutor em Antropologia Departamento de Antropologia Coordena\u00e7\u00e3o [&hellip;]<\/p>\n","protected":false},"author":18,"featured_media":0,"parent":65,"menu_order":0,"comment_status":"closed","ping_status":"closed","template":"page.php","meta":{"footnotes":""},"class_list":["post-68","page","type-page","status-publish","hentry"],"_links":{"self":[{"href":"https:\/\/projetos.ufpr.br\/quilombos\/wp-json\/wp\/v2\/pages\/68","targetHints":{"allow":["GET"]}}],"collection":[{"href":"https:\/\/projetos.ufpr.br\/quilombos\/wp-json\/wp\/v2\/pages"}],"about":[{"href":"https:\/\/projetos.ufpr.br\/quilombos\/wp-json\/wp\/v2\/types\/page"}],"author":[{"embeddable":true,"href":"https:\/\/projetos.ufpr.br\/quilombos\/wp-json\/wp\/v2\/users\/18"}],"replies":[{"embeddable":true,"href":"https:\/\/projetos.ufpr.br\/quilombos\/wp-json\/wp\/v2\/comments?post=68"}],"version-history":[{"count":8,"href":"https:\/\/projetos.ufpr.br\/quilombos\/wp-json\/wp\/v2\/pages\/68\/revisions"}],"predecessor-version":[{"id":1253,"href":"https:\/\/projetos.ufpr.br\/quilombos\/wp-json\/wp\/v2\/pages\/68\/revisions\/1253"}],"up":[{"embeddable":true,"href":"https:\/\/projetos.ufpr.br\/quilombos\/wp-json\/wp\/v2\/pages\/65"}],"wp:attachment":[{"href":"https:\/\/projetos.ufpr.br\/quilombos\/wp-json\/wp\/v2\/media?parent=68"}],"curies":[{"name":"wp","href":"https:\/\/api.w.org\/{rel}","templated":true}]}}