{"id":797,"date":"2025-07-31T15:46:33","date_gmt":"2025-07-31T18:46:33","guid":{"rendered":"https:\/\/projetos.ufpr.br\/quilombos\/?page_id=797"},"modified":"2025-09-05T11:19:00","modified_gmt":"2025-09-05T14:19:00","slug":"eventos","status":"publish","type":"page","link":"https:\/\/projetos.ufpr.br\/quilombos\/eventos\/","title":{"rendered":"Eventos"},"content":{"rendered":"\n<figure class=\"wp-block-image size-large\"><img loading=\"lazy\" decoding=\"async\" width=\"1024\" height=\"410\" src=\"https:\/\/projetos.ufpr.br\/quilombos\/wp-content\/uploads\/sites\/2\/2025\/09\/Captura-de-Tela-2025-09-04-as-11.53.27-1024x410.png\" alt=\"\" class=\"wp-image-972\" srcset=\"https:\/\/projetos.ufpr.br\/quilombos\/wp-content\/uploads\/sites\/2\/2025\/09\/Captura-de-Tela-2025-09-04-as-11.53.27-1024x410.png 1024w, https:\/\/projetos.ufpr.br\/quilombos\/wp-content\/uploads\/sites\/2\/2025\/09\/Captura-de-Tela-2025-09-04-as-11.53.27-300x120.png 300w, https:\/\/projetos.ufpr.br\/quilombos\/wp-content\/uploads\/sites\/2\/2025\/09\/Captura-de-Tela-2025-09-04-as-11.53.27-768x307.png 768w, https:\/\/projetos.ufpr.br\/quilombos\/wp-content\/uploads\/sites\/2\/2025\/09\/Captura-de-Tela-2025-09-04-as-11.53.27-175x70.png 175w, https:\/\/projetos.ufpr.br\/quilombos\/wp-content\/uploads\/sites\/2\/2025\/09\/Captura-de-Tela-2025-09-04-as-11.53.27-75x30.png 75w, https:\/\/projetos.ufpr.br\/quilombos\/wp-content\/uploads\/sites\/2\/2025\/09\/Captura-de-Tela-2025-09-04-as-11.53.27.png 1080w\" sizes=\"auto, (max-width: 1024px) 100vw, 1024px\" \/><\/figure>\n\n\n\n<h2 class=\"wp-block-heading\">TED Quilombos: saberes e interdisciplinaridade na constru\u00e7\u00e3o da justi\u00e7a territorial<\/h2>\n\n\n\n<p class=\"wp-block-paragraph\">11 NOVEMBRO 2024<\/p>\n\n\n\n<p class=\"wp-block-paragraph\">Organizado pelo Planejamento Territorial e Assessoria Popular (PLANTEAR\/UFPR), no \u00e2mbito do TED Quilombos, em parceria com o Movimento de Assessoria Jur\u00eddica Popular \u2013 MAJUP Isabel da Silva. A atividade integra a programa\u00e7\u00e3o do \u201cFestival Negritude UFPR 2024 \u2013 Gri\u00f4s e Er\u00eas: conflu\u00eancias para um futuro ancestral\u201d. Tamb\u00e9m faz parte do processo de curriculariza\u00e7\u00e3o da extens\u00e3o, no interior da disciplina de Antropologia Jur\u00eddica do Curso de Direito da UFPR.<\/p>\n\n\n\n<p class=\"wp-block-paragraph\">Confira a programa\u00e7\u00e3o das duas mesas que ocorrer\u00e3o no Setor de Ci\u00eancias Jur\u00eddicas, no pr\u00e9dio hist\u00f3rico da pra\u00e7a Santos Andrade.<br><br><strong>Mesas de debate:<\/strong><\/p>\n\n\n\n<p class=\"wp-block-paragraph\"><strong>Mesa 1: Movimento quilombola e direitos territoriais<\/strong><\/p>\n\n\n\n<p class=\"wp-block-paragraph\">Data e hor\u00e1rio: 11\/11\/2024, 9h<\/p>\n\n\n\n<p class=\"wp-block-paragraph\">Local: Sal\u00e3o Nobre (1\u00ba andar do Pr\u00e9dio Hist\u00f3rico da Pra\u00e7a Santos Andrade)<\/p>\n\n\n\n<p class=\"wp-block-paragraph\">\u2022 Bel Cabral (Coletivos de Educa\u00e7\u00e3o e de Meio Ambiente \u2013 CONAQ)<\/p>\n\n\n\n<p class=\"wp-block-paragraph\">\u2022 Eber Santos da Silva (Chefe da Divis\u00e3o de Territ\u00f3rios Quilombola \u2013 SR\/PR &#8211; Incra)<\/p>\n\n\n\n<p class=\"wp-block-paragraph\">\u2022 Kauana Leonardo Garcia (Comunidade Restinga \u2013 Lapa-PR e membro TED Quilombos-UFPR)<\/p>\n\n\n\n<p class=\"wp-block-paragraph\">\u2022 Daniele Regina Pontes (professora de Direito do Departamento de Geom\u00e1tica\/UFPR e coordenadora do TED Quilombos)<\/p>\n\n\n\n<p class=\"wp-block-paragraph\"><strong>Mesa 2: Saberes quilombolas: di\u00e1logos interdisciplinares)<\/strong><\/p>\n\n\n\n<p class=\"wp-block-paragraph\">Data e hor\u00e1rio: 11\/11\/2024, 19h<\/p>\n\n\n\n<p class=\"wp-block-paragraph\">Local: Sala 200 (2\u00ba andar do Pr\u00e9dio Hist\u00f3rico da Pra\u00e7a Santos Andrade)<\/p>\n\n\n\n<p class=\"wp-block-paragraph\">\u2022 Benedito Florindo de Freitas J\u00fanior (Coordena\u00e7\u00e3o do Coletivo de Educadoras Quilombolas do Paran\u00e1 \u2013 FECOQUI)<\/p>\n\n\n\n<p class=\"wp-block-paragraph\">\u2022 Judit Gomes da Silva (pesquisadora do N\u00facleo de Estudos Afro-Brasileiros \u2013 NEAB\/ UFPR e servidora da Superintend\u00eancia de Inclus\u00e3o, Pol\u00edticas Afirmativas e Diversidade \u2013 SIPAD)<\/p>\n\n\n\n<p class=\"wp-block-paragraph\">\u2022 Liliana de Mendon\u00e7a Porto (professora do Departamento de Antropologia\/ UFPR)<\/p>\n\n\n\n<p class=\"wp-block-paragraph\">\u2022 Lourival de Moraes Fidelis (professor do curso de Licenciatura em Educa\u00e7\u00e3o do Campo e Ci\u00eancias da Natureza\/UFPR)<\/p>\n\n\n\n<figure class=\"wp-block-image size-large\"><img loading=\"lazy\" decoding=\"async\" width=\"1024\" height=\"489\" src=\"https:\/\/projetos.ufpr.br\/quilombos\/wp-content\/uploads\/sites\/2\/2025\/09\/Captura-de-Tela-2025-09-04-as-11.51.20-1024x489.png\" alt=\"\" class=\"wp-image-969\" srcset=\"https:\/\/projetos.ufpr.br\/quilombos\/wp-content\/uploads\/sites\/2\/2025\/09\/Captura-de-Tela-2025-09-04-as-11.51.20-1024x489.png 1024w, https:\/\/projetos.ufpr.br\/quilombos\/wp-content\/uploads\/sites\/2\/2025\/09\/Captura-de-Tela-2025-09-04-as-11.51.20-300x143.png 300w, https:\/\/projetos.ufpr.br\/quilombos\/wp-content\/uploads\/sites\/2\/2025\/09\/Captura-de-Tela-2025-09-04-as-11.51.20-768x366.png 768w, https:\/\/projetos.ufpr.br\/quilombos\/wp-content\/uploads\/sites\/2\/2025\/09\/Captura-de-Tela-2025-09-04-as-11.51.20-175x83.png 175w, https:\/\/projetos.ufpr.br\/quilombos\/wp-content\/uploads\/sites\/2\/2025\/09\/Captura-de-Tela-2025-09-04-as-11.51.20-75x36.png 75w, https:\/\/projetos.ufpr.br\/quilombos\/wp-content\/uploads\/sites\/2\/2025\/09\/Captura-de-Tela-2025-09-04-as-11.51.20.png 1354w\" sizes=\"auto, (max-width: 1024px) 100vw, 1024px\" \/><\/figure>\n\n\n\n<h2 class=\"wp-block-heading\"><br>Festival Negritude UFPR 2024: MAJUP<\/h2>\n\n\n\n<p class=\"wp-block-paragraph\">11 NOVEMBRO 2024<\/p>\n\n\n\n<p class=\"wp-block-paragraph\">Na pr\u00f3xima segunda-feira, 11\/11, ocorrer\u00e1 o evento de extens\u00e3o \u201cTED Quilombos: saberes e interdisciplinaridade na constru\u00e7\u00e3o da justi\u00e7a territorial\u201d, organizado pelo<br>Planejamento Territorial e Assessoria Popular (PLANTEAR\/UFPR), no \u00e2mbito do TED Quilombos, em parceria com o Movimento de Assessoria Jur\u00eddica Popular \u2013 MAJUP Isabel da Silva. A atividade integra a programa\u00e7\u00e3o do \u201cFestival Negritude UFPR 2024 \u2013 Gri\u00f4s e Er\u00eas: conflu\u00eancias para um futuro ancestral\u201d. Tamb\u00e9m faz parte do processo de curriculariza\u00e7\u00e3o da extens\u00e3o, no interior da disciplina de Antropologia Jur\u00eddica do Curso de Direito da UFPR.<\/p>\n\n\n\n<hr class=\"wp-block-separator has-alpha-channel-opacity\" \/>\n\n\n\n<figure class=\"wp-block-image size-full\"><img loading=\"lazy\" decoding=\"async\" width=\"667\" height=\"500\" src=\"https:\/\/projetos.ufpr.br\/quilombos\/wp-content\/uploads\/sites\/2\/2025\/09\/sobre-TED.jpg\" alt=\"\" class=\"wp-image-929\" srcset=\"https:\/\/projetos.ufpr.br\/quilombos\/wp-content\/uploads\/sites\/2\/2025\/09\/sobre-TED.jpg 667w, https:\/\/projetos.ufpr.br\/quilombos\/wp-content\/uploads\/sites\/2\/2025\/09\/sobre-TED-300x225.jpg 300w, https:\/\/projetos.ufpr.br\/quilombos\/wp-content\/uploads\/sites\/2\/2025\/09\/sobre-TED-131x98.jpg 131w, https:\/\/projetos.ufpr.br\/quilombos\/wp-content\/uploads\/sites\/2\/2025\/09\/sobre-TED-75x57.jpg 75w\" sizes=\"auto, (max-width: 667px) 100vw, 667px\" \/><\/figure>\n\n\n\n<h2 class=\"wp-block-heading\"><br>Evento de Abertura: TED Quilombos<\/h2>\n\n\n\n<p class=\"wp-block-paragraph\">22 AGOSTO 2024<\/p>\n\n\n\n<p class=\"wp-block-paragraph\">Parceria Incra e UFPR garantir\u00e1 a produ\u00e7\u00e3o de relat\u00f3rios para reconhecimento de comunidades quilombolas.<\/p>\n\n\n\n<p class=\"wp-block-paragraph\">Tem in\u00edcio nesta sexta-feira (16\/8), o Termo de Execu\u00e7\u00e3o Descentralizada \u2013 Projeto TED Quilombos Incra\/UFPR, resultante de demanda da autarquia agr\u00e1ria federal \u00e0 Universidade Federal do Paran\u00e1 para a produ\u00e7\u00e3o de pe\u00e7as t\u00e9cnicas destinadas a integrar o Relat\u00f3rio T\u00e9cnico de Identifica\u00e7\u00e3o e Delimita\u00e7\u00e3o (RTID) de comunidades quilombolas no estado.<\/p>\n\n\n\n<p class=\"wp-block-paragraph\">O encontro \u2013 que aconteceu no Audit\u00f3rio do Departamento de Qu\u00edmica da UFPR (campus Centro Polit\u00e9cnico), em Curitiba\/PR \u2013 teve a presen\u00e7a de representantes das comunidades quilombolas, bem como da Federa\u00e7\u00e3o Estadual das Comunidades Quilombolas do Paran\u00e1 (Fecoqui\/PR), parlamentares, profissionais do meio acad\u00eamico e das \u00e1reas correlatas \u00e0 atua\u00e7\u00e3o do Incra.<\/p>\n\n\n\n<p class=\"wp-block-paragraph\">O in\u00edcio das atividades do TED Quilombos Incra\/UFPR ter\u00e1 a elabora\u00e7\u00e3o das pe\u00e7as t\u00e9cnicas que compor\u00e3o os RTIDs das comunidades Sete Barras, Porto Velho, Estreitinho e Tr\u00eas Canais (Adrian\u00f3polis\/`PR); Areia Branca (Bocai\u00fava do Sul\/PR); Rio Verde e Batuva (Guaraque\u00e7aba\/PR) e Tobias Ferreira e Castorina Maria da Concei\u00e7\u00e3o (Palmas\/PR). Todas as comunidades possuem certid\u00e3o de autorreconhecimento expedida pela Funda\u00e7\u00e3o Cultural Palmares.<\/p>\n\n\n\n<p class=\"wp-block-paragraph\">A parceria estabelecida entre Incra e UFPR e o Incra prev\u00ea a elabora\u00e7\u00e3o das pe\u00e7as t\u00e9cnicas antropol\u00f3gicas, territoriais (ambientais e agron\u00f4micas) e cartogr\u00e1ficas &#8211; e a identifica\u00e7\u00e3o do territ\u00f3rio com a defini\u00e7\u00e3o do per\u00edmetro e do memorial descritivo da \u00e1rea, destinados a integrar os RTIDs.<\/p>\n\n\n\n<p class=\"wp-block-paragraph\">O TED ter\u00e1 a dura\u00e7\u00e3o prevista at\u00e9 abril de 2026, com investimento de R$ 8,1 milh\u00f5es.<\/p>\n\n\n\n<p class=\"wp-block-paragraph\">Parte dos recursos \u00e9 originada de emendas parlamentares da deputada federal Carol Dartora (R$ 4,28 milh\u00f5es) e do deputado federal Tadeu Veneri (R$ 200 mil).<\/p>\n","protected":false},"excerpt":{"rendered":"<p>TED Quilombos: saberes e interdisciplinaridade na constru\u00e7\u00e3o da justi\u00e7a territorial 11 NOVEMBRO 2024 Organizado pelo Planejamento Territorial e Assessoria Popular (PLANTEAR\/UFPR), no \u00e2mbito do TED Quilombos, em parceria com o Movimento de Assessoria Jur\u00eddica Popular \u2013 MAJUP Isabel da Silva. A atividade integra a programa\u00e7\u00e3o do \u201cFestival Negritude UFPR 2024 \u2013 Gri\u00f4s e Er\u00eas: conflu\u00eancias [&hellip;]<\/p>\n","protected":false},"author":53,"featured_media":972,"parent":0,"menu_order":0,"comment_status":"closed","ping_status":"closed","template":"","meta":{"footnotes":""},"class_list":["post-797","page","type-page","status-publish","has-post-thumbnail","hentry"],"_links":{"self":[{"href":"https:\/\/projetos.ufpr.br\/quilombos\/wp-json\/wp\/v2\/pages\/797","targetHints":{"allow":["GET"]}}],"collection":[{"href":"https:\/\/projetos.ufpr.br\/quilombos\/wp-json\/wp\/v2\/pages"}],"about":[{"href":"https:\/\/projetos.ufpr.br\/quilombos\/wp-json\/wp\/v2\/types\/page"}],"author":[{"embeddable":true,"href":"https:\/\/projetos.ufpr.br\/quilombos\/wp-json\/wp\/v2\/users\/53"}],"replies":[{"embeddable":true,"href":"https:\/\/projetos.ufpr.br\/quilombos\/wp-json\/wp\/v2\/comments?post=797"}],"version-history":[{"count":2,"href":"https:\/\/projetos.ufpr.br\/quilombos\/wp-json\/wp\/v2\/pages\/797\/revisions"}],"predecessor-version":[{"id":973,"href":"https:\/\/projetos.ufpr.br\/quilombos\/wp-json\/wp\/v2\/pages\/797\/revisions\/973"}],"wp:featuredmedia":[{"embeddable":true,"href":"https:\/\/projetos.ufpr.br\/quilombos\/wp-json\/wp\/v2\/media\/972"}],"wp:attachment":[{"href":"https:\/\/projetos.ufpr.br\/quilombos\/wp-json\/wp\/v2\/media?parent=797"}],"curies":[{"name":"wp","href":"https:\/\/api.w.org\/{rel}","templated":true}]}}