{"id":30,"date":"2026-08-20T16:43:18","date_gmt":"2026-08-20T19:43:18","guid":{"rendered":"https:\/\/projetos.ufpr.br\/sigi\/equipe\/"},"modified":"2026-08-27T13:42:32","modified_gmt":"2026-08-27T16:42:32","slug":"equipe","status":"publish","type":"page","link":"https:\/\/projetos.ufpr.br\/sigi\/equipe\/","title":{"rendered":"Equipe"},"content":{"rendered":"\n<figure class=\"wp-block-image is-resized\"><img loading=\"lazy\" decoding=\"async\" width=\"1080\" height=\"1350\" src=\"https:\/\/projetos.ufpr.br\/sigi\/wp-content\/uploads\/sites\/161\/2026\/08\/Design-sem-nome-22.png\" alt=\"\" class=\"wp-image-303\" style=\"width:250px;height:auto\" srcset=\"https:\/\/projetos.ufpr.br\/sigi\/wp-content\/uploads\/sites\/161\/2026\/08\/Design-sem-nome-22.png 1080w, https:\/\/projetos.ufpr.br\/sigi\/wp-content\/uploads\/sites\/161\/2026\/08\/Design-sem-nome-22-240x300.png 240w, https:\/\/projetos.ufpr.br\/sigi\/wp-content\/uploads\/sites\/161\/2026\/08\/Design-sem-nome-22-819x1024.png 819w, https:\/\/projetos.ufpr.br\/sigi\/wp-content\/uploads\/sites\/161\/2026\/08\/Design-sem-nome-22-768x960.png 768w, https:\/\/projetos.ufpr.br\/sigi\/wp-content\/uploads\/sites\/161\/2026\/08\/Design-sem-nome-22-78x98.png 78w, https:\/\/projetos.ufpr.br\/sigi\/wp-content\/uploads\/sites\/161\/2026\/08\/Design-sem-nome-22-46x57.png 46w\" sizes=\"auto, (max-width: 1080px) 100vw, 1080px\" \/><\/figure>\n\n\n\n<p class=\"wp-block-paragraph\">Coordenador Geral:<\/p>\n\n\n\n<p class=\"wp-block-paragraph\"><strong>Prof. Dr. Genilson Geraldo<\/strong> (UFPR)<\/p>\n\n\n\n<p class=\"wp-block-paragraph\"><a href=\"http:\/\/lattes.cnpq.br\/3704060231978431\" data-type=\"link\" data-id=\"http:\/\/lattes.cnpq.br\/3704060231978431\">Curr\u00edculo Lattes<\/a><\/p>\n\n\n\n<p class=\"wp-block-paragraph\"><\/p>\n\n\n\n<figure class=\"wp-block-image is-resized\"><img loading=\"lazy\" decoding=\"async\" width=\"1080\" height=\"1350\" src=\"https:\/\/projetos.ufpr.br\/sigi\/wp-content\/uploads\/sites\/161\/2026\/08\/Design-sem-nome-23.png\" alt=\"\" class=\"wp-image-308\" style=\"width:255px;height:auto\" srcset=\"https:\/\/projetos.ufpr.br\/sigi\/wp-content\/uploads\/sites\/161\/2026\/08\/Design-sem-nome-23.png 1080w, https:\/\/projetos.ufpr.br\/sigi\/wp-content\/uploads\/sites\/161\/2026\/08\/Design-sem-nome-23-240x300.png 240w, https:\/\/projetos.ufpr.br\/sigi\/wp-content\/uploads\/sites\/161\/2026\/08\/Design-sem-nome-23-819x1024.png 819w, https:\/\/projetos.ufpr.br\/sigi\/wp-content\/uploads\/sites\/161\/2026\/08\/Design-sem-nome-23-768x960.png 768w, https:\/\/projetos.ufpr.br\/sigi\/wp-content\/uploads\/sites\/161\/2026\/08\/Design-sem-nome-23-78x98.png 78w, https:\/\/projetos.ufpr.br\/sigi\/wp-content\/uploads\/sites\/161\/2026\/08\/Design-sem-nome-23-46x57.png 46w\" sizes=\"auto, (max-width: 1080px) 100vw, 1080px\" \/><\/figure>\n\n\n\n<p class=\"wp-block-paragraph\">Pesquisadora Convidada:<\/p>\n\n\n\n<p class=\"wp-block-paragraph\"><strong><strong>Prof.\u00aa Dra. Ma\u00edra Fernandes Alencar<\/strong><\/strong> (UFPR)<\/p>\n\n\n\n<p class=\"wp-block-paragraph\"><a href=\"http:\/\/lattes.cnpq.br\/5199485926878403\" data-type=\"link\" data-id=\"http:\/\/lattes.cnpq.br\/5199485926878403\">Curr\u00edculo Lattes<\/a><\/p>\n\n\n\n<p class=\"wp-block-paragraph\"><\/p>\n\n\n\n<figure class=\"wp-block-image is-resized\"><img loading=\"lazy\" decoding=\"async\" width=\"1080\" height=\"1350\" src=\"https:\/\/projetos.ufpr.br\/sigi\/wp-content\/uploads\/sites\/161\/2026\/08\/Design-sem-nome-24.png\" alt=\"\" class=\"wp-image-316\" style=\"width:247px;height:auto\" srcset=\"https:\/\/projetos.ufpr.br\/sigi\/wp-content\/uploads\/sites\/161\/2026\/08\/Design-sem-nome-24.png 1080w, https:\/\/projetos.ufpr.br\/sigi\/wp-content\/uploads\/sites\/161\/2026\/08\/Design-sem-nome-24-240x300.png 240w, https:\/\/projetos.ufpr.br\/sigi\/wp-content\/uploads\/sites\/161\/2026\/08\/Design-sem-nome-24-819x1024.png 819w, https:\/\/projetos.ufpr.br\/sigi\/wp-content\/uploads\/sites\/161\/2026\/08\/Design-sem-nome-24-768x960.png 768w, https:\/\/projetos.ufpr.br\/sigi\/wp-content\/uploads\/sites\/161\/2026\/08\/Design-sem-nome-24-78x98.png 78w, https:\/\/projetos.ufpr.br\/sigi\/wp-content\/uploads\/sites\/161\/2026\/08\/Design-sem-nome-24-46x57.png 46w\" sizes=\"auto, (max-width: 1080px) 100vw, 1080px\" \/><\/figure>\n\n\n\n<p class=\"wp-block-paragraph\">Pesquisadora Convidada:<\/p>\n\n\n\n<p class=\"wp-block-paragraph\"><strong><strong>Prof.\u00aa Dra. Mariana Rodrigues Gomes de Mello<\/strong><\/strong> <\/p>\n\n\n\n<p class=\"wp-block-paragraph\"><a href=\"http:\/\/lattes.cnpq.br\/1993215959302497\" data-type=\"link\" data-id=\"http:\/\/lattes.cnpq.br\/5199485926878403\">Curr\u00edculo Lattes<\/a><\/p>\n\n\n\n<p class=\"wp-block-paragraph\"><\/p>\n\n\n\n<figure class=\"wp-block-image is-resized\"><img loading=\"lazy\" decoding=\"async\" width=\"1080\" height=\"1350\" src=\"https:\/\/projetos.ufpr.br\/sigi\/wp-content\/uploads\/sites\/161\/2026\/08\/5.png\" alt=\"\" class=\"wp-image-335\" style=\"width:251px;height:auto\" srcset=\"https:\/\/projetos.ufpr.br\/sigi\/wp-content\/uploads\/sites\/161\/2026\/08\/5.png 1080w, https:\/\/projetos.ufpr.br\/sigi\/wp-content\/uploads\/sites\/161\/2026\/08\/5-240x300.png 240w, https:\/\/projetos.ufpr.br\/sigi\/wp-content\/uploads\/sites\/161\/2026\/08\/5-819x1024.png 819w, https:\/\/projetos.ufpr.br\/sigi\/wp-content\/uploads\/sites\/161\/2026\/08\/5-768x960.png 768w, https:\/\/projetos.ufpr.br\/sigi\/wp-content\/uploads\/sites\/161\/2026\/08\/5-78x98.png 78w, https:\/\/projetos.ufpr.br\/sigi\/wp-content\/uploads\/sites\/161\/2026\/08\/5-46x57.png 46w\" sizes=\"auto, (max-width: 1080px) 100vw, 1080px\" \/><\/figure>\n\n\n\n<p class=\"wp-block-paragraph\">Membro:<\/p>\n\n\n\n<p class=\"wp-block-paragraph\"><strong><strong>Mestranda Adriane Portello Vieira<\/strong><\/strong> (PPGGI-UFPR)<\/p>\n\n\n\n<p class=\"wp-block-paragraph\"><a href=\"http:\/\/lattes.cnpq.br\/2303519413562527\" data-type=\"link\" data-id=\"http:\/\/lattes.cnpq.br\/5199485926878403\">Curr\u00edculo Lattes<\/a><\/p>\n\n\n\n<p class=\"wp-block-paragraph\"><\/p>\n\n\n\n<figure class=\"wp-block-image is-resized\"><img loading=\"lazy\" decoding=\"async\" width=\"1080\" height=\"1350\" src=\"https:\/\/projetos.ufpr.br\/sigi\/wp-content\/uploads\/sites\/161\/2026\/08\/7.png\" alt=\"\" class=\"wp-image-341\" style=\"width:268px;height:auto\" srcset=\"https:\/\/projetos.ufpr.br\/sigi\/wp-content\/uploads\/sites\/161\/2026\/08\/7.png 1080w, https:\/\/projetos.ufpr.br\/sigi\/wp-content\/uploads\/sites\/161\/2026\/08\/7-240x300.png 240w, https:\/\/projetos.ufpr.br\/sigi\/wp-content\/uploads\/sites\/161\/2026\/08\/7-819x1024.png 819w, https:\/\/projetos.ufpr.br\/sigi\/wp-content\/uploads\/sites\/161\/2026\/08\/7-768x960.png 768w, https:\/\/projetos.ufpr.br\/sigi\/wp-content\/uploads\/sites\/161\/2026\/08\/7-78x98.png 78w, https:\/\/projetos.ufpr.br\/sigi\/wp-content\/uploads\/sites\/161\/2026\/08\/7-46x57.png 46w\" sizes=\"auto, (max-width: 1080px) 100vw, 1080px\" \/><\/figure>\n\n\n\n<p class=\"wp-block-paragraph\">Membro:<\/p>\n\n\n\n<p class=\"wp-block-paragraph\"><strong><strong>Mestrando Di\u00f3genes Matos Padilha Ferraz<\/strong><\/strong> (PPGGI-UFPR)<\/p>\n\n\n\n<p class=\"wp-block-paragraph\"><a href=\"http:\/\/lattes.cnpq.br\/2303519413562527\" data-type=\"link\" data-id=\"http:\/\/lattes.cnpq.br\/5199485926878403\">Curr\u00edculo Lattes<\/a><\/p>\n\n\n\n<p class=\"wp-block-paragraph\"><\/p>\n\n\n\n<figure class=\"wp-block-image is-resized\"><img loading=\"lazy\" decoding=\"async\" width=\"1080\" height=\"1350\" src=\"https:\/\/projetos.ufpr.br\/sigi\/wp-content\/uploads\/sites\/161\/2026\/08\/4.png\" alt=\"\" class=\"wp-image-332\" style=\"width:271px;height:auto\" srcset=\"https:\/\/projetos.ufpr.br\/sigi\/wp-content\/uploads\/sites\/161\/2026\/08\/4.png 1080w, https:\/\/projetos.ufpr.br\/sigi\/wp-content\/uploads\/sites\/161\/2026\/08\/4-240x300.png 240w, https:\/\/projetos.ufpr.br\/sigi\/wp-content\/uploads\/sites\/161\/2026\/08\/4-819x1024.png 819w, https:\/\/projetos.ufpr.br\/sigi\/wp-content\/uploads\/sites\/161\/2026\/08\/4-768x960.png 768w, https:\/\/projetos.ufpr.br\/sigi\/wp-content\/uploads\/sites\/161\/2026\/08\/4-78x98.png 78w, https:\/\/projetos.ufpr.br\/sigi\/wp-content\/uploads\/sites\/161\/2026\/08\/4-46x57.png 46w\" sizes=\"auto, (max-width: 1080px) 100vw, 1080px\" \/><\/figure>\n\n\n\n<p class=\"wp-block-paragraph\">Membro:<\/p>\n\n\n\n<p class=\"wp-block-paragraph\"><strong><strong>Mestranda Suelen Spindola Bilhar<\/strong><\/strong> (PPGGI-UFPR)<\/p>\n\n\n\n<p class=\"wp-block-paragraph\"><a href=\"http:\/\/lattes.cnpq.br\/7361718251949395\" data-type=\"link\" data-id=\"http:\/\/lattes.cnpq.br\/5199485926878403\">Curr\u00edculo Lattes<\/a><\/p>\n\n\n\n<p class=\"wp-block-paragraph\"><\/p>\n\n\n\n<figure class=\"wp-block-image is-resized\"><img loading=\"lazy\" decoding=\"async\" width=\"1080\" height=\"1350\" src=\"https:\/\/projetos.ufpr.br\/sigi\/wp-content\/uploads\/sites\/161\/2026\/08\/6.png\" alt=\"\" class=\"wp-image-338\" style=\"width:300px;height:auto\" srcset=\"https:\/\/projetos.ufpr.br\/sigi\/wp-content\/uploads\/sites\/161\/2026\/08\/6.png 1080w, https:\/\/projetos.ufpr.br\/sigi\/wp-content\/uploads\/sites\/161\/2026\/08\/6-240x300.png 240w, https:\/\/projetos.ufpr.br\/sigi\/wp-content\/uploads\/sites\/161\/2026\/08\/6-819x1024.png 819w, https:\/\/projetos.ufpr.br\/sigi\/wp-content\/uploads\/sites\/161\/2026\/08\/6-768x960.png 768w, https:\/\/projetos.ufpr.br\/sigi\/wp-content\/uploads\/sites\/161\/2026\/08\/6-78x98.png 78w, https:\/\/projetos.ufpr.br\/sigi\/wp-content\/uploads\/sites\/161\/2026\/08\/6-46x57.png 46w\" sizes=\"auto, (max-width: 1080px) 100vw, 1080px\" \/><\/figure>\n\n\n\n<p class=\"wp-block-paragraph\">Membro:<\/p>\n\n\n\n<p class=\"wp-block-paragraph\"><strong><strong>Mestranda V\u00e2nia Val\u00e9ria da Silva<\/strong><\/strong> (PPGGI-UFPR)<\/p>\n\n\n\n<p class=\"wp-block-paragraph\"><a href=\"http:\/\/lattes.cnpq.br\/7361718251949395\" data-type=\"link\" data-id=\"http:\/\/lattes.cnpq.br\/5199485926878403\">Curr\u00edculo Lattes<\/a><\/p>\n\n\n\n<p class=\"wp-block-paragraph\"><\/p>\n\n\n\n<figure class=\"wp-block-image is-resized\"><img loading=\"lazy\" decoding=\"async\" width=\"1080\" height=\"1350\" src=\"https:\/\/projetos.ufpr.br\/sigi\/wp-content\/uploads\/sites\/161\/2026\/08\/11.png\" alt=\"\" class=\"wp-image-322\" style=\"width:273px;height:auto\" srcset=\"https:\/\/projetos.ufpr.br\/sigi\/wp-content\/uploads\/sites\/161\/2026\/08\/11.png 1080w, https:\/\/projetos.ufpr.br\/sigi\/wp-content\/uploads\/sites\/161\/2026\/08\/11-240x300.png 240w, https:\/\/projetos.ufpr.br\/sigi\/wp-content\/uploads\/sites\/161\/2026\/08\/11-819x1024.png 819w, https:\/\/projetos.ufpr.br\/sigi\/wp-content\/uploads\/sites\/161\/2026\/08\/11-768x960.png 768w, https:\/\/projetos.ufpr.br\/sigi\/wp-content\/uploads\/sites\/161\/2026\/08\/11-78x98.png 78w, https:\/\/projetos.ufpr.br\/sigi\/wp-content\/uploads\/sites\/161\/2026\/08\/11-46x57.png 46w\" sizes=\"auto, (max-width: 1080px) 100vw, 1080px\" \/><\/figure>\n\n\n\n<p class=\"wp-block-paragraph\">Membro:<\/p>\n\n\n\n<p class=\"wp-block-paragraph\"><strong><strong>Graduanda Beatriz Miranda Garrido<\/strong><\/strong> (Curso de Gradua\u00e7\u00e3o em Gest\u00e3o da Informa\u00e7\u00e3o &#8211; UFPR)<\/p>\n\n\n\n<p class=\"wp-block-paragraph\"><\/p>\n\n\n\n<figure class=\"wp-block-image is-resized\"><img loading=\"lazy\" decoding=\"async\" width=\"1080\" height=\"1350\" src=\"https:\/\/projetos.ufpr.br\/sigi\/wp-content\/uploads\/sites\/161\/2026\/08\/9.png\" alt=\"\" class=\"wp-image-345\" style=\"width:274px;height:auto\" srcset=\"https:\/\/projetos.ufpr.br\/sigi\/wp-content\/uploads\/sites\/161\/2026\/08\/9.png 1080w, https:\/\/projetos.ufpr.br\/sigi\/wp-content\/uploads\/sites\/161\/2026\/08\/9-240x300.png 240w, https:\/\/projetos.ufpr.br\/sigi\/wp-content\/uploads\/sites\/161\/2026\/08\/9-819x1024.png 819w, https:\/\/projetos.ufpr.br\/sigi\/wp-content\/uploads\/sites\/161\/2026\/08\/9-768x960.png 768w, https:\/\/projetos.ufpr.br\/sigi\/wp-content\/uploads\/sites\/161\/2026\/08\/9-78x98.png 78w, https:\/\/projetos.ufpr.br\/sigi\/wp-content\/uploads\/sites\/161\/2026\/08\/9-46x57.png 46w\" sizes=\"auto, (max-width: 1080px) 100vw, 1080px\" \/><\/figure>\n\n\n\n<p class=\"wp-block-paragraph\">Membro:<\/p>\n\n\n\n<p class=\"wp-block-paragraph\"><strong><strong>Graduanda Giovana de Paula Tonial<\/strong><\/strong> (Curso de Gradua\u00e7\u00e3o em Gest\u00e3o da Informa\u00e7\u00e3o &#8211; UFPR)<\/p>\n\n\n\n<p class=\"wp-block-paragraph\"><\/p>\n\n\n\n<figure class=\"wp-block-image is-resized\"><img loading=\"lazy\" decoding=\"async\" width=\"1080\" height=\"1350\" src=\"https:\/\/projetos.ufpr.br\/sigi\/wp-content\/uploads\/sites\/161\/2026\/08\/10.png\" alt=\"\" class=\"wp-image-348\" style=\"width:304px;height:auto\" srcset=\"https:\/\/projetos.ufpr.br\/sigi\/wp-content\/uploads\/sites\/161\/2026\/08\/10.png 1080w, https:\/\/projetos.ufpr.br\/sigi\/wp-content\/uploads\/sites\/161\/2026\/08\/10-240x300.png 240w, https:\/\/projetos.ufpr.br\/sigi\/wp-content\/uploads\/sites\/161\/2026\/08\/10-819x1024.png 819w, https:\/\/projetos.ufpr.br\/sigi\/wp-content\/uploads\/sites\/161\/2026\/08\/10-768x960.png 768w, https:\/\/projetos.ufpr.br\/sigi\/wp-content\/uploads\/sites\/161\/2026\/08\/10-78x98.png 78w, https:\/\/projetos.ufpr.br\/sigi\/wp-content\/uploads\/sites\/161\/2026\/08\/10-46x57.png 46w\" sizes=\"auto, (max-width: 1080px) 100vw, 1080px\" \/><\/figure>\n\n\n\n<p class=\"wp-block-paragraph\">Membro:<\/p>\n\n\n\n<p class=\"wp-block-paragraph\"><strong><strong>Graduanda <\/strong>Luana Harmatiuk Guimar\u00e3es <\/strong> (Curso de Gradua\u00e7\u00e3o em Gest\u00e3o da Informa\u00e7\u00e3o &#8211; UFPR)<\/p>\n\n\n\n<p class=\"wp-block-paragraph\"><\/p>\n\n\n\n<figure class=\"wp-block-image is-resized\"><img loading=\"lazy\" decoding=\"async\" width=\"1080\" height=\"1350\" src=\"https:\/\/projetos.ufpr.br\/sigi\/wp-content\/uploads\/sites\/161\/2026\/08\/8.png\" alt=\"\" class=\"wp-image-344\" style=\"width:301px;height:auto\" srcset=\"https:\/\/projetos.ufpr.br\/sigi\/wp-content\/uploads\/sites\/161\/2026\/08\/8.png 1080w, https:\/\/projetos.ufpr.br\/sigi\/wp-content\/uploads\/sites\/161\/2026\/08\/8-240x300.png 240w, https:\/\/projetos.ufpr.br\/sigi\/wp-content\/uploads\/sites\/161\/2026\/08\/8-819x1024.png 819w, https:\/\/projetos.ufpr.br\/sigi\/wp-content\/uploads\/sites\/161\/2026\/08\/8-768x960.png 768w, https:\/\/projetos.ufpr.br\/sigi\/wp-content\/uploads\/sites\/161\/2026\/08\/8-78x98.png 78w, https:\/\/projetos.ufpr.br\/sigi\/wp-content\/uploads\/sites\/161\/2026\/08\/8-46x57.png 46w\" sizes=\"auto, (max-width: 1080px) 100vw, 1080px\" \/><\/figure>\n\n\n\n<p class=\"wp-block-paragraph\">Membro:<\/p>\n\n\n\n<p class=\"wp-block-paragraph\"><strong><strong>Graduando <\/strong>Lucas Tavares Hauber<\/strong> (Curso de Gradua\u00e7\u00e3o em Gest\u00e3o da Informa\u00e7\u00e3o &#8211; UFPR)<\/p>\n\n\n\n<p class=\"wp-block-paragraph\"><\/p>\n","protected":false},"excerpt":{"rendered":"<p>Coordenador Geral: Prof. Dr. Genilson Geraldo (UFPR) Curr\u00edculo Lattes Pesquisadora Convidada: Prof.\u00aa Dra. Ma\u00edra Fernandes Alencar (UFPR) Curr\u00edculo Lattes Pesquisadora Convidada: Prof.\u00aa Dra. Mariana Rodrigues Gomes de Mello Curr\u00edculo Lattes Membro: Mestranda Adriane Portello Vieira (PPGGI-UFPR) Curr\u00edculo Lattes Membro: Mestrando Di\u00f3genes Matos Padilha Ferraz (PPGGI-UFPR) Curr\u00edculo Lattes Membro: Mestranda Suelen Spindola Bilhar (PPGGI-UFPR) Curr\u00edculo Lattes [&hellip;]<\/p>\n","protected":false},"author":206,"featured_media":303,"parent":0,"menu_order":0,"comment_status":"closed","ping_status":"closed","template":"page.php","meta":{"footnotes":""},"class_list":["post-30","page","type-page","status-publish","has-post-thumbnail","hentry"],"_links":{"self":[{"href":"https:\/\/projetos.ufpr.br\/sigi\/wp-json\/wp\/v2\/pages\/30","targetHints":{"allow":["GET"]}}],"collection":[{"href":"https:\/\/projetos.ufpr.br\/sigi\/wp-json\/wp\/v2\/pages"}],"about":[{"href":"https:\/\/projetos.ufpr.br\/sigi\/wp-json\/wp\/v2\/types\/page"}],"author":[{"embeddable":true,"href":"https:\/\/projetos.ufpr.br\/sigi\/wp-json\/wp\/v2\/users\/206"}],"replies":[{"embeddable":true,"href":"https:\/\/projetos.ufpr.br\/sigi\/wp-json\/wp\/v2\/comments?post=30"}],"version-history":[{"count":7,"href":"https:\/\/projetos.ufpr.br\/sigi\/wp-json\/wp\/v2\/pages\/30\/revisions"}],"predecessor-version":[{"id":365,"href":"https:\/\/projetos.ufpr.br\/sigi\/wp-json\/wp\/v2\/pages\/30\/revisions\/365"}],"wp:featuredmedia":[{"embeddable":true,"href":"https:\/\/projetos.ufpr.br\/sigi\/wp-json\/wp\/v2\/media\/303"}],"wp:attachment":[{"href":"https:\/\/projetos.ufpr.br\/sigi\/wp-json\/wp\/v2\/media?parent=30"}],"curies":[{"name":"wp","href":"https:\/\/api.w.org\/{rel}","templated":true}]}}